{"id":56,"date":"2022-08-23T03:35:42","date_gmt":"2022-08-23T03:35:42","guid":{"rendered":"http:\/\/www.coaliciondelasamericas.org\/pt\/?page_id=56"},"modified":"2024-02-19T20:29:28","modified_gmt":"2024-02-19T20:29:28","slug":"inscricao","status":"publish","type":"page","link":"https:\/\/www.coaliciondelasamericas.org\/pt\/inscricao\/","title":{"rendered":"Inscri\u00e7\u00e3o"},"content":{"rendered":"\n<div class=\"wp-block-columns is-layout-flex wp-container-core-columns-is-layout-1 wp-block-columns-is-layout-flex\">\n<div class=\"wp-block-column is-layout-flow wp-block-column-is-layout-flow\">\n<p class=\"has-text-align-center\">Desta forma voc\u00ea ser\u00e1 constantemente informado sobre as pr\u00f3ximas atividades da Coaliz\u00e3o das Am\u00e9ricas<\/p>\n<\/div>\n<\/div>\n\n\n\n<h3 class=\"wp-block-heading has-text-align-center\">Dados de contato<\/h3>\n\n\n\n<div class=\"wp-block-columns is-layout-flex wp-container-core-columns-is-layout-2 wp-block-columns-is-layout-flex\">\n<div class=\"wp-block-column is-layout-flow wp-block-column-is-layout-flow\"><\/div>\n<\/div>\n\n\n<div id=\"mc_embed_shell\">\n      <link href=\"\/\/cdn-images.mailchimp.com\/embedcode\/classic-061523.css\" rel=\"stylesheet\" type=\"text\/css\">\n<style type=\"text\/css\">\n        #mc_embed_signup{background:#fff; false;clear:left; font:14px Helvetica,Arial,sans-serif; width: 600px;}\n        \/* Add your own Mailchimp form style overrides in your site stylesheet or in this style block.\n           We recommend moving this block and the preceding CSS link to the HEAD of your HTML file. *\/\n<\/style>\n<div id=\"mc_embed_signup\">\n<form action=\"https:\/\/coaliciondelasamericas.us12.list-manage.com\/subscribe\/post?u=b212bae1a2c967776eb87804c&amp;id=a8a23d14ea&amp;f_id=008244e0f0\" method=\"post\" id=\"mc-embedded-subscribe-form\" name=\"mc-embedded-subscribe-form\" class=\"validate\" target=\"_blank\">\n<div id=\"mc_embed_signup_scroll\">\n<h2>Suscribir<\/h2>\n<div class=\"indicates-required\"><span class=\"asterisk\">*<\/span> indicates required<\/div>\n<div class=\"mc-field-group\"><label for=\"mce-EMAIL\">Email Address <span class=\"asterisk\">*<\/span><\/label><input type=\"email\" name=\"EMAIL\" class=\"required email\" id=\"mce-EMAIL\" required=\"\" value=\"\"><span id=\"mce-EMAIL-HELPERTEXT\" class=\"helper_text\"><\/span><\/div>\n<div class=\"mc-field-group\"><label for=\"mce-FNAME\">First Name <\/label><input type=\"text\" name=\"FNAME\" class=\" text\" id=\"mce-FNAME\" value=\"\"><\/div>\n<div class=\"mc-field-group\"><label for=\"mce-LNAME\">Last Name <\/label><input type=\"text\" name=\"LNAME\" class=\" text\" id=\"mce-LNAME\" value=\"\"><\/div>\n<div id=\"mce-responses\" class=\"clear foot\">\n<div class=\"response\" id=\"mce-error-response\" style=\"display: none;\"><\/div>\n<div class=\"response\" id=\"mce-success-response\" style=\"display: none;\"><\/div>\n<\/p><\/div>\n<div aria-hidden=\"true\" style=\"position: absolute; left: -5000px;\">\n        \/* real people should not fill this in and expect good things &#8211; do not remove this or risk form bot signups *\/<br \/>\n        <input type=\"text\" name=\"b_b212bae1a2c967776eb87804c_a8a23d14ea\" tabindex=\"-1\" value=\"\">\n    <\/div>\n<div class=\"optionalParent\">\n<div class=\"clear foot\">\n                <input type=\"submit\" name=\"subscribe\" id=\"mc-embedded-subscribe\" class=\"button\" value=\"Subscribe\"><\/p>\n<p style=\"margin: 0px auto;\"><a href=\"http:\/\/eepurl.com\/iKn826\" title=\"Mailchimp: marketing por correo electr\u00f3nico f\u00e1cil y divertido\"><span style=\"display: inline-block; background-color: transparent; border-radius: 4px;\"><img decoding=\"async\" class=\"refferal_badge\" src=\"https:\/\/digitalasset.intuit.com\/render\/content\/dam\/intuit\/mc-fe\/en_us\/images\/intuit-mc-rewards-text-dark.svg\" alt=\"Intuit Mailchimp\" style=\"width: 220px; height: 40px; display: flex; padding: 2px 0px; justify-content: center; align-items: center;\"><\/span><\/a><\/p>\n<\/p><\/div>\n<\/p><\/div>\n<\/p><\/div>\n<\/form>\n<\/div>\n<p><script type=\"text\/javascript\" src=\"\/\/s3.amazonaws.com\/downloads.mailchimp.com\/js\/mc-validate.js\"><\/script><script type=\"text\/javascript\">(function($) {window.fnames = new Array(); window.ftypes = new Array();fnames[0]='EMAIL';ftypes[0]='email';fnames[1]='FNAME';ftypes[1]='text';fnames[2]='LNAME';ftypes[2]='text';fnames[3]='ADDRESS';ftypes[3]='address';fnames[4]='PHONE';ftypes[4]='phone';fnames[5]='BIRTHDAY';ftypes[5]='birthday';}(jQuery));var $mcj = jQuery.noConflict(true);<\/script><\/div>\n","protected":false},"excerpt":{"rendered":"<p>Desta forma voc\u00ea ser\u00e1 constantemente informado sobre as pr\u00f3ximas atividades da Coaliz\u00e3o das Am\u00e9ricas Dados de contato<\/p>\n","protected":false},"author":1,"featured_media":0,"parent":0,"menu_order":0,"comment_status":"closed","ping_status":"closed","template":"","meta":{"colormag_page_container_layout":"no_sidebar_content_centered","colormag_page_sidebar_layout":"no_sidebar","_coblocks_attr":"","_coblocks_dimensions":"","_coblocks_responsive_height":"","_coblocks_accordion_ie_support":"","footnotes":""},"class_list":["post-56","page","type-page","status-publish","hentry"],"yoast_head":"<!-- This site is optimized with the Yoast SEO plugin v22.6 - https:\/\/yoast.com\/wordpress\/plugins\/seo\/ -->\n<title>Inscri\u00e7\u00e3o - Coaliz&atilde;o das Am&eacute;ricas<\/title>\n<meta name=\"description\" content=\"Desta forma voc\u00ea ser\u00e1 constantemente informado sobre as pr\u00f3ximas atividades da Coaliz\u00e3o das Am\u00e9ricas.\" \/>\n<meta name=\"robots\" content=\"index, follow, max-snippet:-1, max-image-preview:large, max-video-preview:-1\" \/>\n<link rel=\"canonical\" href=\"https:\/\/www.coaliciondelasamericas.org\/pt\/inscricao\/\" \/>\n<meta property=\"og:locale\" content=\"es_ES\" \/>\n<meta property=\"og:type\" content=\"article\" \/>\n<meta property=\"og:title\" content=\"Inscri\u00e7\u00e3o - Coaliz&atilde;o das Am&eacute;ricas\" \/>\n<meta property=\"og:description\" content=\"Desta forma voc\u00ea ser\u00e1 constantemente informado sobre as pr\u00f3ximas atividades da Coaliz\u00e3o das Am\u00e9ricas.\" \/>\n<meta property=\"og:url\" content=\"https:\/\/www.coaliciondelasamericas.org\/pt\/inscricao\/\" \/>\n<meta property=\"og:site_name\" content=\"Coaliz&atilde;o das Am&eacute;ricas\" \/>\n<meta property=\"article:publisher\" content=\"https:\/\/www.facebook.com\/coalicionamerica\/\" \/>\n<meta property=\"article:modified_time\" content=\"2024-02-19T20:29:28+00:00\" \/>\n<meta property=\"og:image\" content=\"https:\/\/digitalasset.intuit.com\/render\/content\/dam\/intuit\/mc-fe\/en_us\/images\/intuit-mc-rewards-text-dark.svg\" \/>\n<meta name=\"twitter:card\" content=\"summary_large_image\" \/>\n<meta name=\"twitter:site\" content=\"@coalicionameric\" \/>\n<meta name=\"twitter:label1\" content=\"Tiempo de lectura\" \/>\n\t<meta name=\"twitter:data1\" content=\"1 minuto\" \/>\n<script type=\"application\/ld+json\" class=\"yoast-schema-graph\">{\"@context\":\"https:\/\/schema.org\",\"@graph\":[{\"@type\":\"WebPage\",\"@id\":\"https:\/\/www.coaliciondelasamericas.org\/pt\/inscricao\/\",\"url\":\"https:\/\/www.coaliciondelasamericas.org\/pt\/inscricao\/\",\"name\":\"Inscri\u00e7\u00e3o - Coaliz&atilde;o das Am&eacute;ricas\",\"isPartOf\":{\"@id\":\"https:\/\/www.coaliciondelasamericas.org\/pt\/#website\"},\"primaryImageOfPage\":{\"@id\":\"https:\/\/www.coaliciondelasamericas.org\/pt\/inscricao\/#primaryimage\"},\"image\":{\"@id\":\"https:\/\/www.coaliciondelasamericas.org\/pt\/inscricao\/#primaryimage\"},\"thumbnailUrl\":\"https:\/\/digitalasset.intuit.com\/render\/content\/dam\/intuit\/mc-fe\/en_us\/images\/intuit-mc-rewards-text-dark.svg\",\"datePublished\":\"2022-08-23T03:35:42+00:00\",\"dateModified\":\"2024-02-19T20:29:28+00:00\",\"description\":\"Desta forma voc\u00ea ser\u00e1 constantemente informado sobre as pr\u00f3ximas atividades da Coaliz\u00e3o das Am\u00e9ricas.\",\"breadcrumb\":{\"@id\":\"https:\/\/www.coaliciondelasamericas.org\/pt\/inscricao\/#breadcrumb\"},\"inLanguage\":\"es\",\"potentialAction\":[{\"@type\":\"ReadAction\",\"target\":[\"https:\/\/www.coaliciondelasamericas.org\/pt\/inscricao\/\"]}]},{\"@type\":\"ImageObject\",\"inLanguage\":\"es\",\"@id\":\"https:\/\/www.coaliciondelasamericas.org\/pt\/inscricao\/#primaryimage\",\"url\":\"https:\/\/digitalasset.intuit.com\/render\/content\/dam\/intuit\/mc-fe\/en_us\/images\/intuit-mc-rewards-text-dark.svg\",\"contentUrl\":\"https:\/\/digitalasset.intuit.com\/render\/content\/dam\/intuit\/mc-fe\/en_us\/images\/intuit-mc-rewards-text-dark.svg\"},{\"@type\":\"BreadcrumbList\",\"@id\":\"https:\/\/www.coaliciondelasamericas.org\/pt\/inscricao\/#breadcrumb\",\"itemListElement\":[{\"@type\":\"ListItem\",\"position\":1,\"name\":\"Portada\",\"item\":\"https:\/\/www.coaliciondelasamericas.org\/pt\/\"},{\"@type\":\"ListItem\",\"position\":2,\"name\":\"Inscri\u00e7\u00e3o\"}]},{\"@type\":\"WebSite\",\"@id\":\"https:\/\/www.coaliciondelasamericas.org\/pt\/#website\",\"url\":\"https:\/\/www.coaliciondelasamericas.org\/pt\/\",\"name\":\"Coaliz&atilde;o das Am&eacute;ricas\",\"description\":\"L&iacute;deres unidos pelo bem-estar da hemofilia\",\"publisher\":{\"@id\":\"https:\/\/www.coaliciondelasamericas.org\/pt\/#organization\"},\"potentialAction\":[{\"@type\":\"SearchAction\",\"target\":{\"@type\":\"EntryPoint\",\"urlTemplate\":\"https:\/\/www.coaliciondelasamericas.org\/pt\/?s={search_term_string}\"},\"query-input\":\"required name=search_term_string\"}],\"inLanguage\":\"es\"},{\"@type\":\"Organization\",\"@id\":\"https:\/\/www.coaliciondelasamericas.org\/pt\/#organization\",\"name\":\"Coaliz&atilde;o das Am&eacute;ricas\",\"url\":\"https:\/\/www.coaliciondelasamericas.org\/pt\/\",\"logo\":{\"@type\":\"ImageObject\",\"inLanguage\":\"es\",\"@id\":\"https:\/\/www.coaliciondelasamericas.org\/pt\/#\/schema\/logo\/image\/\",\"url\":\"https:\/\/www.coaliciondelasamericas.org\/pt\/wp-content\/uploads\/2023\/03\/cropped-003-Portada-portuguese3-1.png\",\"contentUrl\":\"https:\/\/www.coaliciondelasamericas.org\/pt\/wp-content\/uploads\/2023\/03\/cropped-003-Portada-portuguese3-1.png\",\"width\":297,\"height\":128,\"caption\":\"Coaliz&atilde;o das Am&eacute;ricas\"},\"image\":{\"@id\":\"https:\/\/www.coaliciondelasamericas.org\/pt\/#\/schema\/logo\/image\/\"},\"sameAs\":[\"https:\/\/www.facebook.com\/coalicionamerica\/\",\"https:\/\/x.com\/coalicionameric\",\"https:\/\/www.instagram.com\/coaliciondelasamericas\/\"]}]}<\/script>\n<!-- \/ Yoast SEO plugin. -->","yoast_head_json":{"title":"Inscri\u00e7\u00e3o - Coaliz&atilde;o das Am&eacute;ricas","description":"Desta forma voc\u00ea ser\u00e1 constantemente informado sobre as pr\u00f3ximas atividades da Coaliz\u00e3o das Am\u00e9ricas.","robots":{"index":"index","follow":"follow","max-snippet":"max-snippet:-1","max-image-preview":"max-image-preview:large","max-video-preview":"max-video-preview:-1"},"canonical":"https:\/\/www.coaliciondelasamericas.org\/pt\/inscricao\/","og_locale":"es_ES","og_type":"article","og_title":"Inscri\u00e7\u00e3o - Coaliz&atilde;o das Am&eacute;ricas","og_description":"Desta forma voc\u00ea ser\u00e1 constantemente informado sobre as pr\u00f3ximas atividades da Coaliz\u00e3o das Am\u00e9ricas.","og_url":"https:\/\/www.coaliciondelasamericas.org\/pt\/inscricao\/","og_site_name":"Coaliz&atilde;o das Am&eacute;ricas","article_publisher":"https:\/\/www.facebook.com\/coalicionamerica\/","article_modified_time":"2024-02-19T20:29:28+00:00","og_image":[{"url":"https:\/\/digitalasset.intuit.com\/render\/content\/dam\/intuit\/mc-fe\/en_us\/images\/intuit-mc-rewards-text-dark.svg"}],"twitter_card":"summary_large_image","twitter_site":"@coalicionameric","twitter_misc":{"Tiempo de lectura":"1 minuto"},"schema":{"@context":"https:\/\/schema.org","@graph":[{"@type":"WebPage","@id":"https:\/\/www.coaliciondelasamericas.org\/pt\/inscricao\/","url":"https:\/\/www.coaliciondelasamericas.org\/pt\/inscricao\/","name":"Inscri\u00e7\u00e3o - Coaliz&atilde;o das Am&eacute;ricas","isPartOf":{"@id":"https:\/\/www.coaliciondelasamericas.org\/pt\/#website"},"primaryImageOfPage":{"@id":"https:\/\/www.coaliciondelasamericas.org\/pt\/inscricao\/#primaryimage"},"image":{"@id":"https:\/\/www.coaliciondelasamericas.org\/pt\/inscricao\/#primaryimage"},"thumbnailUrl":"https:\/\/digitalasset.intuit.com\/render\/content\/dam\/intuit\/mc-fe\/en_us\/images\/intuit-mc-rewards-text-dark.svg","datePublished":"2022-08-23T03:35:42+00:00","dateModified":"2024-02-19T20:29:28+00:00","description":"Desta forma voc\u00ea ser\u00e1 constantemente informado sobre as pr\u00f3ximas atividades da Coaliz\u00e3o das Am\u00e9ricas.","breadcrumb":{"@id":"https:\/\/www.coaliciondelasamericas.org\/pt\/inscricao\/#breadcrumb"},"inLanguage":"es","potentialAction":[{"@type":"ReadAction","target":["https:\/\/www.coaliciondelasamericas.org\/pt\/inscricao\/"]}]},{"@type":"ImageObject","inLanguage":"es","@id":"https:\/\/www.coaliciondelasamericas.org\/pt\/inscricao\/#primaryimage","url":"https:\/\/digitalasset.intuit.com\/render\/content\/dam\/intuit\/mc-fe\/en_us\/images\/intuit-mc-rewards-text-dark.svg","contentUrl":"https:\/\/digitalasset.intuit.com\/render\/content\/dam\/intuit\/mc-fe\/en_us\/images\/intuit-mc-rewards-text-dark.svg"},{"@type":"BreadcrumbList","@id":"https:\/\/www.coaliciondelasamericas.org\/pt\/inscricao\/#breadcrumb","itemListElement":[{"@type":"ListItem","position":1,"name":"Portada","item":"https:\/\/www.coaliciondelasamericas.org\/pt\/"},{"@type":"ListItem","position":2,"name":"Inscri\u00e7\u00e3o"}]},{"@type":"WebSite","@id":"https:\/\/www.coaliciondelasamericas.org\/pt\/#website","url":"https:\/\/www.coaliciondelasamericas.org\/pt\/","name":"Coaliz&atilde;o das Am&eacute;ricas","description":"L&iacute;deres unidos pelo bem-estar da hemofilia","publisher":{"@id":"https:\/\/www.coaliciondelasamericas.org\/pt\/#organization"},"potentialAction":[{"@type":"SearchAction","target":{"@type":"EntryPoint","urlTemplate":"https:\/\/www.coaliciondelasamericas.org\/pt\/?s={search_term_string}"},"query-input":"required name=search_term_string"}],"inLanguage":"es"},{"@type":"Organization","@id":"https:\/\/www.coaliciondelasamericas.org\/pt\/#organization","name":"Coaliz&atilde;o das Am&eacute;ricas","url":"https:\/\/www.coaliciondelasamericas.org\/pt\/","logo":{"@type":"ImageObject","inLanguage":"es","@id":"https:\/\/www.coaliciondelasamericas.org\/pt\/#\/schema\/logo\/image\/","url":"https:\/\/www.coaliciondelasamericas.org\/pt\/wp-content\/uploads\/2023\/03\/cropped-003-Portada-portuguese3-1.png","contentUrl":"https:\/\/www.coaliciondelasamericas.org\/pt\/wp-content\/uploads\/2023\/03\/cropped-003-Portada-portuguese3-1.png","width":297,"height":128,"caption":"Coaliz&atilde;o das Am&eacute;ricas"},"image":{"@id":"https:\/\/www.coaliciondelasamericas.org\/pt\/#\/schema\/logo\/image\/"},"sameAs":["https:\/\/www.facebook.com\/coalicionamerica\/","https:\/\/x.com\/coalicionameric","https:\/\/www.instagram.com\/coaliciondelasamericas\/"]}]}},"_links":{"self":[{"href":"https:\/\/www.coaliciondelasamericas.org\/pt\/wp-json\/wp\/v2\/pages\/56"}],"collection":[{"href":"https:\/\/www.coaliciondelasamericas.org\/pt\/wp-json\/wp\/v2\/pages"}],"about":[{"href":"https:\/\/www.coaliciondelasamericas.org\/pt\/wp-json\/wp\/v2\/types\/page"}],"author":[{"embeddable":true,"href":"https:\/\/www.coaliciondelasamericas.org\/pt\/wp-json\/wp\/v2\/users\/1"}],"replies":[{"embeddable":true,"href":"https:\/\/www.coaliciondelasamericas.org\/pt\/wp-json\/wp\/v2\/comments?post=56"}],"version-history":[{"count":7,"href":"https:\/\/www.coaliciondelasamericas.org\/pt\/wp-json\/wp\/v2\/pages\/56\/revisions"}],"predecessor-version":[{"id":2177,"href":"https:\/\/www.coaliciondelasamericas.org\/pt\/wp-json\/wp\/v2\/pages\/56\/revisions\/2177"}],"wp:attachment":[{"href":"https:\/\/www.coaliciondelasamericas.org\/pt\/wp-json\/wp\/v2\/media?parent=56"}],"curies":[{"name":"wp","href":"https:\/\/api.w.org\/{rel}","templated":true}]}}