{"id":448,"date":"2022-08-24T18:09:21","date_gmt":"2022-08-24T18:09:21","guid":{"rendered":"http:\/\/www.coaliciondelasamericas.org\/pt\/?page_id=448"},"modified":"2023-03-09T23:45:28","modified_gmt":"2023-03-09T23:45:28","slug":"galeria-004","status":"publish","type":"page","link":"https:\/\/www.coaliciondelasamericas.org\/pt\/galeria\/galeria-004\/","title":{"rendered":"C\u00fapula Latino-Americana de L\u00edderes"},"content":{"rendered":"\n<h5 class=\"wp-block-heading\">C\u00fapula Latino-Americana de L\u00edderes de Pacientes com Doen\u00e7as Raras<\/h5>\n\n\n\n<figure class=\"wp-block-gallery has-nested-images columns-default is-cropped wp-block-gallery-1 is-layout-flex wp-block-gallery-is-layout-flex\">\n<figure class=\"wp-block-image size-large\"><img loading=\"lazy\" decoding=\"async\" width=\"450\" height=\"253\" data-id=\"454\" src=\"https:\/\/www.coaliciondelasamericas.org\/pt\/wp-content\/uploads\/2022\/08\/Lima-001.jpg\" alt=\"\" class=\"wp-image-454\" srcset=\"https:\/\/www.coaliciondelasamericas.org\/pt\/wp-content\/uploads\/2022\/08\/Lima-001.jpg 450w, https:\/\/www.coaliciondelasamericas.org\/pt\/wp-content\/uploads\/2022\/08\/Lima-001-300x169.jpg 300w\" sizes=\"(max-width: 450px) 100vw, 450px\" \/><\/figure>\n\n\n\n<figure class=\"wp-block-image size-large\"><img loading=\"lazy\" decoding=\"async\" width=\"450\" height=\"253\" data-id=\"449\" src=\"https:\/\/www.coaliciondelasamericas.org\/pt\/wp-content\/uploads\/2022\/08\/Lima-002.jpg\" alt=\"\" class=\"wp-image-449\" srcset=\"https:\/\/www.coaliciondelasamericas.org\/pt\/wp-content\/uploads\/2022\/08\/Lima-002.jpg 450w, https:\/\/www.coaliciondelasamericas.org\/pt\/wp-content\/uploads\/2022\/08\/Lima-002-300x169.jpg 300w\" sizes=\"(max-width: 450px) 100vw, 450px\" \/><\/figure>\n\n\n\n<figure class=\"wp-block-image size-large\"><img loading=\"lazy\" decoding=\"async\" width=\"450\" height=\"253\" data-id=\"450\" src=\"https:\/\/www.coaliciondelasamericas.org\/pt\/wp-content\/uploads\/2022\/08\/Lima-003.jpg\" alt=\"\" class=\"wp-image-450\" srcset=\"https:\/\/www.coaliciondelasamericas.org\/pt\/wp-content\/uploads\/2022\/08\/Lima-003.jpg 450w, https:\/\/www.coaliciondelasamericas.org\/pt\/wp-content\/uploads\/2022\/08\/Lima-003-300x169.jpg 300w\" sizes=\"(max-width: 450px) 100vw, 450px\" \/><\/figure>\n\n\n\n<figure class=\"wp-block-image size-large\"><img loading=\"lazy\" decoding=\"async\" width=\"450\" height=\"253\" data-id=\"451\" src=\"https:\/\/www.coaliciondelasamericas.org\/pt\/wp-content\/uploads\/2022\/08\/Lima-004.jpg\" alt=\"\" class=\"wp-image-451\" srcset=\"https:\/\/www.coaliciondelasamericas.org\/pt\/wp-content\/uploads\/2022\/08\/Lima-004.jpg 450w, https:\/\/www.coaliciondelasamericas.org\/pt\/wp-content\/uploads\/2022\/08\/Lima-004-300x169.jpg 300w\" sizes=\"(max-width: 450px) 100vw, 450px\" \/><\/figure>\n\n\n\n<figure class=\"wp-block-image size-large\"><img loading=\"lazy\" decoding=\"async\" width=\"450\" height=\"253\" data-id=\"452\" src=\"https:\/\/www.coaliciondelasamericas.org\/pt\/wp-content\/uploads\/2022\/08\/Lima-005.jpg\" alt=\"\" class=\"wp-image-452\" srcset=\"https:\/\/www.coaliciondelasamericas.org\/pt\/wp-content\/uploads\/2022\/08\/Lima-005.jpg 450w, https:\/\/www.coaliciondelasamericas.org\/pt\/wp-content\/uploads\/2022\/08\/Lima-005-300x169.jpg 300w\" sizes=\"(max-width: 450px) 100vw, 450px\" \/><\/figure>\n\n\n\n<figure class=\"wp-block-image size-large\"><img loading=\"lazy\" decoding=\"async\" width=\"450\" height=\"253\" data-id=\"453\" src=\"https:\/\/www.coaliciondelasamericas.org\/pt\/wp-content\/uploads\/2022\/08\/Lima-006.jpg\" alt=\"\" class=\"wp-image-453\" srcset=\"https:\/\/www.coaliciondelasamericas.org\/pt\/wp-content\/uploads\/2022\/08\/Lima-006.jpg 450w, https:\/\/www.coaliciondelasamericas.org\/pt\/wp-content\/uploads\/2022\/08\/Lima-006-300x169.jpg 300w\" sizes=\"(max-width: 450px) 100vw, 450px\" \/><\/figure>\n<\/figure>\n\n\n\n<div class=\"wp-block-columns is-layout-flex wp-container-core-columns-is-layout-1 wp-block-columns-is-layout-flex\">\n<div class=\"wp-block-column is-layout-flow wp-block-column-is-layout-flow\">\n<p><\/p>\n<\/div>\n\n\n\n<div class=\"wp-block-column is-layout-flow wp-block-column-is-layout-flow\"><\/div>\n\n\n\n<div class=\"wp-block-column is-layout-flow wp-block-column-is-layout-flow\">\n<p><\/p>\n<\/div>\n<\/div>\n","protected":false},"excerpt":{"rendered":"<p>C\u00fapula Latino-Americana de L\u00edderes de Pacientes com Doen\u00e7as Raras<\/p>\n","protected":false},"author":1,"featured_media":0,"parent":42,"menu_order":4,"comment_status":"closed","ping_status":"closed","template":"","meta":{"colormag_page_container_layout":"no_sidebar_content_centered","colormag_page_sidebar_layout":"no_sidebar","_coblocks_attr":"","_coblocks_dimensions":"","_coblocks_responsive_height":"","_coblocks_accordion_ie_support":"","footnotes":""},"class_list":["post-448","page","type-page","status-publish","hentry"],"yoast_head":"<!-- This site is optimized with the Yoast SEO plugin v22.6 - https:\/\/yoast.com\/wordpress\/plugins\/seo\/ -->\n<title>C\u00fapula Latino-Americana de L\u00edderes - Coaliz&atilde;o das Am&eacute;ricas<\/title>\n<meta name=\"description\" content=\"C\u00fapula Latino-Americana de L\u00edderes de Pacientes com Doen\u00e7as Raras\" \/>\n<meta name=\"robots\" content=\"index, follow, max-snippet:-1, max-image-preview:large, max-video-preview:-1\" \/>\n<link rel=\"canonical\" href=\"https:\/\/www.coaliciondelasamericas.org\/pt\/galeria\/galeria-004\/\" \/>\n<meta property=\"og:locale\" content=\"es_ES\" \/>\n<meta property=\"og:type\" content=\"article\" \/>\n<meta property=\"og:title\" content=\"C\u00fapula Latino-Americana de L\u00edderes - Coaliz&atilde;o das Am&eacute;ricas\" \/>\n<meta property=\"og:description\" content=\"C\u00fapula Latino-Americana de L\u00edderes de Pacientes com Doen\u00e7as Raras\" \/>\n<meta property=\"og:url\" content=\"https:\/\/www.coaliciondelasamericas.org\/pt\/galeria\/galeria-004\/\" \/>\n<meta property=\"og:site_name\" content=\"Coaliz&atilde;o das Am&eacute;ricas\" \/>\n<meta property=\"article:publisher\" content=\"https:\/\/www.facebook.com\/coalicionamerica\/\" \/>\n<meta property=\"article:modified_time\" content=\"2023-03-09T23:45:28+00:00\" \/>\n<meta property=\"og:image\" content=\"http:\/\/www.coaliciondelasamericas.org\/pt\/wp-content\/uploads\/2022\/08\/Lima-001.jpg\" \/>\n<meta name=\"twitter:card\" content=\"summary_large_image\" \/>\n<meta name=\"twitter:site\" content=\"@coalicionameric\" \/>\n<meta name=\"twitter:label1\" content=\"Tiempo de lectura\" \/>\n\t<meta name=\"twitter:data1\" content=\"2 minutos\" \/>\n<script type=\"application\/ld+json\" class=\"yoast-schema-graph\">{\"@context\":\"https:\/\/schema.org\",\"@graph\":[{\"@type\":\"WebPage\",\"@id\":\"https:\/\/www.coaliciondelasamericas.org\/pt\/galeria\/galeria-004\/\",\"url\":\"https:\/\/www.coaliciondelasamericas.org\/pt\/galeria\/galeria-004\/\",\"name\":\"C\u00fapula Latino-Americana de L\u00edderes - Coaliz&atilde;o das Am&eacute;ricas\",\"isPartOf\":{\"@id\":\"https:\/\/www.coaliciondelasamericas.org\/pt\/#website\"},\"primaryImageOfPage\":{\"@id\":\"https:\/\/www.coaliciondelasamericas.org\/pt\/galeria\/galeria-004\/#primaryimage\"},\"image\":{\"@id\":\"https:\/\/www.coaliciondelasamericas.org\/pt\/galeria\/galeria-004\/#primaryimage\"},\"thumbnailUrl\":\"http:\/\/www.coaliciondelasamericas.org\/pt\/wp-content\/uploads\/2022\/08\/Lima-001.jpg\",\"datePublished\":\"2022-08-24T18:09:21+00:00\",\"dateModified\":\"2023-03-09T23:45:28+00:00\",\"description\":\"C\u00fapula Latino-Americana de L\u00edderes de Pacientes com Doen\u00e7as Raras\",\"breadcrumb\":{\"@id\":\"https:\/\/www.coaliciondelasamericas.org\/pt\/galeria\/galeria-004\/#breadcrumb\"},\"inLanguage\":\"es\",\"potentialAction\":[{\"@type\":\"ReadAction\",\"target\":[\"https:\/\/www.coaliciondelasamericas.org\/pt\/galeria\/galeria-004\/\"]}]},{\"@type\":\"ImageObject\",\"inLanguage\":\"es\",\"@id\":\"https:\/\/www.coaliciondelasamericas.org\/pt\/galeria\/galeria-004\/#primaryimage\",\"url\":\"http:\/\/www.coaliciondelasamericas.org\/pt\/wp-content\/uploads\/2022\/08\/Lima-001.jpg\",\"contentUrl\":\"http:\/\/www.coaliciondelasamericas.org\/pt\/wp-content\/uploads\/2022\/08\/Lima-001.jpg\"},{\"@type\":\"BreadcrumbList\",\"@id\":\"https:\/\/www.coaliciondelasamericas.org\/pt\/galeria\/galeria-004\/#breadcrumb\",\"itemListElement\":[{\"@type\":\"ListItem\",\"position\":1,\"name\":\"Portada\",\"item\":\"https:\/\/www.coaliciondelasamericas.org\/pt\/\"},{\"@type\":\"ListItem\",\"position\":2,\"name\":\"Galeria\",\"item\":\"https:\/\/www.coaliciondelasamericas.org\/pt\/galeria\/\"},{\"@type\":\"ListItem\",\"position\":3,\"name\":\"C\u00fapula Latino-Americana de L\u00edderes\"}]},{\"@type\":\"WebSite\",\"@id\":\"https:\/\/www.coaliciondelasamericas.org\/pt\/#website\",\"url\":\"https:\/\/www.coaliciondelasamericas.org\/pt\/\",\"name\":\"Coaliz&atilde;o das Am&eacute;ricas\",\"description\":\"L&iacute;deres unidos pelo bem-estar da hemofilia\",\"publisher\":{\"@id\":\"https:\/\/www.coaliciondelasamericas.org\/pt\/#organization\"},\"potentialAction\":[{\"@type\":\"SearchAction\",\"target\":{\"@type\":\"EntryPoint\",\"urlTemplate\":\"https:\/\/www.coaliciondelasamericas.org\/pt\/?s={search_term_string}\"},\"query-input\":\"required name=search_term_string\"}],\"inLanguage\":\"es\"},{\"@type\":\"Organization\",\"@id\":\"https:\/\/www.coaliciondelasamericas.org\/pt\/#organization\",\"name\":\"Coaliz&atilde;o das Am&eacute;ricas\",\"url\":\"https:\/\/www.coaliciondelasamericas.org\/pt\/\",\"logo\":{\"@type\":\"ImageObject\",\"inLanguage\":\"es\",\"@id\":\"https:\/\/www.coaliciondelasamericas.org\/pt\/#\/schema\/logo\/image\/\",\"url\":\"https:\/\/www.coaliciondelasamericas.org\/pt\/wp-content\/uploads\/2023\/03\/cropped-003-Portada-portuguese3-1.png\",\"contentUrl\":\"https:\/\/www.coaliciondelasamericas.org\/pt\/wp-content\/uploads\/2023\/03\/cropped-003-Portada-portuguese3-1.png\",\"width\":297,\"height\":128,\"caption\":\"Coaliz&atilde;o das Am&eacute;ricas\"},\"image\":{\"@id\":\"https:\/\/www.coaliciondelasamericas.org\/pt\/#\/schema\/logo\/image\/\"},\"sameAs\":[\"https:\/\/www.facebook.com\/coalicionamerica\/\",\"https:\/\/x.com\/coalicionameric\",\"https:\/\/www.instagram.com\/coaliciondelasamericas\/\"]}]}<\/script>\n<!-- \/ Yoast SEO plugin. -->","yoast_head_json":{"title":"C\u00fapula Latino-Americana de L\u00edderes - Coaliz&atilde;o das Am&eacute;ricas","description":"C\u00fapula Latino-Americana de L\u00edderes de Pacientes com Doen\u00e7as Raras","robots":{"index":"index","follow":"follow","max-snippet":"max-snippet:-1","max-image-preview":"max-image-preview:large","max-video-preview":"max-video-preview:-1"},"canonical":"https:\/\/www.coaliciondelasamericas.org\/pt\/galeria\/galeria-004\/","og_locale":"es_ES","og_type":"article","og_title":"C\u00fapula Latino-Americana de L\u00edderes - Coaliz&atilde;o das Am&eacute;ricas","og_description":"C\u00fapula Latino-Americana de L\u00edderes de Pacientes com Doen\u00e7as Raras","og_url":"https:\/\/www.coaliciondelasamericas.org\/pt\/galeria\/galeria-004\/","og_site_name":"Coaliz&atilde;o das Am&eacute;ricas","article_publisher":"https:\/\/www.facebook.com\/coalicionamerica\/","article_modified_time":"2023-03-09T23:45:28+00:00","og_image":[{"url":"http:\/\/www.coaliciondelasamericas.org\/pt\/wp-content\/uploads\/2022\/08\/Lima-001.jpg"}],"twitter_card":"summary_large_image","twitter_site":"@coalicionameric","twitter_misc":{"Tiempo de lectura":"2 minutos"},"schema":{"@context":"https:\/\/schema.org","@graph":[{"@type":"WebPage","@id":"https:\/\/www.coaliciondelasamericas.org\/pt\/galeria\/galeria-004\/","url":"https:\/\/www.coaliciondelasamericas.org\/pt\/galeria\/galeria-004\/","name":"C\u00fapula Latino-Americana de L\u00edderes - Coaliz&atilde;o das Am&eacute;ricas","isPartOf":{"@id":"https:\/\/www.coaliciondelasamericas.org\/pt\/#website"},"primaryImageOfPage":{"@id":"https:\/\/www.coaliciondelasamericas.org\/pt\/galeria\/galeria-004\/#primaryimage"},"image":{"@id":"https:\/\/www.coaliciondelasamericas.org\/pt\/galeria\/galeria-004\/#primaryimage"},"thumbnailUrl":"http:\/\/www.coaliciondelasamericas.org\/pt\/wp-content\/uploads\/2022\/08\/Lima-001.jpg","datePublished":"2022-08-24T18:09:21+00:00","dateModified":"2023-03-09T23:45:28+00:00","description":"C\u00fapula Latino-Americana de L\u00edderes de Pacientes com Doen\u00e7as Raras","breadcrumb":{"@id":"https:\/\/www.coaliciondelasamericas.org\/pt\/galeria\/galeria-004\/#breadcrumb"},"inLanguage":"es","potentialAction":[{"@type":"ReadAction","target":["https:\/\/www.coaliciondelasamericas.org\/pt\/galeria\/galeria-004\/"]}]},{"@type":"ImageObject","inLanguage":"es","@id":"https:\/\/www.coaliciondelasamericas.org\/pt\/galeria\/galeria-004\/#primaryimage","url":"http:\/\/www.coaliciondelasamericas.org\/pt\/wp-content\/uploads\/2022\/08\/Lima-001.jpg","contentUrl":"http:\/\/www.coaliciondelasamericas.org\/pt\/wp-content\/uploads\/2022\/08\/Lima-001.jpg"},{"@type":"BreadcrumbList","@id":"https:\/\/www.coaliciondelasamericas.org\/pt\/galeria\/galeria-004\/#breadcrumb","itemListElement":[{"@type":"ListItem","position":1,"name":"Portada","item":"https:\/\/www.coaliciondelasamericas.org\/pt\/"},{"@type":"ListItem","position":2,"name":"Galeria","item":"https:\/\/www.coaliciondelasamericas.org\/pt\/galeria\/"},{"@type":"ListItem","position":3,"name":"C\u00fapula Latino-Americana de L\u00edderes"}]},{"@type":"WebSite","@id":"https:\/\/www.coaliciondelasamericas.org\/pt\/#website","url":"https:\/\/www.coaliciondelasamericas.org\/pt\/","name":"Coaliz&atilde;o das Am&eacute;ricas","description":"L&iacute;deres unidos pelo bem-estar da hemofilia","publisher":{"@id":"https:\/\/www.coaliciondelasamericas.org\/pt\/#organization"},"potentialAction":[{"@type":"SearchAction","target":{"@type":"EntryPoint","urlTemplate":"https:\/\/www.coaliciondelasamericas.org\/pt\/?s={search_term_string}"},"query-input":"required name=search_term_string"}],"inLanguage":"es"},{"@type":"Organization","@id":"https:\/\/www.coaliciondelasamericas.org\/pt\/#organization","name":"Coaliz&atilde;o das Am&eacute;ricas","url":"https:\/\/www.coaliciondelasamericas.org\/pt\/","logo":{"@type":"ImageObject","inLanguage":"es","@id":"https:\/\/www.coaliciondelasamericas.org\/pt\/#\/schema\/logo\/image\/","url":"https:\/\/www.coaliciondelasamericas.org\/pt\/wp-content\/uploads\/2023\/03\/cropped-003-Portada-portuguese3-1.png","contentUrl":"https:\/\/www.coaliciondelasamericas.org\/pt\/wp-content\/uploads\/2023\/03\/cropped-003-Portada-portuguese3-1.png","width":297,"height":128,"caption":"Coaliz&atilde;o das Am&eacute;ricas"},"image":{"@id":"https:\/\/www.coaliciondelasamericas.org\/pt\/#\/schema\/logo\/image\/"},"sameAs":["https:\/\/www.facebook.com\/coalicionamerica\/","https:\/\/x.com\/coalicionameric","https:\/\/www.instagram.com\/coaliciondelasamericas\/"]}]}},"_links":{"self":[{"href":"https:\/\/www.coaliciondelasamericas.org\/pt\/wp-json\/wp\/v2\/pages\/448"}],"collection":[{"href":"https:\/\/www.coaliciondelasamericas.org\/pt\/wp-json\/wp\/v2\/pages"}],"about":[{"href":"https:\/\/www.coaliciondelasamericas.org\/pt\/wp-json\/wp\/v2\/types\/page"}],"author":[{"embeddable":true,"href":"https:\/\/www.coaliciondelasamericas.org\/pt\/wp-json\/wp\/v2\/users\/1"}],"replies":[{"embeddable":true,"href":"https:\/\/www.coaliciondelasamericas.org\/pt\/wp-json\/wp\/v2\/comments?post=448"}],"version-history":[{"count":4,"href":"https:\/\/www.coaliciondelasamericas.org\/pt\/wp-json\/wp\/v2\/pages\/448\/revisions"}],"predecessor-version":[{"id":1918,"href":"https:\/\/www.coaliciondelasamericas.org\/pt\/wp-json\/wp\/v2\/pages\/448\/revisions\/1918"}],"up":[{"embeddable":true,"href":"https:\/\/www.coaliciondelasamericas.org\/pt\/wp-json\/wp\/v2\/pages\/42"}],"wp:attachment":[{"href":"https:\/\/www.coaliciondelasamericas.org\/pt\/wp-json\/wp\/v2\/media?parent=448"}],"curies":[{"name":"wp","href":"https:\/\/api.w.org\/{rel}","templated":true}]}}