{"id":42,"date":"2022-08-23T03:00:40","date_gmt":"2022-08-23T03:00:40","guid":{"rendered":"http:\/\/www.coaliciondelasamericas.org\/pt\/?page_id=42"},"modified":"2023-03-08T21:33:10","modified_gmt":"2023-03-08T21:33:10","slug":"galeria","status":"publish","type":"page","link":"https:\/\/www.coaliciondelasamericas.org\/pt\/galeria\/","title":{"rendered":"Galeria"},"content":{"rendered":"\n<div class=\"wp-block-columns is-layout-flex wp-container-core-columns-is-layout-1 wp-block-columns-is-layout-flex\">\n<div class=\"wp-block-column is-layout-flow wp-block-column-is-layout-flow\">\n<p>Workshops, Simp\u00f3sios, Palestras, desenvolvidos em benef\u00edcio de organiza\u00e7\u00f5es que zelam pelo bem-estar de pessoas com Hemofilia e Outros Dist\u00farbios Heredit\u00e1rios da Coagula\u00e7\u00e3o.<\/p>\n<\/div>\n<\/div>\n\n\n\n<div class=\"wp-block-columns is-layout-flex wp-container-core-columns-is-layout-2 wp-block-columns-is-layout-flex\">\n<div class=\"wp-block-column is-layout-flow wp-block-column-is-layout-flow\"><\/div>\n\n\n\n<div class=\"wp-block-column is-layout-flow wp-block-column-is-layout-flow\"><\/div>\n\n\n\n<div class=\"wp-block-column is-layout-flow wp-block-column-is-layout-flow\"><\/div>\n<\/div>\n\n\n\n<div class=\"wp-block-columns is-layout-flex wp-container-core-columns-is-layout-3 wp-block-columns-is-layout-flex\">\n<div class=\"wp-block-column is-layout-flow wp-block-column-is-layout-flow\"><\/div>\n\n\n\n<div class=\"wp-block-column is-layout-flow wp-block-column-is-layout-flow\"><\/div>\n\n\n\n<div class=\"wp-block-column is-layout-flow wp-block-column-is-layout-flow\">\n<figure class=\"wp-block-image size-full\"><img loading=\"lazy\" decoding=\"async\" width=\"320\" height=\"188\" src=\"https:\/\/www.coaliciondelasamericas.org\/pt\/wp-content\/uploads\/2022\/08\/IMG_6135v.jpg\" alt=\"Galer\u00eda, Cumbre de las Am\u00e9ricas en Hemofilia\" class=\"wp-image-583\" srcset=\"https:\/\/www.coaliciondelasamericas.org\/pt\/wp-content\/uploads\/2022\/08\/IMG_6135v.jpg 320w, https:\/\/www.coaliciondelasamericas.org\/pt\/wp-content\/uploads\/2022\/08\/IMG_6135v-300x176.jpg 300w\" sizes=\"(max-width: 320px) 100vw, 320px\" \/><figcaption class=\"wp-element-caption\"><a href=\"https:\/\/www.coaliciondelasamericas.org\/pt\/galeria\/galeria-007\/\">C\u00fapula das Am\u00e9ricas sobre Hemofilia &#8211; 2019<\/a><\/figcaption><\/figure>\n<\/div>\n<\/div>\n\n\n\n<div class=\"wp-block-columns is-layout-flex wp-container-core-columns-is-layout-4 wp-block-columns-is-layout-flex\">\n<div class=\"wp-block-column is-layout-flow wp-block-column-is-layout-flow\">\n<figure class=\"wp-block-image size-full\"><img loading=\"lazy\" decoding=\"async\" width=\"320\" height=\"180\" src=\"https:\/\/www.coaliciondelasamericas.org\/pt\/wp-content\/uploads\/2022\/08\/Lima-001-01.jpg\" alt=\"Galer\u00eda de la Cumbre Latinoamericana de Lideres de Pacientes con enfermedades raras\" class=\"wp-image-569\" srcset=\"https:\/\/www.coaliciondelasamericas.org\/pt\/wp-content\/uploads\/2022\/08\/Lima-001-01.jpg 320w, https:\/\/www.coaliciondelasamericas.org\/pt\/wp-content\/uploads\/2022\/08\/Lima-001-01-300x169.jpg 300w\" sizes=\"(max-width: 320px) 100vw, 320px\" \/><figcaption class=\"wp-element-caption\"><a href=\"https:\/\/www.coaliciondelasamericas.org\/pt\/galeria\/galeria-004\/\">C\u00fapula Latino-Americana de L\u00edderes de Pacientes com Doen\u00e7as Raras &#8211; 2018<\/a><\/figcaption><\/figure>\n<\/div>\n\n\n\n<div class=\"wp-block-column is-vertically-aligned-top is-layout-flow wp-block-column-is-layout-flow\">\n<figure class=\"wp-block-image size-full\"><img loading=\"lazy\" decoding=\"async\" width=\"320\" height=\"180\" src=\"https:\/\/www.coaliciondelasamericas.org\/pt\/wp-content\/uploads\/2022\/08\/20181220_1211610p-01.jpg\" alt=\"Galer\u00eda de Una Organizaci\u00f3n con estructura para el advocacy efectivo - 2018\" class=\"wp-image-573\" srcset=\"https:\/\/www.coaliciondelasamericas.org\/pt\/wp-content\/uploads\/2022\/08\/20181220_1211610p-01.jpg 320w, https:\/\/www.coaliciondelasamericas.org\/pt\/wp-content\/uploads\/2022\/08\/20181220_1211610p-01-300x169.jpg 300w\" sizes=\"(max-width: 320px) 100vw, 320px\" \/><figcaption class=\"wp-element-caption\"><a href=\"https:\/\/www.coaliciondelasamericas.org\/pt\/galeria\/galeria-005\/\">Uma Organiza\u00e7\u00e3o com estrutura para uma advocacia eficaz &#8211; 2018<\/a><\/figcaption><\/figure>\n<\/div>\n\n\n\n<div class=\"wp-block-column is-layout-flow wp-block-column-is-layout-flow\">\n<figure class=\"wp-block-image size-full\"><img loading=\"lazy\" decoding=\"async\" width=\"320\" height=\"180\" src=\"https:\/\/www.coaliciondelasamericas.org\/pt\/wp-content\/uploads\/2022\/08\/Coa-IMG-20190402-007-01.jpg\" alt=\"Galer\u00eda de la Profilaxis e ITI Terapias Efectivas\" class=\"wp-image-579\" srcset=\"https:\/\/www.coaliciondelasamericas.org\/pt\/wp-content\/uploads\/2022\/08\/Coa-IMG-20190402-007-01.jpg 320w, https:\/\/www.coaliciondelasamericas.org\/pt\/wp-content\/uploads\/2022\/08\/Coa-IMG-20190402-007-01-300x169.jpg 300w\" sizes=\"(max-width: 320px) 100vw, 320px\" \/><figcaption class=\"wp-element-caption\"><a href=\"https:\/\/www.coaliciondelasamericas.org\/pt\/galeria\/galeria-006\/\">Profilaxia e terapias eficazes de ITI &#8211; 2019<\/a><\/figcaption><\/figure>\n<\/div>\n<\/div>\n\n\n\n<div class=\"wp-block-columns is-layout-flex wp-container-core-columns-is-layout-5 wp-block-columns-is-layout-flex\">\n<div class=\"wp-block-column is-layout-flow wp-block-column-is-layout-flow\">\n<figure class=\"wp-block-image size-full\"><img loading=\"lazy\" decoding=\"async\" width=\"320\" height=\"188\" src=\"https:\/\/www.coaliciondelasamericas.org\/pt\/wp-content\/uploads\/2022\/08\/0-Panama-002.jpg\" alt=\"I Foro de Econom\u00eda de la Salud y Hemofilia en las Am\u00e9ricas - 2018\" class=\"wp-image-564\" srcset=\"https:\/\/www.coaliciondelasamericas.org\/pt\/wp-content\/uploads\/2022\/08\/0-Panama-002.jpg 320w, https:\/\/www.coaliciondelasamericas.org\/pt\/wp-content\/uploads\/2022\/08\/0-Panama-002-300x176.jpg 300w\" sizes=\"(max-width: 320px) 100vw, 320px\" \/><figcaption class=\"wp-element-caption\"><a href=\"https:\/\/www.coaliciondelasamericas.org\/pt\/galeria\/galeria-001\/\">I F\u00f3rum de Economia da Sa\u00fade e Hemofilia nas Am\u00e9ricas &#8211; 2018<\/a><\/figcaption><\/figure>\n<\/div>\n\n\n\n<div class=\"wp-block-column is-layout-flow wp-block-column-is-layout-flow\">\n<figure class=\"wp-block-image size-full\"><img loading=\"lazy\" decoding=\"async\" width=\"320\" height=\"188\" src=\"https:\/\/www.coaliciondelasamericas.org\/pt\/wp-content\/uploads\/2022\/08\/Escocia-01-2018.v.jpg\" alt=\"Galer\u00eda de la Reuni\u00f3n de la Coalici\u00f3n de las Am\u00e9ricas Glasgow - 2018\" class=\"wp-image-565\" srcset=\"https:\/\/www.coaliciondelasamericas.org\/pt\/wp-content\/uploads\/2022\/08\/Escocia-01-2018.v.jpg 320w, https:\/\/www.coaliciondelasamericas.org\/pt\/wp-content\/uploads\/2022\/08\/Escocia-01-2018.v-300x176.jpg 300w\" sizes=\"(max-width: 320px) 100vw, 320px\" \/><figcaption class=\"wp-element-caption\"><a href=\"https:\/\/www.coaliciondelasamericas.org\/pt\/galeria\/galeria-002\/\">Reuni\u00e3o da Coaliz\u00e3o das Am\u00e9ricas Glasgow &#8211; 2018<\/a><\/figcaption><\/figure>\n<\/div>\n\n\n\n<div class=\"wp-block-column is-layout-flow wp-block-column-is-layout-flow\">\n<figure class=\"wp-block-image size-full\"><img loading=\"lazy\" decoding=\"async\" width=\"320\" height=\"188\" src=\"https:\/\/www.coaliciondelasamericas.org\/pt\/wp-content\/uploads\/2022\/08\/2018-11-17-Coalicion-Panama-01-01-1.jpg\" alt=\"CAC Advocacy Fuerza Operativa de Centro Am\u00e9rica y el Caribe - 2018\" class=\"wp-image-571\" srcset=\"https:\/\/www.coaliciondelasamericas.org\/pt\/wp-content\/uploads\/2022\/08\/2018-11-17-Coalicion-Panama-01-01-1.jpg 320w, https:\/\/www.coaliciondelasamericas.org\/pt\/wp-content\/uploads\/2022\/08\/2018-11-17-Coalicion-Panama-01-01-1-300x176.jpg 300w\" sizes=\"(max-width: 320px) 100vw, 320px\" \/><figcaption class=\"wp-element-caption\"><a href=\"https:\/\/www.coaliciondelasamericas.org\/pt\/galeria\/galeria-003\/\">For\u00e7a-Tarefa de Advocacy do CAC da Am\u00e9rica Central e Caribe &#8211; 2018<\/a><\/figcaption><\/figure>\n<\/div>\n<\/div>\n","protected":false},"excerpt":{"rendered":"<p>Workshops, Simp\u00f3sios, Palestras, desenvolvidos em benef\u00edcio de organiza\u00e7\u00f5es que zelam pelo bem-estar de pessoas com Hemofilia e Outros Dist\u00farbios Heredit\u00e1rios<\/p>\n","protected":false},"author":1,"featured_media":0,"parent":0,"menu_order":0,"comment_status":"closed","ping_status":"closed","template":"","meta":{"colormag_page_container_layout":"no_sidebar_full_width","colormag_page_sidebar_layout":"no_sidebar","_coblocks_attr":"","_coblocks_dimensions":"","_coblocks_responsive_height":"","_coblocks_accordion_ie_support":"","footnotes":""},"class_list":["post-42","page","type-page","status-publish","hentry"],"yoast_head":"<!-- This site is optimized with the Yoast SEO plugin v22.6 - https:\/\/yoast.com\/wordpress\/plugins\/seo\/ -->\n<title>Galeria - Coaliz&atilde;o das Am&eacute;ricas<\/title>\n<meta name=\"description\" content=\"Galeria de atividades que desenvolvemos em benef\u00edcio de organiza\u00e7\u00f5es que garantem o bem-estar de pessoas com hemofilia.\" \/>\n<meta name=\"robots\" content=\"index, follow, max-snippet:-1, max-image-preview:large, max-video-preview:-1\" \/>\n<link rel=\"canonical\" href=\"https:\/\/www.coaliciondelasamericas.org\/pt\/galeria\/\" \/>\n<meta property=\"og:locale\" content=\"es_ES\" \/>\n<meta property=\"og:type\" content=\"article\" \/>\n<meta property=\"og:title\" content=\"Galeria - Coaliz&atilde;o das Am&eacute;ricas\" \/>\n<meta property=\"og:description\" content=\"Galeria de atividades que desenvolvemos em benef\u00edcio de organiza\u00e7\u00f5es que garantem o bem-estar de pessoas com hemofilia.\" \/>\n<meta property=\"og:url\" content=\"https:\/\/www.coaliciondelasamericas.org\/pt\/galeria\/\" \/>\n<meta property=\"og:site_name\" content=\"Coaliz&atilde;o das Am&eacute;ricas\" \/>\n<meta property=\"article:publisher\" content=\"https:\/\/www.facebook.com\/coalicionamerica\/\" \/>\n<meta property=\"article:modified_time\" content=\"2023-03-08T21:33:10+00:00\" \/>\n<meta property=\"og:image\" content=\"http:\/\/www.coaliciondelasamericas.org\/pt\/wp-content\/uploads\/2022\/08\/IMG_6135v.jpg\" \/>\n<meta name=\"twitter:card\" content=\"summary_large_image\" \/>\n<meta name=\"twitter:site\" content=\"@coalicionameric\" \/>\n<meta name=\"twitter:label1\" content=\"Tiempo de lectura\" \/>\n\t<meta name=\"twitter:data1\" content=\"2 minutos\" \/>\n<script type=\"application\/ld+json\" class=\"yoast-schema-graph\">{\"@context\":\"https:\/\/schema.org\",\"@graph\":[{\"@type\":\"WebPage\",\"@id\":\"https:\/\/www.coaliciondelasamericas.org\/pt\/galeria\/\",\"url\":\"https:\/\/www.coaliciondelasamericas.org\/pt\/galeria\/\",\"name\":\"Galeria - Coaliz&atilde;o das Am&eacute;ricas\",\"isPartOf\":{\"@id\":\"https:\/\/www.coaliciondelasamericas.org\/pt\/#website\"},\"primaryImageOfPage\":{\"@id\":\"https:\/\/www.coaliciondelasamericas.org\/pt\/galeria\/#primaryimage\"},\"image\":{\"@id\":\"https:\/\/www.coaliciondelasamericas.org\/pt\/galeria\/#primaryimage\"},\"thumbnailUrl\":\"http:\/\/www.coaliciondelasamericas.org\/pt\/wp-content\/uploads\/2022\/08\/IMG_6135v.jpg\",\"datePublished\":\"2022-08-23T03:00:40+00:00\",\"dateModified\":\"2023-03-08T21:33:10+00:00\",\"description\":\"Galeria de atividades que desenvolvemos em benef\u00edcio de organiza\u00e7\u00f5es que garantem o bem-estar de pessoas com hemofilia.\",\"breadcrumb\":{\"@id\":\"https:\/\/www.coaliciondelasamericas.org\/pt\/galeria\/#breadcrumb\"},\"inLanguage\":\"es\",\"potentialAction\":[{\"@type\":\"ReadAction\",\"target\":[\"https:\/\/www.coaliciondelasamericas.org\/pt\/galeria\/\"]}]},{\"@type\":\"ImageObject\",\"inLanguage\":\"es\",\"@id\":\"https:\/\/www.coaliciondelasamericas.org\/pt\/galeria\/#primaryimage\",\"url\":\"http:\/\/www.coaliciondelasamericas.org\/pt\/wp-content\/uploads\/2022\/08\/IMG_6135v.jpg\",\"contentUrl\":\"http:\/\/www.coaliciondelasamericas.org\/pt\/wp-content\/uploads\/2022\/08\/IMG_6135v.jpg\"},{\"@type\":\"BreadcrumbList\",\"@id\":\"https:\/\/www.coaliciondelasamericas.org\/pt\/galeria\/#breadcrumb\",\"itemListElement\":[{\"@type\":\"ListItem\",\"position\":1,\"name\":\"Portada\",\"item\":\"https:\/\/www.coaliciondelasamericas.org\/pt\/\"},{\"@type\":\"ListItem\",\"position\":2,\"name\":\"Galeria\"}]},{\"@type\":\"WebSite\",\"@id\":\"https:\/\/www.coaliciondelasamericas.org\/pt\/#website\",\"url\":\"https:\/\/www.coaliciondelasamericas.org\/pt\/\",\"name\":\"Coaliz&atilde;o das Am&eacute;ricas\",\"description\":\"L&iacute;deres unidos pelo bem-estar da hemofilia\",\"publisher\":{\"@id\":\"https:\/\/www.coaliciondelasamericas.org\/pt\/#organization\"},\"potentialAction\":[{\"@type\":\"SearchAction\",\"target\":{\"@type\":\"EntryPoint\",\"urlTemplate\":\"https:\/\/www.coaliciondelasamericas.org\/pt\/?s={search_term_string}\"},\"query-input\":\"required name=search_term_string\"}],\"inLanguage\":\"es\"},{\"@type\":\"Organization\",\"@id\":\"https:\/\/www.coaliciondelasamericas.org\/pt\/#organization\",\"name\":\"Coaliz&atilde;o das Am&eacute;ricas\",\"url\":\"https:\/\/www.coaliciondelasamericas.org\/pt\/\",\"logo\":{\"@type\":\"ImageObject\",\"inLanguage\":\"es\",\"@id\":\"https:\/\/www.coaliciondelasamericas.org\/pt\/#\/schema\/logo\/image\/\",\"url\":\"https:\/\/www.coaliciondelasamericas.org\/pt\/wp-content\/uploads\/2023\/03\/cropped-003-Portada-portuguese3-1.png\",\"contentUrl\":\"https:\/\/www.coaliciondelasamericas.org\/pt\/wp-content\/uploads\/2023\/03\/cropped-003-Portada-portuguese3-1.png\",\"width\":297,\"height\":128,\"caption\":\"Coaliz&atilde;o das Am&eacute;ricas\"},\"image\":{\"@id\":\"https:\/\/www.coaliciondelasamericas.org\/pt\/#\/schema\/logo\/image\/\"},\"sameAs\":[\"https:\/\/www.facebook.com\/coalicionamerica\/\",\"https:\/\/x.com\/coalicionameric\",\"https:\/\/www.instagram.com\/coaliciondelasamericas\/\"]}]}<\/script>\n<!-- \/ Yoast SEO plugin. -->","yoast_head_json":{"title":"Galeria - Coaliz&atilde;o das Am&eacute;ricas","description":"Galeria de atividades que desenvolvemos em benef\u00edcio de organiza\u00e7\u00f5es que garantem o bem-estar de pessoas com hemofilia.","robots":{"index":"index","follow":"follow","max-snippet":"max-snippet:-1","max-image-preview":"max-image-preview:large","max-video-preview":"max-video-preview:-1"},"canonical":"https:\/\/www.coaliciondelasamericas.org\/pt\/galeria\/","og_locale":"es_ES","og_type":"article","og_title":"Galeria - Coaliz&atilde;o das Am&eacute;ricas","og_description":"Galeria de atividades que desenvolvemos em benef\u00edcio de organiza\u00e7\u00f5es que garantem o bem-estar de pessoas com hemofilia.","og_url":"https:\/\/www.coaliciondelasamericas.org\/pt\/galeria\/","og_site_name":"Coaliz&atilde;o das Am&eacute;ricas","article_publisher":"https:\/\/www.facebook.com\/coalicionamerica\/","article_modified_time":"2023-03-08T21:33:10+00:00","og_image":[{"url":"http:\/\/www.coaliciondelasamericas.org\/pt\/wp-content\/uploads\/2022\/08\/IMG_6135v.jpg"}],"twitter_card":"summary_large_image","twitter_site":"@coalicionameric","twitter_misc":{"Tiempo de lectura":"2 minutos"},"schema":{"@context":"https:\/\/schema.org","@graph":[{"@type":"WebPage","@id":"https:\/\/www.coaliciondelasamericas.org\/pt\/galeria\/","url":"https:\/\/www.coaliciondelasamericas.org\/pt\/galeria\/","name":"Galeria - Coaliz&atilde;o das Am&eacute;ricas","isPartOf":{"@id":"https:\/\/www.coaliciondelasamericas.org\/pt\/#website"},"primaryImageOfPage":{"@id":"https:\/\/www.coaliciondelasamericas.org\/pt\/galeria\/#primaryimage"},"image":{"@id":"https:\/\/www.coaliciondelasamericas.org\/pt\/galeria\/#primaryimage"},"thumbnailUrl":"http:\/\/www.coaliciondelasamericas.org\/pt\/wp-content\/uploads\/2022\/08\/IMG_6135v.jpg","datePublished":"2022-08-23T03:00:40+00:00","dateModified":"2023-03-08T21:33:10+00:00","description":"Galeria de atividades que desenvolvemos em benef\u00edcio de organiza\u00e7\u00f5es que garantem o bem-estar de pessoas com hemofilia.","breadcrumb":{"@id":"https:\/\/www.coaliciondelasamericas.org\/pt\/galeria\/#breadcrumb"},"inLanguage":"es","potentialAction":[{"@type":"ReadAction","target":["https:\/\/www.coaliciondelasamericas.org\/pt\/galeria\/"]}]},{"@type":"ImageObject","inLanguage":"es","@id":"https:\/\/www.coaliciondelasamericas.org\/pt\/galeria\/#primaryimage","url":"http:\/\/www.coaliciondelasamericas.org\/pt\/wp-content\/uploads\/2022\/08\/IMG_6135v.jpg","contentUrl":"http:\/\/www.coaliciondelasamericas.org\/pt\/wp-content\/uploads\/2022\/08\/IMG_6135v.jpg"},{"@type":"BreadcrumbList","@id":"https:\/\/www.coaliciondelasamericas.org\/pt\/galeria\/#breadcrumb","itemListElement":[{"@type":"ListItem","position":1,"name":"Portada","item":"https:\/\/www.coaliciondelasamericas.org\/pt\/"},{"@type":"ListItem","position":2,"name":"Galeria"}]},{"@type":"WebSite","@id":"https:\/\/www.coaliciondelasamericas.org\/pt\/#website","url":"https:\/\/www.coaliciondelasamericas.org\/pt\/","name":"Coaliz&atilde;o das Am&eacute;ricas","description":"L&iacute;deres unidos pelo bem-estar da hemofilia","publisher":{"@id":"https:\/\/www.coaliciondelasamericas.org\/pt\/#organization"},"potentialAction":[{"@type":"SearchAction","target":{"@type":"EntryPoint","urlTemplate":"https:\/\/www.coaliciondelasamericas.org\/pt\/?s={search_term_string}"},"query-input":"required name=search_term_string"}],"inLanguage":"es"},{"@type":"Organization","@id":"https:\/\/www.coaliciondelasamericas.org\/pt\/#organization","name":"Coaliz&atilde;o das Am&eacute;ricas","url":"https:\/\/www.coaliciondelasamericas.org\/pt\/","logo":{"@type":"ImageObject","inLanguage":"es","@id":"https:\/\/www.coaliciondelasamericas.org\/pt\/#\/schema\/logo\/image\/","url":"https:\/\/www.coaliciondelasamericas.org\/pt\/wp-content\/uploads\/2023\/03\/cropped-003-Portada-portuguese3-1.png","contentUrl":"https:\/\/www.coaliciondelasamericas.org\/pt\/wp-content\/uploads\/2023\/03\/cropped-003-Portada-portuguese3-1.png","width":297,"height":128,"caption":"Coaliz&atilde;o das Am&eacute;ricas"},"image":{"@id":"https:\/\/www.coaliciondelasamericas.org\/pt\/#\/schema\/logo\/image\/"},"sameAs":["https:\/\/www.facebook.com\/coalicionamerica\/","https:\/\/x.com\/coalicionameric","https:\/\/www.instagram.com\/coaliciondelasamericas\/"]}]}},"_links":{"self":[{"href":"https:\/\/www.coaliciondelasamericas.org\/pt\/wp-json\/wp\/v2\/pages\/42"}],"collection":[{"href":"https:\/\/www.coaliciondelasamericas.org\/pt\/wp-json\/wp\/v2\/pages"}],"about":[{"href":"https:\/\/www.coaliciondelasamericas.org\/pt\/wp-json\/wp\/v2\/types\/page"}],"author":[{"embeddable":true,"href":"https:\/\/www.coaliciondelasamericas.org\/pt\/wp-json\/wp\/v2\/users\/1"}],"replies":[{"embeddable":true,"href":"https:\/\/www.coaliciondelasamericas.org\/pt\/wp-json\/wp\/v2\/comments?post=42"}],"version-history":[{"count":24,"href":"https:\/\/www.coaliciondelasamericas.org\/pt\/wp-json\/wp\/v2\/pages\/42\/revisions"}],"predecessor-version":[{"id":1750,"href":"https:\/\/www.coaliciondelasamericas.org\/pt\/wp-json\/wp\/v2\/pages\/42\/revisions\/1750"}],"wp:attachment":[{"href":"https:\/\/www.coaliciondelasamericas.org\/pt\/wp-json\/wp\/v2\/media?parent=42"}],"curies":[{"name":"wp","href":"https:\/\/api.w.org\/{rel}","templated":true}]}}