{"id":356,"date":"2022-08-24T17:17:32","date_gmt":"2022-08-24T17:17:32","guid":{"rendered":"http:\/\/www.coaliciondelasamericas.org\/pt\/?page_id=356"},"modified":"2023-03-09T23:47:30","modified_gmt":"2023-03-09T23:47:30","slug":"galeria-002","status":"publish","type":"page","link":"https:\/\/www.coaliciondelasamericas.org\/pt\/galeria\/galeria-002\/","title":{"rendered":"Reuni\u00e3o da Coaliz\u00e3o das Am\u00e9ricas em Glasgow"},"content":{"rendered":"\n<p>Glasgow, Esc\u00f3cia. No \u00e2mbito do Congresso Mundial de Hemofilia organizado pela Federa\u00e7\u00e3o Mundial de Hemofilia em Glasgow, foi realizada a reuni\u00e3o da Coaliz\u00e3o das Am\u00e9ricas com todos os seus membros e funcion\u00e1rios da Federa\u00e7\u00e3o Mundial.<\/p>\n\n\n\n<p>Participaram mais de 25 pa\u00edses da regi\u00e3o, todos membros da Coaliz\u00e3o, e abordaram diversos temas de interesse da regi\u00e3o. Foi feita uma apresenta\u00e7\u00e3o da Coaliz\u00e3o, visto que foi a primeira reuni\u00e3o plen\u00e1ria da Coaliz\u00e3o, foram levantados os objetivos estrat\u00e9gicos e o planejamento, durante a plen\u00e1ria foi apresentado o Projeto SELFIE e tamb\u00e9m as linhas de atua\u00e7\u00e3o com organiza\u00e7\u00f5es regionais ou continentais para colaborar com a tarefas da Federa\u00e7\u00e3o Mundial na regi\u00e3o.<\/p>\n\n\n\n<p>Glasgow, Esc\u00f3cia, 2018<\/p>\n\n\n\n<hr class=\"wp-block-separator has-alpha-channel-opacity\"\/>\n\n\n\n<figure class=\"wp-block-image size-full\"><img loading=\"lazy\" decoding=\"async\" width=\"970\" height=\"380\" src=\"https:\/\/www.coaliciondelasamericas.org\/pt\/wp-content\/uploads\/2022\/08\/Escocia-01-2018.jpg\" alt=\"\" class=\"wp-image-357\" srcset=\"https:\/\/www.coaliciondelasamericas.org\/pt\/wp-content\/uploads\/2022\/08\/Escocia-01-2018.jpg 970w, https:\/\/www.coaliciondelasamericas.org\/pt\/wp-content\/uploads\/2022\/08\/Escocia-01-2018-300x118.jpg 300w, https:\/\/www.coaliciondelasamericas.org\/pt\/wp-content\/uploads\/2022\/08\/Escocia-01-2018-768x301.jpg 768w\" sizes=\"(max-width: 970px) 100vw, 970px\" \/><\/figure>\n\n\n\n<hr class=\"wp-block-separator has-alpha-channel-opacity\"\/>\n\n\n\n<div class=\"wp-block-columns is-layout-flex wp-container-core-columns-is-layout-1 wp-block-columns-is-layout-flex\">\n<div class=\"wp-block-column is-layout-flow wp-block-column-is-layout-flow\">\n<p><\/p>\n<\/div>\n\n\n\n<div class=\"wp-block-column is-layout-flow wp-block-column-is-layout-flow\"><\/div>\n\n\n\n<div class=\"wp-block-column is-layout-flow wp-block-column-is-layout-flow\"><\/div>\n<\/div>\n","protected":false},"excerpt":{"rendered":"<p>Glasgow, Esc\u00f3cia. No \u00e2mbito do Congresso Mundial de Hemofilia organizado pela Federa\u00e7\u00e3o Mundial de Hemofilia em Glasgow, foi realizada a<\/p>\n","protected":false},"author":1,"featured_media":0,"parent":42,"menu_order":2,"comment_status":"closed","ping_status":"closed","template":"","meta":{"colormag_page_container_layout":"no_sidebar_content_centered","colormag_page_sidebar_layout":"no_sidebar","_coblocks_attr":"","_coblocks_dimensions":"","_coblocks_responsive_height":"","_coblocks_accordion_ie_support":"","footnotes":""},"class_list":["post-356","page","type-page","status-publish","hentry"],"yoast_head":"<!-- This site is optimized with the Yoast SEO plugin v22.6 - https:\/\/yoast.com\/wordpress\/plugins\/seo\/ -->\n<title>Reuni\u00e3o da Coaliz\u00e3o das Am\u00e9ricas em Glasgow<\/title>\n<meta name=\"description\" content=\"Glasgow, Esc\u00f3cia. No \u00e2mbito do Congresso Mundial de Hemofilia organizado pela Federa\u00e7\u00e3o Mundial de Hemofilia em Glasgow.\" \/>\n<meta name=\"robots\" content=\"index, follow, max-snippet:-1, max-image-preview:large, max-video-preview:-1\" \/>\n<link rel=\"canonical\" href=\"https:\/\/www.coaliciondelasamericas.org\/pt\/galeria\/galeria-002\/\" \/>\n<meta property=\"og:locale\" content=\"es_ES\" \/>\n<meta property=\"og:type\" content=\"article\" \/>\n<meta property=\"og:title\" content=\"Reuni\u00e3o da Coaliz\u00e3o das Am\u00e9ricas em Glasgow\" \/>\n<meta property=\"og:description\" content=\"Glasgow, Esc\u00f3cia. No \u00e2mbito do Congresso Mundial de Hemofilia organizado pela Federa\u00e7\u00e3o Mundial de Hemofilia em Glasgow.\" \/>\n<meta property=\"og:url\" content=\"https:\/\/www.coaliciondelasamericas.org\/pt\/galeria\/galeria-002\/\" \/>\n<meta property=\"og:site_name\" content=\"Coaliz&atilde;o das Am&eacute;ricas\" \/>\n<meta property=\"article:publisher\" content=\"https:\/\/www.facebook.com\/coalicionamerica\/\" \/>\n<meta property=\"article:modified_time\" content=\"2023-03-09T23:47:30+00:00\" \/>\n<meta property=\"og:image\" content=\"http:\/\/www.coaliciondelasamericas.org\/pt\/wp-content\/uploads\/2022\/08\/Escocia-01-2018.jpg\" \/>\n<meta name=\"twitter:card\" content=\"summary_large_image\" \/>\n<meta name=\"twitter:site\" content=\"@coalicionameric\" \/>\n<meta name=\"twitter:label1\" content=\"Tiempo de lectura\" \/>\n\t<meta name=\"twitter:data1\" content=\"1 minuto\" \/>\n<script type=\"application\/ld+json\" class=\"yoast-schema-graph\">{\"@context\":\"https:\/\/schema.org\",\"@graph\":[{\"@type\":\"WebPage\",\"@id\":\"https:\/\/www.coaliciondelasamericas.org\/pt\/galeria\/galeria-002\/\",\"url\":\"https:\/\/www.coaliciondelasamericas.org\/pt\/galeria\/galeria-002\/\",\"name\":\"Reuni\u00e3o da Coaliz\u00e3o das Am\u00e9ricas em Glasgow\",\"isPartOf\":{\"@id\":\"https:\/\/www.coaliciondelasamericas.org\/pt\/#website\"},\"primaryImageOfPage\":{\"@id\":\"https:\/\/www.coaliciondelasamericas.org\/pt\/galeria\/galeria-002\/#primaryimage\"},\"image\":{\"@id\":\"https:\/\/www.coaliciondelasamericas.org\/pt\/galeria\/galeria-002\/#primaryimage\"},\"thumbnailUrl\":\"http:\/\/www.coaliciondelasamericas.org\/pt\/wp-content\/uploads\/2022\/08\/Escocia-01-2018.jpg\",\"datePublished\":\"2022-08-24T17:17:32+00:00\",\"dateModified\":\"2023-03-09T23:47:30+00:00\",\"description\":\"Glasgow, Esc\u00f3cia. No \u00e2mbito do Congresso Mundial de Hemofilia organizado pela Federa\u00e7\u00e3o Mundial de Hemofilia em Glasgow.\",\"breadcrumb\":{\"@id\":\"https:\/\/www.coaliciondelasamericas.org\/pt\/galeria\/galeria-002\/#breadcrumb\"},\"inLanguage\":\"es\",\"potentialAction\":[{\"@type\":\"ReadAction\",\"target\":[\"https:\/\/www.coaliciondelasamericas.org\/pt\/galeria\/galeria-002\/\"]}]},{\"@type\":\"ImageObject\",\"inLanguage\":\"es\",\"@id\":\"https:\/\/www.coaliciondelasamericas.org\/pt\/galeria\/galeria-002\/#primaryimage\",\"url\":\"http:\/\/www.coaliciondelasamericas.org\/pt\/wp-content\/uploads\/2022\/08\/Escocia-01-2018.jpg\",\"contentUrl\":\"http:\/\/www.coaliciondelasamericas.org\/pt\/wp-content\/uploads\/2022\/08\/Escocia-01-2018.jpg\"},{\"@type\":\"BreadcrumbList\",\"@id\":\"https:\/\/www.coaliciondelasamericas.org\/pt\/galeria\/galeria-002\/#breadcrumb\",\"itemListElement\":[{\"@type\":\"ListItem\",\"position\":1,\"name\":\"Portada\",\"item\":\"https:\/\/www.coaliciondelasamericas.org\/pt\/\"},{\"@type\":\"ListItem\",\"position\":2,\"name\":\"Galeria\",\"item\":\"https:\/\/www.coaliciondelasamericas.org\/pt\/galeria\/\"},{\"@type\":\"ListItem\",\"position\":3,\"name\":\"Reuni\u00e3o da Coaliz\u00e3o das Am\u00e9ricas em Glasgow\"}]},{\"@type\":\"WebSite\",\"@id\":\"https:\/\/www.coaliciondelasamericas.org\/pt\/#website\",\"url\":\"https:\/\/www.coaliciondelasamericas.org\/pt\/\",\"name\":\"Coaliz&atilde;o das Am&eacute;ricas\",\"description\":\"L&iacute;deres unidos pelo bem-estar da hemofilia\",\"publisher\":{\"@id\":\"https:\/\/www.coaliciondelasamericas.org\/pt\/#organization\"},\"potentialAction\":[{\"@type\":\"SearchAction\",\"target\":{\"@type\":\"EntryPoint\",\"urlTemplate\":\"https:\/\/www.coaliciondelasamericas.org\/pt\/?s={search_term_string}\"},\"query-input\":\"required name=search_term_string\"}],\"inLanguage\":\"es\"},{\"@type\":\"Organization\",\"@id\":\"https:\/\/www.coaliciondelasamericas.org\/pt\/#organization\",\"name\":\"Coaliz&atilde;o das Am&eacute;ricas\",\"url\":\"https:\/\/www.coaliciondelasamericas.org\/pt\/\",\"logo\":{\"@type\":\"ImageObject\",\"inLanguage\":\"es\",\"@id\":\"https:\/\/www.coaliciondelasamericas.org\/pt\/#\/schema\/logo\/image\/\",\"url\":\"https:\/\/www.coaliciondelasamericas.org\/pt\/wp-content\/uploads\/2023\/03\/cropped-003-Portada-portuguese3-1.png\",\"contentUrl\":\"https:\/\/www.coaliciondelasamericas.org\/pt\/wp-content\/uploads\/2023\/03\/cropped-003-Portada-portuguese3-1.png\",\"width\":297,\"height\":128,\"caption\":\"Coaliz&atilde;o das Am&eacute;ricas\"},\"image\":{\"@id\":\"https:\/\/www.coaliciondelasamericas.org\/pt\/#\/schema\/logo\/image\/\"},\"sameAs\":[\"https:\/\/www.facebook.com\/coalicionamerica\/\",\"https:\/\/x.com\/coalicionameric\",\"https:\/\/www.instagram.com\/coaliciondelasamericas\/\"]}]}<\/script>\n<!-- \/ Yoast SEO plugin. -->","yoast_head_json":{"title":"Reuni\u00e3o da Coaliz\u00e3o das Am\u00e9ricas em Glasgow","description":"Glasgow, Esc\u00f3cia. No \u00e2mbito do Congresso Mundial de Hemofilia organizado pela Federa\u00e7\u00e3o Mundial de Hemofilia em Glasgow.","robots":{"index":"index","follow":"follow","max-snippet":"max-snippet:-1","max-image-preview":"max-image-preview:large","max-video-preview":"max-video-preview:-1"},"canonical":"https:\/\/www.coaliciondelasamericas.org\/pt\/galeria\/galeria-002\/","og_locale":"es_ES","og_type":"article","og_title":"Reuni\u00e3o da Coaliz\u00e3o das Am\u00e9ricas em Glasgow","og_description":"Glasgow, Esc\u00f3cia. No \u00e2mbito do Congresso Mundial de Hemofilia organizado pela Federa\u00e7\u00e3o Mundial de Hemofilia em Glasgow.","og_url":"https:\/\/www.coaliciondelasamericas.org\/pt\/galeria\/galeria-002\/","og_site_name":"Coaliz&atilde;o das Am&eacute;ricas","article_publisher":"https:\/\/www.facebook.com\/coalicionamerica\/","article_modified_time":"2023-03-09T23:47:30+00:00","og_image":[{"url":"http:\/\/www.coaliciondelasamericas.org\/pt\/wp-content\/uploads\/2022\/08\/Escocia-01-2018.jpg"}],"twitter_card":"summary_large_image","twitter_site":"@coalicionameric","twitter_misc":{"Tiempo de lectura":"1 minuto"},"schema":{"@context":"https:\/\/schema.org","@graph":[{"@type":"WebPage","@id":"https:\/\/www.coaliciondelasamericas.org\/pt\/galeria\/galeria-002\/","url":"https:\/\/www.coaliciondelasamericas.org\/pt\/galeria\/galeria-002\/","name":"Reuni\u00e3o da Coaliz\u00e3o das Am\u00e9ricas em Glasgow","isPartOf":{"@id":"https:\/\/www.coaliciondelasamericas.org\/pt\/#website"},"primaryImageOfPage":{"@id":"https:\/\/www.coaliciondelasamericas.org\/pt\/galeria\/galeria-002\/#primaryimage"},"image":{"@id":"https:\/\/www.coaliciondelasamericas.org\/pt\/galeria\/galeria-002\/#primaryimage"},"thumbnailUrl":"http:\/\/www.coaliciondelasamericas.org\/pt\/wp-content\/uploads\/2022\/08\/Escocia-01-2018.jpg","datePublished":"2022-08-24T17:17:32+00:00","dateModified":"2023-03-09T23:47:30+00:00","description":"Glasgow, Esc\u00f3cia. No \u00e2mbito do Congresso Mundial de Hemofilia organizado pela Federa\u00e7\u00e3o Mundial de Hemofilia em Glasgow.","breadcrumb":{"@id":"https:\/\/www.coaliciondelasamericas.org\/pt\/galeria\/galeria-002\/#breadcrumb"},"inLanguage":"es","potentialAction":[{"@type":"ReadAction","target":["https:\/\/www.coaliciondelasamericas.org\/pt\/galeria\/galeria-002\/"]}]},{"@type":"ImageObject","inLanguage":"es","@id":"https:\/\/www.coaliciondelasamericas.org\/pt\/galeria\/galeria-002\/#primaryimage","url":"http:\/\/www.coaliciondelasamericas.org\/pt\/wp-content\/uploads\/2022\/08\/Escocia-01-2018.jpg","contentUrl":"http:\/\/www.coaliciondelasamericas.org\/pt\/wp-content\/uploads\/2022\/08\/Escocia-01-2018.jpg"},{"@type":"BreadcrumbList","@id":"https:\/\/www.coaliciondelasamericas.org\/pt\/galeria\/galeria-002\/#breadcrumb","itemListElement":[{"@type":"ListItem","position":1,"name":"Portada","item":"https:\/\/www.coaliciondelasamericas.org\/pt\/"},{"@type":"ListItem","position":2,"name":"Galeria","item":"https:\/\/www.coaliciondelasamericas.org\/pt\/galeria\/"},{"@type":"ListItem","position":3,"name":"Reuni\u00e3o da Coaliz\u00e3o das Am\u00e9ricas em Glasgow"}]},{"@type":"WebSite","@id":"https:\/\/www.coaliciondelasamericas.org\/pt\/#website","url":"https:\/\/www.coaliciondelasamericas.org\/pt\/","name":"Coaliz&atilde;o das Am&eacute;ricas","description":"L&iacute;deres unidos pelo bem-estar da hemofilia","publisher":{"@id":"https:\/\/www.coaliciondelasamericas.org\/pt\/#organization"},"potentialAction":[{"@type":"SearchAction","target":{"@type":"EntryPoint","urlTemplate":"https:\/\/www.coaliciondelasamericas.org\/pt\/?s={search_term_string}"},"query-input":"required name=search_term_string"}],"inLanguage":"es"},{"@type":"Organization","@id":"https:\/\/www.coaliciondelasamericas.org\/pt\/#organization","name":"Coaliz&atilde;o das Am&eacute;ricas","url":"https:\/\/www.coaliciondelasamericas.org\/pt\/","logo":{"@type":"ImageObject","inLanguage":"es","@id":"https:\/\/www.coaliciondelasamericas.org\/pt\/#\/schema\/logo\/image\/","url":"https:\/\/www.coaliciondelasamericas.org\/pt\/wp-content\/uploads\/2023\/03\/cropped-003-Portada-portuguese3-1.png","contentUrl":"https:\/\/www.coaliciondelasamericas.org\/pt\/wp-content\/uploads\/2023\/03\/cropped-003-Portada-portuguese3-1.png","width":297,"height":128,"caption":"Coaliz&atilde;o das Am&eacute;ricas"},"image":{"@id":"https:\/\/www.coaliciondelasamericas.org\/pt\/#\/schema\/logo\/image\/"},"sameAs":["https:\/\/www.facebook.com\/coalicionamerica\/","https:\/\/x.com\/coalicionameric","https:\/\/www.instagram.com\/coaliciondelasamericas\/"]}]}},"_links":{"self":[{"href":"https:\/\/www.coaliciondelasamericas.org\/pt\/wp-json\/wp\/v2\/pages\/356"}],"collection":[{"href":"https:\/\/www.coaliciondelasamericas.org\/pt\/wp-json\/wp\/v2\/pages"}],"about":[{"href":"https:\/\/www.coaliciondelasamericas.org\/pt\/wp-json\/wp\/v2\/types\/page"}],"author":[{"embeddable":true,"href":"https:\/\/www.coaliciondelasamericas.org\/pt\/wp-json\/wp\/v2\/users\/1"}],"replies":[{"embeddable":true,"href":"https:\/\/www.coaliciondelasamericas.org\/pt\/wp-json\/wp\/v2\/comments?post=356"}],"version-history":[{"count":2,"href":"https:\/\/www.coaliciondelasamericas.org\/pt\/wp-json\/wp\/v2\/pages\/356\/revisions"}],"predecessor-version":[{"id":1911,"href":"https:\/\/www.coaliciondelasamericas.org\/pt\/wp-json\/wp\/v2\/pages\/356\/revisions\/1911"}],"up":[{"embeddable":true,"href":"https:\/\/www.coaliciondelasamericas.org\/pt\/wp-json\/wp\/v2\/pages\/42"}],"wp:attachment":[{"href":"https:\/\/www.coaliciondelasamericas.org\/pt\/wp-json\/wp\/v2\/media?parent=356"}],"curies":[{"name":"wp","href":"https:\/\/api.w.org\/{rel}","templated":true}]}}