{"id":332,"date":"2022-08-24T16:51:59","date_gmt":"2022-08-24T16:51:59","guid":{"rendered":"http:\/\/www.coaliciondelasamericas.org\/pt\/?page_id=332"},"modified":"2023-03-09T23:47:01","modified_gmt":"2023-03-09T23:47:01","slug":"galeria-001","status":"publish","type":"page","link":"https:\/\/www.coaliciondelasamericas.org\/pt\/galeria\/galeria-001\/","title":{"rendered":"I F\u00f3rum de Economia da Sa\u00fade e Hemofilia"},"content":{"rendered":"\n<p>O primeiro evento organizado e executado pela Coalition of the Americas (CoA), que contou com a valiosa colabora\u00e7\u00e3o da World Federation of Hemophilia (WFH), desenvolvido com o formato de FORUM, a boa not\u00edcia deste evento foi que cada ponto de vista foi medido com sucesso.<\/p>\n\n\n\n<p><br>O objetivo do f\u00f3rum foi capacitar os participantes na an\u00e1lise e uso de ferramentas e dados relevantes, melhorando assim o acesso ao tratamento integral nas Am\u00e9ricas e analisando conjuntamente as melhores pr\u00e1ticas para influenciar as pol\u00edticas p\u00fablicas e suas estrat\u00e9gias, altamente voltadas para os resultados esperados de o WBDR, o estudo PROBE e o Projeto SELFIE.<\/p>\n\n\n\n<p>Participaram 15 pa\u00edses da Am\u00e9rica.<\/p>\n\n\n\n<p>Argentina, Brasil, Chile, Col\u00f4mbia, Costa Rica, Equador, El Salvador, Honduras, M\u00e9xico, Panam\u00e1, Peru, Rep\u00fablica Dominicana, Uruguai, EUA e Venezuela.<\/p>\n\n\n\n<p>Panam\u00e1. 19 de abril de 2018<\/p>\n\n\n\n<figure class=\"wp-block-gallery has-nested-images columns-default is-cropped wp-block-gallery-1 is-layout-flex wp-block-gallery-is-layout-flex\">\n<figure class=\"wp-block-image size-large is-style-default\"><img loading=\"lazy\" decoding=\"async\" width=\"485\" height=\"188\" data-id=\"333\" src=\"https:\/\/www.coaliciondelasamericas.org\/pt\/wp-content\/uploads\/2022\/08\/Panama-001.jpg\" alt=\"\" class=\"wp-image-333\" srcset=\"https:\/\/www.coaliciondelasamericas.org\/pt\/wp-content\/uploads\/2022\/08\/Panama-001.jpg 485w, https:\/\/www.coaliciondelasamericas.org\/pt\/wp-content\/uploads\/2022\/08\/Panama-001-300x116.jpg 300w\" sizes=\"(max-width: 485px) 100vw, 485px\" \/><\/figure>\n\n\n\n<figure class=\"wp-block-image size-large\"><img loading=\"lazy\" decoding=\"async\" width=\"485\" height=\"188\" data-id=\"334\" src=\"https:\/\/www.coaliciondelasamericas.org\/pt\/wp-content\/uploads\/2022\/08\/Panama-002.jpg\" alt=\"\" class=\"wp-image-334\" srcset=\"https:\/\/www.coaliciondelasamericas.org\/pt\/wp-content\/uploads\/2022\/08\/Panama-002.jpg 485w, https:\/\/www.coaliciondelasamericas.org\/pt\/wp-content\/uploads\/2022\/08\/Panama-002-300x116.jpg 300w\" sizes=\"(max-width: 485px) 100vw, 485px\" \/><\/figure>\n\n\n\n<figure class=\"wp-block-image size-large\"><img loading=\"lazy\" decoding=\"async\" width=\"485\" height=\"188\" data-id=\"335\" src=\"https:\/\/www.coaliciondelasamericas.org\/pt\/wp-content\/uploads\/2022\/08\/Panama-003.jpg\" alt=\"\" class=\"wp-image-335\" srcset=\"https:\/\/www.coaliciondelasamericas.org\/pt\/wp-content\/uploads\/2022\/08\/Panama-003.jpg 485w, https:\/\/www.coaliciondelasamericas.org\/pt\/wp-content\/uploads\/2022\/08\/Panama-003-300x116.jpg 300w\" sizes=\"(max-width: 485px) 100vw, 485px\" \/><\/figure>\n\n\n\n<figure class=\"wp-block-image size-large\"><img loading=\"lazy\" decoding=\"async\" width=\"485\" height=\"188\" data-id=\"336\" src=\"https:\/\/www.coaliciondelasamericas.org\/pt\/wp-content\/uploads\/2022\/08\/Panama-004.jpg\" alt=\"\" class=\"wp-image-336\" srcset=\"https:\/\/www.coaliciondelasamericas.org\/pt\/wp-content\/uploads\/2022\/08\/Panama-004.jpg 485w, https:\/\/www.coaliciondelasamericas.org\/pt\/wp-content\/uploads\/2022\/08\/Panama-004-300x116.jpg 300w\" sizes=\"(max-width: 485px) 100vw, 485px\" \/><\/figure>\n\n\n\n<figure class=\"wp-block-image size-large\"><img loading=\"lazy\" decoding=\"async\" width=\"485\" height=\"188\" data-id=\"337\" src=\"https:\/\/www.coaliciondelasamericas.org\/pt\/wp-content\/uploads\/2022\/08\/Panama-005.jpg\" alt=\"\" class=\"wp-image-337\" srcset=\"https:\/\/www.coaliciondelasamericas.org\/pt\/wp-content\/uploads\/2022\/08\/Panama-005.jpg 485w, https:\/\/www.coaliciondelasamericas.org\/pt\/wp-content\/uploads\/2022\/08\/Panama-005-300x116.jpg 300w\" sizes=\"(max-width: 485px) 100vw, 485px\" \/><\/figure>\n\n\n\n<figure class=\"wp-block-image size-large\"><img loading=\"lazy\" decoding=\"async\" width=\"485\" height=\"188\" data-id=\"338\" src=\"https:\/\/www.coaliciondelasamericas.org\/pt\/wp-content\/uploads\/2022\/08\/Panama-006.jpg\" alt=\"\" class=\"wp-image-338\" srcset=\"https:\/\/www.coaliciondelasamericas.org\/pt\/wp-content\/uploads\/2022\/08\/Panama-006.jpg 485w, https:\/\/www.coaliciondelasamericas.org\/pt\/wp-content\/uploads\/2022\/08\/Panama-006-300x116.jpg 300w\" sizes=\"(max-width: 485px) 100vw, 485px\" \/><\/figure>\n\n\n\n<figure class=\"wp-block-image size-large\"><img loading=\"lazy\" decoding=\"async\" width=\"485\" height=\"188\" data-id=\"339\" src=\"https:\/\/www.coaliciondelasamericas.org\/pt\/wp-content\/uploads\/2022\/08\/Panama-007.jpg\" alt=\"\" class=\"wp-image-339\" srcset=\"https:\/\/www.coaliciondelasamericas.org\/pt\/wp-content\/uploads\/2022\/08\/Panama-007.jpg 485w, https:\/\/www.coaliciondelasamericas.org\/pt\/wp-content\/uploads\/2022\/08\/Panama-007-300x116.jpg 300w\" sizes=\"(max-width: 485px) 100vw, 485px\" \/><\/figure>\n\n\n\n<figure class=\"wp-block-image size-large\"><img loading=\"lazy\" decoding=\"async\" width=\"485\" height=\"188\" data-id=\"340\" src=\"https:\/\/www.coaliciondelasamericas.org\/pt\/wp-content\/uploads\/2022\/08\/Panama-008.jpg\" alt=\"\" class=\"wp-image-340\" srcset=\"https:\/\/www.coaliciondelasamericas.org\/pt\/wp-content\/uploads\/2022\/08\/Panama-008.jpg 485w, https:\/\/www.coaliciondelasamericas.org\/pt\/wp-content\/uploads\/2022\/08\/Panama-008-300x116.jpg 300w\" sizes=\"(max-width: 485px) 100vw, 485px\" \/><\/figure>\n\n\n\n<figure class=\"wp-block-image size-large\"><img loading=\"lazy\" decoding=\"async\" width=\"485\" height=\"188\" data-id=\"341\" src=\"https:\/\/www.coaliciondelasamericas.org\/pt\/wp-content\/uploads\/2022\/08\/Panama-009.jpg\" alt=\"\" class=\"wp-image-341\" srcset=\"https:\/\/www.coaliciondelasamericas.org\/pt\/wp-content\/uploads\/2022\/08\/Panama-009.jpg 485w, https:\/\/www.coaliciondelasamericas.org\/pt\/wp-content\/uploads\/2022\/08\/Panama-009-300x116.jpg 300w\" sizes=\"(max-width: 485px) 100vw, 485px\" \/><\/figure>\n\n\n\n<figure class=\"wp-block-image size-large\"><img loading=\"lazy\" decoding=\"async\" width=\"485\" height=\"188\" data-id=\"342\" src=\"https:\/\/www.coaliciondelasamericas.org\/pt\/wp-content\/uploads\/2022\/08\/Panama-010.jpg\" alt=\"\" class=\"wp-image-342\" srcset=\"https:\/\/www.coaliciondelasamericas.org\/pt\/wp-content\/uploads\/2022\/08\/Panama-010.jpg 485w, https:\/\/www.coaliciondelasamericas.org\/pt\/wp-content\/uploads\/2022\/08\/Panama-010-300x116.jpg 300w\" sizes=\"(max-width: 485px) 100vw, 485px\" \/><\/figure>\n\n\n\n<figure class=\"wp-block-image size-large\"><img loading=\"lazy\" decoding=\"async\" width=\"485\" height=\"188\" data-id=\"343\" src=\"https:\/\/www.coaliciondelasamericas.org\/pt\/wp-content\/uploads\/2022\/08\/Panama-011.jpg\" alt=\"\" class=\"wp-image-343\" srcset=\"https:\/\/www.coaliciondelasamericas.org\/pt\/wp-content\/uploads\/2022\/08\/Panama-011.jpg 485w, https:\/\/www.coaliciondelasamericas.org\/pt\/wp-content\/uploads\/2022\/08\/Panama-011-300x116.jpg 300w\" sizes=\"(max-width: 485px) 100vw, 485px\" \/><\/figure>\n\n\n\n<figure class=\"wp-block-image size-large\"><img loading=\"lazy\" decoding=\"async\" width=\"485\" height=\"188\" data-id=\"344\" src=\"https:\/\/www.coaliciondelasamericas.org\/pt\/wp-content\/uploads\/2022\/08\/Panama-012.jpg\" alt=\"\" class=\"wp-image-344\" srcset=\"https:\/\/www.coaliciondelasamericas.org\/pt\/wp-content\/uploads\/2022\/08\/Panama-012.jpg 485w, https:\/\/www.coaliciondelasamericas.org\/pt\/wp-content\/uploads\/2022\/08\/Panama-012-300x116.jpg 300w\" sizes=\"(max-width: 485px) 100vw, 485px\" \/><\/figure>\n<\/figure>\n\n\n\n<hr class=\"wp-block-separator has-alpha-channel-opacity\"\/>\n\n\n\n<div class=\"wp-block-columns is-layout-flex wp-container-core-columns-is-layout-1 wp-block-columns-is-layout-flex\">\n<div class=\"wp-block-column is-layout-flow wp-block-column-is-layout-flow\">\n<p><\/p>\n<\/div>\n\n\n\n<div class=\"wp-block-column is-layout-flow wp-block-column-is-layout-flow\"><\/div>\n\n\n\n<div class=\"wp-block-column is-layout-flow wp-block-column-is-layout-flow\">\n<p><\/p>\n<\/div>\n<\/div>\n\n\n\n<hr class=\"wp-block-separator has-alpha-channel-opacity\"\/>\n","protected":false},"excerpt":{"rendered":"<p>O primeiro evento organizado e executado pela Coalition of the Americas (CoA), que contou com a valiosa colabora\u00e7\u00e3o da World<\/p>\n","protected":false},"author":1,"featured_media":0,"parent":42,"menu_order":1,"comment_status":"closed","ping_status":"closed","template":"","meta":{"colormag_page_container_layout":"no_sidebar_content_centered","colormag_page_sidebar_layout":"no_sidebar","_coblocks_attr":"","_coblocks_dimensions":"","_coblocks_responsive_height":"","_coblocks_accordion_ie_support":"","footnotes":""},"class_list":["post-332","page","type-page","status-publish","hentry"],"yoast_head":"<!-- This site is optimized with the Yoast SEO plugin v22.6 - https:\/\/yoast.com\/wordpress\/plugins\/seo\/ -->\n<title>I F\u00f3rum de Economia da Sa\u00fade e Hemofilia<\/title>\n<meta name=\"description\" content=\"I F\u00f3rum de Economia da Sa\u00fade e Hemofilia nas Am\u00e9ricas, O primeiro evento organizado e executado pela Coalition of the Americas (CoA)\" \/>\n<meta name=\"robots\" content=\"index, follow, max-snippet:-1, max-image-preview:large, max-video-preview:-1\" \/>\n<link rel=\"canonical\" href=\"https:\/\/www.coaliciondelasamericas.org\/pt\/galeria\/galeria-001\/\" \/>\n<meta property=\"og:locale\" content=\"es_ES\" \/>\n<meta property=\"og:type\" content=\"article\" \/>\n<meta property=\"og:title\" content=\"I F\u00f3rum de Economia da Sa\u00fade e Hemofilia\" \/>\n<meta property=\"og:description\" content=\"I F\u00f3rum de Economia da Sa\u00fade e Hemofilia nas Am\u00e9ricas, O primeiro evento organizado e executado pela Coalition of the Americas (CoA)\" \/>\n<meta property=\"og:url\" content=\"https:\/\/www.coaliciondelasamericas.org\/pt\/galeria\/galeria-001\/\" \/>\n<meta property=\"og:site_name\" content=\"Coaliz&atilde;o das Am&eacute;ricas\" \/>\n<meta property=\"article:publisher\" content=\"https:\/\/www.facebook.com\/coalicionamerica\/\" \/>\n<meta property=\"article:modified_time\" content=\"2023-03-09T23:47:01+00:00\" \/>\n<meta property=\"og:image\" content=\"http:\/\/www.coaliciondelasamericas.org\/pt\/wp-content\/uploads\/2022\/08\/Panama-001.jpg\" \/>\n<meta name=\"twitter:card\" content=\"summary_large_image\" \/>\n<meta name=\"twitter:site\" content=\"@coalicionameric\" \/>\n<script type=\"application\/ld+json\" class=\"yoast-schema-graph\">{\"@context\":\"https:\/\/schema.org\",\"@graph\":[{\"@type\":\"WebPage\",\"@id\":\"https:\/\/www.coaliciondelasamericas.org\/pt\/galeria\/galeria-001\/\",\"url\":\"https:\/\/www.coaliciondelasamericas.org\/pt\/galeria\/galeria-001\/\",\"name\":\"I F\u00f3rum de Economia da Sa\u00fade e Hemofilia\",\"isPartOf\":{\"@id\":\"https:\/\/www.coaliciondelasamericas.org\/pt\/#website\"},\"primaryImageOfPage\":{\"@id\":\"https:\/\/www.coaliciondelasamericas.org\/pt\/galeria\/galeria-001\/#primaryimage\"},\"image\":{\"@id\":\"https:\/\/www.coaliciondelasamericas.org\/pt\/galeria\/galeria-001\/#primaryimage\"},\"thumbnailUrl\":\"http:\/\/www.coaliciondelasamericas.org\/pt\/wp-content\/uploads\/2022\/08\/Panama-001.jpg\",\"datePublished\":\"2022-08-24T16:51:59+00:00\",\"dateModified\":\"2023-03-09T23:47:01+00:00\",\"description\":\"I F\u00f3rum de Economia da Sa\u00fade e Hemofilia nas Am\u00e9ricas, O primeiro evento organizado e executado pela Coalition of the Americas (CoA)\",\"breadcrumb\":{\"@id\":\"https:\/\/www.coaliciondelasamericas.org\/pt\/galeria\/galeria-001\/#breadcrumb\"},\"inLanguage\":\"es\",\"potentialAction\":[{\"@type\":\"ReadAction\",\"target\":[\"https:\/\/www.coaliciondelasamericas.org\/pt\/galeria\/galeria-001\/\"]}]},{\"@type\":\"ImageObject\",\"inLanguage\":\"es\",\"@id\":\"https:\/\/www.coaliciondelasamericas.org\/pt\/galeria\/galeria-001\/#primaryimage\",\"url\":\"http:\/\/www.coaliciondelasamericas.org\/pt\/wp-content\/uploads\/2022\/08\/Panama-001.jpg\",\"contentUrl\":\"http:\/\/www.coaliciondelasamericas.org\/pt\/wp-content\/uploads\/2022\/08\/Panama-001.jpg\"},{\"@type\":\"BreadcrumbList\",\"@id\":\"https:\/\/www.coaliciondelasamericas.org\/pt\/galeria\/galeria-001\/#breadcrumb\",\"itemListElement\":[{\"@type\":\"ListItem\",\"position\":1,\"name\":\"Portada\",\"item\":\"https:\/\/www.coaliciondelasamericas.org\/pt\/\"},{\"@type\":\"ListItem\",\"position\":2,\"name\":\"Galeria\",\"item\":\"https:\/\/www.coaliciondelasamericas.org\/pt\/galeria\/\"},{\"@type\":\"ListItem\",\"position\":3,\"name\":\"I F\u00f3rum de Economia da Sa\u00fade e Hemofilia\"}]},{\"@type\":\"WebSite\",\"@id\":\"https:\/\/www.coaliciondelasamericas.org\/pt\/#website\",\"url\":\"https:\/\/www.coaliciondelasamericas.org\/pt\/\",\"name\":\"Coaliz&atilde;o das Am&eacute;ricas\",\"description\":\"L&iacute;deres unidos pelo bem-estar da hemofilia\",\"publisher\":{\"@id\":\"https:\/\/www.coaliciondelasamericas.org\/pt\/#organization\"},\"potentialAction\":[{\"@type\":\"SearchAction\",\"target\":{\"@type\":\"EntryPoint\",\"urlTemplate\":\"https:\/\/www.coaliciondelasamericas.org\/pt\/?s={search_term_string}\"},\"query-input\":\"required name=search_term_string\"}],\"inLanguage\":\"es\"},{\"@type\":\"Organization\",\"@id\":\"https:\/\/www.coaliciondelasamericas.org\/pt\/#organization\",\"name\":\"Coaliz&atilde;o das Am&eacute;ricas\",\"url\":\"https:\/\/www.coaliciondelasamericas.org\/pt\/\",\"logo\":{\"@type\":\"ImageObject\",\"inLanguage\":\"es\",\"@id\":\"https:\/\/www.coaliciondelasamericas.org\/pt\/#\/schema\/logo\/image\/\",\"url\":\"https:\/\/www.coaliciondelasamericas.org\/pt\/wp-content\/uploads\/2023\/03\/cropped-003-Portada-portuguese3-1.png\",\"contentUrl\":\"https:\/\/www.coaliciondelasamericas.org\/pt\/wp-content\/uploads\/2023\/03\/cropped-003-Portada-portuguese3-1.png\",\"width\":297,\"height\":128,\"caption\":\"Coaliz&atilde;o das Am&eacute;ricas\"},\"image\":{\"@id\":\"https:\/\/www.coaliciondelasamericas.org\/pt\/#\/schema\/logo\/image\/\"},\"sameAs\":[\"https:\/\/www.facebook.com\/coalicionamerica\/\",\"https:\/\/x.com\/coalicionameric\",\"https:\/\/www.instagram.com\/coaliciondelasamericas\/\"]}]}<\/script>\n<!-- \/ Yoast SEO plugin. -->","yoast_head_json":{"title":"I F\u00f3rum de Economia da Sa\u00fade e Hemofilia","description":"I F\u00f3rum de Economia da Sa\u00fade e Hemofilia nas Am\u00e9ricas, O primeiro evento organizado e executado pela Coalition of the Americas (CoA)","robots":{"index":"index","follow":"follow","max-snippet":"max-snippet:-1","max-image-preview":"max-image-preview:large","max-video-preview":"max-video-preview:-1"},"canonical":"https:\/\/www.coaliciondelasamericas.org\/pt\/galeria\/galeria-001\/","og_locale":"es_ES","og_type":"article","og_title":"I F\u00f3rum de Economia da Sa\u00fade e Hemofilia","og_description":"I F\u00f3rum de Economia da Sa\u00fade e Hemofilia nas Am\u00e9ricas, O primeiro evento organizado e executado pela Coalition of the Americas (CoA)","og_url":"https:\/\/www.coaliciondelasamericas.org\/pt\/galeria\/galeria-001\/","og_site_name":"Coaliz&atilde;o das Am&eacute;ricas","article_publisher":"https:\/\/www.facebook.com\/coalicionamerica\/","article_modified_time":"2023-03-09T23:47:01+00:00","og_image":[{"url":"http:\/\/www.coaliciondelasamericas.org\/pt\/wp-content\/uploads\/2022\/08\/Panama-001.jpg"}],"twitter_card":"summary_large_image","twitter_site":"@coalicionameric","schema":{"@context":"https:\/\/schema.org","@graph":[{"@type":"WebPage","@id":"https:\/\/www.coaliciondelasamericas.org\/pt\/galeria\/galeria-001\/","url":"https:\/\/www.coaliciondelasamericas.org\/pt\/galeria\/galeria-001\/","name":"I F\u00f3rum de Economia da Sa\u00fade e Hemofilia","isPartOf":{"@id":"https:\/\/www.coaliciondelasamericas.org\/pt\/#website"},"primaryImageOfPage":{"@id":"https:\/\/www.coaliciondelasamericas.org\/pt\/galeria\/galeria-001\/#primaryimage"},"image":{"@id":"https:\/\/www.coaliciondelasamericas.org\/pt\/galeria\/galeria-001\/#primaryimage"},"thumbnailUrl":"http:\/\/www.coaliciondelasamericas.org\/pt\/wp-content\/uploads\/2022\/08\/Panama-001.jpg","datePublished":"2022-08-24T16:51:59+00:00","dateModified":"2023-03-09T23:47:01+00:00","description":"I F\u00f3rum de Economia da Sa\u00fade e Hemofilia nas Am\u00e9ricas, O primeiro evento organizado e executado pela Coalition of the Americas (CoA)","breadcrumb":{"@id":"https:\/\/www.coaliciondelasamericas.org\/pt\/galeria\/galeria-001\/#breadcrumb"},"inLanguage":"es","potentialAction":[{"@type":"ReadAction","target":["https:\/\/www.coaliciondelasamericas.org\/pt\/galeria\/galeria-001\/"]}]},{"@type":"ImageObject","inLanguage":"es","@id":"https:\/\/www.coaliciondelasamericas.org\/pt\/galeria\/galeria-001\/#primaryimage","url":"http:\/\/www.coaliciondelasamericas.org\/pt\/wp-content\/uploads\/2022\/08\/Panama-001.jpg","contentUrl":"http:\/\/www.coaliciondelasamericas.org\/pt\/wp-content\/uploads\/2022\/08\/Panama-001.jpg"},{"@type":"BreadcrumbList","@id":"https:\/\/www.coaliciondelasamericas.org\/pt\/galeria\/galeria-001\/#breadcrumb","itemListElement":[{"@type":"ListItem","position":1,"name":"Portada","item":"https:\/\/www.coaliciondelasamericas.org\/pt\/"},{"@type":"ListItem","position":2,"name":"Galeria","item":"https:\/\/www.coaliciondelasamericas.org\/pt\/galeria\/"},{"@type":"ListItem","position":3,"name":"I F\u00f3rum de Economia da Sa\u00fade e Hemofilia"}]},{"@type":"WebSite","@id":"https:\/\/www.coaliciondelasamericas.org\/pt\/#website","url":"https:\/\/www.coaliciondelasamericas.org\/pt\/","name":"Coaliz&atilde;o das Am&eacute;ricas","description":"L&iacute;deres unidos pelo bem-estar da hemofilia","publisher":{"@id":"https:\/\/www.coaliciondelasamericas.org\/pt\/#organization"},"potentialAction":[{"@type":"SearchAction","target":{"@type":"EntryPoint","urlTemplate":"https:\/\/www.coaliciondelasamericas.org\/pt\/?s={search_term_string}"},"query-input":"required name=search_term_string"}],"inLanguage":"es"},{"@type":"Organization","@id":"https:\/\/www.coaliciondelasamericas.org\/pt\/#organization","name":"Coaliz&atilde;o das Am&eacute;ricas","url":"https:\/\/www.coaliciondelasamericas.org\/pt\/","logo":{"@type":"ImageObject","inLanguage":"es","@id":"https:\/\/www.coaliciondelasamericas.org\/pt\/#\/schema\/logo\/image\/","url":"https:\/\/www.coaliciondelasamericas.org\/pt\/wp-content\/uploads\/2023\/03\/cropped-003-Portada-portuguese3-1.png","contentUrl":"https:\/\/www.coaliciondelasamericas.org\/pt\/wp-content\/uploads\/2023\/03\/cropped-003-Portada-portuguese3-1.png","width":297,"height":128,"caption":"Coaliz&atilde;o das Am&eacute;ricas"},"image":{"@id":"https:\/\/www.coaliciondelasamericas.org\/pt\/#\/schema\/logo\/image\/"},"sameAs":["https:\/\/www.facebook.com\/coalicionamerica\/","https:\/\/x.com\/coalicionameric","https:\/\/www.instagram.com\/coaliciondelasamericas\/"]}]}},"_links":{"self":[{"href":"https:\/\/www.coaliciondelasamericas.org\/pt\/wp-json\/wp\/v2\/pages\/332"}],"collection":[{"href":"https:\/\/www.coaliciondelasamericas.org\/pt\/wp-json\/wp\/v2\/pages"}],"about":[{"href":"https:\/\/www.coaliciondelasamericas.org\/pt\/wp-json\/wp\/v2\/types\/page"}],"author":[{"embeddable":true,"href":"https:\/\/www.coaliciondelasamericas.org\/pt\/wp-json\/wp\/v2\/users\/1"}],"replies":[{"embeddable":true,"href":"https:\/\/www.coaliciondelasamericas.org\/pt\/wp-json\/wp\/v2\/comments?post=332"}],"version-history":[{"count":7,"href":"https:\/\/www.coaliciondelasamericas.org\/pt\/wp-json\/wp\/v2\/pages\/332\/revisions"}],"predecessor-version":[{"id":1913,"href":"https:\/\/www.coaliciondelasamericas.org\/pt\/wp-json\/wp\/v2\/pages\/332\/revisions\/1913"}],"up":[{"embeddable":true,"href":"https:\/\/www.coaliciondelasamericas.org\/pt\/wp-json\/wp\/v2\/pages\/42"}],"wp:attachment":[{"href":"https:\/\/www.coaliciondelasamericas.org\/pt\/wp-json\/wp\/v2\/media?parent=332"}],"curies":[{"name":"wp","href":"https:\/\/api.w.org\/{rel}","templated":true}]}}