{"id":2313,"date":"2024-03-07T23:05:45","date_gmt":"2024-03-07T23:05:45","guid":{"rendered":"https:\/\/www.coaliciondelasamericas.org\/pt\/?page_id=2313"},"modified":"2024-03-07T23:05:46","modified_gmt":"2024-03-07T23:05:46","slug":"maisa-butemberg-vieira","status":"publish","type":"page","link":"https:\/\/www.coaliciondelasamericas.org\/pt\/comites\/comite-de-mulheres\/maisa-butemberg-vieira\/","title":{"rendered":"Ma\u00edsa Butemberg Vieira"},"content":{"rendered":"\n<div class=\"wp-block-columns is-layout-flex wp-container-core-columns-is-layout-1 wp-block-columns-is-layout-flex\">\n<div class=\"wp-block-column is-layout-flow wp-block-column-is-layout-flow\">\n<p class=\"has-white-color has-text-color has-link-color wp-elements-7e4ac651328708ea719ac0894fa30934\">.<\/p>\n<\/div>\n\n\n\n<div class=\"wp-block-column is-layout-flow wp-block-column-is-layout-flow\"><\/div>\n\n\n\n<div class=\"wp-block-column is-layout-flow wp-block-column-is-layout-flow\"><\/div>\n<\/div>\n\n\n\n<div class=\"wp-block-columns is-layout-flex wp-container-core-columns-is-layout-2 wp-block-columns-is-layout-flex\">\n<div class=\"wp-block-column is-layout-flow wp-block-column-is-layout-flow\" style=\"flex-basis:33.33%\">\n<figure class=\"wp-block-image size-full\"><img loading=\"lazy\" decoding=\"async\" width=\"480\" height=\"480\" src=\"https:\/\/www.coaliciondelasamericas.org\/pt\/wp-content\/uploads\/2024\/03\/Maisa-Butemberg-Vieira-Bra.jpg\" alt=\"Ma\u00edsa Butemberg Vieira\" class=\"wp-image-2273\" srcset=\"https:\/\/www.coaliciondelasamericas.org\/pt\/wp-content\/uploads\/2024\/03\/Maisa-Butemberg-Vieira-Bra.jpg 480w, https:\/\/www.coaliciondelasamericas.org\/pt\/wp-content\/uploads\/2024\/03\/Maisa-Butemberg-Vieira-Bra-300x300.jpg 300w, https:\/\/www.coaliciondelasamericas.org\/pt\/wp-content\/uploads\/2024\/03\/Maisa-Butemberg-Vieira-Bra-150x150.jpg 150w\" sizes=\"(max-width: 480px) 100vw, 480px\" \/><\/figure>\n<\/div>\n\n\n\n<div class=\"wp-block-column is-layout-flow wp-block-column-is-layout-flow\" style=\"flex-basis:66.66%\">\n<p><strong><strong>MA\u00cdSA BUTEMBERG VIEIRA<\/strong><br><\/strong>Brasil<\/p>\n\n\n\n<ul class=\"wp-block-list\">\n<li>volunt\u00e1ria desde 2011<\/li>\n\n\n\n<li>m\u00e3e de um adolescente com hemofilia A grave<\/li>\n\n\n\n<li>Segunda Vice presidente da Federa\u00e7\u00e3o Brasileira de Hemofilia<\/li>\n\n\n\n<li>Vice presidente da Ahesc &#8211; Associa\u00e7\u00e3o dos Hemof\u00edlicos do Estado de Santa<\/li>\n<\/ul>\n<\/div>\n<\/div>\n\n\n\n<div class=\"wp-block-columns is-layout-flex wp-container-core-columns-is-layout-3 wp-block-columns-is-layout-flex\">\n<div class=\"wp-block-column is-layout-flow wp-block-column-is-layout-flow\">\n<p class=\"has-white-color has-text-color has-link-color wp-elements-7e4ac651328708ea719ac0894fa30934\">.<\/p>\n<\/div>\n\n\n\n<div class=\"wp-block-column is-layout-flow wp-block-column-is-layout-flow\"><\/div>\n\n\n\n<div class=\"wp-block-column is-layout-flow wp-block-column-is-layout-flow\"><\/div>\n<\/div>\n\n\n\n<p><\/p>\n\n\n\n<p><\/p>\n","protected":false},"excerpt":{"rendered":"<p>. MA\u00cdSA BUTEMBERG VIEIRABrasil .<\/p>\n","protected":false},"author":1,"featured_media":0,"parent":2153,"menu_order":2,"comment_status":"closed","ping_status":"closed","template":"","meta":{"colormag_page_container_layout":"no_sidebar_content_centered","colormag_page_sidebar_layout":"no_sidebar","_coblocks_attr":"","_coblocks_dimensions":"","_coblocks_responsive_height":"","_coblocks_accordion_ie_support":"","footnotes":""},"class_list":["post-2313","page","type-page","status-publish","hentry"],"yoast_head":"<!-- This site is optimized with the Yoast SEO plugin v22.6 - https:\/\/yoast.com\/wordpress\/plugins\/seo\/ -->\n<title>Ma\u00edsa Butemberg Vieira - Coaliz&atilde;o das Am&eacute;ricas<\/title>\n<meta name=\"description\" content=\"Volunt\u00e1ria desde 2011. M\u00e3e de um adolescente com hemofilia A grave. Segunda Vice presidente da Federa\u00e7\u00e3o Brasileira de Hemofilia.\" \/>\n<meta name=\"robots\" content=\"index, follow, max-snippet:-1, max-image-preview:large, max-video-preview:-1\" \/>\n<link rel=\"canonical\" href=\"https:\/\/www.coaliciondelasamericas.org\/pt\/comites\/comite-de-mulheres\/maisa-butemberg-vieira\/\" \/>\n<meta property=\"og:locale\" content=\"es_ES\" \/>\n<meta property=\"og:type\" content=\"article\" \/>\n<meta property=\"og:title\" content=\"Ma\u00edsa Butemberg Vieira - Coaliz&atilde;o das Am&eacute;ricas\" \/>\n<meta property=\"og:description\" content=\"Volunt\u00e1ria desde 2011. M\u00e3e de um adolescente com hemofilia A grave. Segunda Vice presidente da Federa\u00e7\u00e3o Brasileira de Hemofilia.\" \/>\n<meta property=\"og:url\" content=\"https:\/\/www.coaliciondelasamericas.org\/pt\/comites\/comite-de-mulheres\/maisa-butemberg-vieira\/\" \/>\n<meta property=\"og:site_name\" content=\"Coaliz&atilde;o das Am&eacute;ricas\" \/>\n<meta property=\"article:publisher\" content=\"https:\/\/www.facebook.com\/coalicionamerica\/\" \/>\n<meta property=\"article:modified_time\" content=\"2024-03-07T23:05:46+00:00\" \/>\n<meta property=\"og:image\" content=\"https:\/\/www.coaliciondelasamericas.org\/pt\/wp-content\/uploads\/2024\/03\/Maisa-Butemberg-Vieira-Bra.jpg\" \/>\n<meta name=\"twitter:card\" content=\"summary_large_image\" \/>\n<meta name=\"twitter:site\" content=\"@coalicionameric\" \/>\n<meta name=\"twitter:label1\" content=\"Tiempo de lectura\" \/>\n\t<meta name=\"twitter:data1\" content=\"1 minuto\" \/>\n<script type=\"application\/ld+json\" class=\"yoast-schema-graph\">{\"@context\":\"https:\/\/schema.org\",\"@graph\":[{\"@type\":\"WebPage\",\"@id\":\"https:\/\/www.coaliciondelasamericas.org\/pt\/comites\/comite-de-mulheres\/maisa-butemberg-vieira\/\",\"url\":\"https:\/\/www.coaliciondelasamericas.org\/pt\/comites\/comite-de-mulheres\/maisa-butemberg-vieira\/\",\"name\":\"Ma\u00edsa Butemberg Vieira - Coaliz&atilde;o das Am&eacute;ricas\",\"isPartOf\":{\"@id\":\"https:\/\/www.coaliciondelasamericas.org\/pt\/#website\"},\"primaryImageOfPage\":{\"@id\":\"https:\/\/www.coaliciondelasamericas.org\/pt\/comites\/comite-de-mulheres\/maisa-butemberg-vieira\/#primaryimage\"},\"image\":{\"@id\":\"https:\/\/www.coaliciondelasamericas.org\/pt\/comites\/comite-de-mulheres\/maisa-butemberg-vieira\/#primaryimage\"},\"thumbnailUrl\":\"https:\/\/www.coaliciondelasamericas.org\/pt\/wp-content\/uploads\/2024\/03\/Maisa-Butemberg-Vieira-Bra.jpg\",\"datePublished\":\"2024-03-07T23:05:45+00:00\",\"dateModified\":\"2024-03-07T23:05:46+00:00\",\"description\":\"Volunt\u00e1ria desde 2011. M\u00e3e de um adolescente com hemofilia A grave. Segunda Vice presidente da Federa\u00e7\u00e3o Brasileira de Hemofilia.\",\"breadcrumb\":{\"@id\":\"https:\/\/www.coaliciondelasamericas.org\/pt\/comites\/comite-de-mulheres\/maisa-butemberg-vieira\/#breadcrumb\"},\"inLanguage\":\"es\",\"potentialAction\":[{\"@type\":\"ReadAction\",\"target\":[\"https:\/\/www.coaliciondelasamericas.org\/pt\/comites\/comite-de-mulheres\/maisa-butemberg-vieira\/\"]}]},{\"@type\":\"ImageObject\",\"inLanguage\":\"es\",\"@id\":\"https:\/\/www.coaliciondelasamericas.org\/pt\/comites\/comite-de-mulheres\/maisa-butemberg-vieira\/#primaryimage\",\"url\":\"https:\/\/www.coaliciondelasamericas.org\/pt\/wp-content\/uploads\/2024\/03\/Maisa-Butemberg-Vieira-Bra.jpg\",\"contentUrl\":\"https:\/\/www.coaliciondelasamericas.org\/pt\/wp-content\/uploads\/2024\/03\/Maisa-Butemberg-Vieira-Bra.jpg\",\"width\":480,\"height\":480,\"caption\":\"Ma\u00edsa Butemberg Vieira\"},{\"@type\":\"BreadcrumbList\",\"@id\":\"https:\/\/www.coaliciondelasamericas.org\/pt\/comites\/comite-de-mulheres\/maisa-butemberg-vieira\/#breadcrumb\",\"itemListElement\":[{\"@type\":\"ListItem\",\"position\":1,\"name\":\"Portada\",\"item\":\"https:\/\/www.coaliciondelasamericas.org\/pt\/\"},{\"@type\":\"ListItem\",\"position\":2,\"name\":\"Comit\u00eas\",\"item\":\"https:\/\/www.coaliciondelasamericas.org\/pt\/comites\/\"},{\"@type\":\"ListItem\",\"position\":3,\"name\":\"Comit\u00ea de Mulheres\",\"item\":\"https:\/\/www.coaliciondelasamericas.org\/pt\/comites\/comite-de-mulheres\/\"},{\"@type\":\"ListItem\",\"position\":4,\"name\":\"Ma\u00edsa Butemberg Vieira\"}]},{\"@type\":\"WebSite\",\"@id\":\"https:\/\/www.coaliciondelasamericas.org\/pt\/#website\",\"url\":\"https:\/\/www.coaliciondelasamericas.org\/pt\/\",\"name\":\"Coaliz&atilde;o das Am&eacute;ricas\",\"description\":\"L&iacute;deres unidos pelo bem-estar da hemofilia\",\"publisher\":{\"@id\":\"https:\/\/www.coaliciondelasamericas.org\/pt\/#organization\"},\"potentialAction\":[{\"@type\":\"SearchAction\",\"target\":{\"@type\":\"EntryPoint\",\"urlTemplate\":\"https:\/\/www.coaliciondelasamericas.org\/pt\/?s={search_term_string}\"},\"query-input\":\"required name=search_term_string\"}],\"inLanguage\":\"es\"},{\"@type\":\"Organization\",\"@id\":\"https:\/\/www.coaliciondelasamericas.org\/pt\/#organization\",\"name\":\"Coaliz&atilde;o das Am&eacute;ricas\",\"url\":\"https:\/\/www.coaliciondelasamericas.org\/pt\/\",\"logo\":{\"@type\":\"ImageObject\",\"inLanguage\":\"es\",\"@id\":\"https:\/\/www.coaliciondelasamericas.org\/pt\/#\/schema\/logo\/image\/\",\"url\":\"https:\/\/www.coaliciondelasamericas.org\/pt\/wp-content\/uploads\/2023\/03\/cropped-003-Portada-portuguese3-1.png\",\"contentUrl\":\"https:\/\/www.coaliciondelasamericas.org\/pt\/wp-content\/uploads\/2023\/03\/cropped-003-Portada-portuguese3-1.png\",\"width\":297,\"height\":128,\"caption\":\"Coaliz&atilde;o das Am&eacute;ricas\"},\"image\":{\"@id\":\"https:\/\/www.coaliciondelasamericas.org\/pt\/#\/schema\/logo\/image\/\"},\"sameAs\":[\"https:\/\/www.facebook.com\/coalicionamerica\/\",\"https:\/\/x.com\/coalicionameric\",\"https:\/\/www.instagram.com\/coaliciondelasamericas\/\"]}]}<\/script>\n<!-- \/ Yoast SEO plugin. -->","yoast_head_json":{"title":"Ma\u00edsa Butemberg Vieira - Coaliz&atilde;o das Am&eacute;ricas","description":"Volunt\u00e1ria desde 2011. M\u00e3e de um adolescente com hemofilia A grave. Segunda Vice presidente da Federa\u00e7\u00e3o Brasileira de Hemofilia.","robots":{"index":"index","follow":"follow","max-snippet":"max-snippet:-1","max-image-preview":"max-image-preview:large","max-video-preview":"max-video-preview:-1"},"canonical":"https:\/\/www.coaliciondelasamericas.org\/pt\/comites\/comite-de-mulheres\/maisa-butemberg-vieira\/","og_locale":"es_ES","og_type":"article","og_title":"Ma\u00edsa Butemberg Vieira - Coaliz&atilde;o das Am&eacute;ricas","og_description":"Volunt\u00e1ria desde 2011. M\u00e3e de um adolescente com hemofilia A grave. Segunda Vice presidente da Federa\u00e7\u00e3o Brasileira de Hemofilia.","og_url":"https:\/\/www.coaliciondelasamericas.org\/pt\/comites\/comite-de-mulheres\/maisa-butemberg-vieira\/","og_site_name":"Coaliz&atilde;o das Am&eacute;ricas","article_publisher":"https:\/\/www.facebook.com\/coalicionamerica\/","article_modified_time":"2024-03-07T23:05:46+00:00","og_image":[{"url":"https:\/\/www.coaliciondelasamericas.org\/pt\/wp-content\/uploads\/2024\/03\/Maisa-Butemberg-Vieira-Bra.jpg"}],"twitter_card":"summary_large_image","twitter_site":"@coalicionameric","twitter_misc":{"Tiempo de lectura":"1 minuto"},"schema":{"@context":"https:\/\/schema.org","@graph":[{"@type":"WebPage","@id":"https:\/\/www.coaliciondelasamericas.org\/pt\/comites\/comite-de-mulheres\/maisa-butemberg-vieira\/","url":"https:\/\/www.coaliciondelasamericas.org\/pt\/comites\/comite-de-mulheres\/maisa-butemberg-vieira\/","name":"Ma\u00edsa Butemberg Vieira - Coaliz&atilde;o das Am&eacute;ricas","isPartOf":{"@id":"https:\/\/www.coaliciondelasamericas.org\/pt\/#website"},"primaryImageOfPage":{"@id":"https:\/\/www.coaliciondelasamericas.org\/pt\/comites\/comite-de-mulheres\/maisa-butemberg-vieira\/#primaryimage"},"image":{"@id":"https:\/\/www.coaliciondelasamericas.org\/pt\/comites\/comite-de-mulheres\/maisa-butemberg-vieira\/#primaryimage"},"thumbnailUrl":"https:\/\/www.coaliciondelasamericas.org\/pt\/wp-content\/uploads\/2024\/03\/Maisa-Butemberg-Vieira-Bra.jpg","datePublished":"2024-03-07T23:05:45+00:00","dateModified":"2024-03-07T23:05:46+00:00","description":"Volunt\u00e1ria desde 2011. M\u00e3e de um adolescente com hemofilia A grave. Segunda Vice presidente da Federa\u00e7\u00e3o Brasileira de Hemofilia.","breadcrumb":{"@id":"https:\/\/www.coaliciondelasamericas.org\/pt\/comites\/comite-de-mulheres\/maisa-butemberg-vieira\/#breadcrumb"},"inLanguage":"es","potentialAction":[{"@type":"ReadAction","target":["https:\/\/www.coaliciondelasamericas.org\/pt\/comites\/comite-de-mulheres\/maisa-butemberg-vieira\/"]}]},{"@type":"ImageObject","inLanguage":"es","@id":"https:\/\/www.coaliciondelasamericas.org\/pt\/comites\/comite-de-mulheres\/maisa-butemberg-vieira\/#primaryimage","url":"https:\/\/www.coaliciondelasamericas.org\/pt\/wp-content\/uploads\/2024\/03\/Maisa-Butemberg-Vieira-Bra.jpg","contentUrl":"https:\/\/www.coaliciondelasamericas.org\/pt\/wp-content\/uploads\/2024\/03\/Maisa-Butemberg-Vieira-Bra.jpg","width":480,"height":480,"caption":"Ma\u00edsa Butemberg Vieira"},{"@type":"BreadcrumbList","@id":"https:\/\/www.coaliciondelasamericas.org\/pt\/comites\/comite-de-mulheres\/maisa-butemberg-vieira\/#breadcrumb","itemListElement":[{"@type":"ListItem","position":1,"name":"Portada","item":"https:\/\/www.coaliciondelasamericas.org\/pt\/"},{"@type":"ListItem","position":2,"name":"Comit\u00eas","item":"https:\/\/www.coaliciondelasamericas.org\/pt\/comites\/"},{"@type":"ListItem","position":3,"name":"Comit\u00ea de Mulheres","item":"https:\/\/www.coaliciondelasamericas.org\/pt\/comites\/comite-de-mulheres\/"},{"@type":"ListItem","position":4,"name":"Ma\u00edsa Butemberg Vieira"}]},{"@type":"WebSite","@id":"https:\/\/www.coaliciondelasamericas.org\/pt\/#website","url":"https:\/\/www.coaliciondelasamericas.org\/pt\/","name":"Coaliz&atilde;o das Am&eacute;ricas","description":"L&iacute;deres unidos pelo bem-estar da hemofilia","publisher":{"@id":"https:\/\/www.coaliciondelasamericas.org\/pt\/#organization"},"potentialAction":[{"@type":"SearchAction","target":{"@type":"EntryPoint","urlTemplate":"https:\/\/www.coaliciondelasamericas.org\/pt\/?s={search_term_string}"},"query-input":"required name=search_term_string"}],"inLanguage":"es"},{"@type":"Organization","@id":"https:\/\/www.coaliciondelasamericas.org\/pt\/#organization","name":"Coaliz&atilde;o das Am&eacute;ricas","url":"https:\/\/www.coaliciondelasamericas.org\/pt\/","logo":{"@type":"ImageObject","inLanguage":"es","@id":"https:\/\/www.coaliciondelasamericas.org\/pt\/#\/schema\/logo\/image\/","url":"https:\/\/www.coaliciondelasamericas.org\/pt\/wp-content\/uploads\/2023\/03\/cropped-003-Portada-portuguese3-1.png","contentUrl":"https:\/\/www.coaliciondelasamericas.org\/pt\/wp-content\/uploads\/2023\/03\/cropped-003-Portada-portuguese3-1.png","width":297,"height":128,"caption":"Coaliz&atilde;o das Am&eacute;ricas"},"image":{"@id":"https:\/\/www.coaliciondelasamericas.org\/pt\/#\/schema\/logo\/image\/"},"sameAs":["https:\/\/www.facebook.com\/coalicionamerica\/","https:\/\/x.com\/coalicionameric","https:\/\/www.instagram.com\/coaliciondelasamericas\/"]}]}},"_links":{"self":[{"href":"https:\/\/www.coaliciondelasamericas.org\/pt\/wp-json\/wp\/v2\/pages\/2313"}],"collection":[{"href":"https:\/\/www.coaliciondelasamericas.org\/pt\/wp-json\/wp\/v2\/pages"}],"about":[{"href":"https:\/\/www.coaliciondelasamericas.org\/pt\/wp-json\/wp\/v2\/types\/page"}],"author":[{"embeddable":true,"href":"https:\/\/www.coaliciondelasamericas.org\/pt\/wp-json\/wp\/v2\/users\/1"}],"replies":[{"embeddable":true,"href":"https:\/\/www.coaliciondelasamericas.org\/pt\/wp-json\/wp\/v2\/comments?post=2313"}],"version-history":[{"count":1,"href":"https:\/\/www.coaliciondelasamericas.org\/pt\/wp-json\/wp\/v2\/pages\/2313\/revisions"}],"predecessor-version":[{"id":2314,"href":"https:\/\/www.coaliciondelasamericas.org\/pt\/wp-json\/wp\/v2\/pages\/2313\/revisions\/2314"}],"up":[{"embeddable":true,"href":"https:\/\/www.coaliciondelasamericas.org\/pt\/wp-json\/wp\/v2\/pages\/2153"}],"wp:attachment":[{"href":"https:\/\/www.coaliciondelasamericas.org\/pt\/wp-json\/wp\/v2\/media?parent=2313"}],"curies":[{"name":"wp","href":"https:\/\/api.w.org\/{rel}","templated":true}]}}