{"id":2297,"date":"2024-03-07T22:44:56","date_gmt":"2024-03-07T22:44:56","guid":{"rendered":"https:\/\/www.coaliciondelasamericas.org\/pt\/?page_id=2297"},"modified":"2024-03-09T16:02:41","modified_gmt":"2024-03-09T16:02:41","slug":"maria-belen-robert","status":"publish","type":"page","link":"https:\/\/www.coaliciondelasamericas.org\/pt\/conselho-diretivo\/maria-belen-robert\/","title":{"rendered":"Mar\u00eda Bel\u00e9n Robert"},"content":{"rendered":"\n<div class=\"wp-block-columns is-layout-flex wp-container-core-columns-is-layout-1 wp-block-columns-is-layout-flex\">\n<div class=\"wp-block-column is-layout-flow wp-block-column-is-layout-flow\">\n<p class=\"has-white-color has-text-color has-link-color wp-elements-7e4ac651328708ea719ac0894fa30934\">.<\/p>\n<\/div>\n\n\n\n<div class=\"wp-block-column is-layout-flow wp-block-column-is-layout-flow\"><\/div>\n\n\n\n<div class=\"wp-block-column is-layout-flow wp-block-column-is-layout-flow\"><\/div>\n<\/div>\n\n\n\n<div class=\"wp-block-columns is-layout-flex wp-container-core-columns-is-layout-2 wp-block-columns-is-layout-flex\">\n<div class=\"wp-block-column is-layout-flow wp-block-column-is-layout-flow\" style=\"flex-basis:33.33%\">\n<figure class=\"wp-block-image size-full\"><img loading=\"lazy\" decoding=\"async\" width=\"480\" height=\"480\" src=\"https:\/\/www.coaliciondelasamericas.org\/pt\/wp-content\/uploads\/2024\/03\/Maria-Belen-Robert-Arg2.jpg\" alt=\"Mar\u00eda Bel\u00e9n Robert\" class=\"wp-image-2376\" srcset=\"https:\/\/www.coaliciondelasamericas.org\/pt\/wp-content\/uploads\/2024\/03\/Maria-Belen-Robert-Arg2.jpg 480w, https:\/\/www.coaliciondelasamericas.org\/pt\/wp-content\/uploads\/2024\/03\/Maria-Belen-Robert-Arg2-300x300.jpg 300w, https:\/\/www.coaliciondelasamericas.org\/pt\/wp-content\/uploads\/2024\/03\/Maria-Belen-Robert-Arg2-150x150.jpg 150w\" sizes=\"(max-width: 480px) 100vw, 480px\" \/><\/figure>\n<\/div>\n\n\n\n<div class=\"wp-block-column is-layout-flow wp-block-column-is-layout-flow\" style=\"flex-basis:66.66%\">\n<p><strong><strong>MAR\u00cdA BEL\u00c9N ROBERT<br><\/strong><\/strong>Coordenador de projeto<br>Argentina.<\/p>\n\n\n\n<p>Com pai com hemofilia, a rela\u00e7\u00e3o com essa condi\u00e7\u00e3o sempre esteve comigo. Tenho dois filhos, Pedro e Mar\u00eda Clara, ambos com hemofilia. Cuidar deles me deu a oportunidade e o desejo de treinar e trabalhar em Hemofilia.<\/p>\n<\/div>\n<\/div>\n\n\n\n<div class=\"wp-block-columns is-layout-flex wp-container-core-columns-is-layout-3 wp-block-columns-is-layout-flex\">\n<div class=\"wp-block-column is-layout-flow wp-block-column-is-layout-flow\">\n<p class=\"has-white-color has-text-color has-link-color wp-elements-7e4ac651328708ea719ac0894fa30934\">.<\/p>\n<\/div>\n\n\n\n<div class=\"wp-block-column is-layout-flow wp-block-column-is-layout-flow\"><\/div>\n\n\n\n<div class=\"wp-block-column is-layout-flow wp-block-column-is-layout-flow\"><\/div>\n<\/div>\n\n\n\n<p>Meu trabalho tem como foco criar e sustentar oportunidades para todos, oportunidades de acesso, apoio e tratamento adequado na hemofilia, tornando sempre presente a voz de n\u00f3s que vivenciamos essa condi\u00e7\u00e3o.<\/p>\n\n\n\n<p>Profissionalmente como Diretor de N\u00edvel Inicial \u2013 Estabelecimento Oficial de Ensino Minist\u00e9rio da Educa\u00e7\u00e3o Cba.<\/p>\n\n\n\n<p>Em hemofilia e dist\u00farbios de coagula\u00e7\u00e3o, desde 2015 atuo como Presidente da SUBSIDI\u00c1RIA C\u00d3RDOBA &#8211; Funda\u00e7\u00e3o Argentina de Hemofilia, em 2021 como Membro do Conselho de Administra\u00e7\u00e3o da Funda\u00e7\u00e3o de Hemofilia, Participa\u00e7\u00e3o em diversos workshops, simp\u00f3sios da Federa\u00e7\u00e3o Mundial de Hemofilia .<\/p>\n\n\n\n<p>Gerente do projeto \u201cA Vida Invis\u00edvel\u201d Hist\u00f3rias de Mulheres Portadoras de Hemofilia na Am\u00e9rica Latina.<\/p>\n\n\n\n<p>Membro do Comit\u00ea de Mulheres com Dist\u00farbios Hemorr\u00e1gicos &#8211; CoA e como Coordenadora do Projeto do CoA<\/p>\n\n\n\n<p><\/p>\n","protected":false},"excerpt":{"rendered":"<p>. MAR\u00cdA BEL\u00c9N ROBERTCoordenador de projetoArgentina. Com pai com hemofilia, a rela\u00e7\u00e3o com essa condi\u00e7\u00e3o sempre esteve comigo. Tenho dois<\/p>\n","protected":false},"author":1,"featured_media":0,"parent":1062,"menu_order":7,"comment_status":"closed","ping_status":"closed","template":"","meta":{"colormag_page_container_layout":"no_sidebar_content_centered","colormag_page_sidebar_layout":"no_sidebar","_coblocks_attr":"","_coblocks_dimensions":"","_coblocks_responsive_height":"","_coblocks_accordion_ie_support":"","footnotes":""},"class_list":["post-2297","page","type-page","status-publish","hentry"],"yoast_head":"<!-- This site is optimized with the Yoast SEO plugin v22.6 - https:\/\/yoast.com\/wordpress\/plugins\/seo\/ -->\n<title>Mar\u00eda Bel\u00e9n Robert - Coaliz&atilde;o das Am&eacute;ricas<\/title>\n<meta name=\"description\" content=\"Com pai com hemofilia, a rela\u00e7\u00e3o com essa condi\u00e7\u00e3o sempre esteve comigo. Tenho dois filhos, Pedro e Mar\u00eda Clara.\" \/>\n<meta name=\"robots\" content=\"index, follow, max-snippet:-1, max-image-preview:large, max-video-preview:-1\" \/>\n<link rel=\"canonical\" href=\"https:\/\/www.coaliciondelasamericas.org\/pt\/conselho-diretivo\/maria-belen-robert\/\" \/>\n<meta property=\"og:locale\" content=\"es_ES\" \/>\n<meta property=\"og:type\" content=\"article\" \/>\n<meta property=\"og:title\" content=\"Mar\u00eda Bel\u00e9n Robert - Coaliz&atilde;o das Am&eacute;ricas\" \/>\n<meta property=\"og:description\" content=\"Com pai com hemofilia, a rela\u00e7\u00e3o com essa condi\u00e7\u00e3o sempre esteve comigo. Tenho dois filhos, Pedro e Mar\u00eda Clara.\" \/>\n<meta property=\"og:url\" content=\"https:\/\/www.coaliciondelasamericas.org\/pt\/conselho-diretivo\/maria-belen-robert\/\" \/>\n<meta property=\"og:site_name\" content=\"Coaliz&atilde;o das Am&eacute;ricas\" \/>\n<meta property=\"article:publisher\" content=\"https:\/\/www.facebook.com\/coalicionamerica\/\" \/>\n<meta property=\"article:modified_time\" content=\"2024-03-09T16:02:41+00:00\" \/>\n<meta property=\"og:image\" content=\"https:\/\/www.coaliciondelasamericas.org\/pt\/wp-content\/uploads\/2024\/03\/Maria-Belen-Robert-Arg2.jpg\" \/>\n<meta name=\"twitter:card\" content=\"summary_large_image\" \/>\n<meta name=\"twitter:site\" content=\"@coalicionameric\" \/>\n<meta name=\"twitter:label1\" content=\"Tiempo de lectura\" \/>\n\t<meta name=\"twitter:data1\" content=\"1 minuto\" \/>\n<script type=\"application\/ld+json\" class=\"yoast-schema-graph\">{\"@context\":\"https:\/\/schema.org\",\"@graph\":[{\"@type\":\"WebPage\",\"@id\":\"https:\/\/www.coaliciondelasamericas.org\/pt\/conselho-diretivo\/maria-belen-robert\/\",\"url\":\"https:\/\/www.coaliciondelasamericas.org\/pt\/conselho-diretivo\/maria-belen-robert\/\",\"name\":\"Mar\u00eda Bel\u00e9n Robert - Coaliz&atilde;o das Am&eacute;ricas\",\"isPartOf\":{\"@id\":\"https:\/\/www.coaliciondelasamericas.org\/pt\/#website\"},\"primaryImageOfPage\":{\"@id\":\"https:\/\/www.coaliciondelasamericas.org\/pt\/conselho-diretivo\/maria-belen-robert\/#primaryimage\"},\"image\":{\"@id\":\"https:\/\/www.coaliciondelasamericas.org\/pt\/conselho-diretivo\/maria-belen-robert\/#primaryimage\"},\"thumbnailUrl\":\"https:\/\/www.coaliciondelasamericas.org\/pt\/wp-content\/uploads\/2024\/03\/Maria-Belen-Robert-Arg2.jpg\",\"datePublished\":\"2024-03-07T22:44:56+00:00\",\"dateModified\":\"2024-03-09T16:02:41+00:00\",\"description\":\"Com pai com hemofilia, a rela\u00e7\u00e3o com essa condi\u00e7\u00e3o sempre esteve comigo. Tenho dois filhos, Pedro e Mar\u00eda Clara.\",\"breadcrumb\":{\"@id\":\"https:\/\/www.coaliciondelasamericas.org\/pt\/conselho-diretivo\/maria-belen-robert\/#breadcrumb\"},\"inLanguage\":\"es\",\"potentialAction\":[{\"@type\":\"ReadAction\",\"target\":[\"https:\/\/www.coaliciondelasamericas.org\/pt\/conselho-diretivo\/maria-belen-robert\/\"]}]},{\"@type\":\"ImageObject\",\"inLanguage\":\"es\",\"@id\":\"https:\/\/www.coaliciondelasamericas.org\/pt\/conselho-diretivo\/maria-belen-robert\/#primaryimage\",\"url\":\"https:\/\/www.coaliciondelasamericas.org\/pt\/wp-content\/uploads\/2024\/03\/Maria-Belen-Robert-Arg2.jpg\",\"contentUrl\":\"https:\/\/www.coaliciondelasamericas.org\/pt\/wp-content\/uploads\/2024\/03\/Maria-Belen-Robert-Arg2.jpg\",\"width\":480,\"height\":480,\"caption\":\"Mar\u00eda Bel\u00e9n Robert\"},{\"@type\":\"BreadcrumbList\",\"@id\":\"https:\/\/www.coaliciondelasamericas.org\/pt\/conselho-diretivo\/maria-belen-robert\/#breadcrumb\",\"itemListElement\":[{\"@type\":\"ListItem\",\"position\":1,\"name\":\"Portada\",\"item\":\"https:\/\/www.coaliciondelasamericas.org\/pt\/\"},{\"@type\":\"ListItem\",\"position\":2,\"name\":\"Conselho Diretivo\",\"item\":\"https:\/\/www.coaliciondelasamericas.org\/pt\/conselho-diretivo\/\"},{\"@type\":\"ListItem\",\"position\":3,\"name\":\"Mar\u00eda Bel\u00e9n Robert\"}]},{\"@type\":\"WebSite\",\"@id\":\"https:\/\/www.coaliciondelasamericas.org\/pt\/#website\",\"url\":\"https:\/\/www.coaliciondelasamericas.org\/pt\/\",\"name\":\"Coaliz&atilde;o das Am&eacute;ricas\",\"description\":\"L&iacute;deres unidos pelo bem-estar da hemofilia\",\"publisher\":{\"@id\":\"https:\/\/www.coaliciondelasamericas.org\/pt\/#organization\"},\"potentialAction\":[{\"@type\":\"SearchAction\",\"target\":{\"@type\":\"EntryPoint\",\"urlTemplate\":\"https:\/\/www.coaliciondelasamericas.org\/pt\/?s={search_term_string}\"},\"query-input\":\"required name=search_term_string\"}],\"inLanguage\":\"es\"},{\"@type\":\"Organization\",\"@id\":\"https:\/\/www.coaliciondelasamericas.org\/pt\/#organization\",\"name\":\"Coaliz&atilde;o das Am&eacute;ricas\",\"url\":\"https:\/\/www.coaliciondelasamericas.org\/pt\/\",\"logo\":{\"@type\":\"ImageObject\",\"inLanguage\":\"es\",\"@id\":\"https:\/\/www.coaliciondelasamericas.org\/pt\/#\/schema\/logo\/image\/\",\"url\":\"https:\/\/www.coaliciondelasamericas.org\/pt\/wp-content\/uploads\/2023\/03\/cropped-003-Portada-portuguese3-1.png\",\"contentUrl\":\"https:\/\/www.coaliciondelasamericas.org\/pt\/wp-content\/uploads\/2023\/03\/cropped-003-Portada-portuguese3-1.png\",\"width\":297,\"height\":128,\"caption\":\"Coaliz&atilde;o das Am&eacute;ricas\"},\"image\":{\"@id\":\"https:\/\/www.coaliciondelasamericas.org\/pt\/#\/schema\/logo\/image\/\"},\"sameAs\":[\"https:\/\/www.facebook.com\/coalicionamerica\/\",\"https:\/\/x.com\/coalicionameric\",\"https:\/\/www.instagram.com\/coaliciondelasamericas\/\"]}]}<\/script>\n<!-- \/ Yoast SEO plugin. -->","yoast_head_json":{"title":"Mar\u00eda Bel\u00e9n Robert - Coaliz&atilde;o das Am&eacute;ricas","description":"Com pai com hemofilia, a rela\u00e7\u00e3o com essa condi\u00e7\u00e3o sempre esteve comigo. Tenho dois filhos, Pedro e Mar\u00eda Clara.","robots":{"index":"index","follow":"follow","max-snippet":"max-snippet:-1","max-image-preview":"max-image-preview:large","max-video-preview":"max-video-preview:-1"},"canonical":"https:\/\/www.coaliciondelasamericas.org\/pt\/conselho-diretivo\/maria-belen-robert\/","og_locale":"es_ES","og_type":"article","og_title":"Mar\u00eda Bel\u00e9n Robert - Coaliz&atilde;o das Am&eacute;ricas","og_description":"Com pai com hemofilia, a rela\u00e7\u00e3o com essa condi\u00e7\u00e3o sempre esteve comigo. Tenho dois filhos, Pedro e Mar\u00eda Clara.","og_url":"https:\/\/www.coaliciondelasamericas.org\/pt\/conselho-diretivo\/maria-belen-robert\/","og_site_name":"Coaliz&atilde;o das Am&eacute;ricas","article_publisher":"https:\/\/www.facebook.com\/coalicionamerica\/","article_modified_time":"2024-03-09T16:02:41+00:00","og_image":[{"url":"https:\/\/www.coaliciondelasamericas.org\/pt\/wp-content\/uploads\/2024\/03\/Maria-Belen-Robert-Arg2.jpg"}],"twitter_card":"summary_large_image","twitter_site":"@coalicionameric","twitter_misc":{"Tiempo de lectura":"1 minuto"},"schema":{"@context":"https:\/\/schema.org","@graph":[{"@type":"WebPage","@id":"https:\/\/www.coaliciondelasamericas.org\/pt\/conselho-diretivo\/maria-belen-robert\/","url":"https:\/\/www.coaliciondelasamericas.org\/pt\/conselho-diretivo\/maria-belen-robert\/","name":"Mar\u00eda Bel\u00e9n Robert - Coaliz&atilde;o das Am&eacute;ricas","isPartOf":{"@id":"https:\/\/www.coaliciondelasamericas.org\/pt\/#website"},"primaryImageOfPage":{"@id":"https:\/\/www.coaliciondelasamericas.org\/pt\/conselho-diretivo\/maria-belen-robert\/#primaryimage"},"image":{"@id":"https:\/\/www.coaliciondelasamericas.org\/pt\/conselho-diretivo\/maria-belen-robert\/#primaryimage"},"thumbnailUrl":"https:\/\/www.coaliciondelasamericas.org\/pt\/wp-content\/uploads\/2024\/03\/Maria-Belen-Robert-Arg2.jpg","datePublished":"2024-03-07T22:44:56+00:00","dateModified":"2024-03-09T16:02:41+00:00","description":"Com pai com hemofilia, a rela\u00e7\u00e3o com essa condi\u00e7\u00e3o sempre esteve comigo. Tenho dois filhos, Pedro e Mar\u00eda Clara.","breadcrumb":{"@id":"https:\/\/www.coaliciondelasamericas.org\/pt\/conselho-diretivo\/maria-belen-robert\/#breadcrumb"},"inLanguage":"es","potentialAction":[{"@type":"ReadAction","target":["https:\/\/www.coaliciondelasamericas.org\/pt\/conselho-diretivo\/maria-belen-robert\/"]}]},{"@type":"ImageObject","inLanguage":"es","@id":"https:\/\/www.coaliciondelasamericas.org\/pt\/conselho-diretivo\/maria-belen-robert\/#primaryimage","url":"https:\/\/www.coaliciondelasamericas.org\/pt\/wp-content\/uploads\/2024\/03\/Maria-Belen-Robert-Arg2.jpg","contentUrl":"https:\/\/www.coaliciondelasamericas.org\/pt\/wp-content\/uploads\/2024\/03\/Maria-Belen-Robert-Arg2.jpg","width":480,"height":480,"caption":"Mar\u00eda Bel\u00e9n Robert"},{"@type":"BreadcrumbList","@id":"https:\/\/www.coaliciondelasamericas.org\/pt\/conselho-diretivo\/maria-belen-robert\/#breadcrumb","itemListElement":[{"@type":"ListItem","position":1,"name":"Portada","item":"https:\/\/www.coaliciondelasamericas.org\/pt\/"},{"@type":"ListItem","position":2,"name":"Conselho Diretivo","item":"https:\/\/www.coaliciondelasamericas.org\/pt\/conselho-diretivo\/"},{"@type":"ListItem","position":3,"name":"Mar\u00eda Bel\u00e9n Robert"}]},{"@type":"WebSite","@id":"https:\/\/www.coaliciondelasamericas.org\/pt\/#website","url":"https:\/\/www.coaliciondelasamericas.org\/pt\/","name":"Coaliz&atilde;o das Am&eacute;ricas","description":"L&iacute;deres unidos pelo bem-estar da hemofilia","publisher":{"@id":"https:\/\/www.coaliciondelasamericas.org\/pt\/#organization"},"potentialAction":[{"@type":"SearchAction","target":{"@type":"EntryPoint","urlTemplate":"https:\/\/www.coaliciondelasamericas.org\/pt\/?s={search_term_string}"},"query-input":"required name=search_term_string"}],"inLanguage":"es"},{"@type":"Organization","@id":"https:\/\/www.coaliciondelasamericas.org\/pt\/#organization","name":"Coaliz&atilde;o das Am&eacute;ricas","url":"https:\/\/www.coaliciondelasamericas.org\/pt\/","logo":{"@type":"ImageObject","inLanguage":"es","@id":"https:\/\/www.coaliciondelasamericas.org\/pt\/#\/schema\/logo\/image\/","url":"https:\/\/www.coaliciondelasamericas.org\/pt\/wp-content\/uploads\/2023\/03\/cropped-003-Portada-portuguese3-1.png","contentUrl":"https:\/\/www.coaliciondelasamericas.org\/pt\/wp-content\/uploads\/2023\/03\/cropped-003-Portada-portuguese3-1.png","width":297,"height":128,"caption":"Coaliz&atilde;o das Am&eacute;ricas"},"image":{"@id":"https:\/\/www.coaliciondelasamericas.org\/pt\/#\/schema\/logo\/image\/"},"sameAs":["https:\/\/www.facebook.com\/coalicionamerica\/","https:\/\/x.com\/coalicionameric","https:\/\/www.instagram.com\/coaliciondelasamericas\/"]}]}},"_links":{"self":[{"href":"https:\/\/www.coaliciondelasamericas.org\/pt\/wp-json\/wp\/v2\/pages\/2297"}],"collection":[{"href":"https:\/\/www.coaliciondelasamericas.org\/pt\/wp-json\/wp\/v2\/pages"}],"about":[{"href":"https:\/\/www.coaliciondelasamericas.org\/pt\/wp-json\/wp\/v2\/types\/page"}],"author":[{"embeddable":true,"href":"https:\/\/www.coaliciondelasamericas.org\/pt\/wp-json\/wp\/v2\/users\/1"}],"replies":[{"embeddable":true,"href":"https:\/\/www.coaliciondelasamericas.org\/pt\/wp-json\/wp\/v2\/comments?post=2297"}],"version-history":[{"count":2,"href":"https:\/\/www.coaliciondelasamericas.org\/pt\/wp-json\/wp\/v2\/pages\/2297\/revisions"}],"predecessor-version":[{"id":2379,"href":"https:\/\/www.coaliciondelasamericas.org\/pt\/wp-json\/wp\/v2\/pages\/2297\/revisions\/2379"}],"up":[{"embeddable":true,"href":"https:\/\/www.coaliciondelasamericas.org\/pt\/wp-json\/wp\/v2\/pages\/1062"}],"wp:attachment":[{"href":"https:\/\/www.coaliciondelasamericas.org\/pt\/wp-json\/wp\/v2\/media?parent=2297"}],"curies":[{"name":"wp","href":"https:\/\/api.w.org\/{rel}","templated":true}]}}