{"id":2286,"date":"2024-03-07T22:34:05","date_gmt":"2024-03-07T22:34:05","guid":{"rendered":"https:\/\/www.coaliciondelasamericas.org\/pt\/?page_id=2286"},"modified":"2024-03-07T22:34:35","modified_gmt":"2024-03-07T22:34:35","slug":"tania-maria-onzi-pietrobelli","status":"publish","type":"page","link":"https:\/\/www.coaliciondelasamericas.org\/pt\/conselho-diretivo\/tania-maria-onzi-pietrobelli\/","title":{"rendered":"Tania Maria Onzi Pietrobelli"},"content":{"rendered":"\n<div class=\"wp-block-columns is-layout-flex wp-container-core-columns-is-layout-1 wp-block-columns-is-layout-flex\">\n<div class=\"wp-block-column is-layout-flow wp-block-column-is-layout-flow\">\n<p class=\"has-white-color has-text-color has-link-color wp-elements-7e4ac651328708ea719ac0894fa30934\">.<\/p>\n<\/div>\n\n\n\n<div class=\"wp-block-column is-layout-flow wp-block-column-is-layout-flow\"><\/div>\n\n\n\n<div class=\"wp-block-column is-layout-flow wp-block-column-is-layout-flow\"><\/div>\n<\/div>\n\n\n\n<div class=\"wp-block-columns is-layout-flex wp-container-core-columns-is-layout-2 wp-block-columns-is-layout-flex\">\n<div class=\"wp-block-column is-layout-flow wp-block-column-is-layout-flow\" style=\"flex-basis:33.33%\">\n<figure class=\"wp-block-image size-full\"><img loading=\"lazy\" decoding=\"async\" width=\"480\" height=\"480\" src=\"https:\/\/www.coaliciondelasamericas.org\/pt\/wp-content\/uploads\/2024\/03\/Tania-Maria-Onzi-Pietrobelli-Brasil.jpg\" alt=\"Tania Maria Onzi Pietrobelli\" class=\"wp-image-2287\" srcset=\"https:\/\/www.coaliciondelasamericas.org\/pt\/wp-content\/uploads\/2024\/03\/Tania-Maria-Onzi-Pietrobelli-Brasil.jpg 480w, https:\/\/www.coaliciondelasamericas.org\/pt\/wp-content\/uploads\/2024\/03\/Tania-Maria-Onzi-Pietrobelli-Brasil-300x300.jpg 300w, https:\/\/www.coaliciondelasamericas.org\/pt\/wp-content\/uploads\/2024\/03\/Tania-Maria-Onzi-Pietrobelli-Brasil-150x150.jpg 150w\" sizes=\"(max-width: 480px) 100vw, 480px\" \/><\/figure>\n<\/div>\n\n\n\n<div class=\"wp-block-column is-layout-flow wp-block-column-is-layout-flow\" style=\"flex-basis:66.66%\">\n<p><strong><strong>TANIA MAR\u00cdA ONZI PIETROBELLI<br><\/strong><\/strong>Coordenador de Lobby<br>Brasil.<\/p>\n\n\n\n<p>M\u00e3e de uma pessoa com Hemofilia A Grave. Foi professora de surdos em uma escola p\u00fablica durante 25 anos. Desde o nascimento do filho, atuou de forma volunt\u00e1ria na educa\u00e7\u00e3o de familiares e pessoas com hemofilia e \u00f3rg\u00e3os p\u00fablicos na busca de melhores tratamentos.<\/p>\n<\/div>\n<\/div>\n\n\n\n<div class=\"wp-block-columns is-layout-flex wp-container-core-columns-is-layout-3 wp-block-columns-is-layout-flex\">\n<div class=\"wp-block-column is-layout-flow wp-block-column-is-layout-flow\">\n<p class=\"has-white-color has-text-color has-link-color wp-elements-7e4ac651328708ea719ac0894fa30934\">.<\/p>\n<\/div>\n\n\n\n<div class=\"wp-block-column is-layout-flow wp-block-column-is-layout-flow\"><\/div>\n\n\n\n<div class=\"wp-block-column is-layout-flow wp-block-column-is-layout-flow\"><\/div>\n<\/div>\n\n\n\n<p>Em 1992, Tania fundou a Associa\u00e7\u00e3o de Hemof\u00edlicos do Rio Grande do Sul. De 2005 a 2009 foi vice-presidente da Federa\u00e7\u00e3o Brasileira de Hemofilia (FBH) e em 2009 tornou-se presidente da FBH e ocupa esta cadeira desde ent\u00e3o. Sob sua gest\u00e3o, em 2011\/2012, Tania conquistou amplia\u00e7\u00e3o do or\u00e7amento junto ao Senado Federal para implanta\u00e7\u00e3o do tratamento profil\u00e1tico no Brasil para todas as pessoas com hemofilia. Desde 2017, \u00e9 membro do board da Coalici\u00f3n de Las Am\u00e9ricas (CoA) como Coordenadora de Rela\u00e7\u00f5es P\u00fablicas e\u00a0Institucionais<\/p>\n\n\n\n<p><\/p>\n","protected":false},"excerpt":{"rendered":"<p>. TANIA MAR\u00cdA ONZI PIETROBELLICoordenador de LobbyBrasil. M\u00e3e de uma pessoa com Hemofilia A Grave. Foi professora de surdos em<\/p>\n","protected":false},"author":1,"featured_media":0,"parent":1062,"menu_order":4,"comment_status":"closed","ping_status":"closed","template":"","meta":{"colormag_page_container_layout":"no_sidebar_content_centered","colormag_page_sidebar_layout":"no_sidebar","_coblocks_attr":"","_coblocks_dimensions":"","_coblocks_responsive_height":"","_coblocks_accordion_ie_support":"","footnotes":""},"class_list":["post-2286","page","type-page","status-publish","hentry"],"yoast_head":"<!-- This site is optimized with the Yoast SEO plugin v22.6 - https:\/\/yoast.com\/wordpress\/plugins\/seo\/ -->\n<title>Tania Maria Onzi Pietrobelli - Coaliz&atilde;o das Am&eacute;ricas<\/title>\n<meta name=\"description\" content=\"M\u00e3e de uma pessoa com Hemofilia A Grave. Foi professora de surdos em uma escola p\u00fablica durante 25 anos. Desde o nascimento do filho.\" \/>\n<meta name=\"robots\" content=\"index, follow, max-snippet:-1, max-image-preview:large, max-video-preview:-1\" \/>\n<link rel=\"canonical\" href=\"https:\/\/www.coaliciondelasamericas.org\/pt\/conselho-diretivo\/tania-maria-onzi-pietrobelli\/\" \/>\n<meta property=\"og:locale\" content=\"es_ES\" \/>\n<meta property=\"og:type\" content=\"article\" \/>\n<meta property=\"og:title\" content=\"Tania Maria Onzi Pietrobelli - Coaliz&atilde;o das Am&eacute;ricas\" \/>\n<meta property=\"og:description\" content=\"M\u00e3e de uma pessoa com Hemofilia A Grave. Foi professora de surdos em uma escola p\u00fablica durante 25 anos. Desde o nascimento do filho.\" \/>\n<meta property=\"og:url\" content=\"https:\/\/www.coaliciondelasamericas.org\/pt\/conselho-diretivo\/tania-maria-onzi-pietrobelli\/\" \/>\n<meta property=\"og:site_name\" content=\"Coaliz&atilde;o das Am&eacute;ricas\" \/>\n<meta property=\"article:publisher\" content=\"https:\/\/www.facebook.com\/coalicionamerica\/\" \/>\n<meta property=\"article:modified_time\" content=\"2024-03-07T22:34:35+00:00\" \/>\n<meta property=\"og:image\" content=\"https:\/\/www.coaliciondelasamericas.org\/pt\/wp-content\/uploads\/2024\/03\/Tania-Maria-Onzi-Pietrobelli-Brasil.jpg\" \/>\n<meta name=\"twitter:card\" content=\"summary_large_image\" \/>\n<meta name=\"twitter:site\" content=\"@coalicionameric\" \/>\n<meta name=\"twitter:label1\" content=\"Tiempo de lectura\" \/>\n\t<meta name=\"twitter:data1\" content=\"1 minuto\" \/>\n<script type=\"application\/ld+json\" class=\"yoast-schema-graph\">{\"@context\":\"https:\/\/schema.org\",\"@graph\":[{\"@type\":\"WebPage\",\"@id\":\"https:\/\/www.coaliciondelasamericas.org\/pt\/conselho-diretivo\/tania-maria-onzi-pietrobelli\/\",\"url\":\"https:\/\/www.coaliciondelasamericas.org\/pt\/conselho-diretivo\/tania-maria-onzi-pietrobelli\/\",\"name\":\"Tania Maria Onzi Pietrobelli - Coaliz&atilde;o das Am&eacute;ricas\",\"isPartOf\":{\"@id\":\"https:\/\/www.coaliciondelasamericas.org\/pt\/#website\"},\"primaryImageOfPage\":{\"@id\":\"https:\/\/www.coaliciondelasamericas.org\/pt\/conselho-diretivo\/tania-maria-onzi-pietrobelli\/#primaryimage\"},\"image\":{\"@id\":\"https:\/\/www.coaliciondelasamericas.org\/pt\/conselho-diretivo\/tania-maria-onzi-pietrobelli\/#primaryimage\"},\"thumbnailUrl\":\"https:\/\/www.coaliciondelasamericas.org\/pt\/wp-content\/uploads\/2024\/03\/Tania-Maria-Onzi-Pietrobelli-Brasil.jpg\",\"datePublished\":\"2024-03-07T22:34:05+00:00\",\"dateModified\":\"2024-03-07T22:34:35+00:00\",\"description\":\"M\u00e3e de uma pessoa com Hemofilia A Grave. Foi professora de surdos em uma escola p\u00fablica durante 25 anos. Desde o nascimento do filho.\",\"breadcrumb\":{\"@id\":\"https:\/\/www.coaliciondelasamericas.org\/pt\/conselho-diretivo\/tania-maria-onzi-pietrobelli\/#breadcrumb\"},\"inLanguage\":\"es\",\"potentialAction\":[{\"@type\":\"ReadAction\",\"target\":[\"https:\/\/www.coaliciondelasamericas.org\/pt\/conselho-diretivo\/tania-maria-onzi-pietrobelli\/\"]}]},{\"@type\":\"ImageObject\",\"inLanguage\":\"es\",\"@id\":\"https:\/\/www.coaliciondelasamericas.org\/pt\/conselho-diretivo\/tania-maria-onzi-pietrobelli\/#primaryimage\",\"url\":\"https:\/\/www.coaliciondelasamericas.org\/pt\/wp-content\/uploads\/2024\/03\/Tania-Maria-Onzi-Pietrobelli-Brasil.jpg\",\"contentUrl\":\"https:\/\/www.coaliciondelasamericas.org\/pt\/wp-content\/uploads\/2024\/03\/Tania-Maria-Onzi-Pietrobelli-Brasil.jpg\",\"width\":480,\"height\":480,\"caption\":\"Tania Maria Onzi Pietrobelli\"},{\"@type\":\"BreadcrumbList\",\"@id\":\"https:\/\/www.coaliciondelasamericas.org\/pt\/conselho-diretivo\/tania-maria-onzi-pietrobelli\/#breadcrumb\",\"itemListElement\":[{\"@type\":\"ListItem\",\"position\":1,\"name\":\"Portada\",\"item\":\"https:\/\/www.coaliciondelasamericas.org\/pt\/\"},{\"@type\":\"ListItem\",\"position\":2,\"name\":\"Conselho Diretivo\",\"item\":\"https:\/\/www.coaliciondelasamericas.org\/pt\/conselho-diretivo\/\"},{\"@type\":\"ListItem\",\"position\":3,\"name\":\"Tania Maria Onzi Pietrobelli\"}]},{\"@type\":\"WebSite\",\"@id\":\"https:\/\/www.coaliciondelasamericas.org\/pt\/#website\",\"url\":\"https:\/\/www.coaliciondelasamericas.org\/pt\/\",\"name\":\"Coaliz&atilde;o das Am&eacute;ricas\",\"description\":\"L&iacute;deres unidos pelo bem-estar da hemofilia\",\"publisher\":{\"@id\":\"https:\/\/www.coaliciondelasamericas.org\/pt\/#organization\"},\"potentialAction\":[{\"@type\":\"SearchAction\",\"target\":{\"@type\":\"EntryPoint\",\"urlTemplate\":\"https:\/\/www.coaliciondelasamericas.org\/pt\/?s={search_term_string}\"},\"query-input\":\"required name=search_term_string\"}],\"inLanguage\":\"es\"},{\"@type\":\"Organization\",\"@id\":\"https:\/\/www.coaliciondelasamericas.org\/pt\/#organization\",\"name\":\"Coaliz&atilde;o das Am&eacute;ricas\",\"url\":\"https:\/\/www.coaliciondelasamericas.org\/pt\/\",\"logo\":{\"@type\":\"ImageObject\",\"inLanguage\":\"es\",\"@id\":\"https:\/\/www.coaliciondelasamericas.org\/pt\/#\/schema\/logo\/image\/\",\"url\":\"https:\/\/www.coaliciondelasamericas.org\/pt\/wp-content\/uploads\/2023\/03\/cropped-003-Portada-portuguese3-1.png\",\"contentUrl\":\"https:\/\/www.coaliciondelasamericas.org\/pt\/wp-content\/uploads\/2023\/03\/cropped-003-Portada-portuguese3-1.png\",\"width\":297,\"height\":128,\"caption\":\"Coaliz&atilde;o das Am&eacute;ricas\"},\"image\":{\"@id\":\"https:\/\/www.coaliciondelasamericas.org\/pt\/#\/schema\/logo\/image\/\"},\"sameAs\":[\"https:\/\/www.facebook.com\/coalicionamerica\/\",\"https:\/\/x.com\/coalicionameric\",\"https:\/\/www.instagram.com\/coaliciondelasamericas\/\"]}]}<\/script>\n<!-- \/ Yoast SEO plugin. -->","yoast_head_json":{"title":"Tania Maria Onzi Pietrobelli - Coaliz&atilde;o das Am&eacute;ricas","description":"M\u00e3e de uma pessoa com Hemofilia A Grave. Foi professora de surdos em uma escola p\u00fablica durante 25 anos. Desde o nascimento do filho.","robots":{"index":"index","follow":"follow","max-snippet":"max-snippet:-1","max-image-preview":"max-image-preview:large","max-video-preview":"max-video-preview:-1"},"canonical":"https:\/\/www.coaliciondelasamericas.org\/pt\/conselho-diretivo\/tania-maria-onzi-pietrobelli\/","og_locale":"es_ES","og_type":"article","og_title":"Tania Maria Onzi Pietrobelli - Coaliz&atilde;o das Am&eacute;ricas","og_description":"M\u00e3e de uma pessoa com Hemofilia A Grave. Foi professora de surdos em uma escola p\u00fablica durante 25 anos. Desde o nascimento do filho.","og_url":"https:\/\/www.coaliciondelasamericas.org\/pt\/conselho-diretivo\/tania-maria-onzi-pietrobelli\/","og_site_name":"Coaliz&atilde;o das Am&eacute;ricas","article_publisher":"https:\/\/www.facebook.com\/coalicionamerica\/","article_modified_time":"2024-03-07T22:34:35+00:00","og_image":[{"url":"https:\/\/www.coaliciondelasamericas.org\/pt\/wp-content\/uploads\/2024\/03\/Tania-Maria-Onzi-Pietrobelli-Brasil.jpg"}],"twitter_card":"summary_large_image","twitter_site":"@coalicionameric","twitter_misc":{"Tiempo de lectura":"1 minuto"},"schema":{"@context":"https:\/\/schema.org","@graph":[{"@type":"WebPage","@id":"https:\/\/www.coaliciondelasamericas.org\/pt\/conselho-diretivo\/tania-maria-onzi-pietrobelli\/","url":"https:\/\/www.coaliciondelasamericas.org\/pt\/conselho-diretivo\/tania-maria-onzi-pietrobelli\/","name":"Tania Maria Onzi Pietrobelli - Coaliz&atilde;o das Am&eacute;ricas","isPartOf":{"@id":"https:\/\/www.coaliciondelasamericas.org\/pt\/#website"},"primaryImageOfPage":{"@id":"https:\/\/www.coaliciondelasamericas.org\/pt\/conselho-diretivo\/tania-maria-onzi-pietrobelli\/#primaryimage"},"image":{"@id":"https:\/\/www.coaliciondelasamericas.org\/pt\/conselho-diretivo\/tania-maria-onzi-pietrobelli\/#primaryimage"},"thumbnailUrl":"https:\/\/www.coaliciondelasamericas.org\/pt\/wp-content\/uploads\/2024\/03\/Tania-Maria-Onzi-Pietrobelli-Brasil.jpg","datePublished":"2024-03-07T22:34:05+00:00","dateModified":"2024-03-07T22:34:35+00:00","description":"M\u00e3e de uma pessoa com Hemofilia A Grave. Foi professora de surdos em uma escola p\u00fablica durante 25 anos. Desde o nascimento do filho.","breadcrumb":{"@id":"https:\/\/www.coaliciondelasamericas.org\/pt\/conselho-diretivo\/tania-maria-onzi-pietrobelli\/#breadcrumb"},"inLanguage":"es","potentialAction":[{"@type":"ReadAction","target":["https:\/\/www.coaliciondelasamericas.org\/pt\/conselho-diretivo\/tania-maria-onzi-pietrobelli\/"]}]},{"@type":"ImageObject","inLanguage":"es","@id":"https:\/\/www.coaliciondelasamericas.org\/pt\/conselho-diretivo\/tania-maria-onzi-pietrobelli\/#primaryimage","url":"https:\/\/www.coaliciondelasamericas.org\/pt\/wp-content\/uploads\/2024\/03\/Tania-Maria-Onzi-Pietrobelli-Brasil.jpg","contentUrl":"https:\/\/www.coaliciondelasamericas.org\/pt\/wp-content\/uploads\/2024\/03\/Tania-Maria-Onzi-Pietrobelli-Brasil.jpg","width":480,"height":480,"caption":"Tania Maria Onzi Pietrobelli"},{"@type":"BreadcrumbList","@id":"https:\/\/www.coaliciondelasamericas.org\/pt\/conselho-diretivo\/tania-maria-onzi-pietrobelli\/#breadcrumb","itemListElement":[{"@type":"ListItem","position":1,"name":"Portada","item":"https:\/\/www.coaliciondelasamericas.org\/pt\/"},{"@type":"ListItem","position":2,"name":"Conselho Diretivo","item":"https:\/\/www.coaliciondelasamericas.org\/pt\/conselho-diretivo\/"},{"@type":"ListItem","position":3,"name":"Tania Maria Onzi Pietrobelli"}]},{"@type":"WebSite","@id":"https:\/\/www.coaliciondelasamericas.org\/pt\/#website","url":"https:\/\/www.coaliciondelasamericas.org\/pt\/","name":"Coaliz&atilde;o das Am&eacute;ricas","description":"L&iacute;deres unidos pelo bem-estar da hemofilia","publisher":{"@id":"https:\/\/www.coaliciondelasamericas.org\/pt\/#organization"},"potentialAction":[{"@type":"SearchAction","target":{"@type":"EntryPoint","urlTemplate":"https:\/\/www.coaliciondelasamericas.org\/pt\/?s={search_term_string}"},"query-input":"required name=search_term_string"}],"inLanguage":"es"},{"@type":"Organization","@id":"https:\/\/www.coaliciondelasamericas.org\/pt\/#organization","name":"Coaliz&atilde;o das Am&eacute;ricas","url":"https:\/\/www.coaliciondelasamericas.org\/pt\/","logo":{"@type":"ImageObject","inLanguage":"es","@id":"https:\/\/www.coaliciondelasamericas.org\/pt\/#\/schema\/logo\/image\/","url":"https:\/\/www.coaliciondelasamericas.org\/pt\/wp-content\/uploads\/2023\/03\/cropped-003-Portada-portuguese3-1.png","contentUrl":"https:\/\/www.coaliciondelasamericas.org\/pt\/wp-content\/uploads\/2023\/03\/cropped-003-Portada-portuguese3-1.png","width":297,"height":128,"caption":"Coaliz&atilde;o das Am&eacute;ricas"},"image":{"@id":"https:\/\/www.coaliciondelasamericas.org\/pt\/#\/schema\/logo\/image\/"},"sameAs":["https:\/\/www.facebook.com\/coalicionamerica\/","https:\/\/x.com\/coalicionameric","https:\/\/www.instagram.com\/coaliciondelasamericas\/"]}]}},"_links":{"self":[{"href":"https:\/\/www.coaliciondelasamericas.org\/pt\/wp-json\/wp\/v2\/pages\/2286"}],"collection":[{"href":"https:\/\/www.coaliciondelasamericas.org\/pt\/wp-json\/wp\/v2\/pages"}],"about":[{"href":"https:\/\/www.coaliciondelasamericas.org\/pt\/wp-json\/wp\/v2\/types\/page"}],"author":[{"embeddable":true,"href":"https:\/\/www.coaliciondelasamericas.org\/pt\/wp-json\/wp\/v2\/users\/1"}],"replies":[{"embeddable":true,"href":"https:\/\/www.coaliciondelasamericas.org\/pt\/wp-json\/wp\/v2\/comments?post=2286"}],"version-history":[{"count":1,"href":"https:\/\/www.coaliciondelasamericas.org\/pt\/wp-json\/wp\/v2\/pages\/2286\/revisions"}],"predecessor-version":[{"id":2290,"href":"https:\/\/www.coaliciondelasamericas.org\/pt\/wp-json\/wp\/v2\/pages\/2286\/revisions\/2290"}],"up":[{"embeddable":true,"href":"https:\/\/www.coaliciondelasamericas.org\/pt\/wp-json\/wp\/v2\/pages\/1062"}],"wp:attachment":[{"href":"https:\/\/www.coaliciondelasamericas.org\/pt\/wp-json\/wp\/v2\/media?parent=2286"}],"curies":[{"name":"wp","href":"https:\/\/api.w.org\/{rel}","templated":true}]}}