{"id":2254,"date":"2024-03-02T16:07:21","date_gmt":"2024-03-02T16:07:21","guid":{"rendered":"https:\/\/www.coaliciondelasamericas.org\/pt\/?page_id=2254"},"modified":"2024-03-07T23:32:40","modified_gmt":"2024-03-07T23:32:40","slug":"maria-del-carmen-agurcia","status":"publish","type":"page","link":"https:\/\/www.coaliciondelasamericas.org\/pt\/comites\/comite-consultivo-de-lideranca\/maria-del-carmen-agurcia\/","title":{"rendered":"Mar\u00eda del Carmen Agurcia"},"content":{"rendered":"\n<div class=\"wp-block-columns is-layout-flex wp-container-core-columns-is-layout-1 wp-block-columns-is-layout-flex\">\n<div class=\"wp-block-column is-layout-flow wp-block-column-is-layout-flow\">\n<p class=\"has-white-color has-text-color has-link-color wp-elements-7e4ac651328708ea719ac0894fa30934\">.<\/p>\n<\/div>\n\n\n\n<div class=\"wp-block-column is-layout-flow wp-block-column-is-layout-flow\"><\/div>\n\n\n\n<div class=\"wp-block-column is-layout-flow wp-block-column-is-layout-flow\"><\/div>\n<\/div>\n\n\n\n<div class=\"wp-block-columns is-layout-flex wp-container-core-columns-is-layout-2 wp-block-columns-is-layout-flex\">\n<div class=\"wp-block-column is-layout-flow wp-block-column-is-layout-flow\" style=\"flex-basis:33.33%\">\n<figure class=\"wp-block-image size-full\"><img loading=\"lazy\" decoding=\"async\" width=\"480\" height=\"480\" src=\"https:\/\/www.coaliciondelasamericas.org\/pt\/wp-content\/uploads\/2024\/03\/MariadelCarmen-Agurcia-001.jpg\" alt=\"Mar\u00eda Del Carmen Agurcia\" class=\"wp-image-2259\" srcset=\"https:\/\/www.coaliciondelasamericas.org\/pt\/wp-content\/uploads\/2024\/03\/MariadelCarmen-Agurcia-001.jpg 480w, https:\/\/www.coaliciondelasamericas.org\/pt\/wp-content\/uploads\/2024\/03\/MariadelCarmen-Agurcia-001-300x300.jpg 300w, https:\/\/www.coaliciondelasamericas.org\/pt\/wp-content\/uploads\/2024\/03\/MariadelCarmen-Agurcia-001-150x150.jpg 150w\" sizes=\"(max-width: 480px) 100vw, 480px\" \/><\/figure>\n<\/div>\n\n\n\n<div class=\"wp-block-column is-layout-flow wp-block-column-is-layout-flow\" style=\"flex-basis:66.66%\">\n<p><strong>MARIA DEL CARMEN AGURCIA<br><\/strong>Fundadora<br>Sociedade Hondurenha de Hemofilia<br>Honduras<\/p>\n\n\n\n<p>A advogada MARIA DEL CARMEN AGURCIA se junta \u00e0 luta pelos pacientes com hemofilia e seus familiares em meio \u00e0s lutas dentro de sua fam\u00edlia para cuidar de seu filho HUMBERTO MEJIA que desde o nascimento luta para sobreviver \u00e0 sua grave hemofilia e se preocupa com sua aten\u00e7\u00e3o e conselhos para sua filha RINA MARIA, que \u00e9 portadora. Ler mais \u00ab<\/p>\n<\/div>\n<\/div>\n\n\n\n<div class=\"wp-block-columns is-layout-flex wp-container-core-columns-is-layout-3 wp-block-columns-is-layout-flex\">\n<div class=\"wp-block-column is-layout-flow wp-block-column-is-layout-flow\">\n<p class=\"has-white-color has-text-color has-link-color wp-elements-7e4ac651328708ea719ac0894fa30934\">.<\/p>\n<\/div>\n\n\n\n<div class=\"wp-block-column is-layout-flow wp-block-column-is-layout-flow\"><\/div>\n\n\n\n<div class=\"wp-block-column is-layout-flow wp-block-column-is-layout-flow\"><\/div>\n<\/div>\n\n\n\n<p>O in\u00edcio da Sociedade Hondurenha de Hemofilia em 2000 n\u00e3o foi f\u00e1cil, n\u00e3o havia nenhuma organiza\u00e7\u00e3o em Honduras para endere\u00e7ar solicita\u00e7\u00f5es \u00e0s autoridades do estado hondurenho para aquisi\u00e7\u00e3o de medicamentos especiais em quantidade e qualidade, para conscientizar setores da popula\u00e7\u00e3o. m\u00e9dicos do hospital que o cuidado de pacientes com hemofilia n\u00e3o \u00e9 algo que deva ser encarado levianamente. E conseguiu, h\u00e1 pelo menos cinco setores habilitados a garantir os direitos dos pacientes no centro e litoral norte de Honduras, que concentram a maior popula\u00e7\u00e3o hondurenha.<\/p>\n\n\n\n<p>Entre as suas realiza\u00e7\u00f5es mais not\u00e1veis \u200b\u200best\u00e1 a cria\u00e7\u00e3o da lei especial sobre o VIH\/SIDA que incorpora regulamentos para proteger os direitos dos pacientes hemof\u00edlicos.<\/p>\n\n\n\n<p><\/p>\n\n\n\n<p><\/p>\n","protected":false},"excerpt":{"rendered":"<p>. MARIA DEL CARMEN AGURCIAFundadoraSociedade Hondurenha de HemofiliaHonduras A advogada MARIA DEL CARMEN AGURCIA se junta \u00e0 luta pelos pacientes<\/p>\n","protected":false},"author":1,"featured_media":0,"parent":2164,"menu_order":1,"comment_status":"closed","ping_status":"closed","template":"","meta":{"colormag_page_container_layout":"no_sidebar_content_centered","colormag_page_sidebar_layout":"no_sidebar","_coblocks_attr":"","_coblocks_dimensions":"","_coblocks_responsive_height":"","_coblocks_accordion_ie_support":"","footnotes":""},"class_list":["post-2254","page","type-page","status-publish","hentry"],"yoast_head":"<!-- This site is optimized with the Yoast SEO plugin v22.6 - https:\/\/yoast.com\/wordpress\/plugins\/seo\/ -->\n<title>Mar\u00eda del Carmen Agurcia - Coaliz&atilde;o das Am&eacute;ricas<\/title>\n<meta name=\"description\" content=\"A advogada MARIA DEL CARMEN AGURCIA se junta \u00e0 luta pelos pacientes com hemofilia e seus familiares em meio \u00e0s lutas dentro de sua fam\u00edlia.\" \/>\n<meta name=\"robots\" content=\"index, follow, max-snippet:-1, max-image-preview:large, max-video-preview:-1\" \/>\n<link rel=\"canonical\" href=\"https:\/\/www.coaliciondelasamericas.org\/pt\/comites\/comite-consultivo-de-lideranca\/maria-del-carmen-agurcia\/\" \/>\n<meta property=\"og:locale\" content=\"es_ES\" \/>\n<meta property=\"og:type\" content=\"article\" \/>\n<meta property=\"og:title\" content=\"Mar\u00eda del Carmen Agurcia - Coaliz&atilde;o das Am&eacute;ricas\" \/>\n<meta property=\"og:description\" content=\"A advogada MARIA DEL CARMEN AGURCIA se junta \u00e0 luta pelos pacientes com hemofilia e seus familiares em meio \u00e0s lutas dentro de sua fam\u00edlia.\" \/>\n<meta property=\"og:url\" content=\"https:\/\/www.coaliciondelasamericas.org\/pt\/comites\/comite-consultivo-de-lideranca\/maria-del-carmen-agurcia\/\" \/>\n<meta property=\"og:site_name\" content=\"Coaliz&atilde;o das Am&eacute;ricas\" \/>\n<meta property=\"article:publisher\" content=\"https:\/\/www.facebook.com\/coalicionamerica\/\" \/>\n<meta property=\"article:modified_time\" content=\"2024-03-07T23:32:40+00:00\" \/>\n<meta property=\"og:image\" content=\"https:\/\/www.coaliciondelasamericas.org\/pt\/wp-content\/uploads\/2024\/03\/MariadelCarmen-Agurcia-001.jpg\" \/>\n<meta name=\"twitter:card\" content=\"summary_large_image\" \/>\n<meta name=\"twitter:site\" content=\"@coalicionameric\" \/>\n<meta name=\"twitter:label1\" content=\"Tiempo de lectura\" \/>\n\t<meta name=\"twitter:data1\" content=\"2 minutos\" \/>\n<script type=\"application\/ld+json\" class=\"yoast-schema-graph\">{\"@context\":\"https:\/\/schema.org\",\"@graph\":[{\"@type\":\"WebPage\",\"@id\":\"https:\/\/www.coaliciondelasamericas.org\/pt\/comites\/comite-consultivo-de-lideranca\/maria-del-carmen-agurcia\/\",\"url\":\"https:\/\/www.coaliciondelasamericas.org\/pt\/comites\/comite-consultivo-de-lideranca\/maria-del-carmen-agurcia\/\",\"name\":\"Mar\u00eda del Carmen Agurcia - Coaliz&atilde;o das Am&eacute;ricas\",\"isPartOf\":{\"@id\":\"https:\/\/www.coaliciondelasamericas.org\/pt\/#website\"},\"primaryImageOfPage\":{\"@id\":\"https:\/\/www.coaliciondelasamericas.org\/pt\/comites\/comite-consultivo-de-lideranca\/maria-del-carmen-agurcia\/#primaryimage\"},\"image\":{\"@id\":\"https:\/\/www.coaliciondelasamericas.org\/pt\/comites\/comite-consultivo-de-lideranca\/maria-del-carmen-agurcia\/#primaryimage\"},\"thumbnailUrl\":\"https:\/\/www.coaliciondelasamericas.org\/pt\/wp-content\/uploads\/2024\/03\/MariadelCarmen-Agurcia-001.jpg\",\"datePublished\":\"2024-03-02T16:07:21+00:00\",\"dateModified\":\"2024-03-07T23:32:40+00:00\",\"description\":\"A advogada MARIA DEL CARMEN AGURCIA se junta \u00e0 luta pelos pacientes com hemofilia e seus familiares em meio \u00e0s lutas dentro de sua fam\u00edlia.\",\"breadcrumb\":{\"@id\":\"https:\/\/www.coaliciondelasamericas.org\/pt\/comites\/comite-consultivo-de-lideranca\/maria-del-carmen-agurcia\/#breadcrumb\"},\"inLanguage\":\"es\",\"potentialAction\":[{\"@type\":\"ReadAction\",\"target\":[\"https:\/\/www.coaliciondelasamericas.org\/pt\/comites\/comite-consultivo-de-lideranca\/maria-del-carmen-agurcia\/\"]}]},{\"@type\":\"ImageObject\",\"inLanguage\":\"es\",\"@id\":\"https:\/\/www.coaliciondelasamericas.org\/pt\/comites\/comite-consultivo-de-lideranca\/maria-del-carmen-agurcia\/#primaryimage\",\"url\":\"https:\/\/www.coaliciondelasamericas.org\/pt\/wp-content\/uploads\/2024\/03\/MariadelCarmen-Agurcia-001.jpg\",\"contentUrl\":\"https:\/\/www.coaliciondelasamericas.org\/pt\/wp-content\/uploads\/2024\/03\/MariadelCarmen-Agurcia-001.jpg\",\"width\":480,\"height\":480,\"caption\":\"Mar\u00eda Del Carmen Agurcia\"},{\"@type\":\"BreadcrumbList\",\"@id\":\"https:\/\/www.coaliciondelasamericas.org\/pt\/comites\/comite-consultivo-de-lideranca\/maria-del-carmen-agurcia\/#breadcrumb\",\"itemListElement\":[{\"@type\":\"ListItem\",\"position\":1,\"name\":\"Portada\",\"item\":\"https:\/\/www.coaliciondelasamericas.org\/pt\/\"},{\"@type\":\"ListItem\",\"position\":2,\"name\":\"Comit\u00eas\",\"item\":\"https:\/\/www.coaliciondelasamericas.org\/pt\/comites\/\"},{\"@type\":\"ListItem\",\"position\":3,\"name\":\"Comit\u00ea Consultivo de Lideran\u00e7a\",\"item\":\"https:\/\/www.coaliciondelasamericas.org\/pt\/comites\/comite-consultivo-de-lideranca\/\"},{\"@type\":\"ListItem\",\"position\":4,\"name\":\"Mar\u00eda del Carmen Agurcia\"}]},{\"@type\":\"WebSite\",\"@id\":\"https:\/\/www.coaliciondelasamericas.org\/pt\/#website\",\"url\":\"https:\/\/www.coaliciondelasamericas.org\/pt\/\",\"name\":\"Coaliz&atilde;o das Am&eacute;ricas\",\"description\":\"L&iacute;deres unidos pelo bem-estar da hemofilia\",\"publisher\":{\"@id\":\"https:\/\/www.coaliciondelasamericas.org\/pt\/#organization\"},\"potentialAction\":[{\"@type\":\"SearchAction\",\"target\":{\"@type\":\"EntryPoint\",\"urlTemplate\":\"https:\/\/www.coaliciondelasamericas.org\/pt\/?s={search_term_string}\"},\"query-input\":\"required name=search_term_string\"}],\"inLanguage\":\"es\"},{\"@type\":\"Organization\",\"@id\":\"https:\/\/www.coaliciondelasamericas.org\/pt\/#organization\",\"name\":\"Coaliz&atilde;o das Am&eacute;ricas\",\"url\":\"https:\/\/www.coaliciondelasamericas.org\/pt\/\",\"logo\":{\"@type\":\"ImageObject\",\"inLanguage\":\"es\",\"@id\":\"https:\/\/www.coaliciondelasamericas.org\/pt\/#\/schema\/logo\/image\/\",\"url\":\"https:\/\/www.coaliciondelasamericas.org\/pt\/wp-content\/uploads\/2023\/03\/cropped-003-Portada-portuguese3-1.png\",\"contentUrl\":\"https:\/\/www.coaliciondelasamericas.org\/pt\/wp-content\/uploads\/2023\/03\/cropped-003-Portada-portuguese3-1.png\",\"width\":297,\"height\":128,\"caption\":\"Coaliz&atilde;o das Am&eacute;ricas\"},\"image\":{\"@id\":\"https:\/\/www.coaliciondelasamericas.org\/pt\/#\/schema\/logo\/image\/\"},\"sameAs\":[\"https:\/\/www.facebook.com\/coalicionamerica\/\",\"https:\/\/x.com\/coalicionameric\",\"https:\/\/www.instagram.com\/coaliciondelasamericas\/\"]}]}<\/script>\n<!-- \/ Yoast SEO plugin. -->","yoast_head_json":{"title":"Mar\u00eda del Carmen Agurcia - Coaliz&atilde;o das Am&eacute;ricas","description":"A advogada MARIA DEL CARMEN AGURCIA se junta \u00e0 luta pelos pacientes com hemofilia e seus familiares em meio \u00e0s lutas dentro de sua fam\u00edlia.","robots":{"index":"index","follow":"follow","max-snippet":"max-snippet:-1","max-image-preview":"max-image-preview:large","max-video-preview":"max-video-preview:-1"},"canonical":"https:\/\/www.coaliciondelasamericas.org\/pt\/comites\/comite-consultivo-de-lideranca\/maria-del-carmen-agurcia\/","og_locale":"es_ES","og_type":"article","og_title":"Mar\u00eda del Carmen Agurcia - Coaliz&atilde;o das Am&eacute;ricas","og_description":"A advogada MARIA DEL CARMEN AGURCIA se junta \u00e0 luta pelos pacientes com hemofilia e seus familiares em meio \u00e0s lutas dentro de sua fam\u00edlia.","og_url":"https:\/\/www.coaliciondelasamericas.org\/pt\/comites\/comite-consultivo-de-lideranca\/maria-del-carmen-agurcia\/","og_site_name":"Coaliz&atilde;o das Am&eacute;ricas","article_publisher":"https:\/\/www.facebook.com\/coalicionamerica\/","article_modified_time":"2024-03-07T23:32:40+00:00","og_image":[{"url":"https:\/\/www.coaliciondelasamericas.org\/pt\/wp-content\/uploads\/2024\/03\/MariadelCarmen-Agurcia-001.jpg"}],"twitter_card":"summary_large_image","twitter_site":"@coalicionameric","twitter_misc":{"Tiempo de lectura":"2 minutos"},"schema":{"@context":"https:\/\/schema.org","@graph":[{"@type":"WebPage","@id":"https:\/\/www.coaliciondelasamericas.org\/pt\/comites\/comite-consultivo-de-lideranca\/maria-del-carmen-agurcia\/","url":"https:\/\/www.coaliciondelasamericas.org\/pt\/comites\/comite-consultivo-de-lideranca\/maria-del-carmen-agurcia\/","name":"Mar\u00eda del Carmen Agurcia - Coaliz&atilde;o das Am&eacute;ricas","isPartOf":{"@id":"https:\/\/www.coaliciondelasamericas.org\/pt\/#website"},"primaryImageOfPage":{"@id":"https:\/\/www.coaliciondelasamericas.org\/pt\/comites\/comite-consultivo-de-lideranca\/maria-del-carmen-agurcia\/#primaryimage"},"image":{"@id":"https:\/\/www.coaliciondelasamericas.org\/pt\/comites\/comite-consultivo-de-lideranca\/maria-del-carmen-agurcia\/#primaryimage"},"thumbnailUrl":"https:\/\/www.coaliciondelasamericas.org\/pt\/wp-content\/uploads\/2024\/03\/MariadelCarmen-Agurcia-001.jpg","datePublished":"2024-03-02T16:07:21+00:00","dateModified":"2024-03-07T23:32:40+00:00","description":"A advogada MARIA DEL CARMEN AGURCIA se junta \u00e0 luta pelos pacientes com hemofilia e seus familiares em meio \u00e0s lutas dentro de sua fam\u00edlia.","breadcrumb":{"@id":"https:\/\/www.coaliciondelasamericas.org\/pt\/comites\/comite-consultivo-de-lideranca\/maria-del-carmen-agurcia\/#breadcrumb"},"inLanguage":"es","potentialAction":[{"@type":"ReadAction","target":["https:\/\/www.coaliciondelasamericas.org\/pt\/comites\/comite-consultivo-de-lideranca\/maria-del-carmen-agurcia\/"]}]},{"@type":"ImageObject","inLanguage":"es","@id":"https:\/\/www.coaliciondelasamericas.org\/pt\/comites\/comite-consultivo-de-lideranca\/maria-del-carmen-agurcia\/#primaryimage","url":"https:\/\/www.coaliciondelasamericas.org\/pt\/wp-content\/uploads\/2024\/03\/MariadelCarmen-Agurcia-001.jpg","contentUrl":"https:\/\/www.coaliciondelasamericas.org\/pt\/wp-content\/uploads\/2024\/03\/MariadelCarmen-Agurcia-001.jpg","width":480,"height":480,"caption":"Mar\u00eda Del Carmen Agurcia"},{"@type":"BreadcrumbList","@id":"https:\/\/www.coaliciondelasamericas.org\/pt\/comites\/comite-consultivo-de-lideranca\/maria-del-carmen-agurcia\/#breadcrumb","itemListElement":[{"@type":"ListItem","position":1,"name":"Portada","item":"https:\/\/www.coaliciondelasamericas.org\/pt\/"},{"@type":"ListItem","position":2,"name":"Comit\u00eas","item":"https:\/\/www.coaliciondelasamericas.org\/pt\/comites\/"},{"@type":"ListItem","position":3,"name":"Comit\u00ea Consultivo de Lideran\u00e7a","item":"https:\/\/www.coaliciondelasamericas.org\/pt\/comites\/comite-consultivo-de-lideranca\/"},{"@type":"ListItem","position":4,"name":"Mar\u00eda del Carmen Agurcia"}]},{"@type":"WebSite","@id":"https:\/\/www.coaliciondelasamericas.org\/pt\/#website","url":"https:\/\/www.coaliciondelasamericas.org\/pt\/","name":"Coaliz&atilde;o das Am&eacute;ricas","description":"L&iacute;deres unidos pelo bem-estar da hemofilia","publisher":{"@id":"https:\/\/www.coaliciondelasamericas.org\/pt\/#organization"},"potentialAction":[{"@type":"SearchAction","target":{"@type":"EntryPoint","urlTemplate":"https:\/\/www.coaliciondelasamericas.org\/pt\/?s={search_term_string}"},"query-input":"required name=search_term_string"}],"inLanguage":"es"},{"@type":"Organization","@id":"https:\/\/www.coaliciondelasamericas.org\/pt\/#organization","name":"Coaliz&atilde;o das Am&eacute;ricas","url":"https:\/\/www.coaliciondelasamericas.org\/pt\/","logo":{"@type":"ImageObject","inLanguage":"es","@id":"https:\/\/www.coaliciondelasamericas.org\/pt\/#\/schema\/logo\/image\/","url":"https:\/\/www.coaliciondelasamericas.org\/pt\/wp-content\/uploads\/2023\/03\/cropped-003-Portada-portuguese3-1.png","contentUrl":"https:\/\/www.coaliciondelasamericas.org\/pt\/wp-content\/uploads\/2023\/03\/cropped-003-Portada-portuguese3-1.png","width":297,"height":128,"caption":"Coaliz&atilde;o das Am&eacute;ricas"},"image":{"@id":"https:\/\/www.coaliciondelasamericas.org\/pt\/#\/schema\/logo\/image\/"},"sameAs":["https:\/\/www.facebook.com\/coalicionamerica\/","https:\/\/x.com\/coalicionameric","https:\/\/www.instagram.com\/coaliciondelasamericas\/"]}]}},"_links":{"self":[{"href":"https:\/\/www.coaliciondelasamericas.org\/pt\/wp-json\/wp\/v2\/pages\/2254"}],"collection":[{"href":"https:\/\/www.coaliciondelasamericas.org\/pt\/wp-json\/wp\/v2\/pages"}],"about":[{"href":"https:\/\/www.coaliciondelasamericas.org\/pt\/wp-json\/wp\/v2\/types\/page"}],"author":[{"embeddable":true,"href":"https:\/\/www.coaliciondelasamericas.org\/pt\/wp-json\/wp\/v2\/users\/1"}],"replies":[{"embeddable":true,"href":"https:\/\/www.coaliciondelasamericas.org\/pt\/wp-json\/wp\/v2\/comments?post=2254"}],"version-history":[{"count":1,"href":"https:\/\/www.coaliciondelasamericas.org\/pt\/wp-json\/wp\/v2\/pages\/2254\/revisions"}],"predecessor-version":[{"id":2262,"href":"https:\/\/www.coaliciondelasamericas.org\/pt\/wp-json\/wp\/v2\/pages\/2254\/revisions\/2262"}],"up":[{"embeddable":true,"href":"https:\/\/www.coaliciondelasamericas.org\/pt\/wp-json\/wp\/v2\/pages\/2164"}],"wp:attachment":[{"href":"https:\/\/www.coaliciondelasamericas.org\/pt\/wp-json\/wp\/v2\/media?parent=2254"}],"curies":[{"name":"wp","href":"https:\/\/api.w.org\/{rel}","templated":true}]}}