{"id":2253,"date":"2024-03-07T23:13:38","date_gmt":"2024-03-07T23:13:38","guid":{"rendered":"https:\/\/www.coaliciondelasamericas.org\/pt\/?page_id=2253"},"modified":"2024-03-07T23:13:39","modified_gmt":"2024-03-07T23:13:39","slug":"antonia-luque","status":"publish","type":"page","link":"https:\/\/www.coaliciondelasamericas.org\/pt\/comites\/comite-de-mulheres\/antonia-luque\/","title":{"rendered":"Antonia\u00a0 Luque"},"content":{"rendered":"\n<div class=\"wp-block-columns is-layout-flex wp-container-core-columns-is-layout-1 wp-block-columns-is-layout-flex\">\n<div class=\"wp-block-column is-layout-flow wp-block-column-is-layout-flow\">\n<p class=\"has-white-color has-text-color has-link-color wp-elements-7e4ac651328708ea719ac0894fa30934\">.<\/p>\n<\/div>\n\n\n\n<div class=\"wp-block-column is-layout-flow wp-block-column-is-layout-flow\"><\/div>\n\n\n\n<div class=\"wp-block-column is-layout-flow wp-block-column-is-layout-flow\"><\/div>\n<\/div>\n\n\n\n<div class=\"wp-block-columns is-layout-flex wp-container-core-columns-is-layout-2 wp-block-columns-is-layout-flex\">\n<div class=\"wp-block-column is-layout-flow wp-block-column-is-layout-flow\" style=\"flex-basis:33.33%\">\n<figure class=\"wp-block-image size-full\"><img loading=\"lazy\" decoding=\"async\" width=\"250\" height=\"250\" src=\"https:\/\/www.coaliciondelasamericas.org\/pt\/wp-content\/uploads\/2024\/03\/antonia-luque-ven.png\" alt=\"Antonia\u00a0 Luque\" class=\"wp-image-2319\" srcset=\"https:\/\/www.coaliciondelasamericas.org\/pt\/wp-content\/uploads\/2024\/03\/antonia-luque-ven.png 250w, https:\/\/www.coaliciondelasamericas.org\/pt\/wp-content\/uploads\/2024\/03\/antonia-luque-ven-150x150.png 150w\" sizes=\"(max-width: 250px) 100vw, 250px\" \/><\/figure>\n<\/div>\n\n\n\n<div class=\"wp-block-column is-layout-flow wp-block-column-is-layout-flow\" style=\"flex-basis:66.66%\">\n<p><strong>LUQUE, ANT\u00d4NIA<br><\/strong>Ativista Social, Defensora do Direito \u00e0 Sa\u00fade e \u00e0 Vida.<br>Venezuela<\/p>\n\n\n\n<ul class=\"wp-block-list\">\n<li>Volunt\u00e1rio (34 anos) Associa\u00e7\u00e3o Venezuelana de Hemofilia (AVH).<\/li>\n\n\n\n<li>Assessor da comiss\u00e3o de sa\u00fade da Assembleia Nacional e do IVSS, sobre doen\u00e7as cr\u00f3nicas, alto custo e risco (1998-presente).<\/li>\n\n\n\n<li>Organizador de 26 acampamentos para pacientes com hemofilia (1998 \u2013 2013).<\/li>\n\n\n\n<li>Fundador (CODEVIDA 2003), organiza\u00e7\u00f5es de pacientes: Hemofilia, Transplantes, HIV-AIDS, C\u00e2ncer, Leucemias.<\/li>\n<\/ul>\n<\/div>\n<\/div>\n\n\n\n<div class=\"wp-block-columns is-layout-flex wp-container-core-columns-is-layout-3 wp-block-columns-is-layout-flex\">\n<div class=\"wp-block-column is-layout-flow wp-block-column-is-layout-flow\">\n<p class=\"has-white-color has-text-color has-link-color wp-elements-7e4ac651328708ea719ac0894fa30934\">.<\/p>\n<\/div>\n\n\n\n<div class=\"wp-block-column is-layout-flow wp-block-column-is-layout-flow\"><\/div>\n\n\n\n<div class=\"wp-block-column is-layout-flow wp-block-column-is-layout-flow\"><\/div>\n<\/div>\n\n\n\n<p><strong>ATIVIDADES INTERNACIONAIS<\/strong><\/p>\n\n\n\n<ul class=\"wp-block-list\">\n<li>Facilitador no Programa de Gemina\u00e7\u00e3o de Organiza\u00e7\u00f5es WFH: Venezuela-Nicar\u00e1gua (2002-2005); Venezuela-Rep\u00fablica Dominicana (2004-2007); Venezuela-Equador (2005-2009); Venezuela-Brasil (2010-2013).<\/li>\n\n\n\n<li>Membro do Conselho de Administra\u00e7\u00e3o da ONG Alianza Latina (2015-2023).<\/li>\n\n\n\n<li>Facilitador em diferentes Congressos ou workshops de treinamento na LATAM<\/li>\n<\/ul>\n\n\n\n<p><strong>PROJETOS DESENVOLVIDOS<\/strong><\/p>\n\n\n\n<ul class=\"wp-block-list\">\n<li>Constitui\u00e7\u00e3o de subsidi\u00e1rias de uma organiza\u00e7\u00e3o de sa\u00fade (AVH 1999-2023).<\/li>\n\n\n\n<li>Prepara\u00e7\u00e3o de censo e registro de pacientes com coagulopatias na Venezuela (2000-2024). Projeto Marco Polo (2010-2013)<\/li>\n\n\n\n<li>Fortalecimento da organiza\u00e7\u00e3o de pacientes (1996-2015) (2000-2024)<\/li>\n<\/ul>\n\n\n\n<p><strong>PUBLICA\u00c7\u00d5ES<\/strong><\/p>\n\n\n\n<ul class=\"wp-block-list\">\n<li>Colaborador em: Elabora\u00e7\u00e3o do \u201cGuia para desenvolver um censo nacional de pacientes\u201d FMH (2005); Consenso Nacional sobre o tratamento da hemofilia na Venezuela (2013); \u201cManual para tratamento de pessoas com hemofilia\u201d Projeto Marco Polo (2014).<\/li>\n\n\n\n<li>Co-relator de 42 vers\u00f5es do Programa Nacional de Hemofilia da Venezuela. (2002-2016)<\/li>\n<\/ul>\n\n\n\n<p><strong>RECONHECIMENTOS E PR\u00caMIOS<\/strong><\/p>\n\n\n\n<ul class=\"wp-block-list\">\n<li>Pr\u00eamio Rafael \u00c1ngel Garc\u00eda VIII Edi\u00e7\u00e3o (2002)<\/li>\n\n\n\n<li>100 celebridades do ano 2008, Jornal \u201cEl Nacional\u201d.<\/li>\n\n\n\n<li>Pr\u00eamio Volunt\u00e1rio Internacional do Ano, WFH Frank Schnabel 2010<\/li>\n\n\n\n<li>Pr\u00eamio Luisa Caseres de Arismendi (2021)<\/li>\n<\/ul>\n\n\n\n<p><\/p>\n","protected":false},"excerpt":{"rendered":"<p>. LUQUE, ANT\u00d4NIAAtivista Social, Defensora do Direito \u00e0 Sa\u00fade e \u00e0 Vida.Venezuela . ATIVIDADES INTERNACIONAIS PROJETOS DESENVOLVIDOS PUBLICA\u00c7\u00d5ES RECONHECIMENTOS E<\/p>\n","protected":false},"author":1,"featured_media":0,"parent":2153,"menu_order":3,"comment_status":"closed","ping_status":"closed","template":"","meta":{"colormag_page_container_layout":"no_sidebar_content_centered","colormag_page_sidebar_layout":"no_sidebar","_coblocks_attr":"","_coblocks_dimensions":"","_coblocks_responsive_height":"","_coblocks_accordion_ie_support":"","footnotes":""},"class_list":["post-2253","page","type-page","status-publish","hentry"],"yoast_head":"<!-- This site is optimized with the Yoast SEO plugin v22.6 - https:\/\/yoast.com\/wordpress\/plugins\/seo\/ -->\n<title>Antonia\u00a0 Luque - Coaliz&atilde;o das Am&eacute;ricas<\/title>\n<meta name=\"description\" content=\"Volunt\u00e1rio (34 anos) Associa\u00e7\u00e3o Venezuelana de Hemofilia (AVH).Assessor da comiss\u00e3o de sa\u00fade da Assembleia Nacional e do IVSS.\" \/>\n<meta name=\"robots\" content=\"index, follow, max-snippet:-1, max-image-preview:large, max-video-preview:-1\" \/>\n<link rel=\"canonical\" href=\"https:\/\/www.coaliciondelasamericas.org\/pt\/comites\/comite-de-mulheres\/antonia-luque\/\" \/>\n<meta property=\"og:locale\" content=\"es_ES\" \/>\n<meta property=\"og:type\" content=\"article\" \/>\n<meta property=\"og:title\" content=\"Antonia\u00a0 Luque - Coaliz&atilde;o das Am&eacute;ricas\" \/>\n<meta property=\"og:description\" content=\"Volunt\u00e1rio (34 anos) Associa\u00e7\u00e3o Venezuelana de Hemofilia (AVH).Assessor da comiss\u00e3o de sa\u00fade da Assembleia Nacional e do IVSS.\" \/>\n<meta property=\"og:url\" content=\"https:\/\/www.coaliciondelasamericas.org\/pt\/comites\/comite-de-mulheres\/antonia-luque\/\" \/>\n<meta property=\"og:site_name\" content=\"Coaliz&atilde;o das Am&eacute;ricas\" \/>\n<meta property=\"article:publisher\" content=\"https:\/\/www.facebook.com\/coalicionamerica\/\" \/>\n<meta property=\"article:modified_time\" content=\"2024-03-07T23:13:39+00:00\" \/>\n<meta property=\"og:image\" content=\"https:\/\/www.coaliciondelasamericas.org\/pt\/wp-content\/uploads\/2024\/03\/antonia-luque-ven.png\" \/>\n<meta name=\"twitter:card\" content=\"summary_large_image\" \/>\n<meta name=\"twitter:site\" content=\"@coalicionameric\" \/>\n<meta name=\"twitter:label1\" content=\"Tiempo de lectura\" \/>\n\t<meta name=\"twitter:data1\" content=\"2 minutos\" \/>\n<script type=\"application\/ld+json\" class=\"yoast-schema-graph\">{\"@context\":\"https:\/\/schema.org\",\"@graph\":[{\"@type\":\"WebPage\",\"@id\":\"https:\/\/www.coaliciondelasamericas.org\/pt\/comites\/comite-de-mulheres\/antonia-luque\/\",\"url\":\"https:\/\/www.coaliciondelasamericas.org\/pt\/comites\/comite-de-mulheres\/antonia-luque\/\",\"name\":\"Antonia\u00a0 Luque - Coaliz&atilde;o das Am&eacute;ricas\",\"isPartOf\":{\"@id\":\"https:\/\/www.coaliciondelasamericas.org\/pt\/#website\"},\"primaryImageOfPage\":{\"@id\":\"https:\/\/www.coaliciondelasamericas.org\/pt\/comites\/comite-de-mulheres\/antonia-luque\/#primaryimage\"},\"image\":{\"@id\":\"https:\/\/www.coaliciondelasamericas.org\/pt\/comites\/comite-de-mulheres\/antonia-luque\/#primaryimage\"},\"thumbnailUrl\":\"https:\/\/www.coaliciondelasamericas.org\/pt\/wp-content\/uploads\/2024\/03\/antonia-luque-ven.png\",\"datePublished\":\"2024-03-07T23:13:38+00:00\",\"dateModified\":\"2024-03-07T23:13:39+00:00\",\"description\":\"Volunt\u00e1rio (34 anos) Associa\u00e7\u00e3o Venezuelana de Hemofilia (AVH).Assessor da comiss\u00e3o de sa\u00fade da Assembleia Nacional e do IVSS.\",\"breadcrumb\":{\"@id\":\"https:\/\/www.coaliciondelasamericas.org\/pt\/comites\/comite-de-mulheres\/antonia-luque\/#breadcrumb\"},\"inLanguage\":\"es\",\"potentialAction\":[{\"@type\":\"ReadAction\",\"target\":[\"https:\/\/www.coaliciondelasamericas.org\/pt\/comites\/comite-de-mulheres\/antonia-luque\/\"]}]},{\"@type\":\"ImageObject\",\"inLanguage\":\"es\",\"@id\":\"https:\/\/www.coaliciondelasamericas.org\/pt\/comites\/comite-de-mulheres\/antonia-luque\/#primaryimage\",\"url\":\"https:\/\/www.coaliciondelasamericas.org\/pt\/wp-content\/uploads\/2024\/03\/antonia-luque-ven.png\",\"contentUrl\":\"https:\/\/www.coaliciondelasamericas.org\/pt\/wp-content\/uploads\/2024\/03\/antonia-luque-ven.png\",\"width\":250,\"height\":250,\"caption\":\"Antonia\u00a0 Luque\"},{\"@type\":\"BreadcrumbList\",\"@id\":\"https:\/\/www.coaliciondelasamericas.org\/pt\/comites\/comite-de-mulheres\/antonia-luque\/#breadcrumb\",\"itemListElement\":[{\"@type\":\"ListItem\",\"position\":1,\"name\":\"Portada\",\"item\":\"https:\/\/www.coaliciondelasamericas.org\/pt\/\"},{\"@type\":\"ListItem\",\"position\":2,\"name\":\"Comit\u00eas\",\"item\":\"https:\/\/www.coaliciondelasamericas.org\/pt\/comites\/\"},{\"@type\":\"ListItem\",\"position\":3,\"name\":\"Comit\u00ea de Mulheres\",\"item\":\"https:\/\/www.coaliciondelasamericas.org\/pt\/comites\/comite-de-mulheres\/\"},{\"@type\":\"ListItem\",\"position\":4,\"name\":\"Antonia\u00a0 Luque\"}]},{\"@type\":\"WebSite\",\"@id\":\"https:\/\/www.coaliciondelasamericas.org\/pt\/#website\",\"url\":\"https:\/\/www.coaliciondelasamericas.org\/pt\/\",\"name\":\"Coaliz&atilde;o das Am&eacute;ricas\",\"description\":\"L&iacute;deres unidos pelo bem-estar da hemofilia\",\"publisher\":{\"@id\":\"https:\/\/www.coaliciondelasamericas.org\/pt\/#organization\"},\"potentialAction\":[{\"@type\":\"SearchAction\",\"target\":{\"@type\":\"EntryPoint\",\"urlTemplate\":\"https:\/\/www.coaliciondelasamericas.org\/pt\/?s={search_term_string}\"},\"query-input\":\"required name=search_term_string\"}],\"inLanguage\":\"es\"},{\"@type\":\"Organization\",\"@id\":\"https:\/\/www.coaliciondelasamericas.org\/pt\/#organization\",\"name\":\"Coaliz&atilde;o das Am&eacute;ricas\",\"url\":\"https:\/\/www.coaliciondelasamericas.org\/pt\/\",\"logo\":{\"@type\":\"ImageObject\",\"inLanguage\":\"es\",\"@id\":\"https:\/\/www.coaliciondelasamericas.org\/pt\/#\/schema\/logo\/image\/\",\"url\":\"https:\/\/www.coaliciondelasamericas.org\/pt\/wp-content\/uploads\/2023\/03\/cropped-003-Portada-portuguese3-1.png\",\"contentUrl\":\"https:\/\/www.coaliciondelasamericas.org\/pt\/wp-content\/uploads\/2023\/03\/cropped-003-Portada-portuguese3-1.png\",\"width\":297,\"height\":128,\"caption\":\"Coaliz&atilde;o das Am&eacute;ricas\"},\"image\":{\"@id\":\"https:\/\/www.coaliciondelasamericas.org\/pt\/#\/schema\/logo\/image\/\"},\"sameAs\":[\"https:\/\/www.facebook.com\/coalicionamerica\/\",\"https:\/\/x.com\/coalicionameric\",\"https:\/\/www.instagram.com\/coaliciondelasamericas\/\"]}]}<\/script>\n<!-- \/ Yoast SEO plugin. -->","yoast_head_json":{"title":"Antonia\u00a0 Luque - Coaliz&atilde;o das Am&eacute;ricas","description":"Volunt\u00e1rio (34 anos) Associa\u00e7\u00e3o Venezuelana de Hemofilia (AVH).Assessor da comiss\u00e3o de sa\u00fade da Assembleia Nacional e do IVSS.","robots":{"index":"index","follow":"follow","max-snippet":"max-snippet:-1","max-image-preview":"max-image-preview:large","max-video-preview":"max-video-preview:-1"},"canonical":"https:\/\/www.coaliciondelasamericas.org\/pt\/comites\/comite-de-mulheres\/antonia-luque\/","og_locale":"es_ES","og_type":"article","og_title":"Antonia\u00a0 Luque - Coaliz&atilde;o das Am&eacute;ricas","og_description":"Volunt\u00e1rio (34 anos) Associa\u00e7\u00e3o Venezuelana de Hemofilia (AVH).Assessor da comiss\u00e3o de sa\u00fade da Assembleia Nacional e do IVSS.","og_url":"https:\/\/www.coaliciondelasamericas.org\/pt\/comites\/comite-de-mulheres\/antonia-luque\/","og_site_name":"Coaliz&atilde;o das Am&eacute;ricas","article_publisher":"https:\/\/www.facebook.com\/coalicionamerica\/","article_modified_time":"2024-03-07T23:13:39+00:00","og_image":[{"url":"https:\/\/www.coaliciondelasamericas.org\/pt\/wp-content\/uploads\/2024\/03\/antonia-luque-ven.png"}],"twitter_card":"summary_large_image","twitter_site":"@coalicionameric","twitter_misc":{"Tiempo de lectura":"2 minutos"},"schema":{"@context":"https:\/\/schema.org","@graph":[{"@type":"WebPage","@id":"https:\/\/www.coaliciondelasamericas.org\/pt\/comites\/comite-de-mulheres\/antonia-luque\/","url":"https:\/\/www.coaliciondelasamericas.org\/pt\/comites\/comite-de-mulheres\/antonia-luque\/","name":"Antonia\u00a0 Luque - Coaliz&atilde;o das Am&eacute;ricas","isPartOf":{"@id":"https:\/\/www.coaliciondelasamericas.org\/pt\/#website"},"primaryImageOfPage":{"@id":"https:\/\/www.coaliciondelasamericas.org\/pt\/comites\/comite-de-mulheres\/antonia-luque\/#primaryimage"},"image":{"@id":"https:\/\/www.coaliciondelasamericas.org\/pt\/comites\/comite-de-mulheres\/antonia-luque\/#primaryimage"},"thumbnailUrl":"https:\/\/www.coaliciondelasamericas.org\/pt\/wp-content\/uploads\/2024\/03\/antonia-luque-ven.png","datePublished":"2024-03-07T23:13:38+00:00","dateModified":"2024-03-07T23:13:39+00:00","description":"Volunt\u00e1rio (34 anos) Associa\u00e7\u00e3o Venezuelana de Hemofilia (AVH).Assessor da comiss\u00e3o de sa\u00fade da Assembleia Nacional e do IVSS.","breadcrumb":{"@id":"https:\/\/www.coaliciondelasamericas.org\/pt\/comites\/comite-de-mulheres\/antonia-luque\/#breadcrumb"},"inLanguage":"es","potentialAction":[{"@type":"ReadAction","target":["https:\/\/www.coaliciondelasamericas.org\/pt\/comites\/comite-de-mulheres\/antonia-luque\/"]}]},{"@type":"ImageObject","inLanguage":"es","@id":"https:\/\/www.coaliciondelasamericas.org\/pt\/comites\/comite-de-mulheres\/antonia-luque\/#primaryimage","url":"https:\/\/www.coaliciondelasamericas.org\/pt\/wp-content\/uploads\/2024\/03\/antonia-luque-ven.png","contentUrl":"https:\/\/www.coaliciondelasamericas.org\/pt\/wp-content\/uploads\/2024\/03\/antonia-luque-ven.png","width":250,"height":250,"caption":"Antonia\u00a0 Luque"},{"@type":"BreadcrumbList","@id":"https:\/\/www.coaliciondelasamericas.org\/pt\/comites\/comite-de-mulheres\/antonia-luque\/#breadcrumb","itemListElement":[{"@type":"ListItem","position":1,"name":"Portada","item":"https:\/\/www.coaliciondelasamericas.org\/pt\/"},{"@type":"ListItem","position":2,"name":"Comit\u00eas","item":"https:\/\/www.coaliciondelasamericas.org\/pt\/comites\/"},{"@type":"ListItem","position":3,"name":"Comit\u00ea de Mulheres","item":"https:\/\/www.coaliciondelasamericas.org\/pt\/comites\/comite-de-mulheres\/"},{"@type":"ListItem","position":4,"name":"Antonia\u00a0 Luque"}]},{"@type":"WebSite","@id":"https:\/\/www.coaliciondelasamericas.org\/pt\/#website","url":"https:\/\/www.coaliciondelasamericas.org\/pt\/","name":"Coaliz&atilde;o das Am&eacute;ricas","description":"L&iacute;deres unidos pelo bem-estar da hemofilia","publisher":{"@id":"https:\/\/www.coaliciondelasamericas.org\/pt\/#organization"},"potentialAction":[{"@type":"SearchAction","target":{"@type":"EntryPoint","urlTemplate":"https:\/\/www.coaliciondelasamericas.org\/pt\/?s={search_term_string}"},"query-input":"required name=search_term_string"}],"inLanguage":"es"},{"@type":"Organization","@id":"https:\/\/www.coaliciondelasamericas.org\/pt\/#organization","name":"Coaliz&atilde;o das Am&eacute;ricas","url":"https:\/\/www.coaliciondelasamericas.org\/pt\/","logo":{"@type":"ImageObject","inLanguage":"es","@id":"https:\/\/www.coaliciondelasamericas.org\/pt\/#\/schema\/logo\/image\/","url":"https:\/\/www.coaliciondelasamericas.org\/pt\/wp-content\/uploads\/2023\/03\/cropped-003-Portada-portuguese3-1.png","contentUrl":"https:\/\/www.coaliciondelasamericas.org\/pt\/wp-content\/uploads\/2023\/03\/cropped-003-Portada-portuguese3-1.png","width":297,"height":128,"caption":"Coaliz&atilde;o das Am&eacute;ricas"},"image":{"@id":"https:\/\/www.coaliciondelasamericas.org\/pt\/#\/schema\/logo\/image\/"},"sameAs":["https:\/\/www.facebook.com\/coalicionamerica\/","https:\/\/x.com\/coalicionameric","https:\/\/www.instagram.com\/coaliciondelasamericas\/"]}]}},"_links":{"self":[{"href":"https:\/\/www.coaliciondelasamericas.org\/pt\/wp-json\/wp\/v2\/pages\/2253"}],"collection":[{"href":"https:\/\/www.coaliciondelasamericas.org\/pt\/wp-json\/wp\/v2\/pages"}],"about":[{"href":"https:\/\/www.coaliciondelasamericas.org\/pt\/wp-json\/wp\/v2\/types\/page"}],"author":[{"embeddable":true,"href":"https:\/\/www.coaliciondelasamericas.org\/pt\/wp-json\/wp\/v2\/users\/1"}],"replies":[{"embeddable":true,"href":"https:\/\/www.coaliciondelasamericas.org\/pt\/wp-json\/wp\/v2\/comments?post=2253"}],"version-history":[{"count":2,"href":"https:\/\/www.coaliciondelasamericas.org\/pt\/wp-json\/wp\/v2\/pages\/2253\/revisions"}],"predecessor-version":[{"id":2320,"href":"https:\/\/www.coaliciondelasamericas.org\/pt\/wp-json\/wp\/v2\/pages\/2253\/revisions\/2320"}],"up":[{"embeddable":true,"href":"https:\/\/www.coaliciondelasamericas.org\/pt\/wp-json\/wp\/v2\/pages\/2153"}],"wp:attachment":[{"href":"https:\/\/www.coaliciondelasamericas.org\/pt\/wp-json\/wp\/v2\/media?parent=2253"}],"curies":[{"name":"wp","href":"https:\/\/api.w.org\/{rel}","templated":true}]}}