{"id":2235,"date":"2024-03-02T15:11:00","date_gmt":"2024-03-02T15:11:00","guid":{"rendered":"https:\/\/www.coaliciondelasamericas.org\/pt\/?page_id=2235"},"modified":"2024-03-02T15:11:00","modified_gmt":"2024-03-02T15:11:00","slug":"patricia-romo-martinez","status":"publish","type":"page","link":"https:\/\/www.coaliciondelasamericas.org\/pt\/conselho-diretivo\/patricia-romo-martinez\/","title":{"rendered":"Patricia Romo Mart\u00ednez"},"content":{"rendered":"\n<div class=\"wp-block-columns is-layout-flex wp-container-core-columns-is-layout-1 wp-block-columns-is-layout-flex\">\n<div class=\"wp-block-column is-layout-flow wp-block-column-is-layout-flow\">\n<p class=\"has-white-color has-text-color has-link-color wp-elements-7e4ac651328708ea719ac0894fa30934\">.<\/p>\n<\/div>\n\n\n\n<div class=\"wp-block-column is-layout-flow wp-block-column-is-layout-flow\"><\/div>\n\n\n\n<div class=\"wp-block-column is-layout-flow wp-block-column-is-layout-flow\"><\/div>\n<\/div>\n\n\n\n<div class=\"wp-block-columns is-layout-flex wp-container-core-columns-is-layout-2 wp-block-columns-is-layout-flex\">\n<div class=\"wp-block-column is-layout-flow wp-block-column-is-layout-flow\" style=\"flex-basis:33.33%\">\n<figure class=\"wp-block-image size-full\"><img loading=\"lazy\" decoding=\"async\" width=\"480\" height=\"480\" src=\"https:\/\/www.coaliciondelasamericas.org\/pt\/wp-content\/uploads\/2024\/03\/WhatsApp-Image-2024-03-01-at-10.36.06-AM.jpeg\" alt=\"Patricia Romo Mart\u00ednez\" class=\"wp-image-2237\" srcset=\"https:\/\/www.coaliciondelasamericas.org\/pt\/wp-content\/uploads\/2024\/03\/WhatsApp-Image-2024-03-01-at-10.36.06-AM.jpeg 480w, https:\/\/www.coaliciondelasamericas.org\/pt\/wp-content\/uploads\/2024\/03\/WhatsApp-Image-2024-03-01-at-10.36.06-AM-300x300.jpeg 300w, https:\/\/www.coaliciondelasamericas.org\/pt\/wp-content\/uploads\/2024\/03\/WhatsApp-Image-2024-03-01-at-10.36.06-AM-150x150.jpeg 150w\" sizes=\"(max-width: 480px) 100vw, 480px\" \/><\/figure>\n<\/div>\n\n\n\n<div class=\"wp-block-column is-layout-flow wp-block-column-is-layout-flow\" style=\"flex-basis:66.66%\">\n<p><strong>PATR\u00cdCIA ROMO MART\u00cdNEZ<br><\/strong>Coordenador Financeiro<br>Membro do Comit\u00ea de Mulheres<br>M\u00e9xico<\/p>\n\n\n\n<p>M\u00e3e de um jovem adulto com hemofilia e de duas mulheres portadoras. Contador P\u00fablico de profiss\u00e3o. Cofundador da As. Potosina de Hemofilia A.C. em 1995, onde sou volunt\u00e1rio h\u00e1 quase 30 anos, na minha cidade natal, San Luis Potos\u00ed, no M\u00e9xico, onde atualmente sou conselheiro.<\/p>\n<\/div>\n<\/div>\n\n\n\n<div class=\"wp-block-columns is-layout-flex wp-container-core-columns-is-layout-3 wp-block-columns-is-layout-flex\">\n<div class=\"wp-block-column is-layout-flow wp-block-column-is-layout-flow\">\n<p class=\"has-white-color has-text-color has-link-color wp-elements-7e4ac651328708ea719ac0894fa30934\">.<\/p>\n<\/div>\n\n\n\n<div class=\"wp-block-column is-layout-flow wp-block-column-is-layout-flow\"><\/div>\n\n\n\n<div class=\"wp-block-column is-layout-flow wp-block-column-is-layout-flow\"><\/div>\n<\/div>\n\n\n\n<p>Participei da Federa\u00e7\u00e3o de Hemofilia da Rep\u00fablica Mexicana, ocupando diversos cargos na diretoria de 2006 a 2018, sempre com o objetivo de melhorar as condi\u00e7\u00f5es de tratamento de homens e mulheres com coagulopatias hemorr\u00e1gicas.<\/p>\n\n\n\n<p>Meu primeiro contato com dist\u00farbios de coagula\u00e7\u00e3o foi quando meu filho nasceu, com diagn\u00f3stico de hemofilia A moderada, por\u00e9m, dentro de casa, n\u00f3s mulheres, tamb\u00e9m vivenciamos os sintomas dos dist\u00farbios de coagula\u00e7\u00e3o pensando que eram normais, pois naquela \u00e9poca os m\u00e9dicos nos disseram que \u00e9ramos apenas portadores, pois n\u00e3o havia mulheres com hemofilia, ent\u00e3o, como fam\u00edlia, tivemos que conviver com todas as mudan\u00e7as que ocorreram em termos de avan\u00e7os no diagn\u00f3stico e nos tratamentos.<\/p>\n\n\n\n<p>Participar do Comit\u00ea de Mulheres do CoA \u00e9 uma oportunidade de colaborar para erradicar a falta de tratamento em mulheres que viveram com diferentes medos e culpas, al\u00e9m dos sintomas de suas pr\u00f3prias condi\u00e7\u00f5es ignoradas nas Am\u00e9ricas. Aqueles de n\u00f3s que passaram por isso no passado compreendem muito bem as necessidades e preocupa\u00e7\u00f5es das mulheres com pouco ou nenhum acesso ao tratamento para o seu dist\u00farbio hemorr\u00e1gico; Da Coaliz\u00e3o das Am\u00e9ricas queremos que as mulheres tenham acesso a diagn\u00f3stico adequado, tratamento suficiente e cuidados justos. O objectivo agora \u00e9 que mais mulheres jovens no continente se eduquem e se comprometam a tomar as r\u00e9deas desta nobre causa, para que nenhuma pessoa com dist\u00farbios hemorr\u00e1gicos viva sem tratamento adequado.<\/p>\n\n\n\n<p><\/p>\n","protected":false},"excerpt":{"rendered":"<p>. PATR\u00cdCIA ROMO MART\u00cdNEZCoordenador FinanceiroMembro do Comit\u00ea de MulheresM\u00e9xico M\u00e3e de um jovem adulto com hemofilia e de duas mulheres<\/p>\n","protected":false},"author":1,"featured_media":0,"parent":1062,"menu_order":6,"comment_status":"closed","ping_status":"closed","template":"","meta":{"colormag_page_container_layout":"no_sidebar_content_centered","colormag_page_sidebar_layout":"no_sidebar","_coblocks_attr":"","_coblocks_dimensions":"","_coblocks_responsive_height":"","_coblocks_accordion_ie_support":"","footnotes":""},"class_list":["post-2235","page","type-page","status-publish","hentry"],"yoast_head":"<!-- This site is optimized with the Yoast SEO plugin v22.6 - https:\/\/yoast.com\/wordpress\/plugins\/seo\/ -->\n<title>Patricia Romo Mart\u00ednez - Coaliz&atilde;o das Am&eacute;ricas<\/title>\n<meta name=\"description\" content=\"M\u00e3e de um jovem adulto com hemofilia e de duas mulheres portadoras. Contador P\u00fablico de profiss\u00e3o. Cofundador da As. Potosina de Hemofilia\" \/>\n<meta name=\"robots\" content=\"index, follow, max-snippet:-1, max-image-preview:large, max-video-preview:-1\" \/>\n<link rel=\"canonical\" href=\"https:\/\/www.coaliciondelasamericas.org\/pt\/conselho-diretivo\/patricia-romo-martinez\/\" \/>\n<meta property=\"og:locale\" content=\"es_ES\" \/>\n<meta property=\"og:type\" content=\"article\" \/>\n<meta property=\"og:title\" content=\"Patricia Romo Mart\u00ednez - Coaliz&atilde;o das Am&eacute;ricas\" \/>\n<meta property=\"og:description\" content=\"M\u00e3e de um jovem adulto com hemofilia e de duas mulheres portadoras. Contador P\u00fablico de profiss\u00e3o. Cofundador da As. Potosina de Hemofilia\" \/>\n<meta property=\"og:url\" content=\"https:\/\/www.coaliciondelasamericas.org\/pt\/conselho-diretivo\/patricia-romo-martinez\/\" \/>\n<meta property=\"og:site_name\" content=\"Coaliz&atilde;o das Am&eacute;ricas\" \/>\n<meta property=\"article:publisher\" content=\"https:\/\/www.facebook.com\/coalicionamerica\/\" \/>\n<meta property=\"og:image\" content=\"https:\/\/www.coaliciondelasamericas.org\/pt\/wp-content\/uploads\/2024\/03\/WhatsApp-Image-2024-03-01-at-10.36.06-AM.jpeg\" \/>\n<meta name=\"twitter:card\" content=\"summary_large_image\" \/>\n<meta name=\"twitter:site\" content=\"@coalicionameric\" \/>\n<meta name=\"twitter:label1\" content=\"Tiempo de lectura\" \/>\n\t<meta name=\"twitter:data1\" content=\"2 minutos\" \/>\n<script type=\"application\/ld+json\" class=\"yoast-schema-graph\">{\"@context\":\"https:\/\/schema.org\",\"@graph\":[{\"@type\":\"WebPage\",\"@id\":\"https:\/\/www.coaliciondelasamericas.org\/pt\/conselho-diretivo\/patricia-romo-martinez\/\",\"url\":\"https:\/\/www.coaliciondelasamericas.org\/pt\/conselho-diretivo\/patricia-romo-martinez\/\",\"name\":\"Patricia Romo Mart\u00ednez - Coaliz&atilde;o das Am&eacute;ricas\",\"isPartOf\":{\"@id\":\"https:\/\/www.coaliciondelasamericas.org\/pt\/#website\"},\"primaryImageOfPage\":{\"@id\":\"https:\/\/www.coaliciondelasamericas.org\/pt\/conselho-diretivo\/patricia-romo-martinez\/#primaryimage\"},\"image\":{\"@id\":\"https:\/\/www.coaliciondelasamericas.org\/pt\/conselho-diretivo\/patricia-romo-martinez\/#primaryimage\"},\"thumbnailUrl\":\"https:\/\/www.coaliciondelasamericas.org\/pt\/wp-content\/uploads\/2024\/03\/WhatsApp-Image-2024-03-01-at-10.36.06-AM.jpeg\",\"datePublished\":\"2024-03-02T15:11:00+00:00\",\"dateModified\":\"2024-03-02T15:11:00+00:00\",\"description\":\"M\u00e3e de um jovem adulto com hemofilia e de duas mulheres portadoras. Contador P\u00fablico de profiss\u00e3o. Cofundador da As. Potosina de Hemofilia\",\"breadcrumb\":{\"@id\":\"https:\/\/www.coaliciondelasamericas.org\/pt\/conselho-diretivo\/patricia-romo-martinez\/#breadcrumb\"},\"inLanguage\":\"es\",\"potentialAction\":[{\"@type\":\"ReadAction\",\"target\":[\"https:\/\/www.coaliciondelasamericas.org\/pt\/conselho-diretivo\/patricia-romo-martinez\/\"]}]},{\"@type\":\"ImageObject\",\"inLanguage\":\"es\",\"@id\":\"https:\/\/www.coaliciondelasamericas.org\/pt\/conselho-diretivo\/patricia-romo-martinez\/#primaryimage\",\"url\":\"https:\/\/www.coaliciondelasamericas.org\/pt\/wp-content\/uploads\/2024\/03\/WhatsApp-Image-2024-03-01-at-10.36.06-AM.jpeg\",\"contentUrl\":\"https:\/\/www.coaliciondelasamericas.org\/pt\/wp-content\/uploads\/2024\/03\/WhatsApp-Image-2024-03-01-at-10.36.06-AM.jpeg\",\"width\":480,\"height\":480,\"caption\":\"Patricia Romo Mart\u00ednez\"},{\"@type\":\"BreadcrumbList\",\"@id\":\"https:\/\/www.coaliciondelasamericas.org\/pt\/conselho-diretivo\/patricia-romo-martinez\/#breadcrumb\",\"itemListElement\":[{\"@type\":\"ListItem\",\"position\":1,\"name\":\"Portada\",\"item\":\"https:\/\/www.coaliciondelasamericas.org\/pt\/\"},{\"@type\":\"ListItem\",\"position\":2,\"name\":\"Conselho Diretivo\",\"item\":\"https:\/\/www.coaliciondelasamericas.org\/pt\/conselho-diretivo\/\"},{\"@type\":\"ListItem\",\"position\":3,\"name\":\"Patricia Romo Mart\u00ednez\"}]},{\"@type\":\"WebSite\",\"@id\":\"https:\/\/www.coaliciondelasamericas.org\/pt\/#website\",\"url\":\"https:\/\/www.coaliciondelasamericas.org\/pt\/\",\"name\":\"Coaliz&atilde;o das Am&eacute;ricas\",\"description\":\"L&iacute;deres unidos pelo bem-estar da hemofilia\",\"publisher\":{\"@id\":\"https:\/\/www.coaliciondelasamericas.org\/pt\/#organization\"},\"potentialAction\":[{\"@type\":\"SearchAction\",\"target\":{\"@type\":\"EntryPoint\",\"urlTemplate\":\"https:\/\/www.coaliciondelasamericas.org\/pt\/?s={search_term_string}\"},\"query-input\":\"required name=search_term_string\"}],\"inLanguage\":\"es\"},{\"@type\":\"Organization\",\"@id\":\"https:\/\/www.coaliciondelasamericas.org\/pt\/#organization\",\"name\":\"Coaliz&atilde;o das Am&eacute;ricas\",\"url\":\"https:\/\/www.coaliciondelasamericas.org\/pt\/\",\"logo\":{\"@type\":\"ImageObject\",\"inLanguage\":\"es\",\"@id\":\"https:\/\/www.coaliciondelasamericas.org\/pt\/#\/schema\/logo\/image\/\",\"url\":\"https:\/\/www.coaliciondelasamericas.org\/pt\/wp-content\/uploads\/2023\/03\/cropped-003-Portada-portuguese3-1.png\",\"contentUrl\":\"https:\/\/www.coaliciondelasamericas.org\/pt\/wp-content\/uploads\/2023\/03\/cropped-003-Portada-portuguese3-1.png\",\"width\":297,\"height\":128,\"caption\":\"Coaliz&atilde;o das Am&eacute;ricas\"},\"image\":{\"@id\":\"https:\/\/www.coaliciondelasamericas.org\/pt\/#\/schema\/logo\/image\/\"},\"sameAs\":[\"https:\/\/www.facebook.com\/coalicionamerica\/\",\"https:\/\/x.com\/coalicionameric\",\"https:\/\/www.instagram.com\/coaliciondelasamericas\/\"]}]}<\/script>\n<!-- \/ Yoast SEO plugin. -->","yoast_head_json":{"title":"Patricia Romo Mart\u00ednez - Coaliz&atilde;o das Am&eacute;ricas","description":"M\u00e3e de um jovem adulto com hemofilia e de duas mulheres portadoras. Contador P\u00fablico de profiss\u00e3o. Cofundador da As. Potosina de Hemofilia","robots":{"index":"index","follow":"follow","max-snippet":"max-snippet:-1","max-image-preview":"max-image-preview:large","max-video-preview":"max-video-preview:-1"},"canonical":"https:\/\/www.coaliciondelasamericas.org\/pt\/conselho-diretivo\/patricia-romo-martinez\/","og_locale":"es_ES","og_type":"article","og_title":"Patricia Romo Mart\u00ednez - Coaliz&atilde;o das Am&eacute;ricas","og_description":"M\u00e3e de um jovem adulto com hemofilia e de duas mulheres portadoras. Contador P\u00fablico de profiss\u00e3o. Cofundador da As. Potosina de Hemofilia","og_url":"https:\/\/www.coaliciondelasamericas.org\/pt\/conselho-diretivo\/patricia-romo-martinez\/","og_site_name":"Coaliz&atilde;o das Am&eacute;ricas","article_publisher":"https:\/\/www.facebook.com\/coalicionamerica\/","og_image":[{"url":"https:\/\/www.coaliciondelasamericas.org\/pt\/wp-content\/uploads\/2024\/03\/WhatsApp-Image-2024-03-01-at-10.36.06-AM.jpeg"}],"twitter_card":"summary_large_image","twitter_site":"@coalicionameric","twitter_misc":{"Tiempo de lectura":"2 minutos"},"schema":{"@context":"https:\/\/schema.org","@graph":[{"@type":"WebPage","@id":"https:\/\/www.coaliciondelasamericas.org\/pt\/conselho-diretivo\/patricia-romo-martinez\/","url":"https:\/\/www.coaliciondelasamericas.org\/pt\/conselho-diretivo\/patricia-romo-martinez\/","name":"Patricia Romo Mart\u00ednez - Coaliz&atilde;o das Am&eacute;ricas","isPartOf":{"@id":"https:\/\/www.coaliciondelasamericas.org\/pt\/#website"},"primaryImageOfPage":{"@id":"https:\/\/www.coaliciondelasamericas.org\/pt\/conselho-diretivo\/patricia-romo-martinez\/#primaryimage"},"image":{"@id":"https:\/\/www.coaliciondelasamericas.org\/pt\/conselho-diretivo\/patricia-romo-martinez\/#primaryimage"},"thumbnailUrl":"https:\/\/www.coaliciondelasamericas.org\/pt\/wp-content\/uploads\/2024\/03\/WhatsApp-Image-2024-03-01-at-10.36.06-AM.jpeg","datePublished":"2024-03-02T15:11:00+00:00","dateModified":"2024-03-02T15:11:00+00:00","description":"M\u00e3e de um jovem adulto com hemofilia e de duas mulheres portadoras. Contador P\u00fablico de profiss\u00e3o. Cofundador da As. Potosina de Hemofilia","breadcrumb":{"@id":"https:\/\/www.coaliciondelasamericas.org\/pt\/conselho-diretivo\/patricia-romo-martinez\/#breadcrumb"},"inLanguage":"es","potentialAction":[{"@type":"ReadAction","target":["https:\/\/www.coaliciondelasamericas.org\/pt\/conselho-diretivo\/patricia-romo-martinez\/"]}]},{"@type":"ImageObject","inLanguage":"es","@id":"https:\/\/www.coaliciondelasamericas.org\/pt\/conselho-diretivo\/patricia-romo-martinez\/#primaryimage","url":"https:\/\/www.coaliciondelasamericas.org\/pt\/wp-content\/uploads\/2024\/03\/WhatsApp-Image-2024-03-01-at-10.36.06-AM.jpeg","contentUrl":"https:\/\/www.coaliciondelasamericas.org\/pt\/wp-content\/uploads\/2024\/03\/WhatsApp-Image-2024-03-01-at-10.36.06-AM.jpeg","width":480,"height":480,"caption":"Patricia Romo Mart\u00ednez"},{"@type":"BreadcrumbList","@id":"https:\/\/www.coaliciondelasamericas.org\/pt\/conselho-diretivo\/patricia-romo-martinez\/#breadcrumb","itemListElement":[{"@type":"ListItem","position":1,"name":"Portada","item":"https:\/\/www.coaliciondelasamericas.org\/pt\/"},{"@type":"ListItem","position":2,"name":"Conselho Diretivo","item":"https:\/\/www.coaliciondelasamericas.org\/pt\/conselho-diretivo\/"},{"@type":"ListItem","position":3,"name":"Patricia Romo Mart\u00ednez"}]},{"@type":"WebSite","@id":"https:\/\/www.coaliciondelasamericas.org\/pt\/#website","url":"https:\/\/www.coaliciondelasamericas.org\/pt\/","name":"Coaliz&atilde;o das Am&eacute;ricas","description":"L&iacute;deres unidos pelo bem-estar da hemofilia","publisher":{"@id":"https:\/\/www.coaliciondelasamericas.org\/pt\/#organization"},"potentialAction":[{"@type":"SearchAction","target":{"@type":"EntryPoint","urlTemplate":"https:\/\/www.coaliciondelasamericas.org\/pt\/?s={search_term_string}"},"query-input":"required name=search_term_string"}],"inLanguage":"es"},{"@type":"Organization","@id":"https:\/\/www.coaliciondelasamericas.org\/pt\/#organization","name":"Coaliz&atilde;o das Am&eacute;ricas","url":"https:\/\/www.coaliciondelasamericas.org\/pt\/","logo":{"@type":"ImageObject","inLanguage":"es","@id":"https:\/\/www.coaliciondelasamericas.org\/pt\/#\/schema\/logo\/image\/","url":"https:\/\/www.coaliciondelasamericas.org\/pt\/wp-content\/uploads\/2023\/03\/cropped-003-Portada-portuguese3-1.png","contentUrl":"https:\/\/www.coaliciondelasamericas.org\/pt\/wp-content\/uploads\/2023\/03\/cropped-003-Portada-portuguese3-1.png","width":297,"height":128,"caption":"Coaliz&atilde;o das Am&eacute;ricas"},"image":{"@id":"https:\/\/www.coaliciondelasamericas.org\/pt\/#\/schema\/logo\/image\/"},"sameAs":["https:\/\/www.facebook.com\/coalicionamerica\/","https:\/\/x.com\/coalicionameric","https:\/\/www.instagram.com\/coaliciondelasamericas\/"]}]}},"_links":{"self":[{"href":"https:\/\/www.coaliciondelasamericas.org\/pt\/wp-json\/wp\/v2\/pages\/2235"}],"collection":[{"href":"https:\/\/www.coaliciondelasamericas.org\/pt\/wp-json\/wp\/v2\/pages"}],"about":[{"href":"https:\/\/www.coaliciondelasamericas.org\/pt\/wp-json\/wp\/v2\/types\/page"}],"author":[{"embeddable":true,"href":"https:\/\/www.coaliciondelasamericas.org\/pt\/wp-json\/wp\/v2\/users\/1"}],"replies":[{"embeddable":true,"href":"https:\/\/www.coaliciondelasamericas.org\/pt\/wp-json\/wp\/v2\/comments?post=2235"}],"version-history":[{"count":1,"href":"https:\/\/www.coaliciondelasamericas.org\/pt\/wp-json\/wp\/v2\/pages\/2235\/revisions"}],"predecessor-version":[{"id":2248,"href":"https:\/\/www.coaliciondelasamericas.org\/pt\/wp-json\/wp\/v2\/pages\/2235\/revisions\/2248"}],"up":[{"embeddable":true,"href":"https:\/\/www.coaliciondelasamericas.org\/pt\/wp-json\/wp\/v2\/pages\/1062"}],"wp:attachment":[{"href":"https:\/\/www.coaliciondelasamericas.org\/pt\/wp-json\/wp\/v2\/media?parent=2235"}],"curies":[{"name":"wp","href":"https:\/\/api.w.org\/{rel}","templated":true}]}}