{"id":2234,"date":"2024-03-02T15:04:12","date_gmt":"2024-03-02T15:04:12","guid":{"rendered":"https:\/\/www.coaliciondelasamericas.org\/pt\/?page_id=2234"},"modified":"2024-03-02T15:04:13","modified_gmt":"2024-03-02T15:04:13","slug":"isidro-montero-montero","status":"publish","type":"page","link":"https:\/\/www.coaliciondelasamericas.org\/pt\/conselho-diretivo\/isidro-montero-montero\/","title":{"rendered":"Isidro Montero Montero"},"content":{"rendered":"\n<div class=\"wp-block-columns is-layout-flex wp-container-core-columns-is-layout-1 wp-block-columns-is-layout-flex\">\n<div class=\"wp-block-column is-layout-flow wp-block-column-is-layout-flow\">\n<p class=\"has-white-color has-text-color has-link-color wp-elements-7e4ac651328708ea719ac0894fa30934\">.<\/p>\n<\/div>\n\n\n\n<div class=\"wp-block-column is-layout-flow wp-block-column-is-layout-flow\"><\/div>\n\n\n\n<div class=\"wp-block-column is-layout-flow wp-block-column-is-layout-flow\"><\/div>\n<\/div>\n\n\n\n<div class=\"wp-block-columns is-layout-flex wp-container-core-columns-is-layout-2 wp-block-columns-is-layout-flex\">\n<div class=\"wp-block-column is-layout-flow wp-block-column-is-layout-flow\" style=\"flex-basis:33.33%\">\n<figure class=\"wp-block-image size-full\"><img loading=\"lazy\" decoding=\"async\" width=\"480\" height=\"480\" src=\"https:\/\/www.coaliciondelasamericas.org\/pt\/wp-content\/uploads\/2024\/03\/Isidro-Montero-Montero-CR.jpg\" alt=\"Isidro Montero Montero\" class=\"wp-image-2245\" srcset=\"https:\/\/www.coaliciondelasamericas.org\/pt\/wp-content\/uploads\/2024\/03\/Isidro-Montero-Montero-CR.jpg 480w, https:\/\/www.coaliciondelasamericas.org\/pt\/wp-content\/uploads\/2024\/03\/Isidro-Montero-Montero-CR-300x300.jpg 300w, https:\/\/www.coaliciondelasamericas.org\/pt\/wp-content\/uploads\/2024\/03\/Isidro-Montero-Montero-CR-150x150.jpg 150w\" sizes=\"(max-width: 480px) 100vw, 480px\" \/><\/figure>\n<\/div>\n\n\n\n<div class=\"wp-block-column is-layout-flow wp-block-column-is-layout-flow\" style=\"flex-basis:66.66%\">\n<p><strong>ISIDRO A. MONTERO MONTERO<br><\/strong>Coordenador de Comunica\u00e7\u00e3o<br>Costa Rica<\/p>\n\n\n\n<p>Isidro \u00e9 datil\u00f3grafo e page designer, vizinho de Heredia, Costa Rica. Ele \u00e9 a segunda gera\u00e7\u00e3o com condi\u00e7\u00e3o de Hemofilia B junto com seu irm\u00e3o. Colecionador de Guerra nas Estrelas.<\/p>\n<\/div>\n<\/div>\n\n\n\n<div class=\"wp-block-columns is-layout-flex wp-container-core-columns-is-layout-3 wp-block-columns-is-layout-flex\">\n<div class=\"wp-block-column is-layout-flow wp-block-column-is-layout-flow\">\n<p class=\"has-white-color has-text-color has-link-color wp-elements-7e4ac651328708ea719ac0894fa30934\">.<\/p>\n<\/div>\n\n\n\n<div class=\"wp-block-column is-layout-flow wp-block-column-is-layout-flow\"><\/div>\n\n\n\n<div class=\"wp-block-column is-layout-flow wp-block-column-is-layout-flow\"><\/div>\n<\/div>\n\n\n\n<p>Mais de 18 anos como volunt\u00e1rio, Ex-presidente da Associa\u00e7\u00e3o Costarriquenha de Hemofilia, h\u00e1 v\u00e1rios anos promove diversas a\u00e7\u00f5es em seu pa\u00eds para inclus\u00e3o de novas terapias, guias de tratamento e promove o cadastro de pacientes com hemofilia e outros transtornos de sangramento, forma\u00e7\u00e3o de jovens l\u00edderes.<\/p>\n\n\n\n<p>Atualmente \u00e9 o Coordenador de Comunica\u00e7\u00e3o do COA, suas atribui\u00e7\u00f5es para uma comunica\u00e7\u00e3o correta e eficaz: faz atualiza\u00e7\u00f5es na web, envia e-mails em massa, articula publica\u00e7\u00f5es com os Comit\u00eas, etc. Volunt\u00e1rio no comit\u00ea da Federa\u00e7\u00e3o de Doen\u00e7as Raras, que promove o projeto de lei 23.257 \u201cPreven\u00e7\u00e3o e aten\u00e7\u00e3o integral \u00e0 sa\u00fade de pessoas com doen\u00e7as raras para melhorar sua qualidade de vida e de seus familiares\u201d.<\/p>\n\n\n\n<p><\/p>\n","protected":false},"excerpt":{"rendered":"<p>. ISIDRO A. MONTERO MONTEROCoordenador de Comunica\u00e7\u00e3oCosta Rica Isidro \u00e9 datil\u00f3grafo e page designer, vizinho de Heredia, Costa Rica. Ele<\/p>\n","protected":false},"author":1,"featured_media":0,"parent":1062,"menu_order":3,"comment_status":"closed","ping_status":"closed","template":"","meta":{"colormag_page_container_layout":"no_sidebar_content_centered","colormag_page_sidebar_layout":"no_sidebar","_coblocks_attr":"","_coblocks_dimensions":"","_coblocks_responsive_height":"","_coblocks_accordion_ie_support":"","footnotes":""},"class_list":["post-2234","page","type-page","status-publish","hentry"],"yoast_head":"<!-- This site is optimized with the Yoast SEO plugin v22.6 - https:\/\/yoast.com\/wordpress\/plugins\/seo\/ -->\n<title>Isidro Montero Montero - Coaliz&atilde;o das Am&eacute;ricas<\/title>\n<meta name=\"description\" content=\"Isidro Montero Montero. \u00e9 datil\u00f3grafo e page designer, vizinho de Heredia, Costa Rica. Ele \u00e9 a segunda gera\u00e7\u00e3o com hemofilia B.\" \/>\n<meta name=\"robots\" content=\"index, follow, max-snippet:-1, max-image-preview:large, max-video-preview:-1\" \/>\n<link rel=\"canonical\" href=\"https:\/\/www.coaliciondelasamericas.org\/pt\/conselho-diretivo\/isidro-montero-montero\/\" \/>\n<meta property=\"og:locale\" content=\"es_ES\" \/>\n<meta property=\"og:type\" content=\"article\" \/>\n<meta property=\"og:title\" content=\"Isidro Montero Montero - Coaliz&atilde;o das Am&eacute;ricas\" \/>\n<meta property=\"og:description\" content=\"Isidro Montero Montero. \u00e9 datil\u00f3grafo e page designer, vizinho de Heredia, Costa Rica. Ele \u00e9 a segunda gera\u00e7\u00e3o com hemofilia B.\" \/>\n<meta property=\"og:url\" content=\"https:\/\/www.coaliciondelasamericas.org\/pt\/conselho-diretivo\/isidro-montero-montero\/\" \/>\n<meta property=\"og:site_name\" content=\"Coaliz&atilde;o das Am&eacute;ricas\" \/>\n<meta property=\"article:publisher\" content=\"https:\/\/www.facebook.com\/coalicionamerica\/\" \/>\n<meta property=\"article:modified_time\" content=\"2024-03-02T15:04:13+00:00\" \/>\n<meta property=\"og:image\" content=\"https:\/\/www.coaliciondelasamericas.org\/pt\/wp-content\/uploads\/2024\/03\/Isidro-Montero-Montero-CR.jpg\" \/>\n<meta name=\"twitter:card\" content=\"summary_large_image\" \/>\n<meta name=\"twitter:site\" content=\"@coalicionameric\" \/>\n<meta name=\"twitter:label1\" content=\"Tiempo de lectura\" \/>\n\t<meta name=\"twitter:data1\" content=\"1 minuto\" \/>\n<script type=\"application\/ld+json\" class=\"yoast-schema-graph\">{\"@context\":\"https:\/\/schema.org\",\"@graph\":[{\"@type\":\"WebPage\",\"@id\":\"https:\/\/www.coaliciondelasamericas.org\/pt\/conselho-diretivo\/isidro-montero-montero\/\",\"url\":\"https:\/\/www.coaliciondelasamericas.org\/pt\/conselho-diretivo\/isidro-montero-montero\/\",\"name\":\"Isidro Montero Montero - Coaliz&atilde;o das Am&eacute;ricas\",\"isPartOf\":{\"@id\":\"https:\/\/www.coaliciondelasamericas.org\/pt\/#website\"},\"primaryImageOfPage\":{\"@id\":\"https:\/\/www.coaliciondelasamericas.org\/pt\/conselho-diretivo\/isidro-montero-montero\/#primaryimage\"},\"image\":{\"@id\":\"https:\/\/www.coaliciondelasamericas.org\/pt\/conselho-diretivo\/isidro-montero-montero\/#primaryimage\"},\"thumbnailUrl\":\"https:\/\/www.coaliciondelasamericas.org\/pt\/wp-content\/uploads\/2024\/03\/Isidro-Montero-Montero-CR.jpg\",\"datePublished\":\"2024-03-02T15:04:12+00:00\",\"dateModified\":\"2024-03-02T15:04:13+00:00\",\"description\":\"Isidro Montero Montero. \u00e9 datil\u00f3grafo e page designer, vizinho de Heredia, Costa Rica. Ele \u00e9 a segunda gera\u00e7\u00e3o com hemofilia B.\",\"breadcrumb\":{\"@id\":\"https:\/\/www.coaliciondelasamericas.org\/pt\/conselho-diretivo\/isidro-montero-montero\/#breadcrumb\"},\"inLanguage\":\"es\",\"potentialAction\":[{\"@type\":\"ReadAction\",\"target\":[\"https:\/\/www.coaliciondelasamericas.org\/pt\/conselho-diretivo\/isidro-montero-montero\/\"]}]},{\"@type\":\"ImageObject\",\"inLanguage\":\"es\",\"@id\":\"https:\/\/www.coaliciondelasamericas.org\/pt\/conselho-diretivo\/isidro-montero-montero\/#primaryimage\",\"url\":\"https:\/\/www.coaliciondelasamericas.org\/pt\/wp-content\/uploads\/2024\/03\/Isidro-Montero-Montero-CR.jpg\",\"contentUrl\":\"https:\/\/www.coaliciondelasamericas.org\/pt\/wp-content\/uploads\/2024\/03\/Isidro-Montero-Montero-CR.jpg\",\"width\":480,\"height\":480,\"caption\":\"Isidro Montero Montero\"},{\"@type\":\"BreadcrumbList\",\"@id\":\"https:\/\/www.coaliciondelasamericas.org\/pt\/conselho-diretivo\/isidro-montero-montero\/#breadcrumb\",\"itemListElement\":[{\"@type\":\"ListItem\",\"position\":1,\"name\":\"Portada\",\"item\":\"https:\/\/www.coaliciondelasamericas.org\/pt\/\"},{\"@type\":\"ListItem\",\"position\":2,\"name\":\"Conselho Diretivo\",\"item\":\"https:\/\/www.coaliciondelasamericas.org\/pt\/conselho-diretivo\/\"},{\"@type\":\"ListItem\",\"position\":3,\"name\":\"Isidro Montero Montero\"}]},{\"@type\":\"WebSite\",\"@id\":\"https:\/\/www.coaliciondelasamericas.org\/pt\/#website\",\"url\":\"https:\/\/www.coaliciondelasamericas.org\/pt\/\",\"name\":\"Coaliz&atilde;o das Am&eacute;ricas\",\"description\":\"L&iacute;deres unidos pelo bem-estar da hemofilia\",\"publisher\":{\"@id\":\"https:\/\/www.coaliciondelasamericas.org\/pt\/#organization\"},\"potentialAction\":[{\"@type\":\"SearchAction\",\"target\":{\"@type\":\"EntryPoint\",\"urlTemplate\":\"https:\/\/www.coaliciondelasamericas.org\/pt\/?s={search_term_string}\"},\"query-input\":\"required name=search_term_string\"}],\"inLanguage\":\"es\"},{\"@type\":\"Organization\",\"@id\":\"https:\/\/www.coaliciondelasamericas.org\/pt\/#organization\",\"name\":\"Coaliz&atilde;o das Am&eacute;ricas\",\"url\":\"https:\/\/www.coaliciondelasamericas.org\/pt\/\",\"logo\":{\"@type\":\"ImageObject\",\"inLanguage\":\"es\",\"@id\":\"https:\/\/www.coaliciondelasamericas.org\/pt\/#\/schema\/logo\/image\/\",\"url\":\"https:\/\/www.coaliciondelasamericas.org\/pt\/wp-content\/uploads\/2023\/03\/cropped-003-Portada-portuguese3-1.png\",\"contentUrl\":\"https:\/\/www.coaliciondelasamericas.org\/pt\/wp-content\/uploads\/2023\/03\/cropped-003-Portada-portuguese3-1.png\",\"width\":297,\"height\":128,\"caption\":\"Coaliz&atilde;o das Am&eacute;ricas\"},\"image\":{\"@id\":\"https:\/\/www.coaliciondelasamericas.org\/pt\/#\/schema\/logo\/image\/\"},\"sameAs\":[\"https:\/\/www.facebook.com\/coalicionamerica\/\",\"https:\/\/x.com\/coalicionameric\",\"https:\/\/www.instagram.com\/coaliciondelasamericas\/\"]}]}<\/script>\n<!-- \/ Yoast SEO plugin. -->","yoast_head_json":{"title":"Isidro Montero Montero - Coaliz&atilde;o das Am&eacute;ricas","description":"Isidro Montero Montero. \u00e9 datil\u00f3grafo e page designer, vizinho de Heredia, Costa Rica. Ele \u00e9 a segunda gera\u00e7\u00e3o com hemofilia B.","robots":{"index":"index","follow":"follow","max-snippet":"max-snippet:-1","max-image-preview":"max-image-preview:large","max-video-preview":"max-video-preview:-1"},"canonical":"https:\/\/www.coaliciondelasamericas.org\/pt\/conselho-diretivo\/isidro-montero-montero\/","og_locale":"es_ES","og_type":"article","og_title":"Isidro Montero Montero - Coaliz&atilde;o das Am&eacute;ricas","og_description":"Isidro Montero Montero. \u00e9 datil\u00f3grafo e page designer, vizinho de Heredia, Costa Rica. Ele \u00e9 a segunda gera\u00e7\u00e3o com hemofilia B.","og_url":"https:\/\/www.coaliciondelasamericas.org\/pt\/conselho-diretivo\/isidro-montero-montero\/","og_site_name":"Coaliz&atilde;o das Am&eacute;ricas","article_publisher":"https:\/\/www.facebook.com\/coalicionamerica\/","article_modified_time":"2024-03-02T15:04:13+00:00","og_image":[{"url":"https:\/\/www.coaliciondelasamericas.org\/pt\/wp-content\/uploads\/2024\/03\/Isidro-Montero-Montero-CR.jpg"}],"twitter_card":"summary_large_image","twitter_site":"@coalicionameric","twitter_misc":{"Tiempo de lectura":"1 minuto"},"schema":{"@context":"https:\/\/schema.org","@graph":[{"@type":"WebPage","@id":"https:\/\/www.coaliciondelasamericas.org\/pt\/conselho-diretivo\/isidro-montero-montero\/","url":"https:\/\/www.coaliciondelasamericas.org\/pt\/conselho-diretivo\/isidro-montero-montero\/","name":"Isidro Montero Montero - Coaliz&atilde;o das Am&eacute;ricas","isPartOf":{"@id":"https:\/\/www.coaliciondelasamericas.org\/pt\/#website"},"primaryImageOfPage":{"@id":"https:\/\/www.coaliciondelasamericas.org\/pt\/conselho-diretivo\/isidro-montero-montero\/#primaryimage"},"image":{"@id":"https:\/\/www.coaliciondelasamericas.org\/pt\/conselho-diretivo\/isidro-montero-montero\/#primaryimage"},"thumbnailUrl":"https:\/\/www.coaliciondelasamericas.org\/pt\/wp-content\/uploads\/2024\/03\/Isidro-Montero-Montero-CR.jpg","datePublished":"2024-03-02T15:04:12+00:00","dateModified":"2024-03-02T15:04:13+00:00","description":"Isidro Montero Montero. \u00e9 datil\u00f3grafo e page designer, vizinho de Heredia, Costa Rica. Ele \u00e9 a segunda gera\u00e7\u00e3o com hemofilia B.","breadcrumb":{"@id":"https:\/\/www.coaliciondelasamericas.org\/pt\/conselho-diretivo\/isidro-montero-montero\/#breadcrumb"},"inLanguage":"es","potentialAction":[{"@type":"ReadAction","target":["https:\/\/www.coaliciondelasamericas.org\/pt\/conselho-diretivo\/isidro-montero-montero\/"]}]},{"@type":"ImageObject","inLanguage":"es","@id":"https:\/\/www.coaliciondelasamericas.org\/pt\/conselho-diretivo\/isidro-montero-montero\/#primaryimage","url":"https:\/\/www.coaliciondelasamericas.org\/pt\/wp-content\/uploads\/2024\/03\/Isidro-Montero-Montero-CR.jpg","contentUrl":"https:\/\/www.coaliciondelasamericas.org\/pt\/wp-content\/uploads\/2024\/03\/Isidro-Montero-Montero-CR.jpg","width":480,"height":480,"caption":"Isidro Montero Montero"},{"@type":"BreadcrumbList","@id":"https:\/\/www.coaliciondelasamericas.org\/pt\/conselho-diretivo\/isidro-montero-montero\/#breadcrumb","itemListElement":[{"@type":"ListItem","position":1,"name":"Portada","item":"https:\/\/www.coaliciondelasamericas.org\/pt\/"},{"@type":"ListItem","position":2,"name":"Conselho Diretivo","item":"https:\/\/www.coaliciondelasamericas.org\/pt\/conselho-diretivo\/"},{"@type":"ListItem","position":3,"name":"Isidro Montero Montero"}]},{"@type":"WebSite","@id":"https:\/\/www.coaliciondelasamericas.org\/pt\/#website","url":"https:\/\/www.coaliciondelasamericas.org\/pt\/","name":"Coaliz&atilde;o das Am&eacute;ricas","description":"L&iacute;deres unidos pelo bem-estar da hemofilia","publisher":{"@id":"https:\/\/www.coaliciondelasamericas.org\/pt\/#organization"},"potentialAction":[{"@type":"SearchAction","target":{"@type":"EntryPoint","urlTemplate":"https:\/\/www.coaliciondelasamericas.org\/pt\/?s={search_term_string}"},"query-input":"required name=search_term_string"}],"inLanguage":"es"},{"@type":"Organization","@id":"https:\/\/www.coaliciondelasamericas.org\/pt\/#organization","name":"Coaliz&atilde;o das Am&eacute;ricas","url":"https:\/\/www.coaliciondelasamericas.org\/pt\/","logo":{"@type":"ImageObject","inLanguage":"es","@id":"https:\/\/www.coaliciondelasamericas.org\/pt\/#\/schema\/logo\/image\/","url":"https:\/\/www.coaliciondelasamericas.org\/pt\/wp-content\/uploads\/2023\/03\/cropped-003-Portada-portuguese3-1.png","contentUrl":"https:\/\/www.coaliciondelasamericas.org\/pt\/wp-content\/uploads\/2023\/03\/cropped-003-Portada-portuguese3-1.png","width":297,"height":128,"caption":"Coaliz&atilde;o das Am&eacute;ricas"},"image":{"@id":"https:\/\/www.coaliciondelasamericas.org\/pt\/#\/schema\/logo\/image\/"},"sameAs":["https:\/\/www.facebook.com\/coalicionamerica\/","https:\/\/x.com\/coalicionameric","https:\/\/www.instagram.com\/coaliciondelasamericas\/"]}]}},"_links":{"self":[{"href":"https:\/\/www.coaliciondelasamericas.org\/pt\/wp-json\/wp\/v2\/pages\/2234"}],"collection":[{"href":"https:\/\/www.coaliciondelasamericas.org\/pt\/wp-json\/wp\/v2\/pages"}],"about":[{"href":"https:\/\/www.coaliciondelasamericas.org\/pt\/wp-json\/wp\/v2\/types\/page"}],"author":[{"embeddable":true,"href":"https:\/\/www.coaliciondelasamericas.org\/pt\/wp-json\/wp\/v2\/users\/1"}],"replies":[{"embeddable":true,"href":"https:\/\/www.coaliciondelasamericas.org\/pt\/wp-json\/wp\/v2\/comments?post=2234"}],"version-history":[{"count":1,"href":"https:\/\/www.coaliciondelasamericas.org\/pt\/wp-json\/wp\/v2\/pages\/2234\/revisions"}],"predecessor-version":[{"id":2246,"href":"https:\/\/www.coaliciondelasamericas.org\/pt\/wp-json\/wp\/v2\/pages\/2234\/revisions\/2246"}],"up":[{"embeddable":true,"href":"https:\/\/www.coaliciondelasamericas.org\/pt\/wp-json\/wp\/v2\/pages\/1062"}],"wp:attachment":[{"href":"https:\/\/www.coaliciondelasamericas.org\/pt\/wp-json\/wp\/v2\/media?parent=2234"}],"curies":[{"name":"wp","href":"https:\/\/api.w.org\/{rel}","templated":true}]}}