{"id":2233,"date":"2024-03-02T14:52:19","date_gmt":"2024-03-02T14:52:19","guid":{"rendered":"https:\/\/www.coaliciondelasamericas.org\/pt\/?page_id=2233"},"modified":"2024-03-12T16:07:38","modified_gmt":"2024-03-12T16:07:38","slug":"antonio-gomez-cavallini","status":"publish","type":"page","link":"https:\/\/www.coaliciondelasamericas.org\/pt\/conselho-diretivo\/antonio-gomez-cavallini\/","title":{"rendered":"Antonio G\u00f3mez Cavallini"},"content":{"rendered":"\n<div class=\"wp-block-columns is-layout-flex wp-container-core-columns-is-layout-1 wp-block-columns-is-layout-flex\">\n<div class=\"wp-block-column is-layout-flow wp-block-column-is-layout-flow\">\n<p class=\"has-white-color has-text-color has-link-color wp-elements-7e4ac651328708ea719ac0894fa30934\">.<\/p>\n<\/div>\n\n\n\n<div class=\"wp-block-column is-layout-flow wp-block-column-is-layout-flow\"><\/div>\n\n\n\n<div class=\"wp-block-column is-layout-flow wp-block-column-is-layout-flow\"><\/div>\n<\/div>\n\n\n\n<div class=\"wp-block-columns is-layout-flex wp-container-core-columns-is-layout-2 wp-block-columns-is-layout-flex\">\n<div class=\"wp-block-column is-layout-flow wp-block-column-is-layout-flow\" style=\"flex-basis:33.33%\">\n<figure class=\"wp-block-image size-full\"><img loading=\"lazy\" decoding=\"async\" width=\"480\" height=\"480\" src=\"https:\/\/www.coaliciondelasamericas.org\/pt\/wp-content\/uploads\/2024\/03\/WhatsApp-Image-2024-02-28-at-12.37.21-PM.jpeg\" alt=\"Antonio G\u00f3mez Cavallini\" class=\"wp-image-2236\" srcset=\"https:\/\/www.coaliciondelasamericas.org\/pt\/wp-content\/uploads\/2024\/03\/WhatsApp-Image-2024-02-28-at-12.37.21-PM.jpeg 480w, https:\/\/www.coaliciondelasamericas.org\/pt\/wp-content\/uploads\/2024\/03\/WhatsApp-Image-2024-02-28-at-12.37.21-PM-300x300.jpeg 300w, https:\/\/www.coaliciondelasamericas.org\/pt\/wp-content\/uploads\/2024\/03\/WhatsApp-Image-2024-02-28-at-12.37.21-PM-150x150.jpeg 150w\" sizes=\"(max-width: 480px) 100vw, 480px\" \/><\/figure>\n<\/div>\n\n\n\n<div class=\"wp-block-column is-layout-flow wp-block-column-is-layout-flow\" style=\"flex-basis:66.66%\">\n<p><strong>LIC. ANT\u00d4NIO G\u00d3MEZ CAVALLINI<br><\/strong>Coordenador Geral<br>Argentina<\/p>\n\n\n\n<p>Coordenador Geral da Coaliz\u00e3o das Am\u00e9ricas, nascido em Buenos Aires Argentina, portador de Hemofilia B. Casado, tem dois filhos, Graduado em Ci\u00eancia Pol\u00edtica, P\u00f3s-Gradua\u00e7\u00e3o em \u00c1reas P\u00fablicas, Gest\u00e3o de Projetos entre outros. Conhecimento de idiomas: espanhol, ingl\u00eas, portugu\u00eas.<\/p>\n<\/div>\n<\/div>\n\n\n\n<div class=\"wp-block-columns is-layout-flex wp-container-core-columns-is-layout-3 wp-block-columns-is-layout-flex\">\n<div class=\"wp-block-column is-layout-flow wp-block-column-is-layout-flow\">\n<p class=\"has-white-color has-text-color has-link-color wp-elements-7e4ac651328708ea719ac0894fa30934\">.<\/p>\n<\/div>\n\n\n\n<div class=\"wp-block-column is-layout-flow wp-block-column-is-layout-flow\"><\/div>\n\n\n\n<div class=\"wp-block-column is-layout-flow wp-block-column-is-layout-flow\"><\/div>\n<\/div>\n\n\n\n<p>Amplamente comprometido com a comunidade de dist\u00farbios hemorr\u00e1gicos, desenvolvendo-se em \u00e1reas como Coordenador Institucional da Funda\u00e7\u00e3o Hemofilia &#8211; Argentina, Assessor de Planejamento Estrat\u00e9gico da Federa\u00e7\u00e3o Mundial de Hemofilia (ad-honorem), l\u00edder de comit\u00eas globais de pacientes para diferentes entidades, delegado da Hemofilia Funda\u00e7\u00e3o.<\/p>\n\n\n\n<p>Certifica\u00e7\u00e3o PM4R de Lideran\u00e7a em Gest\u00e3o de Projetos para Resultados pelo BID (Banco Interamericano de Desenvolvimento).<\/p>\n\n\n\n<p class=\"has-white-color has-text-color has-link-color wp-elements-7e4ac651328708ea719ac0894fa30934\">.<\/p>\n","protected":false},"excerpt":{"rendered":"<p>. LIC. ANT\u00d4NIO G\u00d3MEZ CAVALLINICoordenador GeralArgentina Coordenador Geral da Coaliz\u00e3o das Am\u00e9ricas, nascido em Buenos Aires Argentina, portador de Hemofilia<\/p>\n","protected":false},"author":1,"featured_media":0,"parent":1062,"menu_order":1,"comment_status":"closed","ping_status":"closed","template":"","meta":{"colormag_page_container_layout":"no_sidebar_content_centered","colormag_page_sidebar_layout":"no_sidebar","_coblocks_attr":"","_coblocks_dimensions":"","_coblocks_responsive_height":"","_coblocks_accordion_ie_support":"","footnotes":""},"class_list":["post-2233","page","type-page","status-publish","hentry"],"yoast_head":"<!-- This site is optimized with the Yoast SEO plugin v22.6 - https:\/\/yoast.com\/wordpress\/plugins\/seo\/ -->\n<title>Antonio G\u00f3mez Cavallini - Coaliz&atilde;o das Am&eacute;ricas<\/title>\n<meta name=\"description\" content=\"Coordenador Geral da Coaliz\u00e3o das Am\u00e9ricas, nascido em Buenos Aires Argentina, portador de Hemofilia B. Casado, tem dois filhos.\" \/>\n<meta name=\"robots\" content=\"index, follow, max-snippet:-1, max-image-preview:large, max-video-preview:-1\" \/>\n<link rel=\"canonical\" href=\"https:\/\/www.coaliciondelasamericas.org\/pt\/conselho-diretivo\/antonio-gomez-cavallini\/\" \/>\n<meta property=\"og:locale\" content=\"es_ES\" \/>\n<meta property=\"og:type\" content=\"article\" \/>\n<meta property=\"og:title\" content=\"Antonio G\u00f3mez Cavallini - Coaliz&atilde;o das Am&eacute;ricas\" \/>\n<meta property=\"og:description\" content=\"Coordenador Geral da Coaliz\u00e3o das Am\u00e9ricas, nascido em Buenos Aires Argentina, portador de Hemofilia B. Casado, tem dois filhos.\" \/>\n<meta property=\"og:url\" content=\"https:\/\/www.coaliciondelasamericas.org\/pt\/conselho-diretivo\/antonio-gomez-cavallini\/\" \/>\n<meta property=\"og:site_name\" content=\"Coaliz&atilde;o das Am&eacute;ricas\" \/>\n<meta property=\"article:publisher\" content=\"https:\/\/www.facebook.com\/coalicionamerica\/\" \/>\n<meta property=\"article:modified_time\" content=\"2024-03-12T16:07:38+00:00\" \/>\n<meta property=\"og:image\" content=\"https:\/\/www.coaliciondelasamericas.org\/pt\/wp-content\/uploads\/2024\/03\/WhatsApp-Image-2024-02-28-at-12.37.21-PM.jpeg\" \/>\n<meta name=\"twitter:card\" content=\"summary_large_image\" \/>\n<meta name=\"twitter:site\" content=\"@coalicionameric\" \/>\n<meta name=\"twitter:label1\" content=\"Tiempo de lectura\" \/>\n\t<meta name=\"twitter:data1\" content=\"1 minuto\" \/>\n<script type=\"application\/ld+json\" class=\"yoast-schema-graph\">{\"@context\":\"https:\/\/schema.org\",\"@graph\":[{\"@type\":\"WebPage\",\"@id\":\"https:\/\/www.coaliciondelasamericas.org\/pt\/conselho-diretivo\/antonio-gomez-cavallini\/\",\"url\":\"https:\/\/www.coaliciondelasamericas.org\/pt\/conselho-diretivo\/antonio-gomez-cavallini\/\",\"name\":\"Antonio G\u00f3mez Cavallini - Coaliz&atilde;o das Am&eacute;ricas\",\"isPartOf\":{\"@id\":\"https:\/\/www.coaliciondelasamericas.org\/pt\/#website\"},\"primaryImageOfPage\":{\"@id\":\"https:\/\/www.coaliciondelasamericas.org\/pt\/conselho-diretivo\/antonio-gomez-cavallini\/#primaryimage\"},\"image\":{\"@id\":\"https:\/\/www.coaliciondelasamericas.org\/pt\/conselho-diretivo\/antonio-gomez-cavallini\/#primaryimage\"},\"thumbnailUrl\":\"https:\/\/www.coaliciondelasamericas.org\/pt\/wp-content\/uploads\/2024\/03\/WhatsApp-Image-2024-02-28-at-12.37.21-PM.jpeg\",\"datePublished\":\"2024-03-02T14:52:19+00:00\",\"dateModified\":\"2024-03-12T16:07:38+00:00\",\"description\":\"Coordenador Geral da Coaliz\u00e3o das Am\u00e9ricas, nascido em Buenos Aires Argentina, portador de Hemofilia B. Casado, tem dois filhos.\",\"breadcrumb\":{\"@id\":\"https:\/\/www.coaliciondelasamericas.org\/pt\/conselho-diretivo\/antonio-gomez-cavallini\/#breadcrumb\"},\"inLanguage\":\"es\",\"potentialAction\":[{\"@type\":\"ReadAction\",\"target\":[\"https:\/\/www.coaliciondelasamericas.org\/pt\/conselho-diretivo\/antonio-gomez-cavallini\/\"]}]},{\"@type\":\"ImageObject\",\"inLanguage\":\"es\",\"@id\":\"https:\/\/www.coaliciondelasamericas.org\/pt\/conselho-diretivo\/antonio-gomez-cavallini\/#primaryimage\",\"url\":\"https:\/\/www.coaliciondelasamericas.org\/pt\/wp-content\/uploads\/2024\/03\/WhatsApp-Image-2024-02-28-at-12.37.21-PM.jpeg\",\"contentUrl\":\"https:\/\/www.coaliciondelasamericas.org\/pt\/wp-content\/uploads\/2024\/03\/WhatsApp-Image-2024-02-28-at-12.37.21-PM.jpeg\",\"width\":480,\"height\":480,\"caption\":\"Antonio G\u00f3mez Cavallini\"},{\"@type\":\"BreadcrumbList\",\"@id\":\"https:\/\/www.coaliciondelasamericas.org\/pt\/conselho-diretivo\/antonio-gomez-cavallini\/#breadcrumb\",\"itemListElement\":[{\"@type\":\"ListItem\",\"position\":1,\"name\":\"Portada\",\"item\":\"https:\/\/www.coaliciondelasamericas.org\/pt\/\"},{\"@type\":\"ListItem\",\"position\":2,\"name\":\"Conselho Diretivo\",\"item\":\"https:\/\/www.coaliciondelasamericas.org\/pt\/conselho-diretivo\/\"},{\"@type\":\"ListItem\",\"position\":3,\"name\":\"Antonio G\u00f3mez Cavallini\"}]},{\"@type\":\"WebSite\",\"@id\":\"https:\/\/www.coaliciondelasamericas.org\/pt\/#website\",\"url\":\"https:\/\/www.coaliciondelasamericas.org\/pt\/\",\"name\":\"Coaliz&atilde;o das Am&eacute;ricas\",\"description\":\"L&iacute;deres unidos pelo bem-estar da hemofilia\",\"publisher\":{\"@id\":\"https:\/\/www.coaliciondelasamericas.org\/pt\/#organization\"},\"potentialAction\":[{\"@type\":\"SearchAction\",\"target\":{\"@type\":\"EntryPoint\",\"urlTemplate\":\"https:\/\/www.coaliciondelasamericas.org\/pt\/?s={search_term_string}\"},\"query-input\":\"required name=search_term_string\"}],\"inLanguage\":\"es\"},{\"@type\":\"Organization\",\"@id\":\"https:\/\/www.coaliciondelasamericas.org\/pt\/#organization\",\"name\":\"Coaliz&atilde;o das Am&eacute;ricas\",\"url\":\"https:\/\/www.coaliciondelasamericas.org\/pt\/\",\"logo\":{\"@type\":\"ImageObject\",\"inLanguage\":\"es\",\"@id\":\"https:\/\/www.coaliciondelasamericas.org\/pt\/#\/schema\/logo\/image\/\",\"url\":\"https:\/\/www.coaliciondelasamericas.org\/pt\/wp-content\/uploads\/2023\/03\/cropped-003-Portada-portuguese3-1.png\",\"contentUrl\":\"https:\/\/www.coaliciondelasamericas.org\/pt\/wp-content\/uploads\/2023\/03\/cropped-003-Portada-portuguese3-1.png\",\"width\":297,\"height\":128,\"caption\":\"Coaliz&atilde;o das Am&eacute;ricas\"},\"image\":{\"@id\":\"https:\/\/www.coaliciondelasamericas.org\/pt\/#\/schema\/logo\/image\/\"},\"sameAs\":[\"https:\/\/www.facebook.com\/coalicionamerica\/\",\"https:\/\/x.com\/coalicionameric\",\"https:\/\/www.instagram.com\/coaliciondelasamericas\/\"]}]}<\/script>\n<!-- \/ Yoast SEO plugin. -->","yoast_head_json":{"title":"Antonio G\u00f3mez Cavallini - Coaliz&atilde;o das Am&eacute;ricas","description":"Coordenador Geral da Coaliz\u00e3o das Am\u00e9ricas, nascido em Buenos Aires Argentina, portador de Hemofilia B. Casado, tem dois filhos.","robots":{"index":"index","follow":"follow","max-snippet":"max-snippet:-1","max-image-preview":"max-image-preview:large","max-video-preview":"max-video-preview:-1"},"canonical":"https:\/\/www.coaliciondelasamericas.org\/pt\/conselho-diretivo\/antonio-gomez-cavallini\/","og_locale":"es_ES","og_type":"article","og_title":"Antonio G\u00f3mez Cavallini - Coaliz&atilde;o das Am&eacute;ricas","og_description":"Coordenador Geral da Coaliz\u00e3o das Am\u00e9ricas, nascido em Buenos Aires Argentina, portador de Hemofilia B. Casado, tem dois filhos.","og_url":"https:\/\/www.coaliciondelasamericas.org\/pt\/conselho-diretivo\/antonio-gomez-cavallini\/","og_site_name":"Coaliz&atilde;o das Am&eacute;ricas","article_publisher":"https:\/\/www.facebook.com\/coalicionamerica\/","article_modified_time":"2024-03-12T16:07:38+00:00","og_image":[{"url":"https:\/\/www.coaliciondelasamericas.org\/pt\/wp-content\/uploads\/2024\/03\/WhatsApp-Image-2024-02-28-at-12.37.21-PM.jpeg"}],"twitter_card":"summary_large_image","twitter_site":"@coalicionameric","twitter_misc":{"Tiempo de lectura":"1 minuto"},"schema":{"@context":"https:\/\/schema.org","@graph":[{"@type":"WebPage","@id":"https:\/\/www.coaliciondelasamericas.org\/pt\/conselho-diretivo\/antonio-gomez-cavallini\/","url":"https:\/\/www.coaliciondelasamericas.org\/pt\/conselho-diretivo\/antonio-gomez-cavallini\/","name":"Antonio G\u00f3mez Cavallini - Coaliz&atilde;o das Am&eacute;ricas","isPartOf":{"@id":"https:\/\/www.coaliciondelasamericas.org\/pt\/#website"},"primaryImageOfPage":{"@id":"https:\/\/www.coaliciondelasamericas.org\/pt\/conselho-diretivo\/antonio-gomez-cavallini\/#primaryimage"},"image":{"@id":"https:\/\/www.coaliciondelasamericas.org\/pt\/conselho-diretivo\/antonio-gomez-cavallini\/#primaryimage"},"thumbnailUrl":"https:\/\/www.coaliciondelasamericas.org\/pt\/wp-content\/uploads\/2024\/03\/WhatsApp-Image-2024-02-28-at-12.37.21-PM.jpeg","datePublished":"2024-03-02T14:52:19+00:00","dateModified":"2024-03-12T16:07:38+00:00","description":"Coordenador Geral da Coaliz\u00e3o das Am\u00e9ricas, nascido em Buenos Aires Argentina, portador de Hemofilia B. Casado, tem dois filhos.","breadcrumb":{"@id":"https:\/\/www.coaliciondelasamericas.org\/pt\/conselho-diretivo\/antonio-gomez-cavallini\/#breadcrumb"},"inLanguage":"es","potentialAction":[{"@type":"ReadAction","target":["https:\/\/www.coaliciondelasamericas.org\/pt\/conselho-diretivo\/antonio-gomez-cavallini\/"]}]},{"@type":"ImageObject","inLanguage":"es","@id":"https:\/\/www.coaliciondelasamericas.org\/pt\/conselho-diretivo\/antonio-gomez-cavallini\/#primaryimage","url":"https:\/\/www.coaliciondelasamericas.org\/pt\/wp-content\/uploads\/2024\/03\/WhatsApp-Image-2024-02-28-at-12.37.21-PM.jpeg","contentUrl":"https:\/\/www.coaliciondelasamericas.org\/pt\/wp-content\/uploads\/2024\/03\/WhatsApp-Image-2024-02-28-at-12.37.21-PM.jpeg","width":480,"height":480,"caption":"Antonio G\u00f3mez Cavallini"},{"@type":"BreadcrumbList","@id":"https:\/\/www.coaliciondelasamericas.org\/pt\/conselho-diretivo\/antonio-gomez-cavallini\/#breadcrumb","itemListElement":[{"@type":"ListItem","position":1,"name":"Portada","item":"https:\/\/www.coaliciondelasamericas.org\/pt\/"},{"@type":"ListItem","position":2,"name":"Conselho Diretivo","item":"https:\/\/www.coaliciondelasamericas.org\/pt\/conselho-diretivo\/"},{"@type":"ListItem","position":3,"name":"Antonio G\u00f3mez Cavallini"}]},{"@type":"WebSite","@id":"https:\/\/www.coaliciondelasamericas.org\/pt\/#website","url":"https:\/\/www.coaliciondelasamericas.org\/pt\/","name":"Coaliz&atilde;o das Am&eacute;ricas","description":"L&iacute;deres unidos pelo bem-estar da hemofilia","publisher":{"@id":"https:\/\/www.coaliciondelasamericas.org\/pt\/#organization"},"potentialAction":[{"@type":"SearchAction","target":{"@type":"EntryPoint","urlTemplate":"https:\/\/www.coaliciondelasamericas.org\/pt\/?s={search_term_string}"},"query-input":"required name=search_term_string"}],"inLanguage":"es"},{"@type":"Organization","@id":"https:\/\/www.coaliciondelasamericas.org\/pt\/#organization","name":"Coaliz&atilde;o das Am&eacute;ricas","url":"https:\/\/www.coaliciondelasamericas.org\/pt\/","logo":{"@type":"ImageObject","inLanguage":"es","@id":"https:\/\/www.coaliciondelasamericas.org\/pt\/#\/schema\/logo\/image\/","url":"https:\/\/www.coaliciondelasamericas.org\/pt\/wp-content\/uploads\/2023\/03\/cropped-003-Portada-portuguese3-1.png","contentUrl":"https:\/\/www.coaliciondelasamericas.org\/pt\/wp-content\/uploads\/2023\/03\/cropped-003-Portada-portuguese3-1.png","width":297,"height":128,"caption":"Coaliz&atilde;o das Am&eacute;ricas"},"image":{"@id":"https:\/\/www.coaliciondelasamericas.org\/pt\/#\/schema\/logo\/image\/"},"sameAs":["https:\/\/www.facebook.com\/coalicionamerica\/","https:\/\/x.com\/coalicionameric","https:\/\/www.instagram.com\/coaliciondelasamericas\/"]}]}},"_links":{"self":[{"href":"https:\/\/www.coaliciondelasamericas.org\/pt\/wp-json\/wp\/v2\/pages\/2233"}],"collection":[{"href":"https:\/\/www.coaliciondelasamericas.org\/pt\/wp-json\/wp\/v2\/pages"}],"about":[{"href":"https:\/\/www.coaliciondelasamericas.org\/pt\/wp-json\/wp\/v2\/types\/page"}],"author":[{"embeddable":true,"href":"https:\/\/www.coaliciondelasamericas.org\/pt\/wp-json\/wp\/v2\/users\/1"}],"replies":[{"embeddable":true,"href":"https:\/\/www.coaliciondelasamericas.org\/pt\/wp-json\/wp\/v2\/comments?post=2233"}],"version-history":[{"count":2,"href":"https:\/\/www.coaliciondelasamericas.org\/pt\/wp-json\/wp\/v2\/pages\/2233\/revisions"}],"predecessor-version":[{"id":2383,"href":"https:\/\/www.coaliciondelasamericas.org\/pt\/wp-json\/wp\/v2\/pages\/2233\/revisions\/2383"}],"up":[{"embeddable":true,"href":"https:\/\/www.coaliciondelasamericas.org\/pt\/wp-json\/wp\/v2\/pages\/1062"}],"wp:attachment":[{"href":"https:\/\/www.coaliciondelasamericas.org\/pt\/wp-json\/wp\/v2\/media?parent=2233"}],"curies":[{"name":"wp","href":"https:\/\/api.w.org\/{rel}","templated":true}]}}