{"id":2207,"date":"2024-02-24T16:06:34","date_gmt":"2024-02-24T16:06:34","guid":{"rendered":"https:\/\/www.coaliciondelasamericas.org\/pt\/?page_id=2207"},"modified":"2024-03-07T23:31:17","modified_gmt":"2024-03-07T23:31:17","slug":"mark-skinner","status":"publish","type":"page","link":"https:\/\/www.coaliciondelasamericas.org\/pt\/comites\/comite-consultivo-de-lideranca\/mark-skinner\/","title":{"rendered":"Mark Skinner"},"content":{"rendered":"\n<div class=\"wp-block-columns is-layout-flex wp-container-core-columns-is-layout-1 wp-block-columns-is-layout-flex\">\n<div class=\"wp-block-column is-layout-flow wp-block-column-is-layout-flow\">\n<p class=\"has-white-color has-text-color has-link-color wp-elements-7e4ac651328708ea719ac0894fa30934\">.<\/p>\n<\/div>\n\n\n\n<div class=\"wp-block-column is-layout-flow wp-block-column-is-layout-flow\"><\/div>\n\n\n\n<div class=\"wp-block-column is-layout-flow wp-block-column-is-layout-flow\"><\/div>\n<\/div>\n\n\n\n<div class=\"wp-block-columns is-layout-flex wp-container-core-columns-is-layout-2 wp-block-columns-is-layout-flex\">\n<div class=\"wp-block-column is-layout-flow wp-block-column-is-layout-flow\" style=\"flex-basis:33.33%\">\n<figure class=\"wp-block-image size-full\"><img decoding=\"async\" src=\"https:\/\/www.coaliciondelasamericas.org\/blog\/wp-content\/uploads\/2024\/02\/Mark-W-Skinner-2023_square.jpg\" alt=\"MARK SKINNER\" class=\"wp-image-2951\"\/><\/figure>\n<\/div>\n\n\n\n<div class=\"wp-block-column is-layout-flow wp-block-column-is-layout-flow\" style=\"flex-basis:66.66%\">\n<p><strong>MARK SKINNER<br><\/strong>Presidente e CEO<br>Instituto de Avan\u00e7o de Pol\u00edtica Ltd<br>Estados Unidos<\/p>\n\n\n\n<p>Mark Skinner, Washington, DC, \u00e9 presidente e CEO do Institute for Policy Advancement Ltd, especializado em pesquisas de resultados centradas no paciente. Ele \u00e9 professor assistente no Departamento de M\u00e9todos de Pesquisa em Sa\u00fade, Evid\u00eancias e Impacto da McMaster.<\/p>\n<\/div>\n<\/div>\n\n\n\n<div class=\"wp-block-columns is-layout-flex wp-container-core-columns-is-layout-3 wp-block-columns-is-layout-flex\">\n<div class=\"wp-block-column is-layout-flow wp-block-column-is-layout-flow\">\n<p class=\"has-white-color has-text-color has-link-color wp-elements-7e4ac651328708ea719ac0894fa30934\">.<\/p>\n<\/div>\n\n\n\n<div class=\"wp-block-column is-layout-flow wp-block-column-is-layout-flow\"><\/div>\n\n\n\n<div class=\"wp-block-column is-layout-flow wp-block-column-is-layout-flow\"><\/div>\n<\/div>\n\n\n\n<p>Anteriormente, ele liderou organiza\u00e7\u00f5es de pacientes nacionais e internacionais, incluindo a Federa\u00e7\u00e3o Mundial de Hemofilia e a Funda\u00e7\u00e3o Nacional de Hemofilia, onde atualmente atua no Conselho Consultivo M\u00e9dico e Cient\u00edfico. Ele \u00e9 o investigador principal do estudo Patient Reported Outcomes Burdens and Experiences (PROBE), um projeto de pesquisa global para melhorar a voz direta do paciente na tomada de decis\u00f5es em sa\u00fade. Ele atua em diversas fun\u00e7\u00f5es de consultoria em quest\u00f5es cr\u00edticas de fornecimento de sangue e seguran\u00e7a, inclusive atuando no Comit\u00ea Consultivo de Sa\u00fade e Servi\u00e7os Humanos dos EUA sobre Seguran\u00e7a e Disponibilidade de Sangue e Tecidos. Ele \u00e9 membro do conselho de administra\u00e7\u00e3o do Instituto de Revis\u00e3o Cl\u00ednica e Econ\u00f4mica (ICER), da Organiza\u00e7\u00e3o Nacional para Doen\u00e7as Raras (NORD) e, anteriormente, do Painel Consultivo de Doen\u00e7as Raras do Instituto de Pesquisa de Resultados Centrados no Paciente (PCORI). onde Ele foi um membro inaugural. Anteriormente, ele foi vice-presidente de programas estaduais da American Insurance Association e assistente administrativo\/chefe de gabinete do presidente da C\u00e2mara dos Representantes do Kansas. Ele \u00e9 formado em Neg\u00f3cios e Administra\u00e7\u00e3o P\u00fablica pela Kansas State University e \u00e9 Juris Doctor pela Washburn University School of Law.<\/p>\n\n\n\n<p><strong>Fuente<\/strong>: Federaci\u00f3n Mundial de Hemofilia,  <strong><a href=\"https:\/\/wfh.org\/es\/article\/speaker\/mark-skinner\/\">Ler mais \u00bb<\/a><\/strong><\/p>\n\n\n\n<hr class=\"wp-block-separator has-alpha-channel-opacity\"\/>\n\n\n\n<p><\/p>\n","protected":false},"excerpt":{"rendered":"<p>. MARK SKINNERPresidente e CEOInstituto de Avan\u00e7o de Pol\u00edtica LtdEstados Unidos Mark Skinner, Washington, DC, \u00e9 presidente e CEO do<\/p>\n","protected":false},"author":1,"featured_media":0,"parent":2164,"menu_order":10,"comment_status":"closed","ping_status":"closed","template":"","meta":{"colormag_page_container_layout":"no_sidebar_content_centered","colormag_page_sidebar_layout":"no_sidebar","_coblocks_attr":"","_coblocks_dimensions":"","_coblocks_responsive_height":"","_coblocks_accordion_ie_support":"","footnotes":""},"class_list":["post-2207","page","type-page","status-publish","hentry"],"yoast_head":"<!-- This site is optimized with the Yoast SEO plugin v22.6 - https:\/\/yoast.com\/wordpress\/plugins\/seo\/ -->\n<title>Mark Skinner - Coaliz&atilde;o das Am&eacute;ricas<\/title>\n<meta name=\"description\" content=\"Mark Skinner, Washington, DC, \u00e9 presidente e CEO do Institute for Policy Advancement Ltd, especializado em pesquisas de resultados centradas.\" \/>\n<meta name=\"robots\" content=\"index, follow, max-snippet:-1, max-image-preview:large, max-video-preview:-1\" \/>\n<link rel=\"canonical\" href=\"https:\/\/www.coaliciondelasamericas.org\/pt\/comites\/comite-consultivo-de-lideranca\/mark-skinner\/\" \/>\n<meta property=\"og:locale\" content=\"es_ES\" \/>\n<meta property=\"og:type\" content=\"article\" \/>\n<meta property=\"og:title\" content=\"Mark Skinner - Coaliz&atilde;o das Am&eacute;ricas\" \/>\n<meta property=\"og:description\" content=\"Mark Skinner, Washington, DC, \u00e9 presidente e CEO do Institute for Policy Advancement Ltd, especializado em pesquisas de resultados centradas.\" \/>\n<meta property=\"og:url\" content=\"https:\/\/www.coaliciondelasamericas.org\/pt\/comites\/comite-consultivo-de-lideranca\/mark-skinner\/\" \/>\n<meta property=\"og:site_name\" content=\"Coaliz&atilde;o das Am&eacute;ricas\" \/>\n<meta property=\"article:publisher\" content=\"https:\/\/www.facebook.com\/coalicionamerica\/\" \/>\n<meta property=\"article:modified_time\" content=\"2024-03-07T23:31:17+00:00\" \/>\n<meta property=\"og:image\" content=\"https:\/\/www.coaliciondelasamericas.org\/blog\/wp-content\/uploads\/2024\/02\/Mark-W-Skinner-2023_square.jpg\" \/>\n<meta name=\"twitter:card\" content=\"summary_large_image\" \/>\n<meta name=\"twitter:site\" content=\"@coalicionameric\" \/>\n<meta name=\"twitter:label1\" content=\"Tiempo de lectura\" \/>\n\t<meta name=\"twitter:data1\" content=\"2 minutos\" \/>\n<script type=\"application\/ld+json\" class=\"yoast-schema-graph\">{\"@context\":\"https:\/\/schema.org\",\"@graph\":[{\"@type\":\"WebPage\",\"@id\":\"https:\/\/www.coaliciondelasamericas.org\/pt\/comites\/comite-consultivo-de-lideranca\/mark-skinner\/\",\"url\":\"https:\/\/www.coaliciondelasamericas.org\/pt\/comites\/comite-consultivo-de-lideranca\/mark-skinner\/\",\"name\":\"Mark Skinner - Coaliz&atilde;o das Am&eacute;ricas\",\"isPartOf\":{\"@id\":\"https:\/\/www.coaliciondelasamericas.org\/pt\/#website\"},\"primaryImageOfPage\":{\"@id\":\"https:\/\/www.coaliciondelasamericas.org\/pt\/comites\/comite-consultivo-de-lideranca\/mark-skinner\/#primaryimage\"},\"image\":{\"@id\":\"https:\/\/www.coaliciondelasamericas.org\/pt\/comites\/comite-consultivo-de-lideranca\/mark-skinner\/#primaryimage\"},\"thumbnailUrl\":\"https:\/\/www.coaliciondelasamericas.org\/blog\/wp-content\/uploads\/2024\/02\/Mark-W-Skinner-2023_square.jpg\",\"datePublished\":\"2024-02-24T16:06:34+00:00\",\"dateModified\":\"2024-03-07T23:31:17+00:00\",\"description\":\"Mark Skinner, Washington, DC, \u00e9 presidente e CEO do Institute for Policy Advancement Ltd, especializado em pesquisas de resultados centradas.\",\"breadcrumb\":{\"@id\":\"https:\/\/www.coaliciondelasamericas.org\/pt\/comites\/comite-consultivo-de-lideranca\/mark-skinner\/#breadcrumb\"},\"inLanguage\":\"es\",\"potentialAction\":[{\"@type\":\"ReadAction\",\"target\":[\"https:\/\/www.coaliciondelasamericas.org\/pt\/comites\/comite-consultivo-de-lideranca\/mark-skinner\/\"]}]},{\"@type\":\"ImageObject\",\"inLanguage\":\"es\",\"@id\":\"https:\/\/www.coaliciondelasamericas.org\/pt\/comites\/comite-consultivo-de-lideranca\/mark-skinner\/#primaryimage\",\"url\":\"https:\/\/www.coaliciondelasamericas.org\/blog\/wp-content\/uploads\/2024\/02\/Mark-W-Skinner-2023_square.jpg\",\"contentUrl\":\"https:\/\/www.coaliciondelasamericas.org\/blog\/wp-content\/uploads\/2024\/02\/Mark-W-Skinner-2023_square.jpg\"},{\"@type\":\"BreadcrumbList\",\"@id\":\"https:\/\/www.coaliciondelasamericas.org\/pt\/comites\/comite-consultivo-de-lideranca\/mark-skinner\/#breadcrumb\",\"itemListElement\":[{\"@type\":\"ListItem\",\"position\":1,\"name\":\"Portada\",\"item\":\"https:\/\/www.coaliciondelasamericas.org\/pt\/\"},{\"@type\":\"ListItem\",\"position\":2,\"name\":\"Comit\u00eas\",\"item\":\"https:\/\/www.coaliciondelasamericas.org\/pt\/comites\/\"},{\"@type\":\"ListItem\",\"position\":3,\"name\":\"Comit\u00ea Consultivo de Lideran\u00e7a\",\"item\":\"https:\/\/www.coaliciondelasamericas.org\/pt\/comites\/comite-consultivo-de-lideranca\/\"},{\"@type\":\"ListItem\",\"position\":4,\"name\":\"Mark Skinner\"}]},{\"@type\":\"WebSite\",\"@id\":\"https:\/\/www.coaliciondelasamericas.org\/pt\/#website\",\"url\":\"https:\/\/www.coaliciondelasamericas.org\/pt\/\",\"name\":\"Coaliz&atilde;o das Am&eacute;ricas\",\"description\":\"L&iacute;deres unidos pelo bem-estar da hemofilia\",\"publisher\":{\"@id\":\"https:\/\/www.coaliciondelasamericas.org\/pt\/#organization\"},\"potentialAction\":[{\"@type\":\"SearchAction\",\"target\":{\"@type\":\"EntryPoint\",\"urlTemplate\":\"https:\/\/www.coaliciondelasamericas.org\/pt\/?s={search_term_string}\"},\"query-input\":\"required name=search_term_string\"}],\"inLanguage\":\"es\"},{\"@type\":\"Organization\",\"@id\":\"https:\/\/www.coaliciondelasamericas.org\/pt\/#organization\",\"name\":\"Coaliz&atilde;o das Am&eacute;ricas\",\"url\":\"https:\/\/www.coaliciondelasamericas.org\/pt\/\",\"logo\":{\"@type\":\"ImageObject\",\"inLanguage\":\"es\",\"@id\":\"https:\/\/www.coaliciondelasamericas.org\/pt\/#\/schema\/logo\/image\/\",\"url\":\"https:\/\/www.coaliciondelasamericas.org\/pt\/wp-content\/uploads\/2023\/03\/cropped-003-Portada-portuguese3-1.png\",\"contentUrl\":\"https:\/\/www.coaliciondelasamericas.org\/pt\/wp-content\/uploads\/2023\/03\/cropped-003-Portada-portuguese3-1.png\",\"width\":297,\"height\":128,\"caption\":\"Coaliz&atilde;o das Am&eacute;ricas\"},\"image\":{\"@id\":\"https:\/\/www.coaliciondelasamericas.org\/pt\/#\/schema\/logo\/image\/\"},\"sameAs\":[\"https:\/\/www.facebook.com\/coalicionamerica\/\",\"https:\/\/x.com\/coalicionameric\",\"https:\/\/www.instagram.com\/coaliciondelasamericas\/\"]}]}<\/script>\n<!-- \/ Yoast SEO plugin. -->","yoast_head_json":{"title":"Mark Skinner - Coaliz&atilde;o das Am&eacute;ricas","description":"Mark Skinner, Washington, DC, \u00e9 presidente e CEO do Institute for Policy Advancement Ltd, especializado em pesquisas de resultados centradas.","robots":{"index":"index","follow":"follow","max-snippet":"max-snippet:-1","max-image-preview":"max-image-preview:large","max-video-preview":"max-video-preview:-1"},"canonical":"https:\/\/www.coaliciondelasamericas.org\/pt\/comites\/comite-consultivo-de-lideranca\/mark-skinner\/","og_locale":"es_ES","og_type":"article","og_title":"Mark Skinner - Coaliz&atilde;o das Am&eacute;ricas","og_description":"Mark Skinner, Washington, DC, \u00e9 presidente e CEO do Institute for Policy Advancement Ltd, especializado em pesquisas de resultados centradas.","og_url":"https:\/\/www.coaliciondelasamericas.org\/pt\/comites\/comite-consultivo-de-lideranca\/mark-skinner\/","og_site_name":"Coaliz&atilde;o das Am&eacute;ricas","article_publisher":"https:\/\/www.facebook.com\/coalicionamerica\/","article_modified_time":"2024-03-07T23:31:17+00:00","og_image":[{"url":"https:\/\/www.coaliciondelasamericas.org\/blog\/wp-content\/uploads\/2024\/02\/Mark-W-Skinner-2023_square.jpg"}],"twitter_card":"summary_large_image","twitter_site":"@coalicionameric","twitter_misc":{"Tiempo de lectura":"2 minutos"},"schema":{"@context":"https:\/\/schema.org","@graph":[{"@type":"WebPage","@id":"https:\/\/www.coaliciondelasamericas.org\/pt\/comites\/comite-consultivo-de-lideranca\/mark-skinner\/","url":"https:\/\/www.coaliciondelasamericas.org\/pt\/comites\/comite-consultivo-de-lideranca\/mark-skinner\/","name":"Mark Skinner - Coaliz&atilde;o das Am&eacute;ricas","isPartOf":{"@id":"https:\/\/www.coaliciondelasamericas.org\/pt\/#website"},"primaryImageOfPage":{"@id":"https:\/\/www.coaliciondelasamericas.org\/pt\/comites\/comite-consultivo-de-lideranca\/mark-skinner\/#primaryimage"},"image":{"@id":"https:\/\/www.coaliciondelasamericas.org\/pt\/comites\/comite-consultivo-de-lideranca\/mark-skinner\/#primaryimage"},"thumbnailUrl":"https:\/\/www.coaliciondelasamericas.org\/blog\/wp-content\/uploads\/2024\/02\/Mark-W-Skinner-2023_square.jpg","datePublished":"2024-02-24T16:06:34+00:00","dateModified":"2024-03-07T23:31:17+00:00","description":"Mark Skinner, Washington, DC, \u00e9 presidente e CEO do Institute for Policy Advancement Ltd, especializado em pesquisas de resultados centradas.","breadcrumb":{"@id":"https:\/\/www.coaliciondelasamericas.org\/pt\/comites\/comite-consultivo-de-lideranca\/mark-skinner\/#breadcrumb"},"inLanguage":"es","potentialAction":[{"@type":"ReadAction","target":["https:\/\/www.coaliciondelasamericas.org\/pt\/comites\/comite-consultivo-de-lideranca\/mark-skinner\/"]}]},{"@type":"ImageObject","inLanguage":"es","@id":"https:\/\/www.coaliciondelasamericas.org\/pt\/comites\/comite-consultivo-de-lideranca\/mark-skinner\/#primaryimage","url":"https:\/\/www.coaliciondelasamericas.org\/blog\/wp-content\/uploads\/2024\/02\/Mark-W-Skinner-2023_square.jpg","contentUrl":"https:\/\/www.coaliciondelasamericas.org\/blog\/wp-content\/uploads\/2024\/02\/Mark-W-Skinner-2023_square.jpg"},{"@type":"BreadcrumbList","@id":"https:\/\/www.coaliciondelasamericas.org\/pt\/comites\/comite-consultivo-de-lideranca\/mark-skinner\/#breadcrumb","itemListElement":[{"@type":"ListItem","position":1,"name":"Portada","item":"https:\/\/www.coaliciondelasamericas.org\/pt\/"},{"@type":"ListItem","position":2,"name":"Comit\u00eas","item":"https:\/\/www.coaliciondelasamericas.org\/pt\/comites\/"},{"@type":"ListItem","position":3,"name":"Comit\u00ea Consultivo de Lideran\u00e7a","item":"https:\/\/www.coaliciondelasamericas.org\/pt\/comites\/comite-consultivo-de-lideranca\/"},{"@type":"ListItem","position":4,"name":"Mark Skinner"}]},{"@type":"WebSite","@id":"https:\/\/www.coaliciondelasamericas.org\/pt\/#website","url":"https:\/\/www.coaliciondelasamericas.org\/pt\/","name":"Coaliz&atilde;o das Am&eacute;ricas","description":"L&iacute;deres unidos pelo bem-estar da hemofilia","publisher":{"@id":"https:\/\/www.coaliciondelasamericas.org\/pt\/#organization"},"potentialAction":[{"@type":"SearchAction","target":{"@type":"EntryPoint","urlTemplate":"https:\/\/www.coaliciondelasamericas.org\/pt\/?s={search_term_string}"},"query-input":"required name=search_term_string"}],"inLanguage":"es"},{"@type":"Organization","@id":"https:\/\/www.coaliciondelasamericas.org\/pt\/#organization","name":"Coaliz&atilde;o das Am&eacute;ricas","url":"https:\/\/www.coaliciondelasamericas.org\/pt\/","logo":{"@type":"ImageObject","inLanguage":"es","@id":"https:\/\/www.coaliciondelasamericas.org\/pt\/#\/schema\/logo\/image\/","url":"https:\/\/www.coaliciondelasamericas.org\/pt\/wp-content\/uploads\/2023\/03\/cropped-003-Portada-portuguese3-1.png","contentUrl":"https:\/\/www.coaliciondelasamericas.org\/pt\/wp-content\/uploads\/2023\/03\/cropped-003-Portada-portuguese3-1.png","width":297,"height":128,"caption":"Coaliz&atilde;o das Am&eacute;ricas"},"image":{"@id":"https:\/\/www.coaliciondelasamericas.org\/pt\/#\/schema\/logo\/image\/"},"sameAs":["https:\/\/www.facebook.com\/coalicionamerica\/","https:\/\/x.com\/coalicionameric","https:\/\/www.instagram.com\/coaliciondelasamericas\/"]}]}},"_links":{"self":[{"href":"https:\/\/www.coaliciondelasamericas.org\/pt\/wp-json\/wp\/v2\/pages\/2207"}],"collection":[{"href":"https:\/\/www.coaliciondelasamericas.org\/pt\/wp-json\/wp\/v2\/pages"}],"about":[{"href":"https:\/\/www.coaliciondelasamericas.org\/pt\/wp-json\/wp\/v2\/types\/page"}],"author":[{"embeddable":true,"href":"https:\/\/www.coaliciondelasamericas.org\/pt\/wp-json\/wp\/v2\/users\/1"}],"replies":[{"embeddable":true,"href":"https:\/\/www.coaliciondelasamericas.org\/pt\/wp-json\/wp\/v2\/comments?post=2207"}],"version-history":[{"count":1,"href":"https:\/\/www.coaliciondelasamericas.org\/pt\/wp-json\/wp\/v2\/pages\/2207\/revisions"}],"predecessor-version":[{"id":2208,"href":"https:\/\/www.coaliciondelasamericas.org\/pt\/wp-json\/wp\/v2\/pages\/2207\/revisions\/2208"}],"up":[{"embeddable":true,"href":"https:\/\/www.coaliciondelasamericas.org\/pt\/wp-json\/wp\/v2\/pages\/2164"}],"wp:attachment":[{"href":"https:\/\/www.coaliciondelasamericas.org\/pt\/wp-json\/wp\/v2\/media?parent=2207"}],"curies":[{"name":"wp","href":"https:\/\/api.w.org\/{rel}","templated":true}]}}