{"id":2198,"date":"2024-02-24T15:25:11","date_gmt":"2024-02-24T15:25:11","guid":{"rendered":"https:\/\/www.coaliciondelasamericas.org\/pt\/?page_id=2198"},"modified":"2024-03-07T23:29:47","modified_gmt":"2024-03-07T23:29:47","slug":"dawn-rotellini","status":"publish","type":"page","link":"https:\/\/www.coaliciondelasamericas.org\/pt\/comites\/comite-consultivo-de-lideranca\/dawn-rotellini\/","title":{"rendered":"Dawn Rotellini"},"content":{"rendered":"\n<div class=\"wp-block-columns is-layout-flex wp-container-core-columns-is-layout-1 wp-block-columns-is-layout-flex\">\n<div class=\"wp-block-column is-layout-flow wp-block-column-is-layout-flow\"><\/div>\n\n\n\n<div class=\"wp-block-column is-layout-flow wp-block-column-is-layout-flow\">\n<p class=\"has-white-color has-text-color has-link-color wp-elements-7e4ac651328708ea719ac0894fa30934\">.<\/p>\n<\/div>\n\n\n\n<div class=\"wp-block-column is-layout-flow wp-block-column-is-layout-flow\"><\/div>\n<\/div>\n\n\n\n<div class=\"wp-block-columns is-layout-flex wp-container-core-columns-is-layout-2 wp-block-columns-is-layout-flex\">\n<div class=\"wp-block-column is-layout-flow wp-block-column-is-layout-flow\" style=\"flex-basis:33.33%\">\n<figure class=\"wp-block-image size-full\"><img decoding=\"async\" src=\"https:\/\/www.coaliciondelasamericas.org\/blog\/wp-content\/uploads\/2024\/02\/Rotellini-Dawn.jpg\" alt=\"DAWN ROTELLINI\" class=\"wp-image-2945\"\/><\/figure>\n<\/div>\n\n\n\n<div class=\"wp-block-column is-layout-flow wp-block-column-is-layout-flow\" style=\"flex-basis:66.66%\">\n<p><strong>DAWN ROTELLINI<\/strong><br>Diretor de opera\u00e7\u00f5es<br>Funda\u00e7\u00e3o Nacional de Dist\u00farbios Hemorr\u00e1gicos<br>Gibsonia, Estados Unidos<\/p>\n\n\n\n<p>Dawn \u00e9 l\u00edder na comunidade de dist\u00farbios hemorr\u00e1gicos h\u00e1 muitos anos. Como m\u00e3e de um filho com hemofilia, ela fundou a Associa\u00e7\u00e3o de Hemofilia e Dist\u00farbios Hemorr\u00e1gicos das Montanhas Rochosas em Bozeman, Montana, atuou como Diretora Executiva e iniciou seu Acampamento Familiar.<\/p>\n<\/div>\n<\/div>\n\n\n\n<p class=\"has-white-color has-text-color has-link-color wp-elements-7e4ac651328708ea719ac0894fa30934\">.<\/p>\n\n\n\n<p>Depois de se mudar para Pittsburgh, Pensilv\u00e2nia, ela atuou como membro do conselho do Centro de Hemofilia do Oeste da Pensilv\u00e2nia por seis anos e depois como Diretora Executiva do Cap\u00edtulo do Oeste da Pensilv\u00e2nia. Ela trabalhou na Funda\u00e7\u00e3o Nacional de Dist\u00farbios Hemorr\u00e1gicos (antiga Funda\u00e7\u00e3o Nacional de Hemofilia) por 14 anos, atuando como diretora de opera\u00e7\u00f5es. Dawn atua no Conselho de Administra\u00e7\u00e3o da Federa\u00e7\u00e3o Mundial de Hemofilia e da Federa\u00e7\u00e3o Mundial de Hemofilia dos EUA. Dawn orgulhosamente preside os comit\u00eas g\u00eameos de mulheres e meninas com dist\u00farbios hemorr\u00e1gicos e a organiza\u00e7\u00e3o de hemofilia da WFH. Ele \u00e9 bacharel em Ci\u00eancias pela Montana State University em Bozeman.<\/p>\n\n\n\n<p><strong>Fuente<\/strong>: Federaci\u00f3n Mundial de Hemofilia, <strong><a href=\"https:\/\/wfh.org\/es\/article\/speaker\/dawn-rotellini-3\/\" target=\"_blank\" rel=\"noreferrer noopener\">Ler mais \u00bb<\/a><\/strong><\/p>\n","protected":false},"excerpt":{"rendered":"<p>. DAWN ROTELLINIDiretor de opera\u00e7\u00f5esFunda\u00e7\u00e3o Nacional de Dist\u00farbios Hemorr\u00e1gicosGibsonia, Estados Unidos Dawn \u00e9 l\u00edder na comunidade de dist\u00farbios hemorr\u00e1gicos h\u00e1<\/p>\n","protected":false},"author":1,"featured_media":0,"parent":2164,"menu_order":8,"comment_status":"closed","ping_status":"closed","template":"","meta":{"colormag_page_container_layout":"no_sidebar_content_centered","colormag_page_sidebar_layout":"no_sidebar","_coblocks_attr":"","_coblocks_dimensions":"","_coblocks_responsive_height":"","_coblocks_accordion_ie_support":"","footnotes":""},"class_list":["post-2198","page","type-page","status-publish","hentry"],"yoast_head":"<!-- This site is optimized with the Yoast SEO plugin v22.6 - https:\/\/yoast.com\/wordpress\/plugins\/seo\/ -->\n<title>Dawn Rotellini - Coaliz&atilde;o das Am&eacute;ricas<\/title>\n<meta name=\"description\" content=\"Dawn \u00e9 l\u00edder na comunidade de dist\u00farbios hemorr\u00e1gicos h\u00e1 muitos anos. Como m\u00e3e de um filho com hemofilia, fundou a Associa\u00e7\u00e3o de Hemofilia\" \/>\n<meta name=\"robots\" content=\"index, follow, max-snippet:-1, max-image-preview:large, max-video-preview:-1\" \/>\n<link rel=\"canonical\" href=\"https:\/\/www.coaliciondelasamericas.org\/pt\/comites\/comite-consultivo-de-lideranca\/dawn-rotellini\/\" \/>\n<meta property=\"og:locale\" content=\"es_ES\" \/>\n<meta property=\"og:type\" content=\"article\" \/>\n<meta property=\"og:title\" content=\"Dawn Rotellini - Coaliz&atilde;o das Am&eacute;ricas\" \/>\n<meta property=\"og:description\" content=\"Dawn \u00e9 l\u00edder na comunidade de dist\u00farbios hemorr\u00e1gicos h\u00e1 muitos anos. Como m\u00e3e de um filho com hemofilia, fundou a Associa\u00e7\u00e3o de Hemofilia\" \/>\n<meta property=\"og:url\" content=\"https:\/\/www.coaliciondelasamericas.org\/pt\/comites\/comite-consultivo-de-lideranca\/dawn-rotellini\/\" \/>\n<meta property=\"og:site_name\" content=\"Coaliz&atilde;o das Am&eacute;ricas\" \/>\n<meta property=\"article:publisher\" content=\"https:\/\/www.facebook.com\/coalicionamerica\/\" \/>\n<meta property=\"article:modified_time\" content=\"2024-03-07T23:29:47+00:00\" \/>\n<meta property=\"og:image\" content=\"https:\/\/www.coaliciondelasamericas.org\/blog\/wp-content\/uploads\/2024\/02\/Rotellini-Dawn.jpg\" \/>\n<meta name=\"twitter:card\" content=\"summary_large_image\" \/>\n<meta name=\"twitter:site\" content=\"@coalicionameric\" \/>\n<meta name=\"twitter:label1\" content=\"Tiempo de lectura\" \/>\n\t<meta name=\"twitter:data1\" content=\"1 minuto\" \/>\n<script type=\"application\/ld+json\" class=\"yoast-schema-graph\">{\"@context\":\"https:\/\/schema.org\",\"@graph\":[{\"@type\":\"WebPage\",\"@id\":\"https:\/\/www.coaliciondelasamericas.org\/pt\/comites\/comite-consultivo-de-lideranca\/dawn-rotellini\/\",\"url\":\"https:\/\/www.coaliciondelasamericas.org\/pt\/comites\/comite-consultivo-de-lideranca\/dawn-rotellini\/\",\"name\":\"Dawn Rotellini - Coaliz&atilde;o das Am&eacute;ricas\",\"isPartOf\":{\"@id\":\"https:\/\/www.coaliciondelasamericas.org\/pt\/#website\"},\"primaryImageOfPage\":{\"@id\":\"https:\/\/www.coaliciondelasamericas.org\/pt\/comites\/comite-consultivo-de-lideranca\/dawn-rotellini\/#primaryimage\"},\"image\":{\"@id\":\"https:\/\/www.coaliciondelasamericas.org\/pt\/comites\/comite-consultivo-de-lideranca\/dawn-rotellini\/#primaryimage\"},\"thumbnailUrl\":\"https:\/\/www.coaliciondelasamericas.org\/blog\/wp-content\/uploads\/2024\/02\/Rotellini-Dawn.jpg\",\"datePublished\":\"2024-02-24T15:25:11+00:00\",\"dateModified\":\"2024-03-07T23:29:47+00:00\",\"description\":\"Dawn \u00e9 l\u00edder na comunidade de dist\u00farbios hemorr\u00e1gicos h\u00e1 muitos anos. Como m\u00e3e de um filho com hemofilia, fundou a Associa\u00e7\u00e3o de Hemofilia\",\"breadcrumb\":{\"@id\":\"https:\/\/www.coaliciondelasamericas.org\/pt\/comites\/comite-consultivo-de-lideranca\/dawn-rotellini\/#breadcrumb\"},\"inLanguage\":\"es\",\"potentialAction\":[{\"@type\":\"ReadAction\",\"target\":[\"https:\/\/www.coaliciondelasamericas.org\/pt\/comites\/comite-consultivo-de-lideranca\/dawn-rotellini\/\"]}]},{\"@type\":\"ImageObject\",\"inLanguage\":\"es\",\"@id\":\"https:\/\/www.coaliciondelasamericas.org\/pt\/comites\/comite-consultivo-de-lideranca\/dawn-rotellini\/#primaryimage\",\"url\":\"https:\/\/www.coaliciondelasamericas.org\/blog\/wp-content\/uploads\/2024\/02\/Rotellini-Dawn.jpg\",\"contentUrl\":\"https:\/\/www.coaliciondelasamericas.org\/blog\/wp-content\/uploads\/2024\/02\/Rotellini-Dawn.jpg\"},{\"@type\":\"BreadcrumbList\",\"@id\":\"https:\/\/www.coaliciondelasamericas.org\/pt\/comites\/comite-consultivo-de-lideranca\/dawn-rotellini\/#breadcrumb\",\"itemListElement\":[{\"@type\":\"ListItem\",\"position\":1,\"name\":\"Portada\",\"item\":\"https:\/\/www.coaliciondelasamericas.org\/pt\/\"},{\"@type\":\"ListItem\",\"position\":2,\"name\":\"Comit\u00eas\",\"item\":\"https:\/\/www.coaliciondelasamericas.org\/pt\/comites\/\"},{\"@type\":\"ListItem\",\"position\":3,\"name\":\"Comit\u00ea Consultivo de Lideran\u00e7a\",\"item\":\"https:\/\/www.coaliciondelasamericas.org\/pt\/comites\/comite-consultivo-de-lideranca\/\"},{\"@type\":\"ListItem\",\"position\":4,\"name\":\"Dawn Rotellini\"}]},{\"@type\":\"WebSite\",\"@id\":\"https:\/\/www.coaliciondelasamericas.org\/pt\/#website\",\"url\":\"https:\/\/www.coaliciondelasamericas.org\/pt\/\",\"name\":\"Coaliz&atilde;o das Am&eacute;ricas\",\"description\":\"L&iacute;deres unidos pelo bem-estar da hemofilia\",\"publisher\":{\"@id\":\"https:\/\/www.coaliciondelasamericas.org\/pt\/#organization\"},\"potentialAction\":[{\"@type\":\"SearchAction\",\"target\":{\"@type\":\"EntryPoint\",\"urlTemplate\":\"https:\/\/www.coaliciondelasamericas.org\/pt\/?s={search_term_string}\"},\"query-input\":\"required name=search_term_string\"}],\"inLanguage\":\"es\"},{\"@type\":\"Organization\",\"@id\":\"https:\/\/www.coaliciondelasamericas.org\/pt\/#organization\",\"name\":\"Coaliz&atilde;o das Am&eacute;ricas\",\"url\":\"https:\/\/www.coaliciondelasamericas.org\/pt\/\",\"logo\":{\"@type\":\"ImageObject\",\"inLanguage\":\"es\",\"@id\":\"https:\/\/www.coaliciondelasamericas.org\/pt\/#\/schema\/logo\/image\/\",\"url\":\"https:\/\/www.coaliciondelasamericas.org\/pt\/wp-content\/uploads\/2023\/03\/cropped-003-Portada-portuguese3-1.png\",\"contentUrl\":\"https:\/\/www.coaliciondelasamericas.org\/pt\/wp-content\/uploads\/2023\/03\/cropped-003-Portada-portuguese3-1.png\",\"width\":297,\"height\":128,\"caption\":\"Coaliz&atilde;o das Am&eacute;ricas\"},\"image\":{\"@id\":\"https:\/\/www.coaliciondelasamericas.org\/pt\/#\/schema\/logo\/image\/\"},\"sameAs\":[\"https:\/\/www.facebook.com\/coalicionamerica\/\",\"https:\/\/x.com\/coalicionameric\",\"https:\/\/www.instagram.com\/coaliciondelasamericas\/\"]}]}<\/script>\n<!-- \/ Yoast SEO plugin. -->","yoast_head_json":{"title":"Dawn Rotellini - Coaliz&atilde;o das Am&eacute;ricas","description":"Dawn \u00e9 l\u00edder na comunidade de dist\u00farbios hemorr\u00e1gicos h\u00e1 muitos anos. Como m\u00e3e de um filho com hemofilia, fundou a Associa\u00e7\u00e3o de Hemofilia","robots":{"index":"index","follow":"follow","max-snippet":"max-snippet:-1","max-image-preview":"max-image-preview:large","max-video-preview":"max-video-preview:-1"},"canonical":"https:\/\/www.coaliciondelasamericas.org\/pt\/comites\/comite-consultivo-de-lideranca\/dawn-rotellini\/","og_locale":"es_ES","og_type":"article","og_title":"Dawn Rotellini - Coaliz&atilde;o das Am&eacute;ricas","og_description":"Dawn \u00e9 l\u00edder na comunidade de dist\u00farbios hemorr\u00e1gicos h\u00e1 muitos anos. Como m\u00e3e de um filho com hemofilia, fundou a Associa\u00e7\u00e3o de Hemofilia","og_url":"https:\/\/www.coaliciondelasamericas.org\/pt\/comites\/comite-consultivo-de-lideranca\/dawn-rotellini\/","og_site_name":"Coaliz&atilde;o das Am&eacute;ricas","article_publisher":"https:\/\/www.facebook.com\/coalicionamerica\/","article_modified_time":"2024-03-07T23:29:47+00:00","og_image":[{"url":"https:\/\/www.coaliciondelasamericas.org\/blog\/wp-content\/uploads\/2024\/02\/Rotellini-Dawn.jpg"}],"twitter_card":"summary_large_image","twitter_site":"@coalicionameric","twitter_misc":{"Tiempo de lectura":"1 minuto"},"schema":{"@context":"https:\/\/schema.org","@graph":[{"@type":"WebPage","@id":"https:\/\/www.coaliciondelasamericas.org\/pt\/comites\/comite-consultivo-de-lideranca\/dawn-rotellini\/","url":"https:\/\/www.coaliciondelasamericas.org\/pt\/comites\/comite-consultivo-de-lideranca\/dawn-rotellini\/","name":"Dawn Rotellini - Coaliz&atilde;o das Am&eacute;ricas","isPartOf":{"@id":"https:\/\/www.coaliciondelasamericas.org\/pt\/#website"},"primaryImageOfPage":{"@id":"https:\/\/www.coaliciondelasamericas.org\/pt\/comites\/comite-consultivo-de-lideranca\/dawn-rotellini\/#primaryimage"},"image":{"@id":"https:\/\/www.coaliciondelasamericas.org\/pt\/comites\/comite-consultivo-de-lideranca\/dawn-rotellini\/#primaryimage"},"thumbnailUrl":"https:\/\/www.coaliciondelasamericas.org\/blog\/wp-content\/uploads\/2024\/02\/Rotellini-Dawn.jpg","datePublished":"2024-02-24T15:25:11+00:00","dateModified":"2024-03-07T23:29:47+00:00","description":"Dawn \u00e9 l\u00edder na comunidade de dist\u00farbios hemorr\u00e1gicos h\u00e1 muitos anos. Como m\u00e3e de um filho com hemofilia, fundou a Associa\u00e7\u00e3o de Hemofilia","breadcrumb":{"@id":"https:\/\/www.coaliciondelasamericas.org\/pt\/comites\/comite-consultivo-de-lideranca\/dawn-rotellini\/#breadcrumb"},"inLanguage":"es","potentialAction":[{"@type":"ReadAction","target":["https:\/\/www.coaliciondelasamericas.org\/pt\/comites\/comite-consultivo-de-lideranca\/dawn-rotellini\/"]}]},{"@type":"ImageObject","inLanguage":"es","@id":"https:\/\/www.coaliciondelasamericas.org\/pt\/comites\/comite-consultivo-de-lideranca\/dawn-rotellini\/#primaryimage","url":"https:\/\/www.coaliciondelasamericas.org\/blog\/wp-content\/uploads\/2024\/02\/Rotellini-Dawn.jpg","contentUrl":"https:\/\/www.coaliciondelasamericas.org\/blog\/wp-content\/uploads\/2024\/02\/Rotellini-Dawn.jpg"},{"@type":"BreadcrumbList","@id":"https:\/\/www.coaliciondelasamericas.org\/pt\/comites\/comite-consultivo-de-lideranca\/dawn-rotellini\/#breadcrumb","itemListElement":[{"@type":"ListItem","position":1,"name":"Portada","item":"https:\/\/www.coaliciondelasamericas.org\/pt\/"},{"@type":"ListItem","position":2,"name":"Comit\u00eas","item":"https:\/\/www.coaliciondelasamericas.org\/pt\/comites\/"},{"@type":"ListItem","position":3,"name":"Comit\u00ea Consultivo de Lideran\u00e7a","item":"https:\/\/www.coaliciondelasamericas.org\/pt\/comites\/comite-consultivo-de-lideranca\/"},{"@type":"ListItem","position":4,"name":"Dawn Rotellini"}]},{"@type":"WebSite","@id":"https:\/\/www.coaliciondelasamericas.org\/pt\/#website","url":"https:\/\/www.coaliciondelasamericas.org\/pt\/","name":"Coaliz&atilde;o das Am&eacute;ricas","description":"L&iacute;deres unidos pelo bem-estar da hemofilia","publisher":{"@id":"https:\/\/www.coaliciondelasamericas.org\/pt\/#organization"},"potentialAction":[{"@type":"SearchAction","target":{"@type":"EntryPoint","urlTemplate":"https:\/\/www.coaliciondelasamericas.org\/pt\/?s={search_term_string}"},"query-input":"required name=search_term_string"}],"inLanguage":"es"},{"@type":"Organization","@id":"https:\/\/www.coaliciondelasamericas.org\/pt\/#organization","name":"Coaliz&atilde;o das Am&eacute;ricas","url":"https:\/\/www.coaliciondelasamericas.org\/pt\/","logo":{"@type":"ImageObject","inLanguage":"es","@id":"https:\/\/www.coaliciondelasamericas.org\/pt\/#\/schema\/logo\/image\/","url":"https:\/\/www.coaliciondelasamericas.org\/pt\/wp-content\/uploads\/2023\/03\/cropped-003-Portada-portuguese3-1.png","contentUrl":"https:\/\/www.coaliciondelasamericas.org\/pt\/wp-content\/uploads\/2023\/03\/cropped-003-Portada-portuguese3-1.png","width":297,"height":128,"caption":"Coaliz&atilde;o das Am&eacute;ricas"},"image":{"@id":"https:\/\/www.coaliciondelasamericas.org\/pt\/#\/schema\/logo\/image\/"},"sameAs":["https:\/\/www.facebook.com\/coalicionamerica\/","https:\/\/x.com\/coalicionameric","https:\/\/www.instagram.com\/coaliciondelasamericas\/"]}]}},"_links":{"self":[{"href":"https:\/\/www.coaliciondelasamericas.org\/pt\/wp-json\/wp\/v2\/pages\/2198"}],"collection":[{"href":"https:\/\/www.coaliciondelasamericas.org\/pt\/wp-json\/wp\/v2\/pages"}],"about":[{"href":"https:\/\/www.coaliciondelasamericas.org\/pt\/wp-json\/wp\/v2\/types\/page"}],"author":[{"embeddable":true,"href":"https:\/\/www.coaliciondelasamericas.org\/pt\/wp-json\/wp\/v2\/users\/1"}],"replies":[{"embeddable":true,"href":"https:\/\/www.coaliciondelasamericas.org\/pt\/wp-json\/wp\/v2\/comments?post=2198"}],"version-history":[{"count":2,"href":"https:\/\/www.coaliciondelasamericas.org\/pt\/wp-json\/wp\/v2\/pages\/2198\/revisions"}],"predecessor-version":[{"id":2201,"href":"https:\/\/www.coaliciondelasamericas.org\/pt\/wp-json\/wp\/v2\/pages\/2198\/revisions\/2201"}],"up":[{"embeddable":true,"href":"https:\/\/www.coaliciondelasamericas.org\/pt\/wp-json\/wp\/v2\/pages\/2164"}],"wp:attachment":[{"href":"https:\/\/www.coaliciondelasamericas.org\/pt\/wp-json\/wp\/v2\/media?parent=2198"}],"curies":[{"name":"wp","href":"https:\/\/api.w.org\/{rel}","templated":true}]}}