{"id":2196,"date":"2024-02-24T15:20:07","date_gmt":"2024-02-24T15:20:07","guid":{"rendered":"https:\/\/www.coaliciondelasamericas.org\/pt\/?page_id=2196"},"modified":"2024-03-07T23:29:32","modified_gmt":"2024-03-07T23:29:32","slug":"cesar-garrido-d","status":"publish","type":"page","link":"https:\/\/www.coaliciondelasamericas.org\/pt\/comites\/comite-consultivo-de-lideranca\/cesar-garrido-d\/","title":{"rendered":"Cesar Garrido D"},"content":{"rendered":"\n<div class=\"wp-block-columns is-layout-flex wp-container-core-columns-is-layout-1 wp-block-columns-is-layout-flex\">\n<div class=\"wp-block-column is-layout-flow wp-block-column-is-layout-flow\"><\/div>\n\n\n\n<div class=\"wp-block-column is-layout-flow wp-block-column-is-layout-flow\">\n<p class=\"has-white-color has-text-color has-link-color wp-elements-7e4ac651328708ea719ac0894fa30934\">.<\/p>\n<\/div>\n\n\n\n<div class=\"wp-block-column is-layout-flow wp-block-column-is-layout-flow\"><\/div>\n<\/div>\n\n\n\n<div class=\"wp-block-columns is-layout-flex wp-container-core-columns-is-layout-2 wp-block-columns-is-layout-flex\">\n<div class=\"wp-block-column is-layout-flow wp-block-column-is-layout-flow\" style=\"flex-basis:33.33%\">\n<figure class=\"wp-block-image size-medium\"><img decoding=\"async\" src=\"https:\/\/www.coaliciondelasamericas.org\/blog\/wp-content\/uploads\/2024\/02\/Cesar-Garrido-300x300.jpg\" alt=\"Cesar Garrido \" class=\"wp-image-2942\"\/><\/figure>\n<\/div>\n\n\n\n<div class=\"wp-block-column is-layout-flow wp-block-column-is-layout-flow\" style=\"flex-basis:66.66%\">\n<p><strong>CESAR GARRIDO D<\/strong><br>Presidente<br>Federa\u00e7\u00e3o Mundial de Hemofilia<br>Caracas Venezuela<\/p>\n\n\n\n<p>O presidente da Federa\u00e7\u00e3o Mundial de Hemofilia, C\u00e9sar Garrido, nasceu em Caracas, Venezuela. Ele tem dois filhos, um dos quais tem hemofilia A, o que o levou a se tornar um membro comprometido da comunidade de dist\u00farbios hemorr\u00e1gicos, um compromisso que come\u00e7ou h\u00e1 mais de duas d\u00e9cadas.<\/p>\n<\/div>\n<\/div>\n\n\n\n<p class=\"has-white-color has-text-color has-link-color wp-elements-7e4ac651328708ea719ac0894fa30934\">.<\/p>\n\n\n\n<p>Em 1996, Garrido tornou-se membro da Associa\u00e7\u00e3o Venezuelana de Hemofilia (AVH). Ocupou v\u00e1rios cargos naquela organiza\u00e7\u00e3o, incluindo membro do Conselho de Administra\u00e7\u00e3o e Tesoureiro e Gerente de Projetos. Na AVH, ele tem sido um membro-chave de v\u00e1rios esfor\u00e7os, incluindo a cria\u00e7\u00e3o de novos laborat\u00f3rios de diagn\u00f3stico na Venezuela e campanhas para testes e diagn\u00f3stico de pessoas com hemofilia (PWH) na Venezuela e na Am\u00e9rica Latina. Ela tamb\u00e9m fez parte de programas nacionais que aumentaram o acesso ao fator, desenvolveram campanhas de divulga\u00e7\u00e3o e identifica\u00e7\u00e3o, aumentaram o acesso \u00e0 educa\u00e7\u00e3o e estabeleceram oficinas m\u00e9dicas regionais para PWH. A n\u00edvel internacional, Garrido foi membro do Conselho Consultivo da Alian\u00e7a Internacional de Organiza\u00e7\u00f5es de Pacientes (IAPO) e \u00e9 membro da HERO (Haemophilia Experiences, Results and Opportunities) desde 2010. Foi tamb\u00e9m gestor de desenvolvimento de uma alian\u00e7a estrat\u00e9gica de 27 pa\u00edses das Am\u00e9ricas \u2013 chamada Coliga\u00e7\u00e3o das Am\u00e9ricas (CoA) \u2013 que foi criada para influenciar as pol\u00edticas p\u00fablicas. A WFH tem sido uma parte importante da vida de C\u00e9sar Garrido desde 1999. Foi membro do Conselho de Administra\u00e7\u00e3o de 2002 a 2010 e, mais recentemente, foi membro leigo de 2014 at\u00e9 \u00e0 sua elei\u00e7\u00e3o como Presidente em 2020. Desempenhou v\u00e1rios cargos importantes. na WFH., incluindo presidente do Comit\u00ea de Credenciamento, presidente do Comit\u00ea de Gemina\u00e7\u00e3o de Organiza\u00e7\u00f5es de Hemofilia (HOT), copresidente do Comit\u00ea de Capacita\u00e7\u00e3o, vice-presidente da organiza\u00e7\u00e3o membro nacional (NMO) e membro do Comit\u00ea Estrat\u00e9gico do Presidente Conselho.<\/p>\n\n\n\n<p><strong>Fuente<\/strong>: Federaci\u00f3n Mundial de Hemofilia, <strong><a href=\"https:\/\/wfh.org\/es\/article\/speaker\/cesar-garrido-chair-3\/\" target=\"_blank\" rel=\"noreferrer noopener\">Leer M\u00e1s \u00bb<\/a><\/strong><\/p>\n","protected":false},"excerpt":{"rendered":"<p>. CESAR GARRIDO DPresidenteFedera\u00e7\u00e3o Mundial de HemofiliaCaracas Venezuela O presidente da Federa\u00e7\u00e3o Mundial de Hemofilia, C\u00e9sar Garrido, nasceu em Caracas,<\/p>\n","protected":false},"author":1,"featured_media":0,"parent":2164,"menu_order":5,"comment_status":"closed","ping_status":"closed","template":"","meta":{"colormag_page_container_layout":"no_sidebar_content_centered","colormag_page_sidebar_layout":"no_sidebar","_coblocks_attr":"","_coblocks_dimensions":"","_coblocks_responsive_height":"","_coblocks_accordion_ie_support":"","footnotes":""},"class_list":["post-2196","page","type-page","status-publish","hentry"],"yoast_head":"<!-- This site is optimized with the Yoast SEO plugin v22.6 - https:\/\/yoast.com\/wordpress\/plugins\/seo\/ -->\n<title>Cesar Garrido D - Coaliz&atilde;o das Am&eacute;ricas<\/title>\n<meta name=\"description\" content=\"O presidente da Federa\u00e7\u00e3o Mundial de Hemofilia, C\u00e9sar Garrido, nasceu em Caracas, Venezuela. Ele tem dois filhos, um dos quais tem hemofilia.\" \/>\n<meta name=\"robots\" content=\"index, follow, max-snippet:-1, max-image-preview:large, max-video-preview:-1\" \/>\n<link rel=\"canonical\" href=\"https:\/\/www.coaliciondelasamericas.org\/pt\/comites\/comite-consultivo-de-lideranca\/cesar-garrido-d\/\" \/>\n<meta property=\"og:locale\" content=\"es_ES\" \/>\n<meta property=\"og:type\" content=\"article\" \/>\n<meta property=\"og:title\" content=\"Cesar Garrido D - Coaliz&atilde;o das Am&eacute;ricas\" \/>\n<meta property=\"og:description\" content=\"O presidente da Federa\u00e7\u00e3o Mundial de Hemofilia, C\u00e9sar Garrido, nasceu em Caracas, Venezuela. Ele tem dois filhos, um dos quais tem hemofilia.\" \/>\n<meta property=\"og:url\" content=\"https:\/\/www.coaliciondelasamericas.org\/pt\/comites\/comite-consultivo-de-lideranca\/cesar-garrido-d\/\" \/>\n<meta property=\"og:site_name\" content=\"Coaliz&atilde;o das Am&eacute;ricas\" \/>\n<meta property=\"article:publisher\" content=\"https:\/\/www.facebook.com\/coalicionamerica\/\" \/>\n<meta property=\"article:modified_time\" content=\"2024-03-07T23:29:32+00:00\" \/>\n<meta property=\"og:image\" content=\"https:\/\/www.coaliciondelasamericas.org\/blog\/wp-content\/uploads\/2024\/02\/Cesar-Garrido-300x300.jpg\" \/>\n<meta name=\"twitter:card\" content=\"summary_large_image\" \/>\n<meta name=\"twitter:site\" content=\"@coalicionameric\" \/>\n<meta name=\"twitter:label1\" content=\"Tiempo de lectura\" \/>\n\t<meta name=\"twitter:data1\" content=\"2 minutos\" \/>\n<script type=\"application\/ld+json\" class=\"yoast-schema-graph\">{\"@context\":\"https:\/\/schema.org\",\"@graph\":[{\"@type\":\"WebPage\",\"@id\":\"https:\/\/www.coaliciondelasamericas.org\/pt\/comites\/comite-consultivo-de-lideranca\/cesar-garrido-d\/\",\"url\":\"https:\/\/www.coaliciondelasamericas.org\/pt\/comites\/comite-consultivo-de-lideranca\/cesar-garrido-d\/\",\"name\":\"Cesar Garrido D - Coaliz&atilde;o das Am&eacute;ricas\",\"isPartOf\":{\"@id\":\"https:\/\/www.coaliciondelasamericas.org\/pt\/#website\"},\"primaryImageOfPage\":{\"@id\":\"https:\/\/www.coaliciondelasamericas.org\/pt\/comites\/comite-consultivo-de-lideranca\/cesar-garrido-d\/#primaryimage\"},\"image\":{\"@id\":\"https:\/\/www.coaliciondelasamericas.org\/pt\/comites\/comite-consultivo-de-lideranca\/cesar-garrido-d\/#primaryimage\"},\"thumbnailUrl\":\"https:\/\/www.coaliciondelasamericas.org\/blog\/wp-content\/uploads\/2024\/02\/Cesar-Garrido-300x300.jpg\",\"datePublished\":\"2024-02-24T15:20:07+00:00\",\"dateModified\":\"2024-03-07T23:29:32+00:00\",\"description\":\"O presidente da Federa\u00e7\u00e3o Mundial de Hemofilia, C\u00e9sar Garrido, nasceu em Caracas, Venezuela. Ele tem dois filhos, um dos quais tem hemofilia.\",\"breadcrumb\":{\"@id\":\"https:\/\/www.coaliciondelasamericas.org\/pt\/comites\/comite-consultivo-de-lideranca\/cesar-garrido-d\/#breadcrumb\"},\"inLanguage\":\"es\",\"potentialAction\":[{\"@type\":\"ReadAction\",\"target\":[\"https:\/\/www.coaliciondelasamericas.org\/pt\/comites\/comite-consultivo-de-lideranca\/cesar-garrido-d\/\"]}]},{\"@type\":\"ImageObject\",\"inLanguage\":\"es\",\"@id\":\"https:\/\/www.coaliciondelasamericas.org\/pt\/comites\/comite-consultivo-de-lideranca\/cesar-garrido-d\/#primaryimage\",\"url\":\"https:\/\/www.coaliciondelasamericas.org\/blog\/wp-content\/uploads\/2024\/02\/Cesar-Garrido-300x300.jpg\",\"contentUrl\":\"https:\/\/www.coaliciondelasamericas.org\/blog\/wp-content\/uploads\/2024\/02\/Cesar-Garrido-300x300.jpg\"},{\"@type\":\"BreadcrumbList\",\"@id\":\"https:\/\/www.coaliciondelasamericas.org\/pt\/comites\/comite-consultivo-de-lideranca\/cesar-garrido-d\/#breadcrumb\",\"itemListElement\":[{\"@type\":\"ListItem\",\"position\":1,\"name\":\"Portada\",\"item\":\"https:\/\/www.coaliciondelasamericas.org\/pt\/\"},{\"@type\":\"ListItem\",\"position\":2,\"name\":\"Comit\u00eas\",\"item\":\"https:\/\/www.coaliciondelasamericas.org\/pt\/comites\/\"},{\"@type\":\"ListItem\",\"position\":3,\"name\":\"Comit\u00ea Consultivo de Lideran\u00e7a\",\"item\":\"https:\/\/www.coaliciondelasamericas.org\/pt\/comites\/comite-consultivo-de-lideranca\/\"},{\"@type\":\"ListItem\",\"position\":4,\"name\":\"Cesar Garrido D\"}]},{\"@type\":\"WebSite\",\"@id\":\"https:\/\/www.coaliciondelasamericas.org\/pt\/#website\",\"url\":\"https:\/\/www.coaliciondelasamericas.org\/pt\/\",\"name\":\"Coaliz&atilde;o das Am&eacute;ricas\",\"description\":\"L&iacute;deres unidos pelo bem-estar da hemofilia\",\"publisher\":{\"@id\":\"https:\/\/www.coaliciondelasamericas.org\/pt\/#organization\"},\"potentialAction\":[{\"@type\":\"SearchAction\",\"target\":{\"@type\":\"EntryPoint\",\"urlTemplate\":\"https:\/\/www.coaliciondelasamericas.org\/pt\/?s={search_term_string}\"},\"query-input\":\"required name=search_term_string\"}],\"inLanguage\":\"es\"},{\"@type\":\"Organization\",\"@id\":\"https:\/\/www.coaliciondelasamericas.org\/pt\/#organization\",\"name\":\"Coaliz&atilde;o das Am&eacute;ricas\",\"url\":\"https:\/\/www.coaliciondelasamericas.org\/pt\/\",\"logo\":{\"@type\":\"ImageObject\",\"inLanguage\":\"es\",\"@id\":\"https:\/\/www.coaliciondelasamericas.org\/pt\/#\/schema\/logo\/image\/\",\"url\":\"https:\/\/www.coaliciondelasamericas.org\/pt\/wp-content\/uploads\/2023\/03\/cropped-003-Portada-portuguese3-1.png\",\"contentUrl\":\"https:\/\/www.coaliciondelasamericas.org\/pt\/wp-content\/uploads\/2023\/03\/cropped-003-Portada-portuguese3-1.png\",\"width\":297,\"height\":128,\"caption\":\"Coaliz&atilde;o das Am&eacute;ricas\"},\"image\":{\"@id\":\"https:\/\/www.coaliciondelasamericas.org\/pt\/#\/schema\/logo\/image\/\"},\"sameAs\":[\"https:\/\/www.facebook.com\/coalicionamerica\/\",\"https:\/\/x.com\/coalicionameric\",\"https:\/\/www.instagram.com\/coaliciondelasamericas\/\"]}]}<\/script>\n<!-- \/ Yoast SEO plugin. -->","yoast_head_json":{"title":"Cesar Garrido D - Coaliz&atilde;o das Am&eacute;ricas","description":"O presidente da Federa\u00e7\u00e3o Mundial de Hemofilia, C\u00e9sar Garrido, nasceu em Caracas, Venezuela. Ele tem dois filhos, um dos quais tem hemofilia.","robots":{"index":"index","follow":"follow","max-snippet":"max-snippet:-1","max-image-preview":"max-image-preview:large","max-video-preview":"max-video-preview:-1"},"canonical":"https:\/\/www.coaliciondelasamericas.org\/pt\/comites\/comite-consultivo-de-lideranca\/cesar-garrido-d\/","og_locale":"es_ES","og_type":"article","og_title":"Cesar Garrido D - Coaliz&atilde;o das Am&eacute;ricas","og_description":"O presidente da Federa\u00e7\u00e3o Mundial de Hemofilia, C\u00e9sar Garrido, nasceu em Caracas, Venezuela. Ele tem dois filhos, um dos quais tem hemofilia.","og_url":"https:\/\/www.coaliciondelasamericas.org\/pt\/comites\/comite-consultivo-de-lideranca\/cesar-garrido-d\/","og_site_name":"Coaliz&atilde;o das Am&eacute;ricas","article_publisher":"https:\/\/www.facebook.com\/coalicionamerica\/","article_modified_time":"2024-03-07T23:29:32+00:00","og_image":[{"url":"https:\/\/www.coaliciondelasamericas.org\/blog\/wp-content\/uploads\/2024\/02\/Cesar-Garrido-300x300.jpg"}],"twitter_card":"summary_large_image","twitter_site":"@coalicionameric","twitter_misc":{"Tiempo de lectura":"2 minutos"},"schema":{"@context":"https:\/\/schema.org","@graph":[{"@type":"WebPage","@id":"https:\/\/www.coaliciondelasamericas.org\/pt\/comites\/comite-consultivo-de-lideranca\/cesar-garrido-d\/","url":"https:\/\/www.coaliciondelasamericas.org\/pt\/comites\/comite-consultivo-de-lideranca\/cesar-garrido-d\/","name":"Cesar Garrido D - Coaliz&atilde;o das Am&eacute;ricas","isPartOf":{"@id":"https:\/\/www.coaliciondelasamericas.org\/pt\/#website"},"primaryImageOfPage":{"@id":"https:\/\/www.coaliciondelasamericas.org\/pt\/comites\/comite-consultivo-de-lideranca\/cesar-garrido-d\/#primaryimage"},"image":{"@id":"https:\/\/www.coaliciondelasamericas.org\/pt\/comites\/comite-consultivo-de-lideranca\/cesar-garrido-d\/#primaryimage"},"thumbnailUrl":"https:\/\/www.coaliciondelasamericas.org\/blog\/wp-content\/uploads\/2024\/02\/Cesar-Garrido-300x300.jpg","datePublished":"2024-02-24T15:20:07+00:00","dateModified":"2024-03-07T23:29:32+00:00","description":"O presidente da Federa\u00e7\u00e3o Mundial de Hemofilia, C\u00e9sar Garrido, nasceu em Caracas, Venezuela. Ele tem dois filhos, um dos quais tem hemofilia.","breadcrumb":{"@id":"https:\/\/www.coaliciondelasamericas.org\/pt\/comites\/comite-consultivo-de-lideranca\/cesar-garrido-d\/#breadcrumb"},"inLanguage":"es","potentialAction":[{"@type":"ReadAction","target":["https:\/\/www.coaliciondelasamericas.org\/pt\/comites\/comite-consultivo-de-lideranca\/cesar-garrido-d\/"]}]},{"@type":"ImageObject","inLanguage":"es","@id":"https:\/\/www.coaliciondelasamericas.org\/pt\/comites\/comite-consultivo-de-lideranca\/cesar-garrido-d\/#primaryimage","url":"https:\/\/www.coaliciondelasamericas.org\/blog\/wp-content\/uploads\/2024\/02\/Cesar-Garrido-300x300.jpg","contentUrl":"https:\/\/www.coaliciondelasamericas.org\/blog\/wp-content\/uploads\/2024\/02\/Cesar-Garrido-300x300.jpg"},{"@type":"BreadcrumbList","@id":"https:\/\/www.coaliciondelasamericas.org\/pt\/comites\/comite-consultivo-de-lideranca\/cesar-garrido-d\/#breadcrumb","itemListElement":[{"@type":"ListItem","position":1,"name":"Portada","item":"https:\/\/www.coaliciondelasamericas.org\/pt\/"},{"@type":"ListItem","position":2,"name":"Comit\u00eas","item":"https:\/\/www.coaliciondelasamericas.org\/pt\/comites\/"},{"@type":"ListItem","position":3,"name":"Comit\u00ea Consultivo de Lideran\u00e7a","item":"https:\/\/www.coaliciondelasamericas.org\/pt\/comites\/comite-consultivo-de-lideranca\/"},{"@type":"ListItem","position":4,"name":"Cesar Garrido D"}]},{"@type":"WebSite","@id":"https:\/\/www.coaliciondelasamericas.org\/pt\/#website","url":"https:\/\/www.coaliciondelasamericas.org\/pt\/","name":"Coaliz&atilde;o das Am&eacute;ricas","description":"L&iacute;deres unidos pelo bem-estar da hemofilia","publisher":{"@id":"https:\/\/www.coaliciondelasamericas.org\/pt\/#organization"},"potentialAction":[{"@type":"SearchAction","target":{"@type":"EntryPoint","urlTemplate":"https:\/\/www.coaliciondelasamericas.org\/pt\/?s={search_term_string}"},"query-input":"required name=search_term_string"}],"inLanguage":"es"},{"@type":"Organization","@id":"https:\/\/www.coaliciondelasamericas.org\/pt\/#organization","name":"Coaliz&atilde;o das Am&eacute;ricas","url":"https:\/\/www.coaliciondelasamericas.org\/pt\/","logo":{"@type":"ImageObject","inLanguage":"es","@id":"https:\/\/www.coaliciondelasamericas.org\/pt\/#\/schema\/logo\/image\/","url":"https:\/\/www.coaliciondelasamericas.org\/pt\/wp-content\/uploads\/2023\/03\/cropped-003-Portada-portuguese3-1.png","contentUrl":"https:\/\/www.coaliciondelasamericas.org\/pt\/wp-content\/uploads\/2023\/03\/cropped-003-Portada-portuguese3-1.png","width":297,"height":128,"caption":"Coaliz&atilde;o das Am&eacute;ricas"},"image":{"@id":"https:\/\/www.coaliciondelasamericas.org\/pt\/#\/schema\/logo\/image\/"},"sameAs":["https:\/\/www.facebook.com\/coalicionamerica\/","https:\/\/x.com\/coalicionameric","https:\/\/www.instagram.com\/coaliciondelasamericas\/"]}]}},"_links":{"self":[{"href":"https:\/\/www.coaliciondelasamericas.org\/pt\/wp-json\/wp\/v2\/pages\/2196"}],"collection":[{"href":"https:\/\/www.coaliciondelasamericas.org\/pt\/wp-json\/wp\/v2\/pages"}],"about":[{"href":"https:\/\/www.coaliciondelasamericas.org\/pt\/wp-json\/wp\/v2\/types\/page"}],"author":[{"embeddable":true,"href":"https:\/\/www.coaliciondelasamericas.org\/pt\/wp-json\/wp\/v2\/users\/1"}],"replies":[{"embeddable":true,"href":"https:\/\/www.coaliciondelasamericas.org\/pt\/wp-json\/wp\/v2\/comments?post=2196"}],"version-history":[{"count":2,"href":"https:\/\/www.coaliciondelasamericas.org\/pt\/wp-json\/wp\/v2\/pages\/2196\/revisions"}],"predecessor-version":[{"id":2204,"href":"https:\/\/www.coaliciondelasamericas.org\/pt\/wp-json\/wp\/v2\/pages\/2196\/revisions\/2204"}],"up":[{"embeddable":true,"href":"https:\/\/www.coaliciondelasamericas.org\/pt\/wp-json\/wp\/v2\/pages\/2164"}],"wp:attachment":[{"href":"https:\/\/www.coaliciondelasamericas.org\/pt\/wp-json\/wp\/v2\/media?parent=2196"}],"curies":[{"name":"wp","href":"https:\/\/api.w.org\/{rel}","templated":true}]}}