{"id":2167,"date":"2024-02-17T14:33:14","date_gmt":"2024-02-17T14:33:14","guid":{"rendered":"https:\/\/www.coaliciondelasamericas.org\/pt\/?page_id=2167"},"modified":"2024-03-15T20:17:47","modified_gmt":"2024-03-15T20:17:47","slug":"programa-juntos","status":"publish","type":"page","link":"https:\/\/www.coaliciondelasamericas.org\/pt\/comites\/programa-juntos\/","title":{"rendered":"Programa Together"},"content":{"rendered":"\n<div class=\"wp-block-columns is-layout-flex wp-container-core-columns-is-layout-1 wp-block-columns-is-layout-flex\">\n<div class=\"wp-block-column is-layout-flow wp-block-column-is-layout-flow\"><\/div>\n\n\n\n<div class=\"wp-block-column is-layout-flow wp-block-column-is-layout-flow\">\n<figure class=\"wp-block-image size-full\"><img loading=\"lazy\" decoding=\"async\" width=\"520\" height=\"450\" src=\"https:\/\/www.coaliciondelasamericas.org\/pt\/wp-content\/uploads\/2024\/03\/Together.png\" alt=\"Together\" class=\"wp-image-2362\" srcset=\"https:\/\/www.coaliciondelasamericas.org\/pt\/wp-content\/uploads\/2024\/03\/Together.png 520w, https:\/\/www.coaliciondelasamericas.org\/pt\/wp-content\/uploads\/2024\/03\/Together-300x260.png 300w\" sizes=\"(max-width: 520px) 100vw, 520px\" \/><\/figure>\n<\/div>\n\n\n\n<div class=\"wp-block-column is-layout-flow wp-block-column-is-layout-flow\"><\/div>\n<\/div>\n\n\n\n<p>A hemofilia desde os seus prim\u00f3rdios at\u00e9 a atualidade teve uma matriz centrada nos homens porque s\u00e3o eles os que mais sofrem com ela, mas nos \u00faltimos anos esse conceito foi modificado por diversos motivos, gerando uma vis\u00e3o mais abrangente da doen\u00e7a e incluindo as mulheres como parte do espectro a ser analisado.<\/p>\n\n\n\n<p>Segundo informa\u00e7\u00f5es da Federa\u00e7\u00e3o Mundial de Hemofilia, atualmente as mulheres e meninas representam apenas 4,5% das pessoas identificadas com hemofilia, e n\u00e3o o valor esperado de 30%, visto que para cada homem com hemofilia existem 1,6 portadores sintom\u00e1ticos. Cerca de uma em cada cinco mulheres com fluxo menstrual intenso tem um dist\u00farbio hemorr\u00e1gico subjacente. Contudo, o subdiagn\u00f3stico de dist\u00farbios hemorr\u00e1gicos continua a ser muito comum, com um atraso m\u00e9dio no diagn\u00f3stico de dez anos para as mulheres e de quatro anos para as raparigas.<\/p>\n\n\n\n<p>Esta realidade precisa ser modificada com o objetivo de gerar pap\u00e9is mais ativos e vis\u00edveis por parte das pr\u00f3prias pacientes hemof\u00edlicas, que devem ser porta-vozes de cada ONM e conhecer a realidade por si mesmas e atrav\u00e9s da conex\u00e3o com outras mulheres na mesma situa\u00e7\u00e3o. Da mesma forma, n\u00e3o basta ser mulher com hemofilia para poder realizar algumas a\u00e7\u00f5es de lobby, gerar projetos e dar visibilidade ao tema em cada pa\u00eds; s\u00e3o necess\u00e1rias novas ferramentas e conhecimentos.<\/p>\n\n\n\n<p>\u00c9 neste sentido que n\u00f3s, da Coaliz\u00e3o das Am\u00e9ricas, acreditamos que \u00e9 um desafio importante a ser enfrentado e \u00e9 por isso que o Comit\u00ea de Mulheres com Hemofilia e Dist\u00farbios Hemorr\u00e1gicos foi formado h\u00e1 um ano. Este Comit\u00ea \u00e9 formado por pacientes do sexo feminino ou familiares imediatos que t\u00eam o objetivo de dar visibilidade a este problema, capacitando mulheres l\u00edderes nas Am\u00e9ricas com novas ferramentas e participando ativamente de eventos onde este tema esteja presente e junto com l\u00edderes reconhecidos. Isso far\u00e1 com que cada um planeje a\u00e7\u00f5es em sua Organiza\u00e7\u00e3o e influencie as pol\u00edticas p\u00fablicas de sa\u00fade de cada pa\u00eds para melhorar o acesso a determinados medicamentos, diagn\u00f3stico imediato, melhoria de registros, etc.<\/p>\n\n\n\n<p><\/p>\n\n\n\n<p><strong>Objetivos de participa\u00e7\u00e3o:<\/strong><\/p>\n\n\n\n<p>\u00b7 Que os l\u00edderes da regi\u00e3o obtenham as ferramentas necess\u00e1rias a n\u00edvel pr\u00e1tico para realizar estes debates e influenciar as pol\u00edticas de sa\u00fade p\u00fablica em cada pa\u00eds.<\/p>\n\n\n\n<p>\u00b7 Reconhecer as limita\u00e7\u00f5es e desafios que cada pa\u00eds e organiza\u00e7\u00e3o tem nesta quest\u00e3o<\/p>\n\n\n\n<p>\u00b7 Complementar a abordagem te\u00f3rica virtual dos Workshops e Atividades que tanto o WFH como o COA ditam, mas numa dimens\u00e3o pr\u00e1tica e experiencial presencial.<\/p>\n\n\n\n<p>\u00b7 Identificar as estrat\u00e9gias de sucesso que t\u00eam sido desenvolvidas e executadas pelo NHF para a visibilidade do tema.<\/p>\n\n\n\n<p>\u00b7 Compartilhar ideias e comparar com a realidade de diferentes pa\u00edses das Am\u00e9ricas.<\/p>\n\n\n\n<p>\u00b7 Gerar a an\u00e1lise de poss\u00edveis experi\u00eancias pr\u00e1ticas bem-sucedidas em diversas organiza\u00e7\u00f5es e estudar a aplica\u00e7\u00e3o em cada pa\u00eds de resid\u00eancia dos l\u00edderes.<\/p>\n\n\n\n<p>Este programa \u00e9 apoiado pela Hemofilia da Ge\u00f3rgia e pela National Bleeding Disorders Foundation dos Estados Unidos colabora logisticamente.<\/p>\n\n\n\n<p><\/p>\n\n\n\n<div class=\"wp-block-columns is-layout-flex wp-container-core-columns-is-layout-2 wp-block-columns-is-layout-flex\">\n<div class=\"wp-block-column is-layout-flow wp-block-column-is-layout-flow\">\n<figure class=\"wp-block-image size-full\"><a href=\"https:\/\/www.hog.org\/\" target=\"_blank\" rel=\"noreferrer noopener\"><img decoding=\"async\" src=\"https:\/\/www.coaliciondelasamericas.org\/blog\/wp-content\/uploads\/2024\/03\/HOG_WebHeader_Logo.png\" alt=\"Hemophilia of Georgia\" class=\"wp-image-3171\"\/><\/a><figcaption class=\"wp-element-caption\"><strong><a href=\"https:\/\/www.hog.org\/\" target=\"_blank\" rel=\"noreferrer noopener\">Hemophilia of Georgia<\/a><\/strong><\/figcaption><\/figure>\n<\/div>\n\n\n\n<div class=\"wp-block-column is-layout-flow wp-block-column-is-layout-flow\">\n<figure class=\"wp-block-image aligncenter size-thumbnail is-resized\"><a href=\"https:\/\/www.coaliciondelasamericas.org\/eng\/wp-content\/uploads\/2024\/03\/Together-1.pdf\" target=\"_blank\" rel=\"noreferrer noopener\"><img decoding=\"async\" src=\"https:\/\/www.coaliciondelasamericas.org\/blog\/wp-content\/uploads\/2024\/03\/archivo-pdf-150x150.png\" alt=\"Together\" class=\"wp-image-3238\" style=\"width:78px;height:auto\"\/><\/a><\/figure>\n<\/div>\n\n\n\n<div class=\"wp-block-column is-layout-flow wp-block-column-is-layout-flow\">\n<figure class=\"wp-block-image size-full\"><a href=\"https:\/\/www.hemophilia.org\/\" target=\"_blank\" rel=\"noreferrer noopener\"><img decoding=\"async\" src=\"https:\/\/www.coaliciondelasamericas.org\/blog\/wp-content\/uploads\/2024\/03\/nbdf-vc-logo.jpg\" alt=\"National Bleeding Disorders Foundation | NBDF\" class=\"wp-image-3172\"\/><\/a><figcaption class=\"wp-element-caption\"><strong><a href=\"https:\/\/www.hemophilia.org\/\" target=\"_blank\" rel=\"noreferrer noopener\">National Bleeding Disorders Foundation | NBDF<\/a><\/strong><\/figcaption><\/figure>\n<\/div>\n<\/div>\n\n\n\n<div class=\"wp-block-columns is-layout-flex wp-container-core-columns-is-layout-3 wp-block-columns-is-layout-flex\">\n<div class=\"wp-block-column is-layout-flow wp-block-column-is-layout-flow\"><\/div>\n\n\n\n<div class=\"wp-block-column is-layout-flow wp-block-column-is-layout-flow\"><\/div>\n\n\n\n<div class=\"wp-block-column is-layout-flow wp-block-column-is-layout-flow\"><\/div>\n<\/div>\n\n\n\n<hr class=\"wp-block-separator has-text-color has-black-color has-alpha-channel-opacity has-black-background-color has-background is-style-wide\"\/>\n\n\n\n<div class=\"wp-block-columns is-layout-flex wp-container-core-columns-is-layout-4 wp-block-columns-is-layout-flex\">\n<div class=\"wp-block-column is-layout-flow wp-block-column-is-layout-flow\" style=\"flex-basis:33.33%\">\n<figure class=\"wp-block-image size-full\"><img loading=\"lazy\" decoding=\"async\" width=\"480\" height=\"480\" src=\"https:\/\/www.coaliciondelasamericas.org\/pt\/wp-content\/uploads\/2024\/03\/WhatsApp-Image-2024-02-28-at-12.37.21-PM.jpeg\" alt=\"Antonio G\u00f3mez Cavallini\" class=\"wp-image-2236\" srcset=\"https:\/\/www.coaliciondelasamericas.org\/pt\/wp-content\/uploads\/2024\/03\/WhatsApp-Image-2024-02-28-at-12.37.21-PM.jpeg 480w, https:\/\/www.coaliciondelasamericas.org\/pt\/wp-content\/uploads\/2024\/03\/WhatsApp-Image-2024-02-28-at-12.37.21-PM-300x300.jpeg 300w, https:\/\/www.coaliciondelasamericas.org\/pt\/wp-content\/uploads\/2024\/03\/WhatsApp-Image-2024-02-28-at-12.37.21-PM-150x150.jpeg 150w\" sizes=\"(max-width: 480px) 100vw, 480px\" \/><\/figure>\n<\/div>\n\n\n\n<div class=\"wp-block-column is-layout-flow wp-block-column-is-layout-flow\" style=\"flex-basis:66.66%\">\n<p><strong>ANT\u00d4NIO G\u00d3MEZ CAVALLINI<br>Coordenador Geral do Programa Together<br><\/strong>Argentina<\/p>\n\n\n\n<p>Coordenador Geral da Coaliz\u00e3o das Am\u00e9ricas, nascido em Buenos Aires Argentina, portador de Hemofilia B. Casado, tem dois filhos, Graduado em Ci\u00eancia Pol\u00edtica, P\u00f3s-Gradua\u00e7\u00e3o em \u00c1reas P\u00fablicas, Gest\u00e3o de Projetos entre outros. <strong><a href=\"https:\/\/www.coaliciondelasamericas.org\/pt\/conselho-diretivo\/antonio-gomez-cavallini\/\">Ler mais \u00bb<\/a><\/strong><\/p>\n<\/div>\n<\/div>\n\n\n\n<hr class=\"wp-block-separator has-text-color has-black-color has-alpha-channel-opacity has-black-background-color has-background\"\/>\n\n\n\n<div class=\"wp-block-columns is-layout-flex wp-container-core-columns-is-layout-5 wp-block-columns-is-layout-flex\">\n<div class=\"wp-block-column is-layout-flow wp-block-column-is-layout-flow\" style=\"flex-basis:33.33%\">\n<figure class=\"wp-block-image size-full\"><img loading=\"lazy\" decoding=\"async\" width=\"480\" height=\"480\" src=\"https:\/\/www.coaliciondelasamericas.org\/pt\/wp-content\/uploads\/2024\/03\/Amanda-Brito-del-Pino-Uru.jpg\" alt=\"Amanda Brito del Pino\" class=\"wp-image-2384\" srcset=\"https:\/\/www.coaliciondelasamericas.org\/pt\/wp-content\/uploads\/2024\/03\/Amanda-Brito-del-Pino-Uru.jpg 480w, https:\/\/www.coaliciondelasamericas.org\/pt\/wp-content\/uploads\/2024\/03\/Amanda-Brito-del-Pino-Uru-300x300.jpg 300w, https:\/\/www.coaliciondelasamericas.org\/pt\/wp-content\/uploads\/2024\/03\/Amanda-Brito-del-Pino-Uru-150x150.jpg 150w\" sizes=\"(max-width: 480px) 100vw, 480px\" \/><\/figure>\n<\/div>\n\n\n\n<div class=\"wp-block-column is-layout-flow wp-block-column-is-layout-flow\" style=\"flex-basis:66.66%\">\n<p><strong>AMANDA BRITO DEL PINO<br><\/strong>Coordenador Executivo do Programa Together<br>Uruguay<\/p>\n\n\n\n<p>Portadora sintom\u00e1tica de Hemofilia A Grave, tem dois filhos, um deles com hemofilia. Graduado em comunica\u00e7\u00e3o e marketing, Professor da Universidade Cat\u00f3lica do Uruguai. Empreendedora. <strong><a href=\"https:\/\/www.coaliciondelasamericas.org\/pt\/conselho-diretivo\/amanda-brito-del-pino\/\">Ler mais \u00bb<\/a><\/strong><\/p>\n<\/div>\n<\/div>\n\n\n\n<hr class=\"wp-block-separator has-text-color has-black-color has-alpha-channel-opacity has-black-background-color has-background\"\/>\n","protected":false},"excerpt":{"rendered":"<p>A hemofilia desde os seus prim\u00f3rdios at\u00e9 a atualidade teve uma matriz centrada nos homens porque s\u00e3o eles os que<\/p>\n","protected":false},"author":1,"featured_media":0,"parent":2139,"menu_order":3,"comment_status":"closed","ping_status":"closed","template":"","meta":{"colormag_page_container_layout":"no_sidebar_content_centered","colormag_page_sidebar_layout":"no_sidebar","_coblocks_attr":"","_coblocks_dimensions":"","_coblocks_responsive_height":"","_coblocks_accordion_ie_support":"","footnotes":""},"class_list":["post-2167","page","type-page","status-publish","hentry"],"yoast_head":"<!-- This site is optimized with the Yoast SEO plugin v22.6 - https:\/\/yoast.com\/wordpress\/plugins\/seo\/ -->\n<title>Programa Together - Coaliz&atilde;o das Am&eacute;ricas<\/title>\n<meta name=\"description\" content=\"A hemofilia desde os seus prim\u00f3rdios at\u00e9 a atualidade teve uma matriz centrada nos homens porque s\u00e3o eles os que mais sofrem com ela...\" \/>\n<meta name=\"robots\" content=\"index, follow, max-snippet:-1, max-image-preview:large, max-video-preview:-1\" \/>\n<link rel=\"canonical\" href=\"https:\/\/www.coaliciondelasamericas.org\/pt\/comites\/programa-juntos\/\" \/>\n<meta property=\"og:locale\" content=\"es_ES\" \/>\n<meta property=\"og:type\" content=\"article\" \/>\n<meta property=\"og:title\" content=\"Programa Together - Coaliz&atilde;o das Am&eacute;ricas\" \/>\n<meta property=\"og:description\" content=\"A hemofilia desde os seus prim\u00f3rdios at\u00e9 a atualidade teve uma matriz centrada nos homens porque s\u00e3o eles os que mais sofrem com ela...\" \/>\n<meta property=\"og:url\" content=\"https:\/\/www.coaliciondelasamericas.org\/pt\/comites\/programa-juntos\/\" \/>\n<meta property=\"og:site_name\" content=\"Coaliz&atilde;o das Am&eacute;ricas\" \/>\n<meta property=\"article:publisher\" content=\"https:\/\/www.facebook.com\/coalicionamerica\/\" \/>\n<meta property=\"article:modified_time\" content=\"2024-03-15T20:17:47+00:00\" \/>\n<meta property=\"og:image\" content=\"https:\/\/www.coaliciondelasamericas.org\/pt\/wp-content\/uploads\/2024\/03\/Together.png\" \/>\n<meta name=\"twitter:card\" content=\"summary_large_image\" \/>\n<meta name=\"twitter:site\" content=\"@coalicionameric\" \/>\n<meta name=\"twitter:label1\" content=\"Tiempo de lectura\" \/>\n\t<meta name=\"twitter:data1\" content=\"4 minutos\" \/>\n<script type=\"application\/ld+json\" class=\"yoast-schema-graph\">{\"@context\":\"https:\/\/schema.org\",\"@graph\":[{\"@type\":\"WebPage\",\"@id\":\"https:\/\/www.coaliciondelasamericas.org\/pt\/comites\/programa-juntos\/\",\"url\":\"https:\/\/www.coaliciondelasamericas.org\/pt\/comites\/programa-juntos\/\",\"name\":\"Programa Together - Coaliz&atilde;o das Am&eacute;ricas\",\"isPartOf\":{\"@id\":\"https:\/\/www.coaliciondelasamericas.org\/pt\/#website\"},\"primaryImageOfPage\":{\"@id\":\"https:\/\/www.coaliciondelasamericas.org\/pt\/comites\/programa-juntos\/#primaryimage\"},\"image\":{\"@id\":\"https:\/\/www.coaliciondelasamericas.org\/pt\/comites\/programa-juntos\/#primaryimage\"},\"thumbnailUrl\":\"https:\/\/www.coaliciondelasamericas.org\/pt\/wp-content\/uploads\/2024\/03\/Together.png\",\"datePublished\":\"2024-02-17T14:33:14+00:00\",\"dateModified\":\"2024-03-15T20:17:47+00:00\",\"description\":\"A hemofilia desde os seus prim\u00f3rdios at\u00e9 a atualidade teve uma matriz centrada nos homens porque s\u00e3o eles os que mais sofrem com ela...\",\"breadcrumb\":{\"@id\":\"https:\/\/www.coaliciondelasamericas.org\/pt\/comites\/programa-juntos\/#breadcrumb\"},\"inLanguage\":\"es\",\"potentialAction\":[{\"@type\":\"ReadAction\",\"target\":[\"https:\/\/www.coaliciondelasamericas.org\/pt\/comites\/programa-juntos\/\"]}]},{\"@type\":\"ImageObject\",\"inLanguage\":\"es\",\"@id\":\"https:\/\/www.coaliciondelasamericas.org\/pt\/comites\/programa-juntos\/#primaryimage\",\"url\":\"https:\/\/www.coaliciondelasamericas.org\/pt\/wp-content\/uploads\/2024\/03\/Together.png\",\"contentUrl\":\"https:\/\/www.coaliciondelasamericas.org\/pt\/wp-content\/uploads\/2024\/03\/Together.png\",\"width\":520,\"height\":450,\"caption\":\"Together\"},{\"@type\":\"BreadcrumbList\",\"@id\":\"https:\/\/www.coaliciondelasamericas.org\/pt\/comites\/programa-juntos\/#breadcrumb\",\"itemListElement\":[{\"@type\":\"ListItem\",\"position\":1,\"name\":\"Portada\",\"item\":\"https:\/\/www.coaliciondelasamericas.org\/pt\/\"},{\"@type\":\"ListItem\",\"position\":2,\"name\":\"Comit\u00eas\",\"item\":\"https:\/\/www.coaliciondelasamericas.org\/pt\/comites\/\"},{\"@type\":\"ListItem\",\"position\":3,\"name\":\"Programa Together\"}]},{\"@type\":\"WebSite\",\"@id\":\"https:\/\/www.coaliciondelasamericas.org\/pt\/#website\",\"url\":\"https:\/\/www.coaliciondelasamericas.org\/pt\/\",\"name\":\"Coaliz&atilde;o das Am&eacute;ricas\",\"description\":\"L&iacute;deres unidos pelo bem-estar da hemofilia\",\"publisher\":{\"@id\":\"https:\/\/www.coaliciondelasamericas.org\/pt\/#organization\"},\"potentialAction\":[{\"@type\":\"SearchAction\",\"target\":{\"@type\":\"EntryPoint\",\"urlTemplate\":\"https:\/\/www.coaliciondelasamericas.org\/pt\/?s={search_term_string}\"},\"query-input\":\"required name=search_term_string\"}],\"inLanguage\":\"es\"},{\"@type\":\"Organization\",\"@id\":\"https:\/\/www.coaliciondelasamericas.org\/pt\/#organization\",\"name\":\"Coaliz&atilde;o das Am&eacute;ricas\",\"url\":\"https:\/\/www.coaliciondelasamericas.org\/pt\/\",\"logo\":{\"@type\":\"ImageObject\",\"inLanguage\":\"es\",\"@id\":\"https:\/\/www.coaliciondelasamericas.org\/pt\/#\/schema\/logo\/image\/\",\"url\":\"https:\/\/www.coaliciondelasamericas.org\/pt\/wp-content\/uploads\/2023\/03\/cropped-003-Portada-portuguese3-1.png\",\"contentUrl\":\"https:\/\/www.coaliciondelasamericas.org\/pt\/wp-content\/uploads\/2023\/03\/cropped-003-Portada-portuguese3-1.png\",\"width\":297,\"height\":128,\"caption\":\"Coaliz&atilde;o das Am&eacute;ricas\"},\"image\":{\"@id\":\"https:\/\/www.coaliciondelasamericas.org\/pt\/#\/schema\/logo\/image\/\"},\"sameAs\":[\"https:\/\/www.facebook.com\/coalicionamerica\/\",\"https:\/\/x.com\/coalicionameric\",\"https:\/\/www.instagram.com\/coaliciondelasamericas\/\"]}]}<\/script>\n<!-- \/ Yoast SEO plugin. -->","yoast_head_json":{"title":"Programa Together - Coaliz&atilde;o das Am&eacute;ricas","description":"A hemofilia desde os seus prim\u00f3rdios at\u00e9 a atualidade teve uma matriz centrada nos homens porque s\u00e3o eles os que mais sofrem com ela...","robots":{"index":"index","follow":"follow","max-snippet":"max-snippet:-1","max-image-preview":"max-image-preview:large","max-video-preview":"max-video-preview:-1"},"canonical":"https:\/\/www.coaliciondelasamericas.org\/pt\/comites\/programa-juntos\/","og_locale":"es_ES","og_type":"article","og_title":"Programa Together - Coaliz&atilde;o das Am&eacute;ricas","og_description":"A hemofilia desde os seus prim\u00f3rdios at\u00e9 a atualidade teve uma matriz centrada nos homens porque s\u00e3o eles os que mais sofrem com ela...","og_url":"https:\/\/www.coaliciondelasamericas.org\/pt\/comites\/programa-juntos\/","og_site_name":"Coaliz&atilde;o das Am&eacute;ricas","article_publisher":"https:\/\/www.facebook.com\/coalicionamerica\/","article_modified_time":"2024-03-15T20:17:47+00:00","og_image":[{"url":"https:\/\/www.coaliciondelasamericas.org\/pt\/wp-content\/uploads\/2024\/03\/Together.png"}],"twitter_card":"summary_large_image","twitter_site":"@coalicionameric","twitter_misc":{"Tiempo de lectura":"4 minutos"},"schema":{"@context":"https:\/\/schema.org","@graph":[{"@type":"WebPage","@id":"https:\/\/www.coaliciondelasamericas.org\/pt\/comites\/programa-juntos\/","url":"https:\/\/www.coaliciondelasamericas.org\/pt\/comites\/programa-juntos\/","name":"Programa Together - Coaliz&atilde;o das Am&eacute;ricas","isPartOf":{"@id":"https:\/\/www.coaliciondelasamericas.org\/pt\/#website"},"primaryImageOfPage":{"@id":"https:\/\/www.coaliciondelasamericas.org\/pt\/comites\/programa-juntos\/#primaryimage"},"image":{"@id":"https:\/\/www.coaliciondelasamericas.org\/pt\/comites\/programa-juntos\/#primaryimage"},"thumbnailUrl":"https:\/\/www.coaliciondelasamericas.org\/pt\/wp-content\/uploads\/2024\/03\/Together.png","datePublished":"2024-02-17T14:33:14+00:00","dateModified":"2024-03-15T20:17:47+00:00","description":"A hemofilia desde os seus prim\u00f3rdios at\u00e9 a atualidade teve uma matriz centrada nos homens porque s\u00e3o eles os que mais sofrem com ela...","breadcrumb":{"@id":"https:\/\/www.coaliciondelasamericas.org\/pt\/comites\/programa-juntos\/#breadcrumb"},"inLanguage":"es","potentialAction":[{"@type":"ReadAction","target":["https:\/\/www.coaliciondelasamericas.org\/pt\/comites\/programa-juntos\/"]}]},{"@type":"ImageObject","inLanguage":"es","@id":"https:\/\/www.coaliciondelasamericas.org\/pt\/comites\/programa-juntos\/#primaryimage","url":"https:\/\/www.coaliciondelasamericas.org\/pt\/wp-content\/uploads\/2024\/03\/Together.png","contentUrl":"https:\/\/www.coaliciondelasamericas.org\/pt\/wp-content\/uploads\/2024\/03\/Together.png","width":520,"height":450,"caption":"Together"},{"@type":"BreadcrumbList","@id":"https:\/\/www.coaliciondelasamericas.org\/pt\/comites\/programa-juntos\/#breadcrumb","itemListElement":[{"@type":"ListItem","position":1,"name":"Portada","item":"https:\/\/www.coaliciondelasamericas.org\/pt\/"},{"@type":"ListItem","position":2,"name":"Comit\u00eas","item":"https:\/\/www.coaliciondelasamericas.org\/pt\/comites\/"},{"@type":"ListItem","position":3,"name":"Programa Together"}]},{"@type":"WebSite","@id":"https:\/\/www.coaliciondelasamericas.org\/pt\/#website","url":"https:\/\/www.coaliciondelasamericas.org\/pt\/","name":"Coaliz&atilde;o das Am&eacute;ricas","description":"L&iacute;deres unidos pelo bem-estar da hemofilia","publisher":{"@id":"https:\/\/www.coaliciondelasamericas.org\/pt\/#organization"},"potentialAction":[{"@type":"SearchAction","target":{"@type":"EntryPoint","urlTemplate":"https:\/\/www.coaliciondelasamericas.org\/pt\/?s={search_term_string}"},"query-input":"required name=search_term_string"}],"inLanguage":"es"},{"@type":"Organization","@id":"https:\/\/www.coaliciondelasamericas.org\/pt\/#organization","name":"Coaliz&atilde;o das Am&eacute;ricas","url":"https:\/\/www.coaliciondelasamericas.org\/pt\/","logo":{"@type":"ImageObject","inLanguage":"es","@id":"https:\/\/www.coaliciondelasamericas.org\/pt\/#\/schema\/logo\/image\/","url":"https:\/\/www.coaliciondelasamericas.org\/pt\/wp-content\/uploads\/2023\/03\/cropped-003-Portada-portuguese3-1.png","contentUrl":"https:\/\/www.coaliciondelasamericas.org\/pt\/wp-content\/uploads\/2023\/03\/cropped-003-Portada-portuguese3-1.png","width":297,"height":128,"caption":"Coaliz&atilde;o das Am&eacute;ricas"},"image":{"@id":"https:\/\/www.coaliciondelasamericas.org\/pt\/#\/schema\/logo\/image\/"},"sameAs":["https:\/\/www.facebook.com\/coalicionamerica\/","https:\/\/x.com\/coalicionameric","https:\/\/www.instagram.com\/coaliciondelasamericas\/"]}]}},"_links":{"self":[{"href":"https:\/\/www.coaliciondelasamericas.org\/pt\/wp-json\/wp\/v2\/pages\/2167"}],"collection":[{"href":"https:\/\/www.coaliciondelasamericas.org\/pt\/wp-json\/wp\/v2\/pages"}],"about":[{"href":"https:\/\/www.coaliciondelasamericas.org\/pt\/wp-json\/wp\/v2\/types\/page"}],"author":[{"embeddable":true,"href":"https:\/\/www.coaliciondelasamericas.org\/pt\/wp-json\/wp\/v2\/users\/1"}],"replies":[{"embeddable":true,"href":"https:\/\/www.coaliciondelasamericas.org\/pt\/wp-json\/wp\/v2\/comments?post=2167"}],"version-history":[{"count":8,"href":"https:\/\/www.coaliciondelasamericas.org\/pt\/wp-json\/wp\/v2\/pages\/2167\/revisions"}],"predecessor-version":[{"id":2397,"href":"https:\/\/www.coaliciondelasamericas.org\/pt\/wp-json\/wp\/v2\/pages\/2167\/revisions\/2397"}],"up":[{"embeddable":true,"href":"https:\/\/www.coaliciondelasamericas.org\/pt\/wp-json\/wp\/v2\/pages\/2139"}],"wp:attachment":[{"href":"https:\/\/www.coaliciondelasamericas.org\/pt\/wp-json\/wp\/v2\/media?parent=2167"}],"curies":[{"name":"wp","href":"https:\/\/api.w.org\/{rel}","templated":true}]}}