{"id":2164,"date":"2024-02-17T14:27:28","date_gmt":"2024-02-17T14:27:28","guid":{"rendered":"https:\/\/www.coaliciondelasamericas.org\/pt\/?page_id=2164"},"modified":"2024-03-15T20:24:50","modified_gmt":"2024-03-15T20:24:50","slug":"comite-consultivo-de-lideranca","status":"publish","type":"page","link":"https:\/\/www.coaliciondelasamericas.org\/pt\/comites\/comite-consultivo-de-lideranca\/","title":{"rendered":"Comit\u00ea Consultivo de Lideran\u00e7a"},"content":{"rendered":"\n<div class=\"wp-block-columns is-layout-flex wp-container-core-columns-is-layout-1 wp-block-columns-is-layout-flex\">\n<div class=\"wp-block-column is-layout-flow wp-block-column-is-layout-flow\"><\/div>\n\n\n\n<div class=\"wp-block-column is-layout-flow wp-block-column-is-layout-flow\"><\/div>\n\n\n\n<div class=\"wp-block-column is-layout-flow wp-block-column-is-layout-flow\"><\/div>\n<\/div>\n\n\n\n<p>O Comit\u00ea Consultivo Principal das Am\u00e9ricas nos fornecer\u00e1 apoio para ter uma vis\u00e3o ampla e inclusiva da situa\u00e7\u00e3o atual, fornecendo-nos feedback, sugest\u00f5es, oportunidades e possibilidades futuras para os pacientes. Fortalecer nosso Planejamento Estrat\u00e9gico anual, capacita\u00e7\u00e3o em advocacia, acompanhamento t\u00e9cnico, pesquisa, fortalecimento da plataforma educacional e outros.<\/p>\n\n\n\n<p class=\"has-text-align-center\"><em>Classificado em ordem alfab\u00e9tica por sobrenome<\/em><\/p>\n\n\n\n<div class=\"wp-block-columns is-layout-flex wp-container-core-columns-is-layout-2 wp-block-columns-is-layout-flex\">\n<div class=\"wp-block-column is-layout-flow wp-block-column-is-layout-flow\" style=\"flex-basis:33.33%\">\n<figure class=\"wp-block-image size-full\"><img loading=\"lazy\" decoding=\"async\" width=\"480\" height=\"480\" src=\"https:\/\/www.coaliciondelasamericas.org\/pt\/wp-content\/uploads\/2024\/03\/MariadelCarmen-Agurcia-001.jpg\" alt=\"Mar\u00eda Del Carmen Agurcia\" class=\"wp-image-2259\" srcset=\"https:\/\/www.coaliciondelasamericas.org\/pt\/wp-content\/uploads\/2024\/03\/MariadelCarmen-Agurcia-001.jpg 480w, https:\/\/www.coaliciondelasamericas.org\/pt\/wp-content\/uploads\/2024\/03\/MariadelCarmen-Agurcia-001-300x300.jpg 300w, https:\/\/www.coaliciondelasamericas.org\/pt\/wp-content\/uploads\/2024\/03\/MariadelCarmen-Agurcia-001-150x150.jpg 150w\" sizes=\"(max-width: 480px) 100vw, 480px\" \/><\/figure>\n<\/div>\n\n\n\n<div class=\"wp-block-column is-layout-flow wp-block-column-is-layout-flow\" style=\"flex-basis:66.66%\">\n<p><strong>AGURCIA, <strong>MARIA DEL CARMEN <\/strong><br><\/strong>Fundadora, Sociedade Hondurenha de Hemofilia<br>Honduras<\/p>\n\n\n\n<p>A advogada MARIA DEL CARMEN AGURCIA se junta \u00e0 luta pelos pacientes com hemofilia e seus familiares em meio \u00e0s lutas dentro de sua fam\u00edlia para cuidar de seu filho HUMBERTO MEJIA que desde o nascimento luta para sobreviver \u00e0 sua grave hemofilia e se preocupa com sua aten\u00e7\u00e3o e conselhos &#8230;. <strong><a href=\"https:\/\/www.coaliciondelasamericas.org\/pt\/comites\/comite-consultivo-de-lideranca\/maria-del-carmen-agurcia\/\">Ler mais \u00bb<\/a><\/strong><\/p>\n<\/div>\n<\/div>\n\n\n\n<hr class=\"wp-block-separator has-text-color has-black-color has-alpha-channel-opacity has-black-background-color has-background\"\/>\n\n\n\n<div class=\"wp-block-columns is-layout-flex wp-container-core-columns-is-layout-3 wp-block-columns-is-layout-flex\">\n<div class=\"wp-block-column is-layout-flow wp-block-column-is-layout-flow\" style=\"flex-basis:33.33%\">\n<figure class=\"wp-block-image size-full\"><img loading=\"lazy\" decoding=\"async\" width=\"480\" height=\"480\" src=\"https:\/\/www.coaliciondelasamericas.org\/pt\/wp-content\/uploads\/2024\/02\/Haydee-Benoit-image1.jpg\" alt=\"Haydee Benoit de Garc\u00eda\" class=\"wp-image-2224\" srcset=\"https:\/\/www.coaliciondelasamericas.org\/pt\/wp-content\/uploads\/2024\/02\/Haydee-Benoit-image1.jpg 480w, https:\/\/www.coaliciondelasamericas.org\/pt\/wp-content\/uploads\/2024\/02\/Haydee-Benoit-image1-300x300.jpg 300w, https:\/\/www.coaliciondelasamericas.org\/pt\/wp-content\/uploads\/2024\/02\/Haydee-Benoit-image1-150x150.jpg 150w\" sizes=\"(max-width: 480px) 100vw, 480px\" \/><\/figure>\n<\/div>\n\n\n\n<div class=\"wp-block-column is-layout-flow wp-block-column-is-layout-flow\" style=\"flex-basis:66.66%\">\n<p><strong>BENOIT DE GARC\u00cdA, <strong>HAYDEE <\/strong><br><\/strong>Licenciada em Educa\u00e7\u00e3o com men\u00e7\u00e3o em Ci\u00eancias Sociais<br>Fundador e Ad Vitan Presidente da Funda\u00e7\u00e3o de Apoio aos Hemof\u00edlicos FAHEM<\/p>\n\n\n\n<p>Desde 1996, como m\u00e3e e av\u00f3 de pessoas com hemofilia, o que me permitiu conhecer a comunidade hemof\u00edlica nacional e internacional.<br>Membro da Federa\u00e7\u00e3o Mundial de Hemofilia&#8230;.  <strong><a href=\"https:\/\/www.coaliciondelasamericas.org\/pt\/comites\/comite-consultivo-de-lideranca\/haydee-benoit-de-garcia\/\">Ler mais \u00bb<\/a><\/strong><\/p>\n<\/div>\n<\/div>\n\n\n\n<hr class=\"wp-block-separator has-text-color has-black-color has-alpha-channel-opacity has-black-background-color has-background\"\/>\n\n\n\n<div class=\"wp-block-columns is-layout-flex wp-container-core-columns-is-layout-4 wp-block-columns-is-layout-flex\">\n<div class=\"wp-block-column is-layout-flow wp-block-column-is-layout-flow\" style=\"flex-basis:33.33%\">\n<figure class=\"wp-block-image size-full\"><img loading=\"lazy\" decoding=\"async\" width=\"480\" height=\"480\" src=\"https:\/\/www.coaliciondelasamericas.org\/pt\/wp-content\/uploads\/2024\/03\/Ismael-Espinosa-Campos-Chile-1.jpg\" alt=\"Ismael Espinosa Campos\" class=\"wp-image-2349\" srcset=\"https:\/\/www.coaliciondelasamericas.org\/pt\/wp-content\/uploads\/2024\/03\/Ismael-Espinosa-Campos-Chile-1.jpg 480w, https:\/\/www.coaliciondelasamericas.org\/pt\/wp-content\/uploads\/2024\/03\/Ismael-Espinosa-Campos-Chile-1-300x300.jpg 300w, https:\/\/www.coaliciondelasamericas.org\/pt\/wp-content\/uploads\/2024\/03\/Ismael-Espinosa-Campos-Chile-1-150x150.jpg 150w\" sizes=\"(max-width: 480px) 100vw, 480px\" \/><\/figure>\n<\/div>\n\n\n\n<div class=\"wp-block-column is-layout-flow wp-block-column-is-layout-flow\" style=\"flex-basis:66.66%\">\n<p><strong><strong>ESPINOSA CAMPOS, ISMAEL<br><\/strong><\/strong>Chile<\/p>\n\n\n\n<p>Com excelente trabalho para a comunidade de hemofilia desde 2013, e em 2017 como Presidente da Sociedade Chilena de Hemofilia, Ismael Espinosa se junta a n\u00f3s, Construtor Civil de profiss\u00e3o .. <strong><a href=\"https:\/\/www.coaliciondelasamericas.org\/pt\/comites\/comite-consultivo-de-lideranca\/ismael-espinosa-campos\/\">Ler mais \u00bb<\/a><\/strong><\/p>\n<\/div>\n<\/div>\n\n\n\n<hr class=\"wp-block-separator has-text-color has-black-color has-alpha-channel-opacity has-black-background-color has-background\"\/>\n\n\n\n<div class=\"wp-block-columns is-layout-flex wp-container-core-columns-is-layout-5 wp-block-columns-is-layout-flex\">\n<div class=\"wp-block-column is-layout-flow wp-block-column-is-layout-flow\" style=\"flex-basis:33.33%\">\n<figure class=\"wp-block-image size-full\"><img decoding=\"async\" src=\"https:\/\/www.coaliciondelasamericas.org\/blog\/wp-content\/uploads\/2024\/02\/06-Carlos-Gaitan-Fitch.png\" alt=\"Carlos Gait\u00e1n Fitch\" class=\"wp-image-3002\"\/><\/figure>\n<\/div>\n\n\n\n<div class=\"wp-block-column is-layout-flow wp-block-column-is-layout-flow\" style=\"flex-basis:66.66%\">\n<p><strong><strong>GAIT\u00c1N FITCH<\/strong><\/strong>, <strong><strong>CARLOS <\/strong><\/strong><br>Unidade e Desenvolvimento Irm\u00e3os com Hemofilia<br>M\u00e9xico<\/p>\n\n\n\n<p>Carlos \u00e9 soci\u00f3logo, trabalha em organiza\u00e7\u00f5es de hemofilia e coagulopatias no M\u00e9xico desde 1992. Atualmente \u00e9 diretor da organiza\u00e7\u00e3o no estado de Jalisco. De 2001 a 2022 foi gerente do registro nacional de pacientes da Federa\u00e7\u00e3o de Hemofilia da Rep\u00fablica Mexicana (FHRM), que aumentou 300% sob sua gest\u00e3o&#8230; <strong><a href=\"https:\/\/www.coaliciondelasamericas.org\/pt\/comites\/comite-consultivo-de-lideranca\/carlos-gaitan-fitch\/\">Ler mais \u00bb<\/a><\/strong><\/p>\n<\/div>\n<\/div>\n\n\n\n<hr class=\"wp-block-separator has-text-color has-black-color has-alpha-channel-opacity has-black-background-color has-background\"\/>\n\n\n\n<div class=\"wp-block-columns is-layout-flex wp-container-core-columns-is-layout-6 wp-block-columns-is-layout-flex\">\n<div class=\"wp-block-column is-layout-flow wp-block-column-is-layout-flow\" style=\"flex-basis:33.33%\">\n<figure class=\"wp-block-image size-medium\"><img decoding=\"async\" src=\"https:\/\/www.coaliciondelasamericas.org\/blog\/wp-content\/uploads\/2024\/02\/Cesar-Garrido-300x300.jpg\" alt=\"Cesar Garrido \" class=\"wp-image-2942\"\/><\/figure>\n<\/div>\n\n\n\n<div class=\"wp-block-column is-layout-flow wp-block-column-is-layout-flow\" style=\"flex-basis:66.66%\">\n<p><strong>GARRIDO D.<\/strong> <strong>CESAR <\/strong><br>Presidente<br>Federa\u00e7\u00e3o Mundial de Hemofilia<br>Caracas Venezuela<\/p>\n\n\n\n<p>O presidente da Federa\u00e7\u00e3o Mundial de Hemofilia, C\u00e9sar Garrido, nasceu em Caracas, Venezuela. Ele tem dois filhos, um dos quais tem hemofilia A, o que o levou a se tornar um membro comprometido da comunidade de dist\u00farbios hemorr\u00e1gicos, um compromisso que come\u00e7ou h\u00e1 mais de duas d\u00e9cadas. <strong><a href=\"https:\/\/www.coaliciondelasamericas.org\/pt\/comites\/comite-consultivo-de-lideranca\/cesar-garrido-d\/\">Ler mais \u00bb<\/a><\/strong><\/p>\n<\/div>\n<\/div>\n\n\n\n<hr class=\"wp-block-separator has-text-color has-black-color has-alpha-channel-opacity has-black-background-color has-background\"\/>\n\n\n\n<div class=\"wp-block-columns is-layout-flex wp-container-core-columns-is-layout-7 wp-block-columns-is-layout-flex\">\n<div class=\"wp-block-column is-layout-flow wp-block-column-is-layout-flow\" style=\"flex-basis:33.33%\">\n<figure class=\"wp-block-image size-full\"><img loading=\"lazy\" decoding=\"async\" width=\"300\" height=\"300\" src=\"https:\/\/www.coaliciondelasamericas.org\/pt\/wp-content\/uploads\/2024\/03\/Biopic2-300x300-1.jpg\" alt=\"Mathieu Jackson\" class=\"wp-image-2323\" srcset=\"https:\/\/www.coaliciondelasamericas.org\/pt\/wp-content\/uploads\/2024\/03\/Biopic2-300x300-1.jpg 300w, https:\/\/www.coaliciondelasamericas.org\/pt\/wp-content\/uploads\/2024\/03\/Biopic2-300x300-1-150x150.jpg 150w\" sizes=\"(max-width: 300px) 100vw, 300px\" \/><\/figure>\n<\/div>\n\n\n\n<div class=\"wp-block-column is-layout-flow wp-block-column-is-layout-flow\" style=\"flex-basis:66.66%\">\n<p><strong>JACKSON, MATHIEU<br><\/strong>Montreal, QC, Canad\u00e1<\/p>\n\n\n\n<p>Mathieu Jackson \u00e9 l\u00edder da Escola de Parcerias do Centro de Excel\u00eancia em Parcerias com Pacientes e o P\u00fablico do Centro de Pesquisa Hospitalar da Universidade de Montreal. Ele completou um mestrado em Fundamentos da Educa\u00e7\u00e3o na Universidade de Montreal. <strong><a href=\"https:\/\/www.coaliciondelasamericas.org\/pt\/comites\/comite-consultivo-de-lideranca\/mathieu-jackson\/\">Ler mais \u00bb<\/a><\/strong><\/p>\n<\/div>\n<\/div>\n\n\n\n<hr class=\"wp-block-separator has-text-color has-black-color has-alpha-channel-opacity has-black-background-color has-background\"\/>\n\n\n\n<div class=\"wp-block-columns is-layout-flex wp-container-core-columns-is-layout-8 wp-block-columns-is-layout-flex\">\n<div class=\"wp-block-column is-layout-flow wp-block-column-is-layout-flow\" style=\"flex-basis:33.33%\">\n<figure class=\"wp-block-image size-full\"><img loading=\"lazy\" decoding=\"async\" width=\"480\" height=\"480\" src=\"https:\/\/www.coaliciondelasamericas.org\/pt\/wp-content\/uploads\/2024\/03\/WhatsApp-Image-2024-03-01-at-9.14.46-AM.jpeg\" alt=\"Sergio Robledo Riaga\" class=\"wp-image-2256\" srcset=\"https:\/\/www.coaliciondelasamericas.org\/pt\/wp-content\/uploads\/2024\/03\/WhatsApp-Image-2024-03-01-at-9.14.46-AM.jpeg 480w, https:\/\/www.coaliciondelasamericas.org\/pt\/wp-content\/uploads\/2024\/03\/WhatsApp-Image-2024-03-01-at-9.14.46-AM-300x300.jpeg 300w, https:\/\/www.coaliciondelasamericas.org\/pt\/wp-content\/uploads\/2024\/03\/WhatsApp-Image-2024-03-01-at-9.14.46-AM-150x150.jpeg 150w\" sizes=\"(max-width: 480px) 100vw, 480px\" \/><\/figure>\n<\/div>\n\n\n\n<div class=\"wp-block-column is-layout-flow wp-block-column-is-layout-flow\" style=\"flex-basis:66.66%\">\n<p><strong>ROBLEDO RIAGA, <strong>SERGIO <\/strong><br><\/strong>Doutor<br>Col\u00f4mbia<\/p>\n\n\n\n<p>M\u00e9dico com mestrado em administra\u00e7\u00e3o em sa\u00fade<br>Membro da liga desde a sua funda\u00e7\u00e3o (1974) e do conselho de administra\u00e7\u00e3o desde 1996, diretor cient\u00edfico de 2000 a 2013 e presidente desde 2013. <strong><a href=\"https:\/\/www.coaliciondelasamericas.org\/pt\/comites\/comite-consultivo-de-lideranca\/sergio-robledo-riaga\/\">Ler mais \u00bb<\/a><\/strong><\/p>\n<\/div>\n<\/div>\n\n\n\n<hr class=\"wp-block-separator has-text-color has-black-color has-alpha-channel-opacity has-black-background-color has-background\"\/>\n\n\n\n<div class=\"wp-block-columns is-layout-flex wp-container-core-columns-is-layout-9 wp-block-columns-is-layout-flex\">\n<div class=\"wp-block-column is-layout-flow wp-block-column-is-layout-flow\" style=\"flex-basis:33.33%\">\n<figure class=\"wp-block-image size-full\"><img decoding=\"async\" src=\"https:\/\/www.coaliciondelasamericas.org\/blog\/wp-content\/uploads\/2024\/02\/Rotellini-Dawn.jpg\" alt=\"DAWN ROTELLINI\" class=\"wp-image-2945\"\/><\/figure>\n<\/div>\n\n\n\n<div class=\"wp-block-column is-layout-flow wp-block-column-is-layout-flow\" style=\"flex-basis:66.66%\">\n<p><strong>ROTELLINI, <strong>DAWN <\/strong><br><\/strong>Diretor de opera\u00e7\u00f5es<br>Funda\u00e7\u00e3o Nacional de Dist\u00farbios Hemorr\u00e1gicos<br>Gibsonia, Estados Unidos<\/p>\n\n\n\n<p>Dawn \u00e9 l\u00edder na comunidade de dist\u00farbios hemorr\u00e1gicos h\u00e1 muitos anos. Como m\u00e3e de um filho com hemofilia, ela fundou a Associa\u00e7\u00e3o de Hemofilia e Dist\u00farbios Hemorr\u00e1gicos das Montanhas Rochosas em Bozeman, Montana, atuou como Diretora Executiva e iniciou seu Acampamento Familiar. <strong><a href=\"https:\/\/www.coaliciondelasamericas.org\/pt\/comites\/comite-consultivo-de-lideranca\/dawn-rotellini\/\">Ler mais \u00bb<\/a><\/strong><\/p>\n<\/div>\n<\/div>\n\n\n\n<hr class=\"wp-block-separator has-text-color has-black-color has-alpha-channel-opacity has-black-background-color has-background\"\/>\n\n\n\n<div class=\"wp-block-columns is-layout-flex wp-container-core-columns-is-layout-10 wp-block-columns-is-layout-flex\">\n<div class=\"wp-block-column is-layout-flow wp-block-column-is-layout-flow\" style=\"flex-basis:33.33%\">\n<figure class=\"wp-block-image size-full\"><img decoding=\"async\" src=\"https:\/\/www.coaliciondelasamericas.org\/blog\/wp-content\/uploads\/2024\/02\/carlos-safadi-1.jpg\" alt=\"Carlos Safadi M\u00e1rquez\" class=\"wp-image-2954\"\/><\/figure>\n<\/div>\n\n\n\n<div class=\"wp-block-column is-layout-flow wp-block-column-is-layout-flow\" style=\"flex-basis:66.66%\">\n<p><strong>SAFADI M\u00c1RQUEZ, <strong>CARLOS <\/strong><br><\/strong>Vice-presidente da ONM<br>Argentina<\/p>\n\n\n\n<p>Carlos Safadi M\u00e1rquez \u00e9 advogado e \u00e9 membro da Funda\u00e7\u00e3o de Hemofilia da Argentina como volunt\u00e1rio h\u00e1 mais de 25 anos, quando chegou como paciente e se juntou \u00e0s equipes de trabalho. <strong><a href=\"https:\/\/www.coaliciondelasamericas.org\/pt\/comites\/comite-consultivo-de-lideranca\/carlos-safadi-marquez\/\">Ler mais \u00bb<\/a><\/strong><\/p>\n<\/div>\n<\/div>\n\n\n\n<hr class=\"wp-block-separator has-text-color has-black-color has-alpha-channel-opacity has-black-background-color has-background\"\/>\n\n\n\n<div class=\"wp-block-columns is-layout-flex wp-container-core-columns-is-layout-11 wp-block-columns-is-layout-flex\">\n<div class=\"wp-block-column is-layout-flow wp-block-column-is-layout-flow\" style=\"flex-basis:33.33%\">\n<figure class=\"wp-block-image size-full\"><img decoding=\"async\" src=\"https:\/\/www.coaliciondelasamericas.org\/blog\/wp-content\/uploads\/2024\/02\/Mark-W-Skinner-2023_square.jpg\" alt=\"MARK SKINNER\" class=\"wp-image-2951\"\/><\/figure>\n<\/div>\n\n\n\n<div class=\"wp-block-column is-layout-flow wp-block-column-is-layout-flow\" style=\"flex-basis:66.66%\">\n<p><strong>SKINNER<\/strong>, <strong>MARK <br><\/strong>Presidente e CEO<br>Instituto de Avan\u00e7o de Pol\u00edtica Ltd<br>Estados Unidos<\/p>\n\n\n\n<p>Mark Skinner, Washington, DC, \u00e9 presidente e CEO do Institute for Policy Advancement Ltd, especializado em pesquisas de resultados centradas no paciente. Ele \u00e9 professor assistente no Departamento de M\u00e9todos de Pesquisa em Sa\u00fade, Evid\u00eancias e Impacto da McMaster. <strong><a href=\"https:\/\/www.coaliciondelasamericas.org\/pt\/comites\/comite-consultivo-de-lideranca\/mark-skinner\/\">Ler mais \u00bb<\/a><\/strong><\/p>\n<\/div>\n<\/div>\n\n\n\n<p class=\"has-text-align-center has-white-color has-text-color has-link-color wp-elements-73c390ad10f8f92fd727db1859c131a3\">.<\/p>\n\n\n\n<hr class=\"wp-block-separator has-text-color has-black-color has-alpha-channel-opacity has-black-background-color has-background is-style-wide\"\/>\n\n\n\n<div class=\"wp-block-columns is-layout-flex wp-container-core-columns-is-layout-12 wp-block-columns-is-layout-flex\">\n<div class=\"wp-block-column is-layout-flow wp-block-column-is-layout-flow\" style=\"flex-basis:33.33%\">\n<figure class=\"wp-block-image size-full\"><img loading=\"lazy\" decoding=\"async\" width=\"480\" height=\"480\" src=\"https:\/\/www.coaliciondelasamericas.org\/pt\/wp-content\/uploads\/2024\/03\/WhatsApp-Image-2024-02-28-at-12.37.21-PM.jpeg\" alt=\"Antonio G\u00f3mez Cavallini\" class=\"wp-image-2236\" srcset=\"https:\/\/www.coaliciondelasamericas.org\/pt\/wp-content\/uploads\/2024\/03\/WhatsApp-Image-2024-02-28-at-12.37.21-PM.jpeg 480w, https:\/\/www.coaliciondelasamericas.org\/pt\/wp-content\/uploads\/2024\/03\/WhatsApp-Image-2024-02-28-at-12.37.21-PM-300x300.jpeg 300w, https:\/\/www.coaliciondelasamericas.org\/pt\/wp-content\/uploads\/2024\/03\/WhatsApp-Image-2024-02-28-at-12.37.21-PM-150x150.jpeg 150w\" sizes=\"(max-width: 480px) 100vw, 480px\" \/><\/figure>\n<\/div>\n\n\n\n<div class=\"wp-block-column is-layout-flow wp-block-column-is-layout-flow\" style=\"flex-basis:66.66%\">\n<p><strong>ANT\u00d4NIO G\u00d3MEZ CAVALLINI<br>Coordenador Geral do Comit\u00ea Consultivo de Lideran\u00e7a<br><\/strong>Argentina<\/p>\n\n\n\n<p>Coordenador Geral da Coaliz\u00e3o das Am\u00e9ricas, nascido em Buenos Aires Argentina, portador de Hemofilia B. Casado, tem dois filhos, Graduado em Ci\u00eancia Pol\u00edtica, P\u00f3s-Gradua\u00e7\u00e3o em \u00c1reas P\u00fablicas, Gest\u00e3o de Projetos entre outros. <strong><a href=\"https:\/\/www.coaliciondelasamericas.org\/pt\/conselho-diretivo\/antonio-gomez-cavallini\/\">Ler mais \u00bb<\/a><\/strong><\/p>\n<\/div>\n<\/div>\n\n\n\n<hr class=\"wp-block-separator has-text-color has-black-color has-alpha-channel-opacity has-black-background-color has-background\"\/>\n\n\n\n<div class=\"wp-block-columns is-layout-flex wp-container-core-columns-is-layout-13 wp-block-columns-is-layout-flex\">\n<div class=\"wp-block-column is-layout-flow wp-block-column-is-layout-flow\" style=\"flex-basis:33.33%\">\n<figure class=\"wp-block-image size-full\"><img loading=\"lazy\" decoding=\"async\" width=\"480\" height=\"480\" src=\"https:\/\/www.coaliciondelasamericas.org\/pt\/wp-content\/uploads\/2024\/03\/isabel-sorondo-uru.jpeg\" alt=\"Isabel Sorondo\" class=\"wp-image-2348\" srcset=\"https:\/\/www.coaliciondelasamericas.org\/pt\/wp-content\/uploads\/2024\/03\/isabel-sorondo-uru.jpeg 480w, https:\/\/www.coaliciondelasamericas.org\/pt\/wp-content\/uploads\/2024\/03\/isabel-sorondo-uru-300x300.jpeg 300w, https:\/\/www.coaliciondelasamericas.org\/pt\/wp-content\/uploads\/2024\/03\/isabel-sorondo-uru-150x150.jpeg 150w\" sizes=\"(max-width: 480px) 100vw, 480px\" \/><\/figure>\n<\/div>\n\n\n\n<div class=\"wp-block-column is-layout-flow wp-block-column-is-layout-flow\" style=\"flex-basis:66.66%\">\n<p><strong>ISABEL SORONDO<br>Coordena\u00e7\u00e3o Executiva do Comit\u00ea Consultivo de Lideran\u00e7a<br><\/strong>Uruguay<\/p>\n\n\n\n<p>Com s\u00f3lida carreira como Assistente Social e atua\u00e7\u00e3o destacada na Associa\u00e7\u00e3o de Hemofilia do Uruguai, junta-se a n\u00f3s uma l\u00edder na luta pelos direitos das pessoas com hemofilia. <strong><a href=\"https:\/\/www.coaliciondelasamericas.org\/pt\/conselho-diretivo\/isabel-sorondo\/\">Ler mais \u00bb<\/a><\/strong><\/p>\n<\/div>\n<\/div>\n\n\n\n<hr class=\"wp-block-separator has-text-color has-black-color has-alpha-channel-opacity has-black-background-color has-background is-style-wide\"\/>\n","protected":false},"excerpt":{"rendered":"<p>O Comit\u00ea Consultivo Principal das Am\u00e9ricas nos fornecer\u00e1 apoio para ter uma vis\u00e3o ampla e inclusiva da situa\u00e7\u00e3o atual, fornecendo-nos<\/p>\n","protected":false},"author":1,"featured_media":0,"parent":2139,"menu_order":4,"comment_status":"closed","ping_status":"closed","template":"","meta":{"colormag_page_container_layout":"no_sidebar_content_centered","colormag_page_sidebar_layout":"no_sidebar","_coblocks_attr":"","_coblocks_dimensions":"","_coblocks_responsive_height":"","_coblocks_accordion_ie_support":"","footnotes":""},"class_list":["post-2164","page","type-page","status-publish","hentry"],"yoast_head":"<!-- This site is optimized with the Yoast SEO plugin v22.6 - https:\/\/yoast.com\/wordpress\/plugins\/seo\/ -->\n<title>Comit\u00ea Consultivo de Lideran\u00e7a - Coaliz&atilde;o das Am&eacute;ricas<\/title>\n<meta name=\"description\" content=\"Comit\u00ea Consultivo de L\u00edderes em Hemofilia, que se re\u00fanem para compartilhar conhecimentos e experi\u00eancias, pessoais e profissionais.\" \/>\n<meta name=\"robots\" content=\"index, follow, max-snippet:-1, max-image-preview:large, max-video-preview:-1\" \/>\n<link rel=\"canonical\" href=\"https:\/\/www.coaliciondelasamericas.org\/pt\/comites\/comite-consultivo-de-lideranca\/\" \/>\n<meta property=\"og:locale\" content=\"es_ES\" \/>\n<meta property=\"og:type\" content=\"article\" \/>\n<meta property=\"og:title\" content=\"Comit\u00ea Consultivo de Lideran\u00e7a - Coaliz&atilde;o das Am&eacute;ricas\" \/>\n<meta property=\"og:description\" content=\"Comit\u00ea Consultivo de L\u00edderes em Hemofilia, que se re\u00fanem para compartilhar conhecimentos e experi\u00eancias, pessoais e profissionais.\" \/>\n<meta property=\"og:url\" content=\"https:\/\/www.coaliciondelasamericas.org\/pt\/comites\/comite-consultivo-de-lideranca\/\" \/>\n<meta property=\"og:site_name\" content=\"Coaliz&atilde;o das Am&eacute;ricas\" \/>\n<meta property=\"article:publisher\" content=\"https:\/\/www.facebook.com\/coalicionamerica\/\" \/>\n<meta property=\"article:modified_time\" content=\"2024-03-15T20:24:50+00:00\" \/>\n<meta property=\"og:image\" content=\"https:\/\/www.coaliciondelasamericas.org\/pt\/wp-content\/uploads\/2024\/03\/MariadelCarmen-Agurcia-001.jpg\" \/>\n<meta name=\"twitter:card\" content=\"summary_large_image\" \/>\n<meta name=\"twitter:site\" content=\"@coalicionameric\" \/>\n<meta name=\"twitter:label1\" content=\"Tiempo de lectura\" \/>\n\t<meta name=\"twitter:data1\" content=\"6 minutos\" \/>\n<script type=\"application\/ld+json\" class=\"yoast-schema-graph\">{\"@context\":\"https:\/\/schema.org\",\"@graph\":[{\"@type\":\"WebPage\",\"@id\":\"https:\/\/www.coaliciondelasamericas.org\/pt\/comites\/comite-consultivo-de-lideranca\/\",\"url\":\"https:\/\/www.coaliciondelasamericas.org\/pt\/comites\/comite-consultivo-de-lideranca\/\",\"name\":\"Comit\u00ea Consultivo de Lideran\u00e7a - Coaliz&atilde;o das Am&eacute;ricas\",\"isPartOf\":{\"@id\":\"https:\/\/www.coaliciondelasamericas.org\/pt\/#website\"},\"primaryImageOfPage\":{\"@id\":\"https:\/\/www.coaliciondelasamericas.org\/pt\/comites\/comite-consultivo-de-lideranca\/#primaryimage\"},\"image\":{\"@id\":\"https:\/\/www.coaliciondelasamericas.org\/pt\/comites\/comite-consultivo-de-lideranca\/#primaryimage\"},\"thumbnailUrl\":\"https:\/\/www.coaliciondelasamericas.org\/pt\/wp-content\/uploads\/2024\/03\/MariadelCarmen-Agurcia-001.jpg\",\"datePublished\":\"2024-02-17T14:27:28+00:00\",\"dateModified\":\"2024-03-15T20:24:50+00:00\",\"description\":\"Comit\u00ea Consultivo de L\u00edderes em Hemofilia, que se re\u00fanem para compartilhar conhecimentos e experi\u00eancias, pessoais e profissionais.\",\"breadcrumb\":{\"@id\":\"https:\/\/www.coaliciondelasamericas.org\/pt\/comites\/comite-consultivo-de-lideranca\/#breadcrumb\"},\"inLanguage\":\"es\",\"potentialAction\":[{\"@type\":\"ReadAction\",\"target\":[\"https:\/\/www.coaliciondelasamericas.org\/pt\/comites\/comite-consultivo-de-lideranca\/\"]}]},{\"@type\":\"ImageObject\",\"inLanguage\":\"es\",\"@id\":\"https:\/\/www.coaliciondelasamericas.org\/pt\/comites\/comite-consultivo-de-lideranca\/#primaryimage\",\"url\":\"https:\/\/www.coaliciondelasamericas.org\/pt\/wp-content\/uploads\/2024\/03\/MariadelCarmen-Agurcia-001.jpg\",\"contentUrl\":\"https:\/\/www.coaliciondelasamericas.org\/pt\/wp-content\/uploads\/2024\/03\/MariadelCarmen-Agurcia-001.jpg\",\"width\":480,\"height\":480,\"caption\":\"Mar\u00eda Del Carmen Agurcia\"},{\"@type\":\"BreadcrumbList\",\"@id\":\"https:\/\/www.coaliciondelasamericas.org\/pt\/comites\/comite-consultivo-de-lideranca\/#breadcrumb\",\"itemListElement\":[{\"@type\":\"ListItem\",\"position\":1,\"name\":\"Portada\",\"item\":\"https:\/\/www.coaliciondelasamericas.org\/pt\/\"},{\"@type\":\"ListItem\",\"position\":2,\"name\":\"Comit\u00eas\",\"item\":\"https:\/\/www.coaliciondelasamericas.org\/pt\/comites\/\"},{\"@type\":\"ListItem\",\"position\":3,\"name\":\"Comit\u00ea Consultivo de Lideran\u00e7a\"}]},{\"@type\":\"WebSite\",\"@id\":\"https:\/\/www.coaliciondelasamericas.org\/pt\/#website\",\"url\":\"https:\/\/www.coaliciondelasamericas.org\/pt\/\",\"name\":\"Coaliz&atilde;o das Am&eacute;ricas\",\"description\":\"L&iacute;deres unidos pelo bem-estar da hemofilia\",\"publisher\":{\"@id\":\"https:\/\/www.coaliciondelasamericas.org\/pt\/#organization\"},\"potentialAction\":[{\"@type\":\"SearchAction\",\"target\":{\"@type\":\"EntryPoint\",\"urlTemplate\":\"https:\/\/www.coaliciondelasamericas.org\/pt\/?s={search_term_string}\"},\"query-input\":\"required name=search_term_string\"}],\"inLanguage\":\"es\"},{\"@type\":\"Organization\",\"@id\":\"https:\/\/www.coaliciondelasamericas.org\/pt\/#organization\",\"name\":\"Coaliz&atilde;o das Am&eacute;ricas\",\"url\":\"https:\/\/www.coaliciondelasamericas.org\/pt\/\",\"logo\":{\"@type\":\"ImageObject\",\"inLanguage\":\"es\",\"@id\":\"https:\/\/www.coaliciondelasamericas.org\/pt\/#\/schema\/logo\/image\/\",\"url\":\"https:\/\/www.coaliciondelasamericas.org\/pt\/wp-content\/uploads\/2023\/03\/cropped-003-Portada-portuguese3-1.png\",\"contentUrl\":\"https:\/\/www.coaliciondelasamericas.org\/pt\/wp-content\/uploads\/2023\/03\/cropped-003-Portada-portuguese3-1.png\",\"width\":297,\"height\":128,\"caption\":\"Coaliz&atilde;o das Am&eacute;ricas\"},\"image\":{\"@id\":\"https:\/\/www.coaliciondelasamericas.org\/pt\/#\/schema\/logo\/image\/\"},\"sameAs\":[\"https:\/\/www.facebook.com\/coalicionamerica\/\",\"https:\/\/x.com\/coalicionameric\",\"https:\/\/www.instagram.com\/coaliciondelasamericas\/\"]}]}<\/script>\n<!-- \/ Yoast SEO plugin. -->","yoast_head_json":{"title":"Comit\u00ea Consultivo de Lideran\u00e7a - Coaliz&atilde;o das Am&eacute;ricas","description":"Comit\u00ea Consultivo de L\u00edderes em Hemofilia, que se re\u00fanem para compartilhar conhecimentos e experi\u00eancias, pessoais e profissionais.","robots":{"index":"index","follow":"follow","max-snippet":"max-snippet:-1","max-image-preview":"max-image-preview:large","max-video-preview":"max-video-preview:-1"},"canonical":"https:\/\/www.coaliciondelasamericas.org\/pt\/comites\/comite-consultivo-de-lideranca\/","og_locale":"es_ES","og_type":"article","og_title":"Comit\u00ea Consultivo de Lideran\u00e7a - Coaliz&atilde;o das Am&eacute;ricas","og_description":"Comit\u00ea Consultivo de L\u00edderes em Hemofilia, que se re\u00fanem para compartilhar conhecimentos e experi\u00eancias, pessoais e profissionais.","og_url":"https:\/\/www.coaliciondelasamericas.org\/pt\/comites\/comite-consultivo-de-lideranca\/","og_site_name":"Coaliz&atilde;o das Am&eacute;ricas","article_publisher":"https:\/\/www.facebook.com\/coalicionamerica\/","article_modified_time":"2024-03-15T20:24:50+00:00","og_image":[{"url":"https:\/\/www.coaliciondelasamericas.org\/pt\/wp-content\/uploads\/2024\/03\/MariadelCarmen-Agurcia-001.jpg"}],"twitter_card":"summary_large_image","twitter_site":"@coalicionameric","twitter_misc":{"Tiempo de lectura":"6 minutos"},"schema":{"@context":"https:\/\/schema.org","@graph":[{"@type":"WebPage","@id":"https:\/\/www.coaliciondelasamericas.org\/pt\/comites\/comite-consultivo-de-lideranca\/","url":"https:\/\/www.coaliciondelasamericas.org\/pt\/comites\/comite-consultivo-de-lideranca\/","name":"Comit\u00ea Consultivo de Lideran\u00e7a - Coaliz&atilde;o das Am&eacute;ricas","isPartOf":{"@id":"https:\/\/www.coaliciondelasamericas.org\/pt\/#website"},"primaryImageOfPage":{"@id":"https:\/\/www.coaliciondelasamericas.org\/pt\/comites\/comite-consultivo-de-lideranca\/#primaryimage"},"image":{"@id":"https:\/\/www.coaliciondelasamericas.org\/pt\/comites\/comite-consultivo-de-lideranca\/#primaryimage"},"thumbnailUrl":"https:\/\/www.coaliciondelasamericas.org\/pt\/wp-content\/uploads\/2024\/03\/MariadelCarmen-Agurcia-001.jpg","datePublished":"2024-02-17T14:27:28+00:00","dateModified":"2024-03-15T20:24:50+00:00","description":"Comit\u00ea Consultivo de L\u00edderes em Hemofilia, que se re\u00fanem para compartilhar conhecimentos e experi\u00eancias, pessoais e profissionais.","breadcrumb":{"@id":"https:\/\/www.coaliciondelasamericas.org\/pt\/comites\/comite-consultivo-de-lideranca\/#breadcrumb"},"inLanguage":"es","potentialAction":[{"@type":"ReadAction","target":["https:\/\/www.coaliciondelasamericas.org\/pt\/comites\/comite-consultivo-de-lideranca\/"]}]},{"@type":"ImageObject","inLanguage":"es","@id":"https:\/\/www.coaliciondelasamericas.org\/pt\/comites\/comite-consultivo-de-lideranca\/#primaryimage","url":"https:\/\/www.coaliciondelasamericas.org\/pt\/wp-content\/uploads\/2024\/03\/MariadelCarmen-Agurcia-001.jpg","contentUrl":"https:\/\/www.coaliciondelasamericas.org\/pt\/wp-content\/uploads\/2024\/03\/MariadelCarmen-Agurcia-001.jpg","width":480,"height":480,"caption":"Mar\u00eda Del Carmen Agurcia"},{"@type":"BreadcrumbList","@id":"https:\/\/www.coaliciondelasamericas.org\/pt\/comites\/comite-consultivo-de-lideranca\/#breadcrumb","itemListElement":[{"@type":"ListItem","position":1,"name":"Portada","item":"https:\/\/www.coaliciondelasamericas.org\/pt\/"},{"@type":"ListItem","position":2,"name":"Comit\u00eas","item":"https:\/\/www.coaliciondelasamericas.org\/pt\/comites\/"},{"@type":"ListItem","position":3,"name":"Comit\u00ea Consultivo de Lideran\u00e7a"}]},{"@type":"WebSite","@id":"https:\/\/www.coaliciondelasamericas.org\/pt\/#website","url":"https:\/\/www.coaliciondelasamericas.org\/pt\/","name":"Coaliz&atilde;o das Am&eacute;ricas","description":"L&iacute;deres unidos pelo bem-estar da hemofilia","publisher":{"@id":"https:\/\/www.coaliciondelasamericas.org\/pt\/#organization"},"potentialAction":[{"@type":"SearchAction","target":{"@type":"EntryPoint","urlTemplate":"https:\/\/www.coaliciondelasamericas.org\/pt\/?s={search_term_string}"},"query-input":"required name=search_term_string"}],"inLanguage":"es"},{"@type":"Organization","@id":"https:\/\/www.coaliciondelasamericas.org\/pt\/#organization","name":"Coaliz&atilde;o das Am&eacute;ricas","url":"https:\/\/www.coaliciondelasamericas.org\/pt\/","logo":{"@type":"ImageObject","inLanguage":"es","@id":"https:\/\/www.coaliciondelasamericas.org\/pt\/#\/schema\/logo\/image\/","url":"https:\/\/www.coaliciondelasamericas.org\/pt\/wp-content\/uploads\/2023\/03\/cropped-003-Portada-portuguese3-1.png","contentUrl":"https:\/\/www.coaliciondelasamericas.org\/pt\/wp-content\/uploads\/2023\/03\/cropped-003-Portada-portuguese3-1.png","width":297,"height":128,"caption":"Coaliz&atilde;o das Am&eacute;ricas"},"image":{"@id":"https:\/\/www.coaliciondelasamericas.org\/pt\/#\/schema\/logo\/image\/"},"sameAs":["https:\/\/www.facebook.com\/coalicionamerica\/","https:\/\/x.com\/coalicionameric","https:\/\/www.instagram.com\/coaliciondelasamericas\/"]}]}},"_links":{"self":[{"href":"https:\/\/www.coaliciondelasamericas.org\/pt\/wp-json\/wp\/v2\/pages\/2164"}],"collection":[{"href":"https:\/\/www.coaliciondelasamericas.org\/pt\/wp-json\/wp\/v2\/pages"}],"about":[{"href":"https:\/\/www.coaliciondelasamericas.org\/pt\/wp-json\/wp\/v2\/types\/page"}],"author":[{"embeddable":true,"href":"https:\/\/www.coaliciondelasamericas.org\/pt\/wp-json\/wp\/v2\/users\/1"}],"replies":[{"embeddable":true,"href":"https:\/\/www.coaliciondelasamericas.org\/pt\/wp-json\/wp\/v2\/comments?post=2164"}],"version-history":[{"count":22,"href":"https:\/\/www.coaliciondelasamericas.org\/pt\/wp-json\/wp\/v2\/pages\/2164\/revisions"}],"predecessor-version":[{"id":2399,"href":"https:\/\/www.coaliciondelasamericas.org\/pt\/wp-json\/wp\/v2\/pages\/2164\/revisions\/2399"}],"up":[{"embeddable":true,"href":"https:\/\/www.coaliciondelasamericas.org\/pt\/wp-json\/wp\/v2\/pages\/2139"}],"wp:attachment":[{"href":"https:\/\/www.coaliciondelasamericas.org\/pt\/wp-json\/wp\/v2\/media?parent=2164"}],"curies":[{"name":"wp","href":"https:\/\/api.w.org\/{rel}","templated":true}]}}