{"id":2158,"date":"2024-02-17T14:24:09","date_gmt":"2024-02-17T14:24:09","guid":{"rendered":"https:\/\/www.coaliciondelasamericas.org\/pt\/?page_id=2158"},"modified":"2024-03-09T02:38:13","modified_gmt":"2024-03-09T02:38:13","slug":"comite-de-candidaturas","status":"publish","type":"page","link":"https:\/\/www.coaliciondelasamericas.org\/pt\/comites\/comite-de-candidaturas\/","title":{"rendered":"Comit\u00ea de Candidaturas"},"content":{"rendered":"\n<div class=\"wp-block-columns is-layout-flex wp-container-core-columns-is-layout-1 wp-block-columns-is-layout-flex\">\n<div class=\"wp-block-column is-layout-flow wp-block-column-is-layout-flow\" style=\"flex-basis:10%\"><\/div>\n\n\n\n<div class=\"wp-block-column is-layout-flow wp-block-column-is-layout-flow\" style=\"flex-basis:80%\">\n<p>A Comiss\u00e3o de Candidaturas \u00e9 quem interv\u00e9m nas solicita\u00e7\u00f5es internas e externas de candidatura a diversos projetos, programas, bolsas ou benef\u00edcios. Este Comit\u00ea \u00e9 integrado pela Coordenadora de Finan\u00e7as, <strong><a href=\"https:\/\/www.coaliciondelasamericas.org\/pt\/conselho-diretivo\/patricia-romo-martinez\/\">Patricia Romo<\/a><\/strong>, pela Coordenadora de Projetos <strong><a href=\"https:\/\/www.coaliciondelasamericas.org\/pt\/conselho-diretivo\/maria-belen-robert\/\">Mar\u00eda Bel\u00e9n Robert<\/a><\/strong> e pela Coordenadora do ONM, <strong><a href=\"https:\/\/www.coaliciondelasamericas.org\/pt\/conselho-diretivo\/isabel-sorondo\/\">Isabel Sorondo<\/a><\/strong> quando se trata de uma solicita\u00e7\u00e3o de um ONM e\/ou pela Coordenadora de Assuntos Pol\u00edticos, <strong><a href=\"https:\/\/www.coaliciondelasamericas.org\/pt\/conselho-diretivo\/martha-monteros-rincon\/\">Martha Monteros<\/a><\/strong>, quando se trata de um interno. ordem.<\/p>\n<\/div>\n\n\n\n<div class=\"wp-block-column is-layout-flow wp-block-column-is-layout-flow\" style=\"flex-basis:10%\"><\/div>\n<\/div>\n\n\n\n<div class=\"wp-block-columns is-layout-flex wp-container-core-columns-is-layout-2 wp-block-columns-is-layout-flex\">\n<div class=\"wp-block-column is-layout-flow wp-block-column-is-layout-flow\" style=\"flex-basis:10%\"><\/div>\n\n\n\n<div class=\"wp-block-column is-layout-flow wp-block-column-is-layout-flow\" style=\"flex-basis:80%\">\n<figure class=\"wp-block-image aligncenter size-full is-resized\"><img loading=\"lazy\" decoding=\"async\" width=\"600\" height=\"379\" src=\"https:\/\/www.coaliciondelasamericas.org\/pt\/wp-content\/uploads\/2024\/03\/istockphoto-1468536164-612x612-1.jpg\" alt=\"Comit\u00ea de Candidaturas\" class=\"wp-image-2360\" style=\"width:412px;height:auto\" srcset=\"https:\/\/www.coaliciondelasamericas.org\/pt\/wp-content\/uploads\/2024\/03\/istockphoto-1468536164-612x612-1.jpg 600w, https:\/\/www.coaliciondelasamericas.org\/pt\/wp-content\/uploads\/2024\/03\/istockphoto-1468536164-612x612-1-300x190.jpg 300w\" sizes=\"(max-width: 600px) 100vw, 600px\" \/><\/figure>\n<\/div>\n\n\n\n<div class=\"wp-block-column is-layout-flow wp-block-column-is-layout-flow\" style=\"flex-basis:10%\"><\/div>\n<\/div>\n","protected":false},"excerpt":{"rendered":"<p>A Comiss\u00e3o de Candidaturas \u00e9 quem interv\u00e9m nas solicita\u00e7\u00f5es internas e externas de candidatura a diversos projetos, programas, bolsas ou<\/p>\n","protected":false},"author":1,"featured_media":0,"parent":2139,"menu_order":3,"comment_status":"closed","ping_status":"closed","template":"","meta":{"colormag_page_container_layout":"no_sidebar_content_centered","colormag_page_sidebar_layout":"no_sidebar","_coblocks_attr":"","_coblocks_dimensions":"","_coblocks_responsive_height":"","_coblocks_accordion_ie_support":"","footnotes":""},"class_list":["post-2158","page","type-page","status-publish","hentry"],"yoast_head":"<!-- This site is optimized with the Yoast SEO plugin v22.6 - https:\/\/yoast.com\/wordpress\/plugins\/seo\/ -->\n<title>Comit\u00ea de Candidaturas - Coaliz&atilde;o das Am&eacute;ricas<\/title>\n<meta name=\"description\" content=\"A Comiss\u00e3o de Candidaturas \u00e9 quem interv\u00e9m nas solicita\u00e7\u00f5es internas e externas de candidatura a diversos projetos, programas, etc.\" \/>\n<meta name=\"robots\" content=\"index, follow, max-snippet:-1, max-image-preview:large, max-video-preview:-1\" \/>\n<link rel=\"canonical\" href=\"https:\/\/www.coaliciondelasamericas.org\/pt\/comites\/comite-de-candidaturas\/\" \/>\n<meta property=\"og:locale\" content=\"es_ES\" \/>\n<meta property=\"og:type\" content=\"article\" \/>\n<meta property=\"og:title\" content=\"Comit\u00ea de Candidaturas - Coaliz&atilde;o das Am&eacute;ricas\" \/>\n<meta property=\"og:description\" content=\"A Comiss\u00e3o de Candidaturas \u00e9 quem interv\u00e9m nas solicita\u00e7\u00f5es internas e externas de candidatura a diversos projetos, programas, etc.\" \/>\n<meta property=\"og:url\" content=\"https:\/\/www.coaliciondelasamericas.org\/pt\/comites\/comite-de-candidaturas\/\" \/>\n<meta property=\"og:site_name\" content=\"Coaliz&atilde;o das Am&eacute;ricas\" \/>\n<meta property=\"article:publisher\" content=\"https:\/\/www.facebook.com\/coalicionamerica\/\" \/>\n<meta property=\"article:modified_time\" content=\"2024-03-09T02:38:13+00:00\" \/>\n<meta property=\"og:image\" content=\"https:\/\/www.coaliciondelasamericas.org\/pt\/wp-content\/uploads\/2024\/03\/istockphoto-1468536164-612x612-1.jpg\" \/>\n<meta name=\"twitter:card\" content=\"summary_large_image\" \/>\n<meta name=\"twitter:site\" content=\"@coalicionameric\" \/>\n<meta name=\"twitter:label1\" content=\"Tiempo de lectura\" \/>\n\t<meta name=\"twitter:data1\" content=\"1 minuto\" \/>\n<script type=\"application\/ld+json\" class=\"yoast-schema-graph\">{\"@context\":\"https:\/\/schema.org\",\"@graph\":[{\"@type\":\"WebPage\",\"@id\":\"https:\/\/www.coaliciondelasamericas.org\/pt\/comites\/comite-de-candidaturas\/\",\"url\":\"https:\/\/www.coaliciondelasamericas.org\/pt\/comites\/comite-de-candidaturas\/\",\"name\":\"Comit\u00ea de Candidaturas - Coaliz&atilde;o das Am&eacute;ricas\",\"isPartOf\":{\"@id\":\"https:\/\/www.coaliciondelasamericas.org\/pt\/#website\"},\"primaryImageOfPage\":{\"@id\":\"https:\/\/www.coaliciondelasamericas.org\/pt\/comites\/comite-de-candidaturas\/#primaryimage\"},\"image\":{\"@id\":\"https:\/\/www.coaliciondelasamericas.org\/pt\/comites\/comite-de-candidaturas\/#primaryimage\"},\"thumbnailUrl\":\"https:\/\/www.coaliciondelasamericas.org\/pt\/wp-content\/uploads\/2024\/03\/istockphoto-1468536164-612x612-1.jpg\",\"datePublished\":\"2024-02-17T14:24:09+00:00\",\"dateModified\":\"2024-03-09T02:38:13+00:00\",\"description\":\"A Comiss\u00e3o de Candidaturas \u00e9 quem interv\u00e9m nas solicita\u00e7\u00f5es internas e externas de candidatura a diversos projetos, programas, etc.\",\"breadcrumb\":{\"@id\":\"https:\/\/www.coaliciondelasamericas.org\/pt\/comites\/comite-de-candidaturas\/#breadcrumb\"},\"inLanguage\":\"es\",\"potentialAction\":[{\"@type\":\"ReadAction\",\"target\":[\"https:\/\/www.coaliciondelasamericas.org\/pt\/comites\/comite-de-candidaturas\/\"]}]},{\"@type\":\"ImageObject\",\"inLanguage\":\"es\",\"@id\":\"https:\/\/www.coaliciondelasamericas.org\/pt\/comites\/comite-de-candidaturas\/#primaryimage\",\"url\":\"https:\/\/www.coaliciondelasamericas.org\/pt\/wp-content\/uploads\/2024\/03\/istockphoto-1468536164-612x612-1.jpg\",\"contentUrl\":\"https:\/\/www.coaliciondelasamericas.org\/pt\/wp-content\/uploads\/2024\/03\/istockphoto-1468536164-612x612-1.jpg\",\"width\":600,\"height\":379,\"caption\":\"Comit\u00ea de Candidaturas\"},{\"@type\":\"BreadcrumbList\",\"@id\":\"https:\/\/www.coaliciondelasamericas.org\/pt\/comites\/comite-de-candidaturas\/#breadcrumb\",\"itemListElement\":[{\"@type\":\"ListItem\",\"position\":1,\"name\":\"Portada\",\"item\":\"https:\/\/www.coaliciondelasamericas.org\/pt\/\"},{\"@type\":\"ListItem\",\"position\":2,\"name\":\"Comit\u00eas\",\"item\":\"https:\/\/www.coaliciondelasamericas.org\/pt\/comites\/\"},{\"@type\":\"ListItem\",\"position\":3,\"name\":\"Comit\u00ea de Candidaturas\"}]},{\"@type\":\"WebSite\",\"@id\":\"https:\/\/www.coaliciondelasamericas.org\/pt\/#website\",\"url\":\"https:\/\/www.coaliciondelasamericas.org\/pt\/\",\"name\":\"Coaliz&atilde;o das Am&eacute;ricas\",\"description\":\"L&iacute;deres unidos pelo bem-estar da hemofilia\",\"publisher\":{\"@id\":\"https:\/\/www.coaliciondelasamericas.org\/pt\/#organization\"},\"potentialAction\":[{\"@type\":\"SearchAction\",\"target\":{\"@type\":\"EntryPoint\",\"urlTemplate\":\"https:\/\/www.coaliciondelasamericas.org\/pt\/?s={search_term_string}\"},\"query-input\":\"required name=search_term_string\"}],\"inLanguage\":\"es\"},{\"@type\":\"Organization\",\"@id\":\"https:\/\/www.coaliciondelasamericas.org\/pt\/#organization\",\"name\":\"Coaliz&atilde;o das Am&eacute;ricas\",\"url\":\"https:\/\/www.coaliciondelasamericas.org\/pt\/\",\"logo\":{\"@type\":\"ImageObject\",\"inLanguage\":\"es\",\"@id\":\"https:\/\/www.coaliciondelasamericas.org\/pt\/#\/schema\/logo\/image\/\",\"url\":\"https:\/\/www.coaliciondelasamericas.org\/pt\/wp-content\/uploads\/2023\/03\/cropped-003-Portada-portuguese3-1.png\",\"contentUrl\":\"https:\/\/www.coaliciondelasamericas.org\/pt\/wp-content\/uploads\/2023\/03\/cropped-003-Portada-portuguese3-1.png\",\"width\":297,\"height\":128,\"caption\":\"Coaliz&atilde;o das Am&eacute;ricas\"},\"image\":{\"@id\":\"https:\/\/www.coaliciondelasamericas.org\/pt\/#\/schema\/logo\/image\/\"},\"sameAs\":[\"https:\/\/www.facebook.com\/coalicionamerica\/\",\"https:\/\/x.com\/coalicionameric\",\"https:\/\/www.instagram.com\/coaliciondelasamericas\/\"]}]}<\/script>\n<!-- \/ Yoast SEO plugin. -->","yoast_head_json":{"title":"Comit\u00ea de Candidaturas - Coaliz&atilde;o das Am&eacute;ricas","description":"A Comiss\u00e3o de Candidaturas \u00e9 quem interv\u00e9m nas solicita\u00e7\u00f5es internas e externas de candidatura a diversos projetos, programas, etc.","robots":{"index":"index","follow":"follow","max-snippet":"max-snippet:-1","max-image-preview":"max-image-preview:large","max-video-preview":"max-video-preview:-1"},"canonical":"https:\/\/www.coaliciondelasamericas.org\/pt\/comites\/comite-de-candidaturas\/","og_locale":"es_ES","og_type":"article","og_title":"Comit\u00ea de Candidaturas - Coaliz&atilde;o das Am&eacute;ricas","og_description":"A Comiss\u00e3o de Candidaturas \u00e9 quem interv\u00e9m nas solicita\u00e7\u00f5es internas e externas de candidatura a diversos projetos, programas, etc.","og_url":"https:\/\/www.coaliciondelasamericas.org\/pt\/comites\/comite-de-candidaturas\/","og_site_name":"Coaliz&atilde;o das Am&eacute;ricas","article_publisher":"https:\/\/www.facebook.com\/coalicionamerica\/","article_modified_time":"2024-03-09T02:38:13+00:00","og_image":[{"url":"https:\/\/www.coaliciondelasamericas.org\/pt\/wp-content\/uploads\/2024\/03\/istockphoto-1468536164-612x612-1.jpg"}],"twitter_card":"summary_large_image","twitter_site":"@coalicionameric","twitter_misc":{"Tiempo de lectura":"1 minuto"},"schema":{"@context":"https:\/\/schema.org","@graph":[{"@type":"WebPage","@id":"https:\/\/www.coaliciondelasamericas.org\/pt\/comites\/comite-de-candidaturas\/","url":"https:\/\/www.coaliciondelasamericas.org\/pt\/comites\/comite-de-candidaturas\/","name":"Comit\u00ea de Candidaturas - Coaliz&atilde;o das Am&eacute;ricas","isPartOf":{"@id":"https:\/\/www.coaliciondelasamericas.org\/pt\/#website"},"primaryImageOfPage":{"@id":"https:\/\/www.coaliciondelasamericas.org\/pt\/comites\/comite-de-candidaturas\/#primaryimage"},"image":{"@id":"https:\/\/www.coaliciondelasamericas.org\/pt\/comites\/comite-de-candidaturas\/#primaryimage"},"thumbnailUrl":"https:\/\/www.coaliciondelasamericas.org\/pt\/wp-content\/uploads\/2024\/03\/istockphoto-1468536164-612x612-1.jpg","datePublished":"2024-02-17T14:24:09+00:00","dateModified":"2024-03-09T02:38:13+00:00","description":"A Comiss\u00e3o de Candidaturas \u00e9 quem interv\u00e9m nas solicita\u00e7\u00f5es internas e externas de candidatura a diversos projetos, programas, etc.","breadcrumb":{"@id":"https:\/\/www.coaliciondelasamericas.org\/pt\/comites\/comite-de-candidaturas\/#breadcrumb"},"inLanguage":"es","potentialAction":[{"@type":"ReadAction","target":["https:\/\/www.coaliciondelasamericas.org\/pt\/comites\/comite-de-candidaturas\/"]}]},{"@type":"ImageObject","inLanguage":"es","@id":"https:\/\/www.coaliciondelasamericas.org\/pt\/comites\/comite-de-candidaturas\/#primaryimage","url":"https:\/\/www.coaliciondelasamericas.org\/pt\/wp-content\/uploads\/2024\/03\/istockphoto-1468536164-612x612-1.jpg","contentUrl":"https:\/\/www.coaliciondelasamericas.org\/pt\/wp-content\/uploads\/2024\/03\/istockphoto-1468536164-612x612-1.jpg","width":600,"height":379,"caption":"Comit\u00ea de Candidaturas"},{"@type":"BreadcrumbList","@id":"https:\/\/www.coaliciondelasamericas.org\/pt\/comites\/comite-de-candidaturas\/#breadcrumb","itemListElement":[{"@type":"ListItem","position":1,"name":"Portada","item":"https:\/\/www.coaliciondelasamericas.org\/pt\/"},{"@type":"ListItem","position":2,"name":"Comit\u00eas","item":"https:\/\/www.coaliciondelasamericas.org\/pt\/comites\/"},{"@type":"ListItem","position":3,"name":"Comit\u00ea de Candidaturas"}]},{"@type":"WebSite","@id":"https:\/\/www.coaliciondelasamericas.org\/pt\/#website","url":"https:\/\/www.coaliciondelasamericas.org\/pt\/","name":"Coaliz&atilde;o das Am&eacute;ricas","description":"L&iacute;deres unidos pelo bem-estar da hemofilia","publisher":{"@id":"https:\/\/www.coaliciondelasamericas.org\/pt\/#organization"},"potentialAction":[{"@type":"SearchAction","target":{"@type":"EntryPoint","urlTemplate":"https:\/\/www.coaliciondelasamericas.org\/pt\/?s={search_term_string}"},"query-input":"required name=search_term_string"}],"inLanguage":"es"},{"@type":"Organization","@id":"https:\/\/www.coaliciondelasamericas.org\/pt\/#organization","name":"Coaliz&atilde;o das Am&eacute;ricas","url":"https:\/\/www.coaliciondelasamericas.org\/pt\/","logo":{"@type":"ImageObject","inLanguage":"es","@id":"https:\/\/www.coaliciondelasamericas.org\/pt\/#\/schema\/logo\/image\/","url":"https:\/\/www.coaliciondelasamericas.org\/pt\/wp-content\/uploads\/2023\/03\/cropped-003-Portada-portuguese3-1.png","contentUrl":"https:\/\/www.coaliciondelasamericas.org\/pt\/wp-content\/uploads\/2023\/03\/cropped-003-Portada-portuguese3-1.png","width":297,"height":128,"caption":"Coaliz&atilde;o das Am&eacute;ricas"},"image":{"@id":"https:\/\/www.coaliciondelasamericas.org\/pt\/#\/schema\/logo\/image\/"},"sameAs":["https:\/\/www.facebook.com\/coalicionamerica\/","https:\/\/x.com\/coalicionameric","https:\/\/www.instagram.com\/coaliciondelasamericas\/"]}]}},"_links":{"self":[{"href":"https:\/\/www.coaliciondelasamericas.org\/pt\/wp-json\/wp\/v2\/pages\/2158"}],"collection":[{"href":"https:\/\/www.coaliciondelasamericas.org\/pt\/wp-json\/wp\/v2\/pages"}],"about":[{"href":"https:\/\/www.coaliciondelasamericas.org\/pt\/wp-json\/wp\/v2\/types\/page"}],"author":[{"embeddable":true,"href":"https:\/\/www.coaliciondelasamericas.org\/pt\/wp-json\/wp\/v2\/users\/1"}],"replies":[{"embeddable":true,"href":"https:\/\/www.coaliciondelasamericas.org\/pt\/wp-json\/wp\/v2\/comments?post=2158"}],"version-history":[{"count":2,"href":"https:\/\/www.coaliciondelasamericas.org\/pt\/wp-json\/wp\/v2\/pages\/2158\/revisions"}],"predecessor-version":[{"id":2361,"href":"https:\/\/www.coaliciondelasamericas.org\/pt\/wp-json\/wp\/v2\/pages\/2158\/revisions\/2361"}],"up":[{"embeddable":true,"href":"https:\/\/www.coaliciondelasamericas.org\/pt\/wp-json\/wp\/v2\/pages\/2139"}],"wp:attachment":[{"href":"https:\/\/www.coaliciondelasamericas.org\/pt\/wp-json\/wp\/v2\/media?parent=2158"}],"curies":[{"name":"wp","href":"https:\/\/api.w.org\/{rel}","templated":true}]}}