{"id":2156,"date":"2024-02-17T14:22:20","date_gmt":"2024-02-17T14:22:20","guid":{"rendered":"https:\/\/www.coaliciondelasamericas.org\/pt\/?page_id=2156"},"modified":"2024-03-15T20:04:26","modified_gmt":"2024-03-15T20:04:26","slug":"comite-juvenil","status":"publish","type":"page","link":"https:\/\/www.coaliciondelasamericas.org\/pt\/comites\/comite-juvenil\/","title":{"rendered":"Comit\u00ea Juvenil"},"content":{"rendered":"\n<div class=\"wp-block-columns is-layout-flex wp-container-core-columns-is-layout-1 wp-block-columns-is-layout-flex\">\n<div class=\"wp-block-column is-layout-flow wp-block-column-is-layout-flow\"><\/div>\n\n\n\n<div class=\"wp-block-column is-layout-flow wp-block-column-is-layout-flow\"><\/div>\n\n\n\n<div class=\"wp-block-column is-layout-flow wp-block-column-is-layout-flow\"><\/div>\n<\/div>\n\n\n\n<h4 class=\"wp-block-heading has-text-align-center\"><strong>Mentor\u00edas con la Fedhemo.<\/strong><\/h4>\n\n\n\n<div class=\"wp-block-columns is-layout-flex wp-container-core-columns-is-layout-2 wp-block-columns-is-layout-flex\">\n<div class=\"wp-block-column is-layout-flow wp-block-column-is-layout-flow\" style=\"flex-basis:80%\">\n<p>\u00c9 sabido que as ONM do nosso continente apresentam uma disparidade nos seus n\u00edveis de desenvolvimento, tanto na dimens\u00e3o m\u00e9dica como social. Estas diferen\u00e7as devem-se a v\u00e1rios factores causais, tais como aspectos da pol\u00edtica, economia e matriz estrutural de cada Estado, e tamb\u00e9m a aspectos organizacionais e de planeamento de cada ONM.<\/p>\n\n\n\n<p>\u00c9 vital poder fornecer um m\u00ednimo de ferramentas para o avan\u00e7o destas ONM, que ainda devem desenvolver diversas \u00e1reas internas e por sua vez devem ter uma melhor influ\u00eancia nas pol\u00edticas de sa\u00fade p\u00fablica de cada pa\u00eds.<\/p>\n<\/div>\n\n\n\n<div class=\"wp-block-column is-layout-flow wp-block-column-is-layout-flow\" style=\"flex-basis:25%\">\n<figure class=\"wp-block-image size-full\"><a href=\"https:\/\/fedhemo.com\/\" target=\"_blank\" rel=\"noreferrer noopener\"><img decoding=\"async\" src=\"https:\/\/www.coaliciondelasamericas.org\/blog\/wp-content\/uploads\/2024\/03\/logo-Fedhemo.jpg\" alt=\"fedhemo\" class=\"wp-image-3250\"\/><\/a><\/figure>\n<\/div>\n<\/div>\n\n\n\n<p><\/p>\n\n\n\n<p>Isto com o objetivo claro de melhorar o tratamento dos pacientes com hemofilia, o acesso \u00e0 medica\u00e7\u00e3o e a cria\u00e7\u00e3o de centros de tratamento multidisciplinares.<\/p>\n\n\n\n<p>O desafio ent\u00e3o \u00e9 conseguir dar ferramentas, conhecimento e transfer\u00eancia de experi\u00eancia e aprendizagem aos l\u00edderes de cada ONM, com o objectivo de os motivar e formar como l\u00edderes profissionais na mat\u00e9ria. Atualmente temos um n\u00famero significativo de l\u00edderes locais, nacionais e regionais que s\u00e3o reconhecidos pelos seus pares, pela comunidade de pacientes e pelos m\u00e9dicos, mas que ainda precisam passar por um processo de forma\u00e7\u00e3o te\u00f3rica e experiencial e poder estar em contato com v\u00e1rios l\u00edderes mundiais e representantes continentais de diversas organiza\u00e7\u00f5es que j\u00e1 trilharam esse caminho, para poder aprender com cada hist\u00f3ria.<\/p>\n\n\n\n<p>\u00c9 ent\u00e3o que os l\u00edderes n\u00e3o s\u00f3 necessitam de forma\u00e7\u00e3o educacional, mas tamb\u00e9m participam em eventos educativos internacionais com dois prop\u00f3sitos: &#8211; formar-se in situ de forma experiencial e &#8211; ver em a\u00e7\u00e3o e manter reuni\u00f5es com os l\u00edderes de diversas organiza\u00e7\u00f5es que tiveram sucesso. Desta forma acreditamos que poderemos iniciar um processo de forma\u00e7\u00e3o educacional e experiencial para os l\u00edderes que necessitam dessa forma\u00e7\u00e3o para melhorar os tratamentos em cada pa\u00eds.<\/p>\n\n\n\n<p><\/p>\n\n\n\n<p><strong>Metas:<\/strong><\/p>\n\n\n\n<p>\u00b7&nbsp;&nbsp;&nbsp;&nbsp;&nbsp;&nbsp;&nbsp;&nbsp;&nbsp;Que os l\u00edderes da regi\u00e3o obtenham as ferramentas necess\u00e1rias em n\u00edvel pr\u00e1tico para realizar esses debates e influenciar as pol\u00edticas de sa\u00fade p\u00fablica em cada pa\u00eds.<\/p>\n\n\n\n<p>\u00b7&nbsp;&nbsp;&nbsp;&nbsp;&nbsp;&nbsp;&nbsp;&nbsp;&nbsp;Complementar a abordagem te\u00f3rica virtual dos Workshops e Atividades que tanto o WFH quanto o COA ditam, mas em uma dimens\u00e3o pr\u00e1tica e experiencial presencial.<\/p>\n\n\n\n<p>\u00b7&nbsp;&nbsp;&nbsp;&nbsp;&nbsp;&nbsp;&nbsp;&nbsp;&nbsp;Gerar a an\u00e1lise de poss\u00edveis experi\u00eancias pr\u00e1ticas de sucesso em diversas organiza\u00e7\u00f5es e estudar a aplica\u00e7\u00e3o em cada pa\u00eds de resid\u00eancia dos l\u00edderes.<\/p>\n\n\n\n<p>\u00b7&nbsp;&nbsp;&nbsp;&nbsp;&nbsp;&nbsp;&nbsp;&nbsp;&nbsp;Incentivar os bolsistas a repensar os formatos e vis\u00f5es atuais dos direitos \u00e0 sa\u00fade de cada pa\u00eds em compara\u00e7\u00e3o com os padr\u00f5es da UE<\/p>\n\n\n\n<p>\u00b7&nbsp;&nbsp;&nbsp;&nbsp;&nbsp;&nbsp;&nbsp;&nbsp;&nbsp;Fazer contato direto com diferentes autoridades p\u00fablicas espanholas dedicadas ao tratamento e acesso \u00e0 hemofilia para enriquecer suas estrat\u00e9gias nacionais<\/p>\n\n\n\n<p>\u00b7&nbsp;&nbsp;&nbsp;&nbsp;&nbsp;&nbsp;&nbsp;&nbsp;&nbsp;Conhe\u00e7a os tratamentos e m\u00e9todos de cobertura e acesso na Espanha para replic\u00e1-los em seus pa\u00edses<\/p>\n\n\n\n<p>\u00b7&nbsp;&nbsp;&nbsp;&nbsp;&nbsp;&nbsp;&nbsp;&nbsp;&nbsp;Conhecer a modalidade de trabalho da Fedhemo e gerar pensamento cr\u00edtico na estrutura de cada ONM<\/p>\n\n\n\n<div class=\"wp-block-columns is-layout-flex wp-container-core-columns-is-layout-3 wp-block-columns-is-layout-flex\">\n<div class=\"wp-block-column is-layout-flow wp-block-column-is-layout-flow\"><\/div>\n\n\n\n<div class=\"wp-block-column is-layout-flow wp-block-column-is-layout-flow\">\n<figure class=\"wp-block-image aligncenter size-full is-resized\"><a href=\"https:\/\/www.coaliciondelasamericas.org\/blog\/wp-content\/uploads\/2024\/03\/Proyecto-de-mentorias-COA-FEDHEMO.pdf\" target=\"_blank\" rel=\"noreferrer noopener\"><img decoding=\"async\" src=\"https:\/\/www.coaliciondelasamericas.org\/blog\/wp-content\/uploads\/2024\/03\/archivo-pdf.png\" alt=\"Together\" class=\"wp-image-3238\" style=\"width:94px;height:auto\"\/><\/a><\/figure>\n<\/div>\n\n\n\n<div class=\"wp-block-column is-layout-flow wp-block-column-is-layout-flow\"><\/div>\n<\/div>\n\n\n\n<p class=\"has-white-color has-text-color has-link-color wp-elements-7e4ac651328708ea719ac0894fa30934\">.<\/p>\n\n\n\n<hr class=\"wp-block-separator has-text-color has-black-color has-alpha-channel-opacity has-black-background-color has-background is-style-wide\"\/>\n\n\n\n<div class=\"wp-block-columns is-layout-flex wp-container-core-columns-is-layout-4 wp-block-columns-is-layout-flex\">\n<div class=\"wp-block-column is-layout-flow wp-block-column-is-layout-flow\" style=\"flex-basis:33.33%\">\n<figure class=\"wp-block-image size-full\"><img loading=\"lazy\" decoding=\"async\" width=\"480\" height=\"480\" src=\"https:\/\/www.coaliciondelasamericas.org\/pt\/wp-content\/uploads\/2024\/03\/Violeta-Farah-Ven.jpg\" alt=\"Violeta Farah\n\" class=\"wp-image-2289\" srcset=\"https:\/\/www.coaliciondelasamericas.org\/pt\/wp-content\/uploads\/2024\/03\/Violeta-Farah-Ven.jpg 480w, https:\/\/www.coaliciondelasamericas.org\/pt\/wp-content\/uploads\/2024\/03\/Violeta-Farah-Ven-300x300.jpg 300w, https:\/\/www.coaliciondelasamericas.org\/pt\/wp-content\/uploads\/2024\/03\/Violeta-Farah-Ven-150x150.jpg 150w\" sizes=\"(max-width: 480px) 100vw, 480px\" \/><\/figure>\n<\/div>\n\n\n\n<div class=\"wp-block-column is-layout-flow wp-block-column-is-layout-flow\" style=\"flex-basis:66.66%\">\n<p><strong>VIOLETA FARAH<br><\/strong>Coordenador do Comit\u00ea Juvenil<br>Venezuela<\/p>\n\n\n\n<p>Graduado em Administra\u00e7\u00e3o de Empresas e mestre em Marketing Gerencial. Trabalha ativamente no AVH como l\u00edder de projeto MNTC e no COA como l\u00edder de comit\u00ea juvenil. <strong><a href=\"https:\/\/www.coaliciondelasamericas.org\/pt\/conselho-diretivo\/violeta-farah\/\">Ler mais \u00bb<\/a><\/strong><\/p>\n<\/div>\n<\/div>\n\n\n\n<hr class=\"wp-block-separator has-text-color has-black-color has-alpha-channel-opacity has-black-background-color has-background is-style-wide\"\/>\n\n\n\n<p class=\"has-white-color has-text-color has-link-color wp-elements-7e4ac651328708ea719ac0894fa30934\">.<\/p>\n\n\n\n<p class=\"has-white-color has-text-color has-link-color wp-elements-7e4ac651328708ea719ac0894fa30934\">.<\/p>\n\n\n\n<p class=\"has-text-align-center\">Este programa \u00e9 apoiado pela SANOFI.<\/p>\n\n\n\n<figure class=\"wp-block-image aligncenter size-medium\"><img decoding=\"async\" src=\"https:\/\/www.coaliciondelasamericas.org\/blog\/wp-content\/uploads\/2024\/03\/Logo-Sanofi-1-300x90.png\" alt=\"Sanofi\" class=\"wp-image-3257\"\/><\/figure>\n","protected":false},"excerpt":{"rendered":"<p>Mentor\u00edas con la Fedhemo. \u00c9 sabido que as ONM do nosso continente apresentam uma disparidade nos seus n\u00edveis de desenvolvimento,<\/p>\n","protected":false},"author":1,"featured_media":0,"parent":2139,"menu_order":2,"comment_status":"closed","ping_status":"closed","template":"","meta":{"colormag_page_container_layout":"no_sidebar_content_centered","colormag_page_sidebar_layout":"no_sidebar","_coblocks_attr":"","_coblocks_dimensions":"","_coblocks_responsive_height":"","_coblocks_accordion_ie_support":"","footnotes":""},"class_list":["post-2156","page","type-page","status-publish","hentry"],"yoast_head":"<!-- This site is optimized with the Yoast SEO plugin v22.6 - https:\/\/yoast.com\/wordpress\/plugins\/seo\/ -->\n<title>Comit\u00ea Juvenil - Coaliz&atilde;o das Am&eacute;ricas<\/title>\n<meta name=\"description\" content=\"\u00c9 sabido que as ONM do nosso continente apresentam uma disparidade nos seus n\u00edveis de desenvolvimento, tanto na dimens\u00e3o m\u00e9dica como social.\" \/>\n<meta name=\"robots\" content=\"index, follow, max-snippet:-1, max-image-preview:large, max-video-preview:-1\" \/>\n<link rel=\"canonical\" href=\"https:\/\/www.coaliciondelasamericas.org\/pt\/comites\/comite-juvenil\/\" \/>\n<meta property=\"og:locale\" content=\"es_ES\" \/>\n<meta property=\"og:type\" content=\"article\" \/>\n<meta property=\"og:title\" content=\"Comit\u00ea Juvenil - Coaliz&atilde;o das Am&eacute;ricas\" \/>\n<meta property=\"og:description\" content=\"\u00c9 sabido que as ONM do nosso continente apresentam uma disparidade nos seus n\u00edveis de desenvolvimento, tanto na dimens\u00e3o m\u00e9dica como social.\" \/>\n<meta property=\"og:url\" content=\"https:\/\/www.coaliciondelasamericas.org\/pt\/comites\/comite-juvenil\/\" \/>\n<meta property=\"og:site_name\" content=\"Coaliz&atilde;o das Am&eacute;ricas\" \/>\n<meta property=\"article:publisher\" content=\"https:\/\/www.facebook.com\/coalicionamerica\/\" \/>\n<meta property=\"article:modified_time\" content=\"2024-03-15T20:04:26+00:00\" \/>\n<meta property=\"og:image\" content=\"https:\/\/www.coaliciondelasamericas.org\/blog\/wp-content\/uploads\/2024\/03\/logo-Fedhemo.jpg\" \/>\n<meta name=\"twitter:card\" content=\"summary_large_image\" \/>\n<meta name=\"twitter:site\" content=\"@coalicionameric\" \/>\n<meta name=\"twitter:label1\" content=\"Tiempo de lectura\" \/>\n\t<meta name=\"twitter:data1\" content=\"4 minutos\" \/>\n<script type=\"application\/ld+json\" class=\"yoast-schema-graph\">{\"@context\":\"https:\/\/schema.org\",\"@graph\":[{\"@type\":\"WebPage\",\"@id\":\"https:\/\/www.coaliciondelasamericas.org\/pt\/comites\/comite-juvenil\/\",\"url\":\"https:\/\/www.coaliciondelasamericas.org\/pt\/comites\/comite-juvenil\/\",\"name\":\"Comit\u00ea Juvenil - Coaliz&atilde;o das Am&eacute;ricas\",\"isPartOf\":{\"@id\":\"https:\/\/www.coaliciondelasamericas.org\/pt\/#website\"},\"primaryImageOfPage\":{\"@id\":\"https:\/\/www.coaliciondelasamericas.org\/pt\/comites\/comite-juvenil\/#primaryimage\"},\"image\":{\"@id\":\"https:\/\/www.coaliciondelasamericas.org\/pt\/comites\/comite-juvenil\/#primaryimage\"},\"thumbnailUrl\":\"https:\/\/www.coaliciondelasamericas.org\/blog\/wp-content\/uploads\/2024\/03\/logo-Fedhemo.jpg\",\"datePublished\":\"2024-02-17T14:22:20+00:00\",\"dateModified\":\"2024-03-15T20:04:26+00:00\",\"description\":\"\u00c9 sabido que as ONM do nosso continente apresentam uma disparidade nos seus n\u00edveis de desenvolvimento, tanto na dimens\u00e3o m\u00e9dica como social.\",\"breadcrumb\":{\"@id\":\"https:\/\/www.coaliciondelasamericas.org\/pt\/comites\/comite-juvenil\/#breadcrumb\"},\"inLanguage\":\"es\",\"potentialAction\":[{\"@type\":\"ReadAction\",\"target\":[\"https:\/\/www.coaliciondelasamericas.org\/pt\/comites\/comite-juvenil\/\"]}]},{\"@type\":\"ImageObject\",\"inLanguage\":\"es\",\"@id\":\"https:\/\/www.coaliciondelasamericas.org\/pt\/comites\/comite-juvenil\/#primaryimage\",\"url\":\"https:\/\/www.coaliciondelasamericas.org\/blog\/wp-content\/uploads\/2024\/03\/logo-Fedhemo.jpg\",\"contentUrl\":\"https:\/\/www.coaliciondelasamericas.org\/blog\/wp-content\/uploads\/2024\/03\/logo-Fedhemo.jpg\"},{\"@type\":\"BreadcrumbList\",\"@id\":\"https:\/\/www.coaliciondelasamericas.org\/pt\/comites\/comite-juvenil\/#breadcrumb\",\"itemListElement\":[{\"@type\":\"ListItem\",\"position\":1,\"name\":\"Portada\",\"item\":\"https:\/\/www.coaliciondelasamericas.org\/pt\/\"},{\"@type\":\"ListItem\",\"position\":2,\"name\":\"Comit\u00eas\",\"item\":\"https:\/\/www.coaliciondelasamericas.org\/pt\/comites\/\"},{\"@type\":\"ListItem\",\"position\":3,\"name\":\"Comit\u00ea Juvenil\"}]},{\"@type\":\"WebSite\",\"@id\":\"https:\/\/www.coaliciondelasamericas.org\/pt\/#website\",\"url\":\"https:\/\/www.coaliciondelasamericas.org\/pt\/\",\"name\":\"Coaliz&atilde;o das Am&eacute;ricas\",\"description\":\"L&iacute;deres unidos pelo bem-estar da hemofilia\",\"publisher\":{\"@id\":\"https:\/\/www.coaliciondelasamericas.org\/pt\/#organization\"},\"potentialAction\":[{\"@type\":\"SearchAction\",\"target\":{\"@type\":\"EntryPoint\",\"urlTemplate\":\"https:\/\/www.coaliciondelasamericas.org\/pt\/?s={search_term_string}\"},\"query-input\":\"required name=search_term_string\"}],\"inLanguage\":\"es\"},{\"@type\":\"Organization\",\"@id\":\"https:\/\/www.coaliciondelasamericas.org\/pt\/#organization\",\"name\":\"Coaliz&atilde;o das Am&eacute;ricas\",\"url\":\"https:\/\/www.coaliciondelasamericas.org\/pt\/\",\"logo\":{\"@type\":\"ImageObject\",\"inLanguage\":\"es\",\"@id\":\"https:\/\/www.coaliciondelasamericas.org\/pt\/#\/schema\/logo\/image\/\",\"url\":\"https:\/\/www.coaliciondelasamericas.org\/pt\/wp-content\/uploads\/2023\/03\/cropped-003-Portada-portuguese3-1.png\",\"contentUrl\":\"https:\/\/www.coaliciondelasamericas.org\/pt\/wp-content\/uploads\/2023\/03\/cropped-003-Portada-portuguese3-1.png\",\"width\":297,\"height\":128,\"caption\":\"Coaliz&atilde;o das Am&eacute;ricas\"},\"image\":{\"@id\":\"https:\/\/www.coaliciondelasamericas.org\/pt\/#\/schema\/logo\/image\/\"},\"sameAs\":[\"https:\/\/www.facebook.com\/coalicionamerica\/\",\"https:\/\/x.com\/coalicionameric\",\"https:\/\/www.instagram.com\/coaliciondelasamericas\/\"]}]}<\/script>\n<!-- \/ Yoast SEO plugin. -->","yoast_head_json":{"title":"Comit\u00ea Juvenil - Coaliz&atilde;o das Am&eacute;ricas","description":"\u00c9 sabido que as ONM do nosso continente apresentam uma disparidade nos seus n\u00edveis de desenvolvimento, tanto na dimens\u00e3o m\u00e9dica como social.","robots":{"index":"index","follow":"follow","max-snippet":"max-snippet:-1","max-image-preview":"max-image-preview:large","max-video-preview":"max-video-preview:-1"},"canonical":"https:\/\/www.coaliciondelasamericas.org\/pt\/comites\/comite-juvenil\/","og_locale":"es_ES","og_type":"article","og_title":"Comit\u00ea Juvenil - Coaliz&atilde;o das Am&eacute;ricas","og_description":"\u00c9 sabido que as ONM do nosso continente apresentam uma disparidade nos seus n\u00edveis de desenvolvimento, tanto na dimens\u00e3o m\u00e9dica como social.","og_url":"https:\/\/www.coaliciondelasamericas.org\/pt\/comites\/comite-juvenil\/","og_site_name":"Coaliz&atilde;o das Am&eacute;ricas","article_publisher":"https:\/\/www.facebook.com\/coalicionamerica\/","article_modified_time":"2024-03-15T20:04:26+00:00","og_image":[{"url":"https:\/\/www.coaliciondelasamericas.org\/blog\/wp-content\/uploads\/2024\/03\/logo-Fedhemo.jpg"}],"twitter_card":"summary_large_image","twitter_site":"@coalicionameric","twitter_misc":{"Tiempo de lectura":"4 minutos"},"schema":{"@context":"https:\/\/schema.org","@graph":[{"@type":"WebPage","@id":"https:\/\/www.coaliciondelasamericas.org\/pt\/comites\/comite-juvenil\/","url":"https:\/\/www.coaliciondelasamericas.org\/pt\/comites\/comite-juvenil\/","name":"Comit\u00ea Juvenil - Coaliz&atilde;o das Am&eacute;ricas","isPartOf":{"@id":"https:\/\/www.coaliciondelasamericas.org\/pt\/#website"},"primaryImageOfPage":{"@id":"https:\/\/www.coaliciondelasamericas.org\/pt\/comites\/comite-juvenil\/#primaryimage"},"image":{"@id":"https:\/\/www.coaliciondelasamericas.org\/pt\/comites\/comite-juvenil\/#primaryimage"},"thumbnailUrl":"https:\/\/www.coaliciondelasamericas.org\/blog\/wp-content\/uploads\/2024\/03\/logo-Fedhemo.jpg","datePublished":"2024-02-17T14:22:20+00:00","dateModified":"2024-03-15T20:04:26+00:00","description":"\u00c9 sabido que as ONM do nosso continente apresentam uma disparidade nos seus n\u00edveis de desenvolvimento, tanto na dimens\u00e3o m\u00e9dica como social.","breadcrumb":{"@id":"https:\/\/www.coaliciondelasamericas.org\/pt\/comites\/comite-juvenil\/#breadcrumb"},"inLanguage":"es","potentialAction":[{"@type":"ReadAction","target":["https:\/\/www.coaliciondelasamericas.org\/pt\/comites\/comite-juvenil\/"]}]},{"@type":"ImageObject","inLanguage":"es","@id":"https:\/\/www.coaliciondelasamericas.org\/pt\/comites\/comite-juvenil\/#primaryimage","url":"https:\/\/www.coaliciondelasamericas.org\/blog\/wp-content\/uploads\/2024\/03\/logo-Fedhemo.jpg","contentUrl":"https:\/\/www.coaliciondelasamericas.org\/blog\/wp-content\/uploads\/2024\/03\/logo-Fedhemo.jpg"},{"@type":"BreadcrumbList","@id":"https:\/\/www.coaliciondelasamericas.org\/pt\/comites\/comite-juvenil\/#breadcrumb","itemListElement":[{"@type":"ListItem","position":1,"name":"Portada","item":"https:\/\/www.coaliciondelasamericas.org\/pt\/"},{"@type":"ListItem","position":2,"name":"Comit\u00eas","item":"https:\/\/www.coaliciondelasamericas.org\/pt\/comites\/"},{"@type":"ListItem","position":3,"name":"Comit\u00ea Juvenil"}]},{"@type":"WebSite","@id":"https:\/\/www.coaliciondelasamericas.org\/pt\/#website","url":"https:\/\/www.coaliciondelasamericas.org\/pt\/","name":"Coaliz&atilde;o das Am&eacute;ricas","description":"L&iacute;deres unidos pelo bem-estar da hemofilia","publisher":{"@id":"https:\/\/www.coaliciondelasamericas.org\/pt\/#organization"},"potentialAction":[{"@type":"SearchAction","target":{"@type":"EntryPoint","urlTemplate":"https:\/\/www.coaliciondelasamericas.org\/pt\/?s={search_term_string}"},"query-input":"required name=search_term_string"}],"inLanguage":"es"},{"@type":"Organization","@id":"https:\/\/www.coaliciondelasamericas.org\/pt\/#organization","name":"Coaliz&atilde;o das Am&eacute;ricas","url":"https:\/\/www.coaliciondelasamericas.org\/pt\/","logo":{"@type":"ImageObject","inLanguage":"es","@id":"https:\/\/www.coaliciondelasamericas.org\/pt\/#\/schema\/logo\/image\/","url":"https:\/\/www.coaliciondelasamericas.org\/pt\/wp-content\/uploads\/2023\/03\/cropped-003-Portada-portuguese3-1.png","contentUrl":"https:\/\/www.coaliciondelasamericas.org\/pt\/wp-content\/uploads\/2023\/03\/cropped-003-Portada-portuguese3-1.png","width":297,"height":128,"caption":"Coaliz&atilde;o das Am&eacute;ricas"},"image":{"@id":"https:\/\/www.coaliciondelasamericas.org\/pt\/#\/schema\/logo\/image\/"},"sameAs":["https:\/\/www.facebook.com\/coalicionamerica\/","https:\/\/x.com\/coalicionameric","https:\/\/www.instagram.com\/coaliciondelasamericas\/"]}]}},"_links":{"self":[{"href":"https:\/\/www.coaliciondelasamericas.org\/pt\/wp-json\/wp\/v2\/pages\/2156"}],"collection":[{"href":"https:\/\/www.coaliciondelasamericas.org\/pt\/wp-json\/wp\/v2\/pages"}],"about":[{"href":"https:\/\/www.coaliciondelasamericas.org\/pt\/wp-json\/wp\/v2\/types\/page"}],"author":[{"embeddable":true,"href":"https:\/\/www.coaliciondelasamericas.org\/pt\/wp-json\/wp\/v2\/users\/1"}],"replies":[{"embeddable":true,"href":"https:\/\/www.coaliciondelasamericas.org\/pt\/wp-json\/wp\/v2\/comments?post=2156"}],"version-history":[{"count":7,"href":"https:\/\/www.coaliciondelasamericas.org\/pt\/wp-json\/wp\/v2\/pages\/2156\/revisions"}],"predecessor-version":[{"id":2395,"href":"https:\/\/www.coaliciondelasamericas.org\/pt\/wp-json\/wp\/v2\/pages\/2156\/revisions\/2395"}],"up":[{"embeddable":true,"href":"https:\/\/www.coaliciondelasamericas.org\/pt\/wp-json\/wp\/v2\/pages\/2139"}],"wp:attachment":[{"href":"https:\/\/www.coaliciondelasamericas.org\/pt\/wp-json\/wp\/v2\/media?parent=2156"}],"curies":[{"name":"wp","href":"https:\/\/api.w.org\/{rel}","templated":true}]}}