{"id":1999,"date":"2023-03-10T17:34:31","date_gmt":"2023-03-10T17:34:31","guid":{"rendered":"https:\/\/www.coaliciondelasamericas.org\/pt\/?page_id=1999"},"modified":"2024-11-09T20:58:58","modified_gmt":"2024-11-09T20:58:58","slug":"dia-mundial-da-hemofilia","status":"publish","type":"page","link":"https:\/\/www.coaliciondelasamericas.org\/pt\/dia-mundial-da-hemofilia\/","title":{"rendered":"Dia Mundial da Hemofilia"},"content":{"rendered":"\n<p> <div class=\"wp-block-columns\"> <div class=\"wp-block-column\"> <div class=\"wp-block-columns\"> <div class=\"wp-block-column\" style=\"flex-basis:10%\"><\/div>   <div class=\"wp-block-column has-white-background-color has-background\" style=\"flex-basis:80%\"> <figure class=\"wp-block-image size-large\"><img decoding=\"async\" class=\"wp-image-3674\" src=\"https:\/\/www.coaliciondelasamericas.org\/blog\/wp-content\/uploads\/2024\/09\/Logotipo-WHD-1024x289.png\" alt=\"\"><\/figure> <\/div>   <div class=\"wp-block-column\" style=\"flex-basis:10%\"><\/div> <\/div> <\/div> <\/div>   <div class=\"wp-block-columns\"> <div class=\"wp-block-column\"> <p class=\"has-white-color has-text-color has-link-color\">.<\/p> <\/div>   <div class=\"wp-block-column\"><\/div>   <div class=\"wp-block-column\"><\/div> <\/div>   <h3 class=\"wp-block-heading has-text-align-center has-vivid-red-color has-text-color has-link-color\">Novo logotipo, mesma celebra\u00e7\u00e3o!<\/h3>   <p class=\"has-text-align-left has-black-color has-text-color has-link-color\">A Federa\u00e7\u00e3o Mundial de Hemofilia (WFH) tem o prazer de revelar seu novo logotipo para o Dia Mundial da Hemofilia! O novo design \u00e9 moderno e atraente e reflete o otimismo em torno das importantes conversas que ocorrem atualmente na comunidade de dist\u00farbios hemorr\u00e1gicos.<\/p>   <p class=\"has-vivid-purple-color has-text-color has-link-color\"><strong>No dia 17 de abril de 2025, a comunidade global de dist\u00farbios hemorr\u00e1gicos se reunir\u00e1 para celebrar o Dia Mundial da Hemofilia. O tema deste ano \u00e9 \u201cAcesso para todos: mulheres e meninas tamb\u00e9m sangram\u201d.<\/strong><\/p>   <div class=\"wp-block-columns\"> <div class=\"wp-block-column\" style=\"flex-basis:25%\"><\/div>   <div class=\"wp-block-column\" style=\"flex-basis:50%\"> <figure class=\"wp-block-image size-large\"><img decoding=\"async\" class=\"wp-image-3905\" src=\"https:\/\/www.coaliciondelasamericas.org\/blog\/wp-content\/uploads\/2024\/11\/WHD2025-website-header-ES-1024x299.jpg\" alt=\"Acceso para todos: Mujeres y ni\u00f1as tambi\u00e9n sufren hemorragias\"><\/figure> <\/div>   <div class=\"wp-block-column\" style=\"flex-basis:25%\"><\/div> <\/div>      <p>Atualmente, mulheres e meninas com dist\u00farbios hemorr\u00e1gicos (MNTC) ainda s\u00e3o subdiagnosticadas e negligenciadas. A comunidade global de doen\u00e7as hemorr\u00e1gicas tem o poder \u2013 e a responsabilidade \u2013 de mudar esta situa\u00e7\u00e3o. A qualidade de vida das mulheres e raparigas melhorar\u00e1 atrav\u00e9s do reconhecimento, diagn\u00f3stico, tratamento e cuidados, e a comunidade de doen\u00e7as hemorr\u00e1gicas ser\u00e1 refor\u00e7ada.<\/p>      <div class=\"wp-block-columns\"> <div class=\"wp-block-column\"><\/div>   <div class=\"wp-block-column has-white-background-color has-background\"> <figure class=\"wp-block-image size-full\"><img decoding=\"async\" class=\"wp-image-3896\" src=\"https:\/\/www.coaliciondelasamericas.org\/blog\/wp-content\/uploads\/2024\/11\/Logotipo-WHD-vertical.png\" alt=\"D\u00eda Mundial de la Hemofilia\"><\/figure> <\/div>   <div class=\"wp-block-column\"><\/div> <\/div>   <div class=\"wp-block-columns are-vertically-aligned-center\"> <div class=\"wp-block-column is-vertically-aligned-center\" style=\"flex-basis:30%\"><\/div> <\/div>   <div class=\"wp-block-columns\"> <div class=\"wp-block-column\" style=\"flex-basis:33.33%\"> <p class=\"has-white-color has-text-color has-link-color\">.<\/p> <\/div>   <div class=\"wp-block-column\" style=\"flex-basis:66.66%\"><\/div> <\/div>   <h4 class=\"wp-block-heading has-text-align-center\"><strong><a href=\"https:\/\/wfh.org\/es\/dia-mundial-de-la-hemofilia\/\" target=\"_blank\" rel=\"noreferrer noopener\">MATERIAIS DE CAMPANHA<\/a><\/strong><\/h4>    <\/p>\n","protected":false},"excerpt":{"rendered":"<p>. Novo logotipo, mesma celebra\u00e7\u00e3o! A Federa\u00e7\u00e3o Mundial de Hemofilia (WFH) tem o prazer de revelar seu novo logotipo para<\/p>\n","protected":false},"author":1,"featured_media":0,"parent":0,"menu_order":0,"comment_status":"closed","ping_status":"closed","template":"","meta":{"colormag_page_container_layout":"no_sidebar_content_centered","colormag_page_sidebar_layout":"no_sidebar","_coblocks_attr":"","_coblocks_dimensions":"","_coblocks_responsive_height":"","_coblocks_accordion_ie_support":"","footnotes":""},"class_list":["post-1999","page","type-page","status-publish","hentry"],"yoast_head":"<!-- This site is optimized with the Yoast SEO plugin v22.6 - https:\/\/yoast.com\/wordpress\/plugins\/seo\/ -->\n<title>Dia Mundial da Hemofilia - Coaliz&atilde;o das Am&eacute;ricas<\/title>\n<meta name=\"description\" content=\"No dia 17 de abril de 2025, a comunidade global de dist\u00farbios hemorr\u00e1gicos se reunir\u00e1 para celebrar o Dia Mundial da Hemofilia.\" \/>\n<meta name=\"robots\" content=\"index, follow, max-snippet:-1, max-image-preview:large, max-video-preview:-1\" \/>\n<link rel=\"canonical\" href=\"https:\/\/www.coaliciondelasamericas.org\/pt\/dia-mundial-da-hemofilia\/\" \/>\n<meta property=\"og:locale\" content=\"es_ES\" \/>\n<meta property=\"og:type\" content=\"article\" \/>\n<meta property=\"og:title\" content=\"Dia Mundial da Hemofilia - Coaliz&atilde;o das Am&eacute;ricas\" \/>\n<meta property=\"og:description\" content=\"No dia 17 de abril de 2025, a comunidade global de dist\u00farbios hemorr\u00e1gicos se reunir\u00e1 para celebrar o Dia Mundial da Hemofilia.\" \/>\n<meta property=\"og:url\" content=\"https:\/\/www.coaliciondelasamericas.org\/pt\/dia-mundial-da-hemofilia\/\" \/>\n<meta property=\"og:site_name\" content=\"Coaliz&atilde;o das Am&eacute;ricas\" \/>\n<meta property=\"article:publisher\" content=\"https:\/\/www.facebook.com\/coalicionamerica\/\" \/>\n<meta property=\"article:modified_time\" content=\"2024-11-09T20:58:58+00:00\" \/>\n<meta property=\"og:image\" content=\"https:\/\/www.coaliciondelasamericas.org\/blog\/wp-content\/uploads\/2024\/09\/Logotipo-WHD-1024x289.png\" \/>\n<meta name=\"twitter:card\" content=\"summary_large_image\" \/>\n<meta name=\"twitter:site\" content=\"@coalicionameric\" \/>\n<meta name=\"twitter:label1\" content=\"Tiempo de lectura\" \/>\n\t<meta name=\"twitter:data1\" content=\"2 minutos\" \/>\n<script type=\"application\/ld+json\" class=\"yoast-schema-graph\">{\"@context\":\"https:\/\/schema.org\",\"@graph\":[{\"@type\":\"WebPage\",\"@id\":\"https:\/\/www.coaliciondelasamericas.org\/pt\/dia-mundial-da-hemofilia\/\",\"url\":\"https:\/\/www.coaliciondelasamericas.org\/pt\/dia-mundial-da-hemofilia\/\",\"name\":\"Dia Mundial da Hemofilia - Coaliz&atilde;o das Am&eacute;ricas\",\"isPartOf\":{\"@id\":\"https:\/\/www.coaliciondelasamericas.org\/pt\/#website\"},\"primaryImageOfPage\":{\"@id\":\"https:\/\/www.coaliciondelasamericas.org\/pt\/dia-mundial-da-hemofilia\/#primaryimage\"},\"image\":{\"@id\":\"https:\/\/www.coaliciondelasamericas.org\/pt\/dia-mundial-da-hemofilia\/#primaryimage\"},\"thumbnailUrl\":\"https:\/\/www.coaliciondelasamericas.org\/blog\/wp-content\/uploads\/2024\/09\/Logotipo-WHD-1024x289.png\",\"datePublished\":\"2023-03-10T17:34:31+00:00\",\"dateModified\":\"2024-11-09T20:58:58+00:00\",\"description\":\"No dia 17 de abril de 2025, a comunidade global de dist\u00farbios hemorr\u00e1gicos se reunir\u00e1 para celebrar o Dia Mundial da Hemofilia.\",\"breadcrumb\":{\"@id\":\"https:\/\/www.coaliciondelasamericas.org\/pt\/dia-mundial-da-hemofilia\/#breadcrumb\"},\"inLanguage\":\"es\",\"potentialAction\":[{\"@type\":\"ReadAction\",\"target\":[\"https:\/\/www.coaliciondelasamericas.org\/pt\/dia-mundial-da-hemofilia\/\"]}]},{\"@type\":\"ImageObject\",\"inLanguage\":\"es\",\"@id\":\"https:\/\/www.coaliciondelasamericas.org\/pt\/dia-mundial-da-hemofilia\/#primaryimage\",\"url\":\"https:\/\/www.coaliciondelasamericas.org\/blog\/wp-content\/uploads\/2024\/09\/Logotipo-WHD-1024x289.png\",\"contentUrl\":\"https:\/\/www.coaliciondelasamericas.org\/blog\/wp-content\/uploads\/2024\/09\/Logotipo-WHD-1024x289.png\"},{\"@type\":\"BreadcrumbList\",\"@id\":\"https:\/\/www.coaliciondelasamericas.org\/pt\/dia-mundial-da-hemofilia\/#breadcrumb\",\"itemListElement\":[{\"@type\":\"ListItem\",\"position\":1,\"name\":\"Portada\",\"item\":\"https:\/\/www.coaliciondelasamericas.org\/pt\/\"},{\"@type\":\"ListItem\",\"position\":2,\"name\":\"Dia Mundial da Hemofilia\"}]},{\"@type\":\"WebSite\",\"@id\":\"https:\/\/www.coaliciondelasamericas.org\/pt\/#website\",\"url\":\"https:\/\/www.coaliciondelasamericas.org\/pt\/\",\"name\":\"Coaliz&atilde;o das Am&eacute;ricas\",\"description\":\"L&iacute;deres unidos pelo bem-estar da hemofilia\",\"publisher\":{\"@id\":\"https:\/\/www.coaliciondelasamericas.org\/pt\/#organization\"},\"potentialAction\":[{\"@type\":\"SearchAction\",\"target\":{\"@type\":\"EntryPoint\",\"urlTemplate\":\"https:\/\/www.coaliciondelasamericas.org\/pt\/?s={search_term_string}\"},\"query-input\":\"required name=search_term_string\"}],\"inLanguage\":\"es\"},{\"@type\":\"Organization\",\"@id\":\"https:\/\/www.coaliciondelasamericas.org\/pt\/#organization\",\"name\":\"Coaliz&atilde;o das Am&eacute;ricas\",\"url\":\"https:\/\/www.coaliciondelasamericas.org\/pt\/\",\"logo\":{\"@type\":\"ImageObject\",\"inLanguage\":\"es\",\"@id\":\"https:\/\/www.coaliciondelasamericas.org\/pt\/#\/schema\/logo\/image\/\",\"url\":\"https:\/\/www.coaliciondelasamericas.org\/pt\/wp-content\/uploads\/2023\/03\/cropped-003-Portada-portuguese3-1.png\",\"contentUrl\":\"https:\/\/www.coaliciondelasamericas.org\/pt\/wp-content\/uploads\/2023\/03\/cropped-003-Portada-portuguese3-1.png\",\"width\":297,\"height\":128,\"caption\":\"Coaliz&atilde;o das Am&eacute;ricas\"},\"image\":{\"@id\":\"https:\/\/www.coaliciondelasamericas.org\/pt\/#\/schema\/logo\/image\/\"},\"sameAs\":[\"https:\/\/www.facebook.com\/coalicionamerica\/\",\"https:\/\/x.com\/coalicionameric\",\"https:\/\/www.instagram.com\/coaliciondelasamericas\/\"]}]}<\/script>\n<!-- \/ Yoast SEO plugin. -->","yoast_head_json":{"title":"Dia Mundial da Hemofilia - Coaliz&atilde;o das Am&eacute;ricas","description":"No dia 17 de abril de 2025, a comunidade global de dist\u00farbios hemorr\u00e1gicos se reunir\u00e1 para celebrar o Dia Mundial da Hemofilia.","robots":{"index":"index","follow":"follow","max-snippet":"max-snippet:-1","max-image-preview":"max-image-preview:large","max-video-preview":"max-video-preview:-1"},"canonical":"https:\/\/www.coaliciondelasamericas.org\/pt\/dia-mundial-da-hemofilia\/","og_locale":"es_ES","og_type":"article","og_title":"Dia Mundial da Hemofilia - Coaliz&atilde;o das Am&eacute;ricas","og_description":"No dia 17 de abril de 2025, a comunidade global de dist\u00farbios hemorr\u00e1gicos se reunir\u00e1 para celebrar o Dia Mundial da Hemofilia.","og_url":"https:\/\/www.coaliciondelasamericas.org\/pt\/dia-mundial-da-hemofilia\/","og_site_name":"Coaliz&atilde;o das Am&eacute;ricas","article_publisher":"https:\/\/www.facebook.com\/coalicionamerica\/","article_modified_time":"2024-11-09T20:58:58+00:00","og_image":[{"url":"https:\/\/www.coaliciondelasamericas.org\/blog\/wp-content\/uploads\/2024\/09\/Logotipo-WHD-1024x289.png"}],"twitter_card":"summary_large_image","twitter_site":"@coalicionameric","twitter_misc":{"Tiempo de lectura":"2 minutos"},"schema":{"@context":"https:\/\/schema.org","@graph":[{"@type":"WebPage","@id":"https:\/\/www.coaliciondelasamericas.org\/pt\/dia-mundial-da-hemofilia\/","url":"https:\/\/www.coaliciondelasamericas.org\/pt\/dia-mundial-da-hemofilia\/","name":"Dia Mundial da Hemofilia - Coaliz&atilde;o das Am&eacute;ricas","isPartOf":{"@id":"https:\/\/www.coaliciondelasamericas.org\/pt\/#website"},"primaryImageOfPage":{"@id":"https:\/\/www.coaliciondelasamericas.org\/pt\/dia-mundial-da-hemofilia\/#primaryimage"},"image":{"@id":"https:\/\/www.coaliciondelasamericas.org\/pt\/dia-mundial-da-hemofilia\/#primaryimage"},"thumbnailUrl":"https:\/\/www.coaliciondelasamericas.org\/blog\/wp-content\/uploads\/2024\/09\/Logotipo-WHD-1024x289.png","datePublished":"2023-03-10T17:34:31+00:00","dateModified":"2024-11-09T20:58:58+00:00","description":"No dia 17 de abril de 2025, a comunidade global de dist\u00farbios hemorr\u00e1gicos se reunir\u00e1 para celebrar o Dia Mundial da Hemofilia.","breadcrumb":{"@id":"https:\/\/www.coaliciondelasamericas.org\/pt\/dia-mundial-da-hemofilia\/#breadcrumb"},"inLanguage":"es","potentialAction":[{"@type":"ReadAction","target":["https:\/\/www.coaliciondelasamericas.org\/pt\/dia-mundial-da-hemofilia\/"]}]},{"@type":"ImageObject","inLanguage":"es","@id":"https:\/\/www.coaliciondelasamericas.org\/pt\/dia-mundial-da-hemofilia\/#primaryimage","url":"https:\/\/www.coaliciondelasamericas.org\/blog\/wp-content\/uploads\/2024\/09\/Logotipo-WHD-1024x289.png","contentUrl":"https:\/\/www.coaliciondelasamericas.org\/blog\/wp-content\/uploads\/2024\/09\/Logotipo-WHD-1024x289.png"},{"@type":"BreadcrumbList","@id":"https:\/\/www.coaliciondelasamericas.org\/pt\/dia-mundial-da-hemofilia\/#breadcrumb","itemListElement":[{"@type":"ListItem","position":1,"name":"Portada","item":"https:\/\/www.coaliciondelasamericas.org\/pt\/"},{"@type":"ListItem","position":2,"name":"Dia Mundial da Hemofilia"}]},{"@type":"WebSite","@id":"https:\/\/www.coaliciondelasamericas.org\/pt\/#website","url":"https:\/\/www.coaliciondelasamericas.org\/pt\/","name":"Coaliz&atilde;o das Am&eacute;ricas","description":"L&iacute;deres unidos pelo bem-estar da hemofilia","publisher":{"@id":"https:\/\/www.coaliciondelasamericas.org\/pt\/#organization"},"potentialAction":[{"@type":"SearchAction","target":{"@type":"EntryPoint","urlTemplate":"https:\/\/www.coaliciondelasamericas.org\/pt\/?s={search_term_string}"},"query-input":"required name=search_term_string"}],"inLanguage":"es"},{"@type":"Organization","@id":"https:\/\/www.coaliciondelasamericas.org\/pt\/#organization","name":"Coaliz&atilde;o das Am&eacute;ricas","url":"https:\/\/www.coaliciondelasamericas.org\/pt\/","logo":{"@type":"ImageObject","inLanguage":"es","@id":"https:\/\/www.coaliciondelasamericas.org\/pt\/#\/schema\/logo\/image\/","url":"https:\/\/www.coaliciondelasamericas.org\/pt\/wp-content\/uploads\/2023\/03\/cropped-003-Portada-portuguese3-1.png","contentUrl":"https:\/\/www.coaliciondelasamericas.org\/pt\/wp-content\/uploads\/2023\/03\/cropped-003-Portada-portuguese3-1.png","width":297,"height":128,"caption":"Coaliz&atilde;o das Am&eacute;ricas"},"image":{"@id":"https:\/\/www.coaliciondelasamericas.org\/pt\/#\/schema\/logo\/image\/"},"sameAs":["https:\/\/www.facebook.com\/coalicionamerica\/","https:\/\/x.com\/coalicionameric","https:\/\/www.instagram.com\/coaliciondelasamericas\/"]}]}},"_links":{"self":[{"href":"https:\/\/www.coaliciondelasamericas.org\/pt\/wp-json\/wp\/v2\/pages\/1999"}],"collection":[{"href":"https:\/\/www.coaliciondelasamericas.org\/pt\/wp-json\/wp\/v2\/pages"}],"about":[{"href":"https:\/\/www.coaliciondelasamericas.org\/pt\/wp-json\/wp\/v2\/types\/page"}],"author":[{"embeddable":true,"href":"https:\/\/www.coaliciondelasamericas.org\/pt\/wp-json\/wp\/v2\/users\/1"}],"replies":[{"embeddable":true,"href":"https:\/\/www.coaliciondelasamericas.org\/pt\/wp-json\/wp\/v2\/comments?post=1999"}],"version-history":[{"count":5,"href":"https:\/\/www.coaliciondelasamericas.org\/pt\/wp-json\/wp\/v2\/pages\/1999\/revisions"}],"predecessor-version":[{"id":2417,"href":"https:\/\/www.coaliciondelasamericas.org\/pt\/wp-json\/wp\/v2\/pages\/1999\/revisions\/2417"}],"wp:attachment":[{"href":"https:\/\/www.coaliciondelasamericas.org\/pt\/wp-json\/wp\/v2\/media?parent=1999"}],"curies":[{"name":"wp","href":"https:\/\/api.w.org\/{rel}","templated":true}]}}