{"id":1292,"date":"2022-10-01T23:52:10","date_gmt":"2022-10-01T23:52:10","guid":{"rendered":"http:\/\/www.coaliciondelasamericas.org\/pt\/?page_id=1292"},"modified":"2023-03-10T00:48:09","modified_gmt":"2023-03-10T00:48:09","slug":"galeria-talleres-00","status":"publish","type":"page","link":"https:\/\/www.coaliciondelasamericas.org\/pt\/galeria-talleres-00\/","title":{"rendered":"Videos"},"content":{"rendered":"\n<h2 class=\"wp-block-heading\">Workshops \/ Semin\u00e1rios \/ Simp\u00f3sios<\/h2>\n\n\n\n<p>Oficinas educativas com o objetivo de educar e fortalecer nossas organiza\u00e7\u00f5es membros em diferentes \u00e1reas<\/p>\n\n\n\n<div class=\"wp-block-columns is-layout-flex wp-container-core-columns-is-layout-1 wp-block-columns-is-layout-flex\">\n<div class=\"wp-block-column is-layout-flow wp-block-column-is-layout-flow\">\n<figure class=\"wp-block-image size-large\"><img loading=\"lazy\" decoding=\"async\" width=\"1024\" height=\"576\" src=\"https:\/\/www.coaliciondelasamericas.org\/pt\/wp-content\/uploads\/2022\/10\/charlas-1024x576.png\" alt=\"\" class=\"wp-image-1297\" srcset=\"https:\/\/www.coaliciondelasamericas.org\/pt\/wp-content\/uploads\/2022\/10\/charlas-1024x576.png 1024w, https:\/\/www.coaliciondelasamericas.org\/pt\/wp-content\/uploads\/2022\/10\/charlas-300x169.png 300w, https:\/\/www.coaliciondelasamericas.org\/pt\/wp-content\/uploads\/2022\/10\/charlas-768x432.png 768w, https:\/\/www.coaliciondelasamericas.org\/pt\/wp-content\/uploads\/2022\/10\/charlas.png 1366w\" sizes=\"(max-width: 1024px) 100vw, 1024px\" \/><\/figure>\n\n\n\n<p class=\"has-text-align-center\"><strong><a href=\"https:\/\/www.coaliciondelasamericas.org\/pt\/galeria-talleres-01\/\">Oficinas educativas<\/a><\/strong> <strong><a href=\"https:\/\/www.coaliciondelasamericas.org\/pt\/galeria-talleres-01\/\">2020<\/a><\/strong><\/p>\n<\/div>\n\n\n\n<div class=\"wp-block-column is-layout-flow wp-block-column-is-layout-flow\">\n<figure class=\"wp-block-image size-large\"><img loading=\"lazy\" decoding=\"async\" width=\"1024\" height=\"576\" src=\"https:\/\/www.coaliciondelasamericas.org\/pt\/wp-content\/uploads\/2022\/10\/charla-02-1-1024x576.png\" alt=\"\" class=\"wp-image-1307\" srcset=\"https:\/\/www.coaliciondelasamericas.org\/pt\/wp-content\/uploads\/2022\/10\/charla-02-1-1024x576.png 1024w, https:\/\/www.coaliciondelasamericas.org\/pt\/wp-content\/uploads\/2022\/10\/charla-02-1-300x169.png 300w, https:\/\/www.coaliciondelasamericas.org\/pt\/wp-content\/uploads\/2022\/10\/charla-02-1-768x432.png 768w, https:\/\/www.coaliciondelasamericas.org\/pt\/wp-content\/uploads\/2022\/10\/charla-02-1.png 1366w\" sizes=\"(max-width: 1024px) 100vw, 1024px\" \/><\/figure>\n\n\n\n<p class=\"has-text-align-center\"><strong><a href=\"https:\/\/www.coaliciondelasamericas.org\/pt\/galeria-talleres-02\/\">Oficinas Educativas<\/a><\/strong> <strong><a href=\"https:\/\/www.coaliciondelasamericas.org\/pt\/galeria-talleres-02\/\">2021<\/a><\/strong><\/p>\n<\/div>\n\n\n\n<div class=\"wp-block-column is-layout-flow wp-block-column-is-layout-flow\">\n<figure class=\"wp-block-image size-large\"><img loading=\"lazy\" decoding=\"async\" width=\"1024\" height=\"576\" src=\"https:\/\/www.coaliciondelasamericas.org\/pt\/wp-content\/uploads\/2022\/10\/charla-03-1024x576.png\" alt=\"\" class=\"wp-image-1348\" srcset=\"https:\/\/www.coaliciondelasamericas.org\/pt\/wp-content\/uploads\/2022\/10\/charla-03-1024x576.png 1024w, https:\/\/www.coaliciondelasamericas.org\/pt\/wp-content\/uploads\/2022\/10\/charla-03-300x169.png 300w, https:\/\/www.coaliciondelasamericas.org\/pt\/wp-content\/uploads\/2022\/10\/charla-03-768x432.png 768w, https:\/\/www.coaliciondelasamericas.org\/pt\/wp-content\/uploads\/2022\/10\/charla-03.png 1366w\" sizes=\"(max-width: 1024px) 100vw, 1024px\" \/><\/figure>\n\n\n\n<p class=\"has-text-align-center\"><strong><a href=\"https:\/\/www.coaliciondelasamericas.org\/pt\/galeria-talleres-03\/\">Oficinas Educativas 2022<\/a><\/strong><\/p>\n<\/div>\n<\/div>\n\n\n\n<div class=\"wp-block-columns is-layout-flex wp-container-core-columns-is-layout-2 wp-block-columns-is-layout-flex\">\n<div class=\"wp-block-column is-layout-flow wp-block-column-is-layout-flow\"><\/div>\n\n\n\n<div class=\"wp-block-column is-layout-flow wp-block-column-is-layout-flow\"><\/div>\n\n\n\n<div class=\"wp-block-column is-layout-flow wp-block-column-is-layout-flow\"><\/div>\n<\/div>\n\n\n\n<h2 class=\"wp-block-heading\">Ciclo de Entrevista COA<\/h2>\n\n\n\n<p>Entrevistas com membros de nossa comunidade, pais, m\u00e3es, profissionais, l\u00edderes, volunt\u00e1rios das organiza\u00e7\u00f5es membros da Coaliz\u00e3o das Am\u00e9ricas.<\/p>\n\n\n\n<div class=\"wp-block-columns is-layout-flex wp-container-core-columns-is-layout-3 wp-block-columns-is-layout-flex\">\n<div class=\"wp-block-column is-layout-flow wp-block-column-is-layout-flow\">\n<figure class=\"wp-block-image size-large\"><img loading=\"lazy\" decoding=\"async\" width=\"1024\" height=\"724\" src=\"https:\/\/www.coaliciondelasamericas.org\/pt\/wp-content\/uploads\/2022\/10\/Entrevista-Dawn-1-1024x724.png\" alt=\"\" class=\"wp-image-1352\" srcset=\"https:\/\/www.coaliciondelasamericas.org\/pt\/wp-content\/uploads\/2022\/10\/Entrevista-Dawn-1-1024x724.png 1024w, https:\/\/www.coaliciondelasamericas.org\/pt\/wp-content\/uploads\/2022\/10\/Entrevista-Dawn-1-300x212.png 300w, https:\/\/www.coaliciondelasamericas.org\/pt\/wp-content\/uploads\/2022\/10\/Entrevista-Dawn-1-768x543.png 768w, https:\/\/www.coaliciondelasamericas.org\/pt\/wp-content\/uploads\/2022\/10\/Entrevista-Dawn-1-1536x1086.png 1536w, https:\/\/www.coaliciondelasamericas.org\/pt\/wp-content\/uploads\/2022\/10\/Entrevista-Dawn-1.png 2000w\" sizes=\"(max-width: 1024px) 100vw, 1024px\" \/><\/figure>\n\n\n\n<p class=\"has-text-align-center\"><a href=\"https:\/\/www.coaliciondelasamericas.org\/pt\/en\/ciclo-de-entrevistas\/\"><strong>Ciclo de Entrevistas CoA<\/strong><\/a><\/p>\n<\/div>\n\n\n\n<div class=\"wp-block-column is-layout-flow wp-block-column-is-layout-flow\"><\/div>\n\n\n\n<div class=\"wp-block-column is-layout-flow wp-block-column-is-layout-flow\"><\/div>\n<\/div>\n\n\n\n<p><\/p>\n","protected":false},"excerpt":{"rendered":"<p>Workshops \/ Semin\u00e1rios \/ Simp\u00f3sios Oficinas educativas com o objetivo de educar e fortalecer nossas organiza\u00e7\u00f5es membros em diferentes \u00e1reas<\/p>\n","protected":false},"author":1,"featured_media":0,"parent":0,"menu_order":0,"comment_status":"closed","ping_status":"closed","template":"","meta":{"colormag_page_container_layout":"no_sidebar_content_centered","colormag_page_sidebar_layout":"no_sidebar","_coblocks_attr":"","_coblocks_dimensions":"","_coblocks_responsive_height":"","_coblocks_accordion_ie_support":"","footnotes":""},"class_list":["post-1292","page","type-page","status-publish","hentry"],"yoast_head":"<!-- This site is optimized with the Yoast SEO plugin v22.6 - https:\/\/yoast.com\/wordpress\/plugins\/seo\/ -->\n<title>Videos - Coaliz&atilde;o das Am&eacute;ricas<\/title>\n<meta name=\"description\" content=\"Galer\u00eda de Videos, Oficinas educativas com o objetivo de educar e fortalecer nossas organiza\u00e7\u00f5es membros em diferentes \u00e1reas.\" \/>\n<meta name=\"robots\" content=\"index, follow, max-snippet:-1, max-image-preview:large, max-video-preview:-1\" \/>\n<link rel=\"canonical\" href=\"https:\/\/www.coaliciondelasamericas.org\/pt\/galeria-talleres-00\/\" \/>\n<meta property=\"og:locale\" content=\"es_ES\" \/>\n<meta property=\"og:type\" content=\"article\" \/>\n<meta property=\"og:title\" content=\"Videos - Coaliz&atilde;o das Am&eacute;ricas\" \/>\n<meta property=\"og:description\" content=\"Galer\u00eda de Videos, Oficinas educativas com o objetivo de educar e fortalecer nossas organiza\u00e7\u00f5es membros em diferentes \u00e1reas.\" \/>\n<meta property=\"og:url\" content=\"https:\/\/www.coaliciondelasamericas.org\/pt\/galeria-talleres-00\/\" \/>\n<meta property=\"og:site_name\" content=\"Coaliz&atilde;o das Am&eacute;ricas\" \/>\n<meta property=\"article:publisher\" content=\"https:\/\/www.facebook.com\/coalicionamerica\/\" \/>\n<meta property=\"article:modified_time\" content=\"2023-03-10T00:48:09+00:00\" \/>\n<meta property=\"og:image\" content=\"http:\/\/www.coaliciondelasamericas.org\/pt\/wp-content\/uploads\/2022\/10\/charlas-1024x576.png\" \/>\n<meta name=\"twitter:card\" content=\"summary_large_image\" \/>\n<meta name=\"twitter:site\" content=\"@coalicionameric\" \/>\n<meta name=\"twitter:label1\" content=\"Tiempo de lectura\" \/>\n\t<meta name=\"twitter:data1\" content=\"2 minutos\" \/>\n<script type=\"application\/ld+json\" class=\"yoast-schema-graph\">{\"@context\":\"https:\/\/schema.org\",\"@graph\":[{\"@type\":\"WebPage\",\"@id\":\"https:\/\/www.coaliciondelasamericas.org\/pt\/galeria-talleres-00\/\",\"url\":\"https:\/\/www.coaliciondelasamericas.org\/pt\/galeria-talleres-00\/\",\"name\":\"Videos - Coaliz&atilde;o das Am&eacute;ricas\",\"isPartOf\":{\"@id\":\"https:\/\/www.coaliciondelasamericas.org\/pt\/#website\"},\"primaryImageOfPage\":{\"@id\":\"https:\/\/www.coaliciondelasamericas.org\/pt\/galeria-talleres-00\/#primaryimage\"},\"image\":{\"@id\":\"https:\/\/www.coaliciondelasamericas.org\/pt\/galeria-talleres-00\/#primaryimage\"},\"thumbnailUrl\":\"http:\/\/www.coaliciondelasamericas.org\/pt\/wp-content\/uploads\/2022\/10\/charlas-1024x576.png\",\"datePublished\":\"2022-10-01T23:52:10+00:00\",\"dateModified\":\"2023-03-10T00:48:09+00:00\",\"description\":\"Galer\u00eda de Videos, Oficinas educativas com o objetivo de educar e fortalecer nossas organiza\u00e7\u00f5es membros em diferentes \u00e1reas.\",\"breadcrumb\":{\"@id\":\"https:\/\/www.coaliciondelasamericas.org\/pt\/galeria-talleres-00\/#breadcrumb\"},\"inLanguage\":\"es\",\"potentialAction\":[{\"@type\":\"ReadAction\",\"target\":[\"https:\/\/www.coaliciondelasamericas.org\/pt\/galeria-talleres-00\/\"]}]},{\"@type\":\"ImageObject\",\"inLanguage\":\"es\",\"@id\":\"https:\/\/www.coaliciondelasamericas.org\/pt\/galeria-talleres-00\/#primaryimage\",\"url\":\"http:\/\/www.coaliciondelasamericas.org\/pt\/wp-content\/uploads\/2022\/10\/charlas-1024x576.png\",\"contentUrl\":\"http:\/\/www.coaliciondelasamericas.org\/pt\/wp-content\/uploads\/2022\/10\/charlas-1024x576.png\"},{\"@type\":\"BreadcrumbList\",\"@id\":\"https:\/\/www.coaliciondelasamericas.org\/pt\/galeria-talleres-00\/#breadcrumb\",\"itemListElement\":[{\"@type\":\"ListItem\",\"position\":1,\"name\":\"Portada\",\"item\":\"https:\/\/www.coaliciondelasamericas.org\/pt\/\"},{\"@type\":\"ListItem\",\"position\":2,\"name\":\"Videos\"}]},{\"@type\":\"WebSite\",\"@id\":\"https:\/\/www.coaliciondelasamericas.org\/pt\/#website\",\"url\":\"https:\/\/www.coaliciondelasamericas.org\/pt\/\",\"name\":\"Coaliz&atilde;o das Am&eacute;ricas\",\"description\":\"L&iacute;deres unidos pelo bem-estar da hemofilia\",\"publisher\":{\"@id\":\"https:\/\/www.coaliciondelasamericas.org\/pt\/#organization\"},\"potentialAction\":[{\"@type\":\"SearchAction\",\"target\":{\"@type\":\"EntryPoint\",\"urlTemplate\":\"https:\/\/www.coaliciondelasamericas.org\/pt\/?s={search_term_string}\"},\"query-input\":\"required name=search_term_string\"}],\"inLanguage\":\"es\"},{\"@type\":\"Organization\",\"@id\":\"https:\/\/www.coaliciondelasamericas.org\/pt\/#organization\",\"name\":\"Coaliz&atilde;o das Am&eacute;ricas\",\"url\":\"https:\/\/www.coaliciondelasamericas.org\/pt\/\",\"logo\":{\"@type\":\"ImageObject\",\"inLanguage\":\"es\",\"@id\":\"https:\/\/www.coaliciondelasamericas.org\/pt\/#\/schema\/logo\/image\/\",\"url\":\"https:\/\/www.coaliciondelasamericas.org\/pt\/wp-content\/uploads\/2023\/03\/cropped-003-Portada-portuguese3-1.png\",\"contentUrl\":\"https:\/\/www.coaliciondelasamericas.org\/pt\/wp-content\/uploads\/2023\/03\/cropped-003-Portada-portuguese3-1.png\",\"width\":297,\"height\":128,\"caption\":\"Coaliz&atilde;o das Am&eacute;ricas\"},\"image\":{\"@id\":\"https:\/\/www.coaliciondelasamericas.org\/pt\/#\/schema\/logo\/image\/\"},\"sameAs\":[\"https:\/\/www.facebook.com\/coalicionamerica\/\",\"https:\/\/x.com\/coalicionameric\",\"https:\/\/www.instagram.com\/coaliciondelasamericas\/\"]}]}<\/script>\n<!-- \/ Yoast SEO plugin. -->","yoast_head_json":{"title":"Videos - Coaliz&atilde;o das Am&eacute;ricas","description":"Galer\u00eda de Videos, Oficinas educativas com o objetivo de educar e fortalecer nossas organiza\u00e7\u00f5es membros em diferentes \u00e1reas.","robots":{"index":"index","follow":"follow","max-snippet":"max-snippet:-1","max-image-preview":"max-image-preview:large","max-video-preview":"max-video-preview:-1"},"canonical":"https:\/\/www.coaliciondelasamericas.org\/pt\/galeria-talleres-00\/","og_locale":"es_ES","og_type":"article","og_title":"Videos - Coaliz&atilde;o das Am&eacute;ricas","og_description":"Galer\u00eda de Videos, Oficinas educativas com o objetivo de educar e fortalecer nossas organiza\u00e7\u00f5es membros em diferentes \u00e1reas.","og_url":"https:\/\/www.coaliciondelasamericas.org\/pt\/galeria-talleres-00\/","og_site_name":"Coaliz&atilde;o das Am&eacute;ricas","article_publisher":"https:\/\/www.facebook.com\/coalicionamerica\/","article_modified_time":"2023-03-10T00:48:09+00:00","og_image":[{"url":"http:\/\/www.coaliciondelasamericas.org\/pt\/wp-content\/uploads\/2022\/10\/charlas-1024x576.png"}],"twitter_card":"summary_large_image","twitter_site":"@coalicionameric","twitter_misc":{"Tiempo de lectura":"2 minutos"},"schema":{"@context":"https:\/\/schema.org","@graph":[{"@type":"WebPage","@id":"https:\/\/www.coaliciondelasamericas.org\/pt\/galeria-talleres-00\/","url":"https:\/\/www.coaliciondelasamericas.org\/pt\/galeria-talleres-00\/","name":"Videos - Coaliz&atilde;o das Am&eacute;ricas","isPartOf":{"@id":"https:\/\/www.coaliciondelasamericas.org\/pt\/#website"},"primaryImageOfPage":{"@id":"https:\/\/www.coaliciondelasamericas.org\/pt\/galeria-talleres-00\/#primaryimage"},"image":{"@id":"https:\/\/www.coaliciondelasamericas.org\/pt\/galeria-talleres-00\/#primaryimage"},"thumbnailUrl":"http:\/\/www.coaliciondelasamericas.org\/pt\/wp-content\/uploads\/2022\/10\/charlas-1024x576.png","datePublished":"2022-10-01T23:52:10+00:00","dateModified":"2023-03-10T00:48:09+00:00","description":"Galer\u00eda de Videos, Oficinas educativas com o objetivo de educar e fortalecer nossas organiza\u00e7\u00f5es membros em diferentes \u00e1reas.","breadcrumb":{"@id":"https:\/\/www.coaliciondelasamericas.org\/pt\/galeria-talleres-00\/#breadcrumb"},"inLanguage":"es","potentialAction":[{"@type":"ReadAction","target":["https:\/\/www.coaliciondelasamericas.org\/pt\/galeria-talleres-00\/"]}]},{"@type":"ImageObject","inLanguage":"es","@id":"https:\/\/www.coaliciondelasamericas.org\/pt\/galeria-talleres-00\/#primaryimage","url":"http:\/\/www.coaliciondelasamericas.org\/pt\/wp-content\/uploads\/2022\/10\/charlas-1024x576.png","contentUrl":"http:\/\/www.coaliciondelasamericas.org\/pt\/wp-content\/uploads\/2022\/10\/charlas-1024x576.png"},{"@type":"BreadcrumbList","@id":"https:\/\/www.coaliciondelasamericas.org\/pt\/galeria-talleres-00\/#breadcrumb","itemListElement":[{"@type":"ListItem","position":1,"name":"Portada","item":"https:\/\/www.coaliciondelasamericas.org\/pt\/"},{"@type":"ListItem","position":2,"name":"Videos"}]},{"@type":"WebSite","@id":"https:\/\/www.coaliciondelasamericas.org\/pt\/#website","url":"https:\/\/www.coaliciondelasamericas.org\/pt\/","name":"Coaliz&atilde;o das Am&eacute;ricas","description":"L&iacute;deres unidos pelo bem-estar da hemofilia","publisher":{"@id":"https:\/\/www.coaliciondelasamericas.org\/pt\/#organization"},"potentialAction":[{"@type":"SearchAction","target":{"@type":"EntryPoint","urlTemplate":"https:\/\/www.coaliciondelasamericas.org\/pt\/?s={search_term_string}"},"query-input":"required name=search_term_string"}],"inLanguage":"es"},{"@type":"Organization","@id":"https:\/\/www.coaliciondelasamericas.org\/pt\/#organization","name":"Coaliz&atilde;o das Am&eacute;ricas","url":"https:\/\/www.coaliciondelasamericas.org\/pt\/","logo":{"@type":"ImageObject","inLanguage":"es","@id":"https:\/\/www.coaliciondelasamericas.org\/pt\/#\/schema\/logo\/image\/","url":"https:\/\/www.coaliciondelasamericas.org\/pt\/wp-content\/uploads\/2023\/03\/cropped-003-Portada-portuguese3-1.png","contentUrl":"https:\/\/www.coaliciondelasamericas.org\/pt\/wp-content\/uploads\/2023\/03\/cropped-003-Portada-portuguese3-1.png","width":297,"height":128,"caption":"Coaliz&atilde;o das Am&eacute;ricas"},"image":{"@id":"https:\/\/www.coaliciondelasamericas.org\/pt\/#\/schema\/logo\/image\/"},"sameAs":["https:\/\/www.facebook.com\/coalicionamerica\/","https:\/\/x.com\/coalicionameric","https:\/\/www.instagram.com\/coaliciondelasamericas\/"]}]}},"_links":{"self":[{"href":"https:\/\/www.coaliciondelasamericas.org\/pt\/wp-json\/wp\/v2\/pages\/1292"}],"collection":[{"href":"https:\/\/www.coaliciondelasamericas.org\/pt\/wp-json\/wp\/v2\/pages"}],"about":[{"href":"https:\/\/www.coaliciondelasamericas.org\/pt\/wp-json\/wp\/v2\/types\/page"}],"author":[{"embeddable":true,"href":"https:\/\/www.coaliciondelasamericas.org\/pt\/wp-json\/wp\/v2\/users\/1"}],"replies":[{"embeddable":true,"href":"https:\/\/www.coaliciondelasamericas.org\/pt\/wp-json\/wp\/v2\/comments?post=1292"}],"version-history":[{"count":9,"href":"https:\/\/www.coaliciondelasamericas.org\/pt\/wp-json\/wp\/v2\/pages\/1292\/revisions"}],"predecessor-version":[{"id":1941,"href":"https:\/\/www.coaliciondelasamericas.org\/pt\/wp-json\/wp\/v2\/pages\/1292\/revisions\/1941"}],"wp:attachment":[{"href":"https:\/\/www.coaliciondelasamericas.org\/pt\/wp-json\/wp\/v2\/media?parent=1292"}],"curies":[{"name":"wp","href":"https:\/\/api.w.org\/{rel}","templated":true}]}}