{"id":1283,"date":"2022-10-01T23:05:12","date_gmt":"2022-10-01T23:05:12","guid":{"rendered":"http:\/\/www.coaliciondelasamericas.org\/pt\/?page_id=1283"},"modified":"2023-10-23T23:02:01","modified_gmt":"2023-10-23T23:02:01","slug":"galeria-talleres-03","status":"publish","type":"page","link":"https:\/\/www.coaliciondelasamericas.org\/pt\/galeria-talleres-00\/galeria-talleres-03\/","title":{"rendered":"Oficinas Educativas 2022"},"content":{"rendered":"\n<p class=\"ticss-70b335b9\"><strong>Primeira Oficina Educativa &#8211; Tecnologias em Sa\u00fade<br><\/strong>Oficina Educativa destinada a obter as ferramentas iniciais para o reconhecimento de \u00d3rg\u00e3os e Sistemas de Sa\u00fade. Conhecimento para participa\u00e7\u00e3o e advocacy na formula\u00e7\u00e3o de pol\u00edticas p\u00fablicas de sa\u00fade e hemofilia. Conhe\u00e7a as estrat\u00e9gias para influenciar as pessoas-chave no processo.<\/p>\n\n\n\n<div class=\"wp-block-columns is-layout-flex wp-container-core-columns-is-layout-1 wp-block-columns-is-layout-flex\">\n<div class=\"wp-block-column is-layout-flow wp-block-column-is-layout-flow\">\n<figure class=\"wp-block-image size-full\"><a href=\"https:\/\/youtu.be\/6VNwp4sEEiE\" target=\"_blank\" rel=\"noreferrer noopener\"><img decoding=\"async\" src=\"https:\/\/www.coaliciondelasamericas.org\/blog\/wp-content\/uploads\/2023\/10\/Educacion-01-01.jpg\" alt=\"Talleres Educativos 2022\" class=\"wp-image-2764\"\/><\/a><\/figure>\n<\/div>\n\n\n\n<div class=\"wp-block-column is-layout-flow wp-block-column-is-layout-flow\"><\/div>\n\n\n\n<div class=\"wp-block-column is-layout-flow wp-block-column-is-layout-flow\"><\/div>\n<\/div>\n\n\n\n<div class=\"wp-block-columns is-layout-flex wp-container-core-columns-is-layout-2 wp-block-columns-is-layout-flex\">\n<div class=\"wp-block-column is-layout-flow wp-block-column-is-layout-flow\">\n<p class=\"has-text-align-center\"><a href=\"https:\/\/youtu.be\/6VNwp4sEEiE\" target=\"_blank\" rel=\"noreferrer noopener\">Sesi\u00f3n #1<\/a><\/p>\n<\/div>\n\n\n\n<div class=\"wp-block-column is-layout-flow wp-block-column-is-layout-flow\"><\/div>\n\n\n\n<div class=\"wp-block-column is-layout-flow wp-block-column-is-layout-flow\"><\/div>\n<\/div>\n\n\n\n<hr class=\"wp-block-separator has-alpha-channel-opacity\"\/>\n\n\n\n<p><strong>Segundo Workshop Tecnologias de Sa\u00fade<br><\/strong>Objetivos: Obter as ferramentas iniciais para o reconhecimento das Ag\u00eancias e Sistemas de Sa\u00fade. Conhecimento para participa\u00e7\u00e3o e promo\u00e7\u00e3o na formula\u00e7\u00e3o de pol\u00edticas p\u00fablicas de sa\u00fade e hemofilia. Conhe\u00e7a as estrat\u00e9gias para influenciar as pessoas-chave no processo.<\/p>\n\n\n\n<div class=\"wp-block-columns is-layout-flex wp-container-core-columns-is-layout-3 wp-block-columns-is-layout-flex\">\n<div class=\"wp-block-column is-layout-flow wp-block-column-is-layout-flow\">\n<figure class=\"wp-block-image size-full\"><a href=\"https:\/\/youtu.be\/d8lIyy3IrZE\" target=\"_blank\" rel=\"noreferrer noopener\"><img decoding=\"async\" src=\"https:\/\/www.coaliciondelasamericas.org\/blog\/wp-content\/uploads\/2023\/10\/Educacion-02-01.jpg\" alt=\"Segundo Taller Tecnolog\u00edas de la Salud\n\" class=\"wp-image-2768\"\/><\/a><\/figure>\n<\/div>\n\n\n\n<div class=\"wp-block-column is-layout-flow wp-block-column-is-layout-flow\">\n<figure class=\"wp-block-image size-full\"><a href=\"https:\/\/youtu.be\/mt-4g-tvoOU\" target=\"_blank\" rel=\"noreferrer noopener\"><img decoding=\"async\" src=\"https:\/\/www.coaliciondelasamericas.org\/blog\/wp-content\/uploads\/2023\/10\/Educacion-02-02.jpg\" alt=\"Segundo Taller Tecnolog\u00edas de la Salud\n\" class=\"wp-image-2769\"\/><\/a><\/figure>\n<\/div>\n\n\n\n<div class=\"wp-block-column is-layout-flow wp-block-column-is-layout-flow\">\n<figure class=\"wp-block-image size-full\"><a href=\"https:\/\/youtu.be\/NUMOLtXcPNg\" target=\"_blank\" rel=\"noreferrer noopener\"><img decoding=\"async\" src=\"https:\/\/www.coaliciondelasamericas.org\/blog\/wp-content\/uploads\/2023\/10\/Educacion-02-03.jpg\" alt=\"Segundo Taller Tecnolog\u00edas de la Salud\n\" class=\"wp-image-2770\"\/><\/a><\/figure>\n<\/div>\n<\/div>\n\n\n\n<div class=\"wp-block-columns is-layout-flex wp-container-core-columns-is-layout-4 wp-block-columns-is-layout-flex\">\n<div class=\"wp-block-column is-layout-flow wp-block-column-is-layout-flow\">\n<p class=\"has-text-align-center\"><strong><a href=\"https:\/\/youtu.be\/d8lIyy3IrZE\" target=\"_blank\" rel=\"noreferrer noopener\">M\u00f3dulo #01<\/a><\/strong><\/p>\n<\/div>\n\n\n\n<div class=\"wp-block-column is-layout-flow wp-block-column-is-layout-flow\">\n<p class=\"has-text-align-center\"><strong><a href=\"https:\/\/youtu.be\/mt-4g-tvoOU\" target=\"_blank\" rel=\"noreferrer noopener\">M\u00f3dulo #02<\/a><\/strong><\/p>\n<\/div>\n\n\n\n<div class=\"wp-block-column is-layout-flow wp-block-column-is-layout-flow\">\n<p class=\"has-text-align-center\"><strong><a href=\"https:\/\/youtu.be\/NUMOLtXcPNg\" target=\"_blank\" rel=\"noreferrer noopener\">M\u00f3dulo #03<\/a><\/strong><\/p>\n<\/div>\n<\/div>\n\n\n\n<hr class=\"wp-block-separator has-alpha-channel-opacity\"\/>\n\n\n\n<div class=\"wp-block-columns is-layout-flex wp-container-core-columns-is-layout-5 wp-block-columns-is-layout-flex\">\n<div class=\"wp-block-column is-layout-flow wp-block-column-is-layout-flow\"><\/div>\n\n\n\n<div class=\"wp-block-column is-layout-flow wp-block-column-is-layout-flow\"><\/div>\n\n\n\n<div class=\"wp-block-column is-layout-flow wp-block-column-is-layout-flow\"><\/div>\n\n\n\n<div class=\"wp-block-column is-layout-flow wp-block-column-is-layout-flow\"><\/div>\n<\/div>\n\n\n\n<div class=\"wp-block-columns is-layout-flex wp-container-core-columns-is-layout-6 wp-block-columns-is-layout-flex\">\n<div class=\"wp-block-column is-layout-flow wp-block-column-is-layout-flow\">\n<p class=\"has-text-align-center\"><strong><a href=\"https:\/\/www.coaliciondelasamericas.org\/pt\/galeria-talleres-01\/\">Talleres Educativos 2020<\/a><\/strong><\/p>\n<\/div>\n\n\n\n<div class=\"wp-block-column is-layout-flow wp-block-column-is-layout-flow\">\n<p class=\"has-text-align-center\"><strong><a href=\"https:\/\/www.coaliciondelasamericas.org\/pt\/galeria-talleres-02\/\">Talleres Educativos 2021<\/a><\/strong><\/p>\n<\/div>\n\n\n\n<div class=\"wp-block-column is-layout-flow wp-block-column-is-layout-flow\">\n<p class=\"has-text-align-center\"><strong><a href=\"https:\/\/www.coaliciondelasamericas.org\/pt\/galeria-talleres-03\/\">Talleres Educativos 2022<\/a><\/strong><\/p>\n<\/div>\n\n\n\n<div class=\"wp-block-column is-layout-flow wp-block-column-is-layout-flow\">\n<p class=\"has-text-align-center\"><a href=\"https:\/\/www.coaliciondelasamericas.org\/pt\/en\/ciclo-de-entrevistas\/\"><strong>Ciclo de Entrevistas<\/strong><\/a><\/p>\n<\/div>\n<\/div>\n","protected":false},"excerpt":{"rendered":"<p>Primeira Oficina Educativa &#8211; Tecnologias em Sa\u00fadeOficina Educativa destinada a obter as ferramentas iniciais para o reconhecimento de \u00d3rg\u00e3os e<\/p>\n","protected":false},"author":1,"featured_media":0,"parent":1292,"menu_order":4,"comment_status":"closed","ping_status":"closed","template":"","meta":{"colormag_page_container_layout":"no_sidebar_content_centered","colormag_page_sidebar_layout":"no_sidebar","_coblocks_attr":"","_coblocks_dimensions":"","_coblocks_responsive_height":"","_coblocks_accordion_ie_support":"","footnotes":""},"class_list":["post-1283","page","type-page","status-publish","hentry"],"yoast_head":"<!-- This site is optimized with the Yoast SEO plugin v22.6 - https:\/\/yoast.com\/wordpress\/plugins\/seo\/ -->\n<title>Oficinas Educativas 2022 - Coaliz&atilde;o das Am&eacute;ricas<\/title>\n<meta name=\"description\" content=\"Oficina Educativa 2022 desenvolvida pelo CoA em benef\u00edcio das Organiza\u00e7\u00f5es membros. Iniciativas, projetos.\" \/>\n<meta name=\"robots\" content=\"index, follow, max-snippet:-1, max-image-preview:large, max-video-preview:-1\" \/>\n<link rel=\"canonical\" href=\"https:\/\/www.coaliciondelasamericas.org\/pt\/galeria-talleres-00\/galeria-talleres-03\/\" \/>\n<meta property=\"og:locale\" content=\"es_ES\" \/>\n<meta property=\"og:type\" content=\"article\" \/>\n<meta property=\"og:title\" content=\"Oficinas Educativas 2022 - Coaliz&atilde;o das Am&eacute;ricas\" \/>\n<meta property=\"og:description\" content=\"Oficina Educativa 2022 desenvolvida pelo CoA em benef\u00edcio das Organiza\u00e7\u00f5es membros. Iniciativas, projetos.\" \/>\n<meta property=\"og:url\" content=\"https:\/\/www.coaliciondelasamericas.org\/pt\/galeria-talleres-00\/galeria-talleres-03\/\" \/>\n<meta property=\"og:site_name\" content=\"Coaliz&atilde;o das Am&eacute;ricas\" \/>\n<meta property=\"article:publisher\" content=\"https:\/\/www.facebook.com\/coalicionamerica\/\" \/>\n<meta property=\"article:modified_time\" content=\"2023-10-23T23:02:01+00:00\" \/>\n<meta property=\"og:image\" content=\"https:\/\/www.coaliciondelasamericas.org\/blog\/wp-content\/uploads\/2023\/10\/Educacion-01-01.jpg\" \/>\n<meta name=\"twitter:card\" content=\"summary_large_image\" \/>\n<meta name=\"twitter:site\" content=\"@coalicionameric\" \/>\n<meta name=\"twitter:label1\" content=\"Tiempo de lectura\" \/>\n\t<meta name=\"twitter:data1\" content=\"2 minutos\" \/>\n<script type=\"application\/ld+json\" class=\"yoast-schema-graph\">{\"@context\":\"https:\/\/schema.org\",\"@graph\":[{\"@type\":\"WebPage\",\"@id\":\"https:\/\/www.coaliciondelasamericas.org\/pt\/galeria-talleres-00\/galeria-talleres-03\/\",\"url\":\"https:\/\/www.coaliciondelasamericas.org\/pt\/galeria-talleres-00\/galeria-talleres-03\/\",\"name\":\"Oficinas Educativas 2022 - Coaliz&atilde;o das Am&eacute;ricas\",\"isPartOf\":{\"@id\":\"https:\/\/www.coaliciondelasamericas.org\/pt\/#website\"},\"primaryImageOfPage\":{\"@id\":\"https:\/\/www.coaliciondelasamericas.org\/pt\/galeria-talleres-00\/galeria-talleres-03\/#primaryimage\"},\"image\":{\"@id\":\"https:\/\/www.coaliciondelasamericas.org\/pt\/galeria-talleres-00\/galeria-talleres-03\/#primaryimage\"},\"thumbnailUrl\":\"https:\/\/www.coaliciondelasamericas.org\/blog\/wp-content\/uploads\/2023\/10\/Educacion-01-01.jpg\",\"datePublished\":\"2022-10-01T23:05:12+00:00\",\"dateModified\":\"2023-10-23T23:02:01+00:00\",\"description\":\"Oficina Educativa 2022 desenvolvida pelo CoA em benef\u00edcio das Organiza\u00e7\u00f5es membros. Iniciativas, projetos.\",\"breadcrumb\":{\"@id\":\"https:\/\/www.coaliciondelasamericas.org\/pt\/galeria-talleres-00\/galeria-talleres-03\/#breadcrumb\"},\"inLanguage\":\"es\",\"potentialAction\":[{\"@type\":\"ReadAction\",\"target\":[\"https:\/\/www.coaliciondelasamericas.org\/pt\/galeria-talleres-00\/galeria-talleres-03\/\"]}]},{\"@type\":\"ImageObject\",\"inLanguage\":\"es\",\"@id\":\"https:\/\/www.coaliciondelasamericas.org\/pt\/galeria-talleres-00\/galeria-talleres-03\/#primaryimage\",\"url\":\"https:\/\/www.coaliciondelasamericas.org\/blog\/wp-content\/uploads\/2023\/10\/Educacion-01-01.jpg\",\"contentUrl\":\"https:\/\/www.coaliciondelasamericas.org\/blog\/wp-content\/uploads\/2023\/10\/Educacion-01-01.jpg\"},{\"@type\":\"BreadcrumbList\",\"@id\":\"https:\/\/www.coaliciondelasamericas.org\/pt\/galeria-talleres-00\/galeria-talleres-03\/#breadcrumb\",\"itemListElement\":[{\"@type\":\"ListItem\",\"position\":1,\"name\":\"Portada\",\"item\":\"https:\/\/www.coaliciondelasamericas.org\/pt\/\"},{\"@type\":\"ListItem\",\"position\":2,\"name\":\"Videos\",\"item\":\"https:\/\/www.coaliciondelasamericas.org\/pt\/galeria-talleres-00\/\"},{\"@type\":\"ListItem\",\"position\":3,\"name\":\"Oficinas Educativas 2022\"}]},{\"@type\":\"WebSite\",\"@id\":\"https:\/\/www.coaliciondelasamericas.org\/pt\/#website\",\"url\":\"https:\/\/www.coaliciondelasamericas.org\/pt\/\",\"name\":\"Coaliz&atilde;o das Am&eacute;ricas\",\"description\":\"L&iacute;deres unidos pelo bem-estar da hemofilia\",\"publisher\":{\"@id\":\"https:\/\/www.coaliciondelasamericas.org\/pt\/#organization\"},\"potentialAction\":[{\"@type\":\"SearchAction\",\"target\":{\"@type\":\"EntryPoint\",\"urlTemplate\":\"https:\/\/www.coaliciondelasamericas.org\/pt\/?s={search_term_string}\"},\"query-input\":\"required name=search_term_string\"}],\"inLanguage\":\"es\"},{\"@type\":\"Organization\",\"@id\":\"https:\/\/www.coaliciondelasamericas.org\/pt\/#organization\",\"name\":\"Coaliz&atilde;o das Am&eacute;ricas\",\"url\":\"https:\/\/www.coaliciondelasamericas.org\/pt\/\",\"logo\":{\"@type\":\"ImageObject\",\"inLanguage\":\"es\",\"@id\":\"https:\/\/www.coaliciondelasamericas.org\/pt\/#\/schema\/logo\/image\/\",\"url\":\"https:\/\/www.coaliciondelasamericas.org\/pt\/wp-content\/uploads\/2023\/03\/cropped-003-Portada-portuguese3-1.png\",\"contentUrl\":\"https:\/\/www.coaliciondelasamericas.org\/pt\/wp-content\/uploads\/2023\/03\/cropped-003-Portada-portuguese3-1.png\",\"width\":297,\"height\":128,\"caption\":\"Coaliz&atilde;o das Am&eacute;ricas\"},\"image\":{\"@id\":\"https:\/\/www.coaliciondelasamericas.org\/pt\/#\/schema\/logo\/image\/\"},\"sameAs\":[\"https:\/\/www.facebook.com\/coalicionamerica\/\",\"https:\/\/x.com\/coalicionameric\",\"https:\/\/www.instagram.com\/coaliciondelasamericas\/\"]}]}<\/script>\n<!-- \/ Yoast SEO plugin. -->","yoast_head_json":{"title":"Oficinas Educativas 2022 - Coaliz&atilde;o das Am&eacute;ricas","description":"Oficina Educativa 2022 desenvolvida pelo CoA em benef\u00edcio das Organiza\u00e7\u00f5es membros. Iniciativas, projetos.","robots":{"index":"index","follow":"follow","max-snippet":"max-snippet:-1","max-image-preview":"max-image-preview:large","max-video-preview":"max-video-preview:-1"},"canonical":"https:\/\/www.coaliciondelasamericas.org\/pt\/galeria-talleres-00\/galeria-talleres-03\/","og_locale":"es_ES","og_type":"article","og_title":"Oficinas Educativas 2022 - Coaliz&atilde;o das Am&eacute;ricas","og_description":"Oficina Educativa 2022 desenvolvida pelo CoA em benef\u00edcio das Organiza\u00e7\u00f5es membros. Iniciativas, projetos.","og_url":"https:\/\/www.coaliciondelasamericas.org\/pt\/galeria-talleres-00\/galeria-talleres-03\/","og_site_name":"Coaliz&atilde;o das Am&eacute;ricas","article_publisher":"https:\/\/www.facebook.com\/coalicionamerica\/","article_modified_time":"2023-10-23T23:02:01+00:00","og_image":[{"url":"https:\/\/www.coaliciondelasamericas.org\/blog\/wp-content\/uploads\/2023\/10\/Educacion-01-01.jpg"}],"twitter_card":"summary_large_image","twitter_site":"@coalicionameric","twitter_misc":{"Tiempo de lectura":"2 minutos"},"schema":{"@context":"https:\/\/schema.org","@graph":[{"@type":"WebPage","@id":"https:\/\/www.coaliciondelasamericas.org\/pt\/galeria-talleres-00\/galeria-talleres-03\/","url":"https:\/\/www.coaliciondelasamericas.org\/pt\/galeria-talleres-00\/galeria-talleres-03\/","name":"Oficinas Educativas 2022 - Coaliz&atilde;o das Am&eacute;ricas","isPartOf":{"@id":"https:\/\/www.coaliciondelasamericas.org\/pt\/#website"},"primaryImageOfPage":{"@id":"https:\/\/www.coaliciondelasamericas.org\/pt\/galeria-talleres-00\/galeria-talleres-03\/#primaryimage"},"image":{"@id":"https:\/\/www.coaliciondelasamericas.org\/pt\/galeria-talleres-00\/galeria-talleres-03\/#primaryimage"},"thumbnailUrl":"https:\/\/www.coaliciondelasamericas.org\/blog\/wp-content\/uploads\/2023\/10\/Educacion-01-01.jpg","datePublished":"2022-10-01T23:05:12+00:00","dateModified":"2023-10-23T23:02:01+00:00","description":"Oficina Educativa 2022 desenvolvida pelo CoA em benef\u00edcio das Organiza\u00e7\u00f5es membros. Iniciativas, projetos.","breadcrumb":{"@id":"https:\/\/www.coaliciondelasamericas.org\/pt\/galeria-talleres-00\/galeria-talleres-03\/#breadcrumb"},"inLanguage":"es","potentialAction":[{"@type":"ReadAction","target":["https:\/\/www.coaliciondelasamericas.org\/pt\/galeria-talleres-00\/galeria-talleres-03\/"]}]},{"@type":"ImageObject","inLanguage":"es","@id":"https:\/\/www.coaliciondelasamericas.org\/pt\/galeria-talleres-00\/galeria-talleres-03\/#primaryimage","url":"https:\/\/www.coaliciondelasamericas.org\/blog\/wp-content\/uploads\/2023\/10\/Educacion-01-01.jpg","contentUrl":"https:\/\/www.coaliciondelasamericas.org\/blog\/wp-content\/uploads\/2023\/10\/Educacion-01-01.jpg"},{"@type":"BreadcrumbList","@id":"https:\/\/www.coaliciondelasamericas.org\/pt\/galeria-talleres-00\/galeria-talleres-03\/#breadcrumb","itemListElement":[{"@type":"ListItem","position":1,"name":"Portada","item":"https:\/\/www.coaliciondelasamericas.org\/pt\/"},{"@type":"ListItem","position":2,"name":"Videos","item":"https:\/\/www.coaliciondelasamericas.org\/pt\/galeria-talleres-00\/"},{"@type":"ListItem","position":3,"name":"Oficinas Educativas 2022"}]},{"@type":"WebSite","@id":"https:\/\/www.coaliciondelasamericas.org\/pt\/#website","url":"https:\/\/www.coaliciondelasamericas.org\/pt\/","name":"Coaliz&atilde;o das Am&eacute;ricas","description":"L&iacute;deres unidos pelo bem-estar da hemofilia","publisher":{"@id":"https:\/\/www.coaliciondelasamericas.org\/pt\/#organization"},"potentialAction":[{"@type":"SearchAction","target":{"@type":"EntryPoint","urlTemplate":"https:\/\/www.coaliciondelasamericas.org\/pt\/?s={search_term_string}"},"query-input":"required name=search_term_string"}],"inLanguage":"es"},{"@type":"Organization","@id":"https:\/\/www.coaliciondelasamericas.org\/pt\/#organization","name":"Coaliz&atilde;o das Am&eacute;ricas","url":"https:\/\/www.coaliciondelasamericas.org\/pt\/","logo":{"@type":"ImageObject","inLanguage":"es","@id":"https:\/\/www.coaliciondelasamericas.org\/pt\/#\/schema\/logo\/image\/","url":"https:\/\/www.coaliciondelasamericas.org\/pt\/wp-content\/uploads\/2023\/03\/cropped-003-Portada-portuguese3-1.png","contentUrl":"https:\/\/www.coaliciondelasamericas.org\/pt\/wp-content\/uploads\/2023\/03\/cropped-003-Portada-portuguese3-1.png","width":297,"height":128,"caption":"Coaliz&atilde;o das Am&eacute;ricas"},"image":{"@id":"https:\/\/www.coaliciondelasamericas.org\/pt\/#\/schema\/logo\/image\/"},"sameAs":["https:\/\/www.facebook.com\/coalicionamerica\/","https:\/\/x.com\/coalicionameric","https:\/\/www.instagram.com\/coaliciondelasamericas\/"]}]}},"_links":{"self":[{"href":"https:\/\/www.coaliciondelasamericas.org\/pt\/wp-json\/wp\/v2\/pages\/1283"}],"collection":[{"href":"https:\/\/www.coaliciondelasamericas.org\/pt\/wp-json\/wp\/v2\/pages"}],"about":[{"href":"https:\/\/www.coaliciondelasamericas.org\/pt\/wp-json\/wp\/v2\/types\/page"}],"author":[{"embeddable":true,"href":"https:\/\/www.coaliciondelasamericas.org\/pt\/wp-json\/wp\/v2\/users\/1"}],"replies":[{"embeddable":true,"href":"https:\/\/www.coaliciondelasamericas.org\/pt\/wp-json\/wp\/v2\/comments?post=1283"}],"version-history":[{"count":11,"href":"https:\/\/www.coaliciondelasamericas.org\/pt\/wp-json\/wp\/v2\/pages\/1283\/revisions"}],"predecessor-version":[{"id":2118,"href":"https:\/\/www.coaliciondelasamericas.org\/pt\/wp-json\/wp\/v2\/pages\/1283\/revisions\/2118"}],"up":[{"embeddable":true,"href":"https:\/\/www.coaliciondelasamericas.org\/pt\/wp-json\/wp\/v2\/pages\/1292"}],"wp:attachment":[{"href":"https:\/\/www.coaliciondelasamericas.org\/pt\/wp-json\/wp\/v2\/media?parent=1283"}],"curies":[{"name":"wp","href":"https:\/\/api.w.org\/{rel}","templated":true}]}}