{"id":1229,"date":"2022-10-01T20:59:46","date_gmt":"2022-10-01T20:59:46","guid":{"rendered":"http:\/\/www.coaliciondelasamericas.org\/pt\/?page_id=1229"},"modified":"2023-10-23T22:40:59","modified_gmt":"2023-10-23T22:40:59","slug":"galeria-talleres-01","status":"publish","type":"page","link":"https:\/\/www.coaliciondelasamericas.org\/pt\/galeria-talleres-00\/galeria-talleres-01\/","title":{"rendered":"Oficinas Educativas 2020"},"content":{"rendered":"\n<p><strong>Registro de pacientes e gerenciamento de informa\u00e7\u00f5es<br><\/strong>Objetivo do curso: Desenvolver de forma sistem\u00e1tica e organizada o Cadastro de Pacientes, buscando torn\u00e1-lo confi\u00e1vel e real, tornando-o a base de informa\u00e7\u00f5es para as decis\u00f5es que o OMN toma e organizando seu planejamento estrat\u00e9gico.<\/p>\n\n\n\n<div class=\"wp-block-columns is-layout-flex wp-container-core-columns-is-layout-1 wp-block-columns-is-layout-flex\">\n<div class=\"wp-block-column is-layout-flow wp-block-column-is-layout-flow\">\n<figure class=\"wp-block-image size-full is-resized\"><img decoding=\"async\" src=\"https:\/\/www.coaliciondelasamericas.org\/blog\/wp-content\/uploads\/2023\/10\/Registro-01.png\" alt=\"\" class=\"wp-image-2697\" style=\"aspect-ratio:1.6666666666666667;object-fit:cover;width:245px;height:auto\"\/><figcaption class=\"wp-element-caption\"><a href=\"https:\/\/youtu.be\/X3Q1VH2F7ig\" target=\"_blank\" rel=\"noreferrer noopener\"><strong>Sesi\u00f3n #01 &#8211; Parte I<\/strong> <\/a><\/figcaption><\/figure>\n<\/div>\n\n\n\n<div class=\"wp-block-column is-layout-flow wp-block-column-is-layout-flow\">\n<figure class=\"wp-block-image size-full\"><a href=\"https:\/\/youtu.be\/5dSguLQipHU\" target=\"_blank\" rel=\"noreferrer noopener\"><img decoding=\"async\" src=\"https:\/\/www.coaliciondelasamericas.org\/blog\/wp-content\/uploads\/2023\/10\/Registro-02.jpg\" alt=\"\" class=\"wp-image-2688\"\/><\/a><figcaption class=\"wp-element-caption\"><a href=\"https:\/\/youtu.be\/5dSguLQipHU\" target=\"_blank\" rel=\"noreferrer noopener\"><strong>Sesi\u00f3n #01 &#8211; Parte II<\/strong> <\/a><\/figcaption><\/figure>\n<\/div>\n\n\n\n<div class=\"wp-block-column is-layout-flow wp-block-column-is-layout-flow\">\n<figure class=\"wp-block-image size-full\"><a href=\"https:\/\/youtu.be\/bniX1a3MG5o\" target=\"_blank\" rel=\"noreferrer noopener\"><img decoding=\"async\" src=\"https:\/\/www.coaliciondelasamericas.org\/blog\/wp-content\/uploads\/2023\/10\/Registro-03.jpg\" alt=\"\" class=\"wp-image-2691\"\/><\/a><figcaption class=\"wp-element-caption\"><a href=\"https:\/\/youtu.be\/bniX1a3MG5o\" target=\"_blank\" rel=\"noreferrer noopener\"><strong>Sesi\u00f3n #02 &#8211; Parte I<\/strong> <\/a><\/figcaption><\/figure>\n<\/div>\n<\/div>\n\n\n\n<div class=\"wp-block-columns is-layout-flex wp-container-core-columns-is-layout-2 wp-block-columns-is-layout-flex\">\n<div class=\"wp-block-column is-layout-flow wp-block-column-is-layout-flow\"><\/div>\n\n\n\n<div class=\"wp-block-column is-layout-flow wp-block-column-is-layout-flow\">\n<figure class=\"wp-block-image size-full\"><a href=\"https:\/\/youtu.be\/2po6RfwJRKE\" target=\"_blank\" rel=\"noreferrer noopener\"><img decoding=\"async\" src=\"https:\/\/www.coaliciondelasamericas.org\/blog\/wp-content\/uploads\/2023\/10\/Registro-04.jpg\" alt=\"\" class=\"wp-image-2694\"\/><\/a><figcaption class=\"wp-element-caption\"><strong><a href=\"https:\/\/youtu.be\/2po6RfwJRKE\" target=\"_blank\" rel=\"noreferrer noopener\">Sesi\u00f3n #02 &#8211; Parte II<\/a><\/strong><\/figcaption><\/figure>\n<\/div>\n\n\n\n<div class=\"wp-block-column is-layout-flow wp-block-column-is-layout-flow\"><\/div>\n<\/div>\n\n\n\n<h5 class=\"wp-block-heading has-background-color-color has-header-gradient-background-color has-text-color has-background\"><\/h5>\n\n\n\n<p><strong>Active Communications Workshop<\/strong><br>Este workshop visa fortalecer a capacidade das NMOs na \u00e1rea de comunica\u00e7\u00e3o e como usar essas ferramentas para apoiar projetos e iniciativas de lobby no pa\u00eds.<\/p>\n\n\n\n<div class=\"wp-block-columns is-layout-flex wp-container-core-columns-is-layout-3 wp-block-columns-is-layout-flex\">\n<div class=\"wp-block-column is-layout-flow wp-block-column-is-layout-flow\">\n<figure class=\"wp-block-image size-full\"><a href=\"https:\/\/youtu.be\/Bs2blj9t8PA\" target=\"_blank\" rel=\"noreferrer noopener\"><img decoding=\"async\" src=\"https:\/\/www.coaliciondelasamericas.org\/blog\/wp-content\/uploads\/2023\/10\/Workshop-01.jpg\" alt=\"\" class=\"wp-image-2708\"\/><\/a><\/figure>\n<\/div>\n\n\n\n<div class=\"wp-block-column is-layout-flow wp-block-column-is-layout-flow\">\n<figure class=\"wp-block-image size-full\"><a href=\"https:\/\/youtu.be\/4hi_INF0MRw\" target=\"_blank\" rel=\"noreferrer noopener\"><img decoding=\"async\" src=\"https:\/\/www.coaliciondelasamericas.org\/blog\/wp-content\/uploads\/2023\/10\/Workshop-02.jpg\" alt=\"\" class=\"wp-image-2710\"\/><\/a><\/figure>\n<\/div>\n\n\n\n<div class=\"wp-block-column is-layout-flow wp-block-column-is-layout-flow\">\n<figure class=\"wp-block-image size-full\"><a href=\"https:\/\/youtu.be\/Yu_HKDfE1qk\" target=\"_blank\" rel=\"noreferrer noopener\"><img decoding=\"async\" src=\"https:\/\/www.coaliciondelasamericas.org\/blog\/wp-content\/uploads\/2023\/10\/Workshop-03.jpg\" alt=\"\" class=\"wp-image-2711\"\/><\/a><\/figure>\n<\/div>\n<\/div>\n\n\n\n<div class=\"wp-block-columns is-layout-flex wp-container-core-columns-is-layout-4 wp-block-columns-is-layout-flex\">\n<div class=\"wp-block-column is-layout-flow wp-block-column-is-layout-flow\">\n<p class=\"has-text-align-center\"><strong><a href=\"https:\/\/youtu.be\/Bs2blj9t8PA\" target=\"_blank\" rel=\"noreferrer noopener\">Session #01 &#8211; Part I<\/a><\/strong><\/p>\n<\/div>\n\n\n\n<div class=\"wp-block-column is-layout-flow wp-block-column-is-layout-flow\">\n<p class=\"has-text-align-center\"><strong><a href=\"https:\/\/youtu.be\/4hi_INF0MRw\" target=\"_blank\" rel=\"noreferrer noopener\">Session #01 &#8211; Part II<\/a><\/strong><\/p>\n<\/div>\n\n\n\n<div class=\"wp-block-column is-layout-flow wp-block-column-is-layout-flow\">\n<p class=\"has-text-align-center\"><strong><a href=\"https:\/\/youtu.be\/Yu_HKDfE1qk\" target=\"_blank\" rel=\"noreferrer noopener\">Session #01 &#8211; Part III<\/a><\/strong><\/p>\n<\/div>\n<\/div>\n\n\n\n<hr class=\"wp-block-separator has-alpha-channel-opacity\"\/>\n\n\n\n<div class=\"wp-block-columns is-layout-flex wp-container-core-columns-is-layout-5 wp-block-columns-is-layout-flex\">\n<div class=\"wp-block-column is-layout-flow wp-block-column-is-layout-flow\">\n<figure class=\"wp-block-image size-full\"><a href=\"https:\/\/youtu.be\/JegGTLBSR7U\" target=\"_blank\" rel=\"noreferrer noopener\"><img decoding=\"async\" src=\"https:\/\/www.coaliciondelasamericas.org\/blog\/wp-content\/uploads\/2023\/10\/Workshop-04.jpg\" alt=\"\" class=\"wp-image-2703\"\/><\/a><\/figure>\n<\/div>\n\n\n\n<div class=\"wp-block-column is-layout-flow wp-block-column-is-layout-flow\">\n<figure class=\"wp-block-image size-full\"><a href=\"https:\/\/youtu.be\/SvqolXHzgYk\" target=\"_blank\" rel=\"noreferrer noopener\"><img decoding=\"async\" src=\"https:\/\/www.coaliciondelasamericas.org\/blog\/wp-content\/uploads\/2023\/10\/Workshop-05.jpg\" alt=\"\" class=\"wp-image-2704\"\/><\/a><\/figure>\n<\/div>\n<\/div>\n\n\n\n<div class=\"wp-block-columns is-layout-flex wp-container-core-columns-is-layout-6 wp-block-columns-is-layout-flex\">\n<div class=\"wp-block-column is-layout-flow wp-block-column-is-layout-flow\">\n<p class=\"has-text-align-center\"><strong><a href=\"https:\/\/youtu.be\/JegGTLBSR7U\" target=\"_blank\" rel=\"noreferrer noopener\">Session #02 &#8211; Part I<\/a><\/strong><\/p>\n<\/div>\n\n\n\n<div class=\"wp-block-column is-layout-flow wp-block-column-is-layout-flow\">\n<p class=\"has-text-align-center\"><strong><a href=\"https:\/\/youtu.be\/SvqolXHzgYk\" target=\"_blank\" rel=\"noreferrer noopener\">Session #02 &#8211; Part II<\/a><\/strong><\/p>\n<\/div>\n<\/div>\n\n\n\n<h5 class=\"wp-block-heading has-background-color-color has-accent-background-color has-text-color has-background\"><\/h5>\n\n\n\n<p><strong>Semin\u00e1rio sobre Governan\u00e7a e Estrutura de um NOM<br><\/strong>Justificativa do Curso: O trabalho de uma organiza\u00e7\u00e3o sem fins lucrativos surge da necessidade de aten\u00e7\u00e3o e reconhecimento por parte de entidades do Estado ou algum outro ator envolvido em decis\u00f5es e a\u00e7\u00f5es na Sociedade, sobre uma quest\u00e3o que n\u00e3o est\u00e1 resolvida de forma representativa, cont\u00ednua ou maneira eficiente. Uma ou v\u00e1rias pessoas se unem para reivindicar articuladamente as necessidades, a\u00e7\u00f5es e propostas perante a sociedade. Embora se saiba que esta atividade normalmente n\u00e3o tem ressarcimento financeiro, \u00e9 saud\u00e1vel que a organiza\u00e7\u00e3o disponha de recursos para arcar com os gastos.<\/p>\n\n\n\n<div class=\"wp-block-columns is-layout-flex wp-container-core-columns-is-layout-7 wp-block-columns-is-layout-flex\">\n<div class=\"wp-block-column is-layout-flow wp-block-column-is-layout-flow\">\n<figure class=\"wp-block-image size-full\"><a href=\"https:\/\/youtu.be\/zeVWWb8SON0\" target=\"_blank\" rel=\"noreferrer noopener\"><img decoding=\"async\" src=\"https:\/\/www.coaliciondelasamericas.org\/blog\/wp-content\/uploads\/2023\/10\/Gobernanza-01.jpg\" alt=\"\" class=\"wp-image-2720\"\/><\/a><\/figure>\n<\/div>\n\n\n\n<div class=\"wp-block-column is-layout-flow wp-block-column-is-layout-flow\">\n<figure class=\"wp-block-image size-full\"><a href=\"https:\/\/youtu.be\/aZolDNlOlaY\" target=\"_blank\" rel=\"noreferrer noopener\"><img decoding=\"async\" src=\"https:\/\/www.coaliciondelasamericas.org\/blog\/wp-content\/uploads\/2023\/10\/Gobernanza-02.jpg\" alt=\"\" class=\"wp-image-2722\"\/><\/a><\/figure>\n<\/div>\n\n\n\n<div class=\"wp-block-column is-layout-flow wp-block-column-is-layout-flow\">\n<figure class=\"wp-block-image size-full\"><a href=\"https:\/\/youtu.be\/JCVn3Z1ap9I\" target=\"_blank\" rel=\"noreferrer noopener\"><img decoding=\"async\" src=\"https:\/\/www.coaliciondelasamericas.org\/blog\/wp-content\/uploads\/2023\/10\/Gobernanza-03.jpg\" alt=\"\" class=\"wp-image-2724\"\/><\/a><\/figure>\n<\/div>\n<\/div>\n\n\n\n<div class=\"wp-block-columns is-layout-flex wp-container-core-columns-is-layout-8 wp-block-columns-is-layout-flex\">\n<div class=\"wp-block-column is-layout-flow wp-block-column-is-layout-flow\">\n<p class=\"has-text-align-center\"><strong><a href=\"https:\/\/youtu.be\/zeVWWb8SON0\" target=\"_blank\" rel=\"noreferrer noopener\">Sesi\u00f3n #01<\/a><\/strong><\/p>\n<\/div>\n\n\n\n<div class=\"wp-block-column is-layout-flow wp-block-column-is-layout-flow\">\n<p class=\"has-text-align-center\"><strong><a href=\"https:\/\/youtu.be\/aZolDNlOlaY\" target=\"_blank\" rel=\"noreferrer noopener\">Sesi\u00f3n #03<\/a><\/strong><\/p>\n<\/div>\n\n\n\n<div class=\"wp-block-column is-layout-flow wp-block-column-is-layout-flow\">\n<p class=\"has-text-align-center\"><strong><a href=\"https:\/\/youtu.be\/JCVn3Z1ap9I\" target=\"_blank\" rel=\"noreferrer noopener\">Sesi\u00f3n #04<\/a><\/strong><\/p>\n<\/div>\n<\/div>\n\n\n\n<hr class=\"wp-block-separator has-alpha-channel-opacity\"\/>\n\n\n\n<div class=\"wp-block-columns is-layout-flex wp-container-core-columns-is-layout-9 wp-block-columns-is-layout-flex\">\n<div class=\"wp-block-column is-layout-flow wp-block-column-is-layout-flow\">\n<figure class=\"wp-block-image size-full\"><a href=\"https:\/\/youtu.be\/WuR6z_Y8JpM\" target=\"_blank\" rel=\"noreferrer noopener\"><img decoding=\"async\" src=\"https:\/\/www.coaliciondelasamericas.org\/blog\/wp-content\/uploads\/2023\/10\/Gobernanza-04.jpg\" alt=\"\" class=\"wp-image-2726\"\/><\/a><\/figure>\n<\/div>\n\n\n\n<div class=\"wp-block-column is-layout-flow wp-block-column-is-layout-flow\">\n<figure class=\"wp-block-image size-full\"><img decoding=\"async\" src=\"https:\/\/www.coaliciondelasamericas.org\/blog\/wp-content\/uploads\/2023\/10\/Gobernanza-05.jpg\" alt=\"\" class=\"wp-image-2727\"\/><\/figure>\n<\/div>\n\n\n\n<div class=\"wp-block-column is-layout-flow wp-block-column-is-layout-flow\">\n<figure class=\"wp-block-image size-full\"><a href=\"https:\/\/youtu.be\/ZLJ1XQs741I\" target=\"_blank\" rel=\"noreferrer noopener\"><img decoding=\"async\" src=\"https:\/\/www.coaliciondelasamericas.org\/blog\/wp-content\/uploads\/2023\/10\/Gobernanza-06.jpg\" alt=\"\" class=\"wp-image-2728\"\/><\/a><\/figure>\n<\/div>\n<\/div>\n\n\n\n<div class=\"wp-block-columns is-layout-flex wp-container-core-columns-is-layout-10 wp-block-columns-is-layout-flex\">\n<div class=\"wp-block-column is-layout-flow wp-block-column-is-layout-flow\">\n<p class=\"has-text-align-center\"><a href=\"https:\/\/youtu.be\/WuR6z_Y8JpM\" target=\"_blank\" rel=\"noreferrer noopener\"><strong>Sesi\u00f3n #05<\/strong> &#8211; Parte 1<\/a><\/p>\n<\/div>\n\n\n\n<div class=\"wp-block-column is-layout-flow wp-block-column-is-layout-flow\">\n<p class=\"has-text-align-center\"><a href=\"https:\/\/youtu.be\/ny5Qsac7DMk\" target=\"_blank\" rel=\"noreferrer noopener\"><strong>Sesi\u00f3n #05<\/strong> &#8211; Parte 2<\/a><\/p>\n<\/div>\n\n\n\n<div class=\"wp-block-column is-layout-flow wp-block-column-is-layout-flow\">\n<p class=\"has-text-align-center\"><a href=\"https:\/\/youtu.be\/ZLJ1XQs741I\" target=\"_blank\" rel=\"noreferrer noopener\"><strong>Sesi\u00f3n #06<\/strong> &#8211; Parte 1<\/a><\/p>\n<\/div>\n<\/div>\n\n\n\n<hr class=\"wp-block-separator has-alpha-channel-opacity\"\/>\n\n\n\n<div class=\"wp-block-columns is-layout-flex wp-container-core-columns-is-layout-11 wp-block-columns-is-layout-flex\">\n<div class=\"wp-block-column is-layout-flow wp-block-column-is-layout-flow\">\n<figure class=\"wp-block-image size-full\"><a href=\"https:\/\/youtu.be\/Y0TT6d8FSFI\" target=\"_blank\" rel=\"noreferrer noopener\"><img decoding=\"async\" src=\"https:\/\/www.coaliciondelasamericas.org\/blog\/wp-content\/uploads\/2023\/10\/Gobernanza-07.jpg\" alt=\"\" class=\"wp-image-2732\"\/><\/a><\/figure>\n<\/div>\n\n\n\n<div class=\"wp-block-column is-layout-flow wp-block-column-is-layout-flow\">\n<figure class=\"wp-block-image size-full\"><a href=\"https:\/\/youtu.be\/XEW9w_4fkIU\" target=\"_blank\" rel=\"noreferrer noopener\"><img decoding=\"async\" src=\"https:\/\/www.coaliciondelasamericas.org\/blog\/wp-content\/uploads\/2023\/10\/Gobernanza-08.jpg\" alt=\"\" class=\"wp-image-2733\"\/><\/a><\/figure>\n<\/div>\n\n\n\n<div class=\"wp-block-column is-layout-flow wp-block-column-is-layout-flow\">\n<figure class=\"wp-block-image size-full\"><a href=\"https:\/\/youtu.be\/wdRLI4V-DEk\" target=\"_blank\" rel=\"noreferrer noopener\"><img decoding=\"async\" src=\"https:\/\/www.coaliciondelasamericas.org\/blog\/wp-content\/uploads\/2023\/10\/Gobernanza-09.jpg\" alt=\"\" class=\"wp-image-2734\"\/><\/a><\/figure>\n<\/div>\n<\/div>\n\n\n\n<div class=\"wp-block-columns is-layout-flex wp-container-core-columns-is-layout-12 wp-block-columns-is-layout-flex\">\n<div class=\"wp-block-column is-layout-flow wp-block-column-is-layout-flow\">\n<p class=\"has-text-align-center\"><a href=\"https:\/\/youtu.be\/Y0TT6d8FSFI\" target=\"_blank\" rel=\"noreferrer noopener\"><strong>Sesi\u00f3n #06<\/strong> &#8211; Parte 2<\/a><\/p>\n<\/div>\n\n\n\n<div class=\"wp-block-column is-layout-flow wp-block-column-is-layout-flow\">\n<p class=\"has-text-align-center\"><a href=\"https:\/\/youtu.be\/XEW9w_4fkIU\" target=\"_blank\" rel=\"noreferrer noopener\"><strong>Sesi\u00f3n #07<\/strong> &#8211; Parte 1<\/a><\/p>\n<\/div>\n\n\n\n<div class=\"wp-block-column is-layout-flow wp-block-column-is-layout-flow\">\n<p class=\"has-text-align-center\"><a href=\"https:\/\/youtu.be\/wdRLI4V-DEk\" target=\"_blank\" rel=\"noreferrer noopener\"><strong>Sesi\u00f3n #07<\/strong> &#8211; Parte 2<\/a><\/p>\n<\/div>\n<\/div>\n\n\n\n<h5 class=\"wp-block-heading has-background-color-color has-header-gradient-background-color has-text-color has-background\"><\/h5>\n\n\n\n<p><strong>Workshop Educativo de Comunica\u00e7\u00e3o Ativa para OMN&#8217;s &#8211; 2020<br><\/strong>A comunica\u00e7\u00e3o como ferramenta de lobby. Este workshop visa fortalecer a capacidade dos NOMs na \u00e1rea de comunica\u00e7\u00e3o e como usar essas ferramentas para apoiar projetos e iniciativas de lobby no pa\u00eds.<\/p>\n\n\n\n<div class=\"wp-block-columns is-layout-flex wp-container-core-columns-is-layout-13 wp-block-columns-is-layout-flex\">\n<div class=\"wp-block-column is-layout-flow wp-block-column-is-layout-flow\">\n<figure class=\"wp-block-image size-full\"><a href=\"https:\/\/youtu.be\/2fSPvzP47ZU\" target=\"_blank\" rel=\"noreferrer noopener\"><img decoding=\"async\" src=\"https:\/\/www.coaliciondelasamericas.org\/blog\/wp-content\/uploads\/2023\/10\/Comunicacion-01-01.jpg\" alt=\"\" class=\"wp-image-2736\"\/><\/a><\/figure>\n<\/div>\n\n\n\n<div class=\"wp-block-column is-layout-flow wp-block-column-is-layout-flow\">\n<figure class=\"wp-block-image size-full\"><a href=\"https:\/\/youtu.be\/ciZ51vi7RW8\" target=\"_blank\" rel=\"noreferrer noopener\"><img decoding=\"async\" src=\"https:\/\/www.coaliciondelasamericas.org\/blog\/wp-content\/uploads\/2023\/10\/Comunicacion-01-02.jpg\" alt=\"\" class=\"wp-image-2737\"\/><\/a><\/figure>\n<\/div>\n\n\n\n<div class=\"wp-block-column is-layout-flow wp-block-column-is-layout-flow\">\n<figure class=\"wp-block-image size-full\"><a href=\"https:\/\/youtu.be\/2knsb4Xs7u0\" target=\"_blank\" rel=\"noreferrer noopener\"><img decoding=\"async\" src=\"https:\/\/www.coaliciondelasamericas.org\/blog\/wp-content\/uploads\/2023\/10\/Comunicacion-01-03.jpg\" alt=\"\" class=\"wp-image-2739\"\/><\/a><\/figure>\n<\/div>\n<\/div>\n\n\n\n<div class=\"wp-block-columns is-layout-flex wp-container-core-columns-is-layout-14 wp-block-columns-is-layout-flex\">\n<div class=\"wp-block-column is-layout-flow wp-block-column-is-layout-flow\">\n<p class=\"has-text-align-center\"><strong><a href=\"https:\/\/youtu.be\/2fSPvzP47ZU\" target=\"_blank\" rel=\"noreferrer noopener\">Sesi\u00f3n #1<\/a><\/strong><\/p>\n<\/div>\n\n\n\n<div class=\"wp-block-column is-layout-flow wp-block-column-is-layout-flow\">\n<p class=\"has-text-align-center\"><strong><a href=\"https:\/\/youtu.be\/ciZ51vi7RW8\" target=\"_blank\" rel=\"noreferrer noopener\">Sesi\u00f3n #2<\/a><\/strong><\/p>\n<\/div>\n\n\n\n<div class=\"wp-block-column is-layout-flow wp-block-column-is-layout-flow\">\n<p class=\"has-text-align-center\"><strong><a href=\"https:\/\/youtu.be\/2knsb4Xs7u0\" target=\"_blank\" rel=\"noreferrer noopener\">Sesi\u00f3n #3<\/a><\/strong><\/p>\n<\/div>\n<\/div>\n\n\n\n<hr class=\"wp-block-separator has-alpha-channel-opacity is-style-wide\"\/>\n\n\n\n<div class=\"wp-block-columns is-layout-flex wp-container-core-columns-is-layout-15 wp-block-columns-is-layout-flex\">\n<div class=\"wp-block-column is-layout-flow wp-block-column-is-layout-flow\"><\/div>\n\n\n\n<div class=\"wp-block-column is-layout-flow wp-block-column-is-layout-flow\"><\/div>\n\n\n\n<div class=\"wp-block-column is-layout-flow wp-block-column-is-layout-flow\"><\/div>\n\n\n\n<div class=\"wp-block-column is-layout-flow wp-block-column-is-layout-flow\"><\/div>\n<\/div>\n\n\n\n<div class=\"wp-block-columns is-layout-flex wp-container-core-columns-is-layout-16 wp-block-columns-is-layout-flex\">\n<div class=\"wp-block-column is-layout-flow wp-block-column-is-layout-flow\">\n<p class=\"has-text-align-center\"><strong><a href=\"https:\/\/www.coaliciondelasamericas.org\/pt\/galeria-talleres-01\/\">Talleres Educativos 2020<\/a><\/strong><\/p>\n<\/div>\n\n\n\n<div class=\"wp-block-column is-layout-flow wp-block-column-is-layout-flow\">\n<p class=\"has-text-align-center\"><strong><a href=\"https:\/\/www.coaliciondelasamericas.org\/pt\/galeria-talleres-02\/\">Talleres Educativos 2021<\/a><\/strong><\/p>\n<\/div>\n\n\n\n<div class=\"wp-block-column is-layout-flow wp-block-column-is-layout-flow\">\n<p class=\"has-text-align-center\"><strong><a href=\"https:\/\/www.coaliciondelasamericas.org\/pt\/galeria-talleres-03\/\">Talleres Educativos 2022<\/a><\/strong><\/p>\n<\/div>\n\n\n\n<div class=\"wp-block-column is-layout-flow wp-block-column-is-layout-flow\">\n<p class=\"has-text-align-center\"><a href=\"https:\/\/www.coaliciondelasamericas.org\/pt\/en\/ciclo-de-entrevistas\/\"><strong>Ciclo de Entrevistas<\/strong><\/a><\/p>\n<\/div>\n<\/div>\n","protected":false},"excerpt":{"rendered":"<p>Registro de pacientes e gerenciamento de informa\u00e7\u00f5esObjetivo do curso: Desenvolver de forma sistem\u00e1tica e organizada o Cadastro de Pacientes, buscando<\/p>\n","protected":false},"author":1,"featured_media":0,"parent":1292,"menu_order":2,"comment_status":"closed","ping_status":"closed","template":"","meta":{"colormag_page_container_layout":"no_sidebar_content_centered","colormag_page_sidebar_layout":"no_sidebar","_coblocks_attr":"","_coblocks_dimensions":"","_coblocks_responsive_height":"","_coblocks_accordion_ie_support":"","footnotes":""},"class_list":["post-1229","page","type-page","status-publish","hentry"],"yoast_head":"<!-- This site is optimized with the Yoast SEO plugin v22.6 - https:\/\/yoast.com\/wordpress\/plugins\/seo\/ -->\n<title>Oficinas Educativas 2020 - Coaliz&atilde;o das Am&eacute;ricas<\/title>\n<meta name=\"description\" content=\"Oficinas Educativas 2020 desenvolvido pelo CoA para o benef\u00edcio das organiza\u00e7\u00f5es membros. Iniciativas, projetos\" \/>\n<meta name=\"robots\" content=\"index, follow, max-snippet:-1, max-image-preview:large, max-video-preview:-1\" \/>\n<link rel=\"canonical\" href=\"https:\/\/www.coaliciondelasamericas.org\/pt\/galeria-talleres-00\/galeria-talleres-01\/\" \/>\n<meta property=\"og:locale\" content=\"es_ES\" \/>\n<meta property=\"og:type\" content=\"article\" \/>\n<meta property=\"og:title\" content=\"Oficinas Educativas 2020 - Coaliz&atilde;o das Am&eacute;ricas\" \/>\n<meta property=\"og:description\" content=\"Oficinas Educativas 2020 desenvolvido pelo CoA para o benef\u00edcio das organiza\u00e7\u00f5es membros. Iniciativas, projetos\" \/>\n<meta property=\"og:url\" content=\"https:\/\/www.coaliciondelasamericas.org\/pt\/galeria-talleres-00\/galeria-talleres-01\/\" \/>\n<meta property=\"og:site_name\" content=\"Coaliz&atilde;o das Am&eacute;ricas\" \/>\n<meta property=\"article:publisher\" content=\"https:\/\/www.facebook.com\/coalicionamerica\/\" \/>\n<meta property=\"article:modified_time\" content=\"2023-10-23T22:40:59+00:00\" \/>\n<meta property=\"og:image\" content=\"https:\/\/www.coaliciondelasamericas.org\/blog\/wp-content\/uploads\/2023\/10\/Registro-01.png\" \/>\n<meta name=\"twitter:card\" content=\"summary_large_image\" \/>\n<meta name=\"twitter:site\" content=\"@coalicionameric\" \/>\n<meta name=\"twitter:label1\" content=\"Tiempo de lectura\" \/>\n\t<meta name=\"twitter:data1\" content=\"6 minutos\" \/>\n<script type=\"application\/ld+json\" class=\"yoast-schema-graph\">{\"@context\":\"https:\/\/schema.org\",\"@graph\":[{\"@type\":\"WebPage\",\"@id\":\"https:\/\/www.coaliciondelasamericas.org\/pt\/galeria-talleres-00\/galeria-talleres-01\/\",\"url\":\"https:\/\/www.coaliciondelasamericas.org\/pt\/galeria-talleres-00\/galeria-talleres-01\/\",\"name\":\"Oficinas Educativas 2020 - Coaliz&atilde;o das Am&eacute;ricas\",\"isPartOf\":{\"@id\":\"https:\/\/www.coaliciondelasamericas.org\/pt\/#website\"},\"primaryImageOfPage\":{\"@id\":\"https:\/\/www.coaliciondelasamericas.org\/pt\/galeria-talleres-00\/galeria-talleres-01\/#primaryimage\"},\"image\":{\"@id\":\"https:\/\/www.coaliciondelasamericas.org\/pt\/galeria-talleres-00\/galeria-talleres-01\/#primaryimage\"},\"thumbnailUrl\":\"https:\/\/www.coaliciondelasamericas.org\/blog\/wp-content\/uploads\/2023\/10\/Registro-01.png\",\"datePublished\":\"2022-10-01T20:59:46+00:00\",\"dateModified\":\"2023-10-23T22:40:59+00:00\",\"description\":\"Oficinas Educativas 2020 desenvolvido pelo CoA para o benef\u00edcio das organiza\u00e7\u00f5es membros. Iniciativas, projetos\",\"breadcrumb\":{\"@id\":\"https:\/\/www.coaliciondelasamericas.org\/pt\/galeria-talleres-00\/galeria-talleres-01\/#breadcrumb\"},\"inLanguage\":\"es\",\"potentialAction\":[{\"@type\":\"ReadAction\",\"target\":[\"https:\/\/www.coaliciondelasamericas.org\/pt\/galeria-talleres-00\/galeria-talleres-01\/\"]}]},{\"@type\":\"ImageObject\",\"inLanguage\":\"es\",\"@id\":\"https:\/\/www.coaliciondelasamericas.org\/pt\/galeria-talleres-00\/galeria-talleres-01\/#primaryimage\",\"url\":\"https:\/\/www.coaliciondelasamericas.org\/blog\/wp-content\/uploads\/2023\/10\/Registro-01.png\",\"contentUrl\":\"https:\/\/www.coaliciondelasamericas.org\/blog\/wp-content\/uploads\/2023\/10\/Registro-01.png\"},{\"@type\":\"BreadcrumbList\",\"@id\":\"https:\/\/www.coaliciondelasamericas.org\/pt\/galeria-talleres-00\/galeria-talleres-01\/#breadcrumb\",\"itemListElement\":[{\"@type\":\"ListItem\",\"position\":1,\"name\":\"Portada\",\"item\":\"https:\/\/www.coaliciondelasamericas.org\/pt\/\"},{\"@type\":\"ListItem\",\"position\":2,\"name\":\"Videos\",\"item\":\"https:\/\/www.coaliciondelasamericas.org\/pt\/galeria-talleres-00\/\"},{\"@type\":\"ListItem\",\"position\":3,\"name\":\"Oficinas Educativas 2020\"}]},{\"@type\":\"WebSite\",\"@id\":\"https:\/\/www.coaliciondelasamericas.org\/pt\/#website\",\"url\":\"https:\/\/www.coaliciondelasamericas.org\/pt\/\",\"name\":\"Coaliz&atilde;o das Am&eacute;ricas\",\"description\":\"L&iacute;deres unidos pelo bem-estar da hemofilia\",\"publisher\":{\"@id\":\"https:\/\/www.coaliciondelasamericas.org\/pt\/#organization\"},\"potentialAction\":[{\"@type\":\"SearchAction\",\"target\":{\"@type\":\"EntryPoint\",\"urlTemplate\":\"https:\/\/www.coaliciondelasamericas.org\/pt\/?s={search_term_string}\"},\"query-input\":\"required name=search_term_string\"}],\"inLanguage\":\"es\"},{\"@type\":\"Organization\",\"@id\":\"https:\/\/www.coaliciondelasamericas.org\/pt\/#organization\",\"name\":\"Coaliz&atilde;o das Am&eacute;ricas\",\"url\":\"https:\/\/www.coaliciondelasamericas.org\/pt\/\",\"logo\":{\"@type\":\"ImageObject\",\"inLanguage\":\"es\",\"@id\":\"https:\/\/www.coaliciondelasamericas.org\/pt\/#\/schema\/logo\/image\/\",\"url\":\"https:\/\/www.coaliciondelasamericas.org\/pt\/wp-content\/uploads\/2023\/03\/cropped-003-Portada-portuguese3-1.png\",\"contentUrl\":\"https:\/\/www.coaliciondelasamericas.org\/pt\/wp-content\/uploads\/2023\/03\/cropped-003-Portada-portuguese3-1.png\",\"width\":297,\"height\":128,\"caption\":\"Coaliz&atilde;o das Am&eacute;ricas\"},\"image\":{\"@id\":\"https:\/\/www.coaliciondelasamericas.org\/pt\/#\/schema\/logo\/image\/\"},\"sameAs\":[\"https:\/\/www.facebook.com\/coalicionamerica\/\",\"https:\/\/x.com\/coalicionameric\",\"https:\/\/www.instagram.com\/coaliciondelasamericas\/\"]}]}<\/script>\n<!-- \/ Yoast SEO plugin. -->","yoast_head_json":{"title":"Oficinas Educativas 2020 - Coaliz&atilde;o das Am&eacute;ricas","description":"Oficinas Educativas 2020 desenvolvido pelo CoA para o benef\u00edcio das organiza\u00e7\u00f5es membros. Iniciativas, projetos","robots":{"index":"index","follow":"follow","max-snippet":"max-snippet:-1","max-image-preview":"max-image-preview:large","max-video-preview":"max-video-preview:-1"},"canonical":"https:\/\/www.coaliciondelasamericas.org\/pt\/galeria-talleres-00\/galeria-talleres-01\/","og_locale":"es_ES","og_type":"article","og_title":"Oficinas Educativas 2020 - Coaliz&atilde;o das Am&eacute;ricas","og_description":"Oficinas Educativas 2020 desenvolvido pelo CoA para o benef\u00edcio das organiza\u00e7\u00f5es membros. Iniciativas, projetos","og_url":"https:\/\/www.coaliciondelasamericas.org\/pt\/galeria-talleres-00\/galeria-talleres-01\/","og_site_name":"Coaliz&atilde;o das Am&eacute;ricas","article_publisher":"https:\/\/www.facebook.com\/coalicionamerica\/","article_modified_time":"2023-10-23T22:40:59+00:00","og_image":[{"url":"https:\/\/www.coaliciondelasamericas.org\/blog\/wp-content\/uploads\/2023\/10\/Registro-01.png"}],"twitter_card":"summary_large_image","twitter_site":"@coalicionameric","twitter_misc":{"Tiempo de lectura":"6 minutos"},"schema":{"@context":"https:\/\/schema.org","@graph":[{"@type":"WebPage","@id":"https:\/\/www.coaliciondelasamericas.org\/pt\/galeria-talleres-00\/galeria-talleres-01\/","url":"https:\/\/www.coaliciondelasamericas.org\/pt\/galeria-talleres-00\/galeria-talleres-01\/","name":"Oficinas Educativas 2020 - Coaliz&atilde;o das Am&eacute;ricas","isPartOf":{"@id":"https:\/\/www.coaliciondelasamericas.org\/pt\/#website"},"primaryImageOfPage":{"@id":"https:\/\/www.coaliciondelasamericas.org\/pt\/galeria-talleres-00\/galeria-talleres-01\/#primaryimage"},"image":{"@id":"https:\/\/www.coaliciondelasamericas.org\/pt\/galeria-talleres-00\/galeria-talleres-01\/#primaryimage"},"thumbnailUrl":"https:\/\/www.coaliciondelasamericas.org\/blog\/wp-content\/uploads\/2023\/10\/Registro-01.png","datePublished":"2022-10-01T20:59:46+00:00","dateModified":"2023-10-23T22:40:59+00:00","description":"Oficinas Educativas 2020 desenvolvido pelo CoA para o benef\u00edcio das organiza\u00e7\u00f5es membros. Iniciativas, projetos","breadcrumb":{"@id":"https:\/\/www.coaliciondelasamericas.org\/pt\/galeria-talleres-00\/galeria-talleres-01\/#breadcrumb"},"inLanguage":"es","potentialAction":[{"@type":"ReadAction","target":["https:\/\/www.coaliciondelasamericas.org\/pt\/galeria-talleres-00\/galeria-talleres-01\/"]}]},{"@type":"ImageObject","inLanguage":"es","@id":"https:\/\/www.coaliciondelasamericas.org\/pt\/galeria-talleres-00\/galeria-talleres-01\/#primaryimage","url":"https:\/\/www.coaliciondelasamericas.org\/blog\/wp-content\/uploads\/2023\/10\/Registro-01.png","contentUrl":"https:\/\/www.coaliciondelasamericas.org\/blog\/wp-content\/uploads\/2023\/10\/Registro-01.png"},{"@type":"BreadcrumbList","@id":"https:\/\/www.coaliciondelasamericas.org\/pt\/galeria-talleres-00\/galeria-talleres-01\/#breadcrumb","itemListElement":[{"@type":"ListItem","position":1,"name":"Portada","item":"https:\/\/www.coaliciondelasamericas.org\/pt\/"},{"@type":"ListItem","position":2,"name":"Videos","item":"https:\/\/www.coaliciondelasamericas.org\/pt\/galeria-talleres-00\/"},{"@type":"ListItem","position":3,"name":"Oficinas Educativas 2020"}]},{"@type":"WebSite","@id":"https:\/\/www.coaliciondelasamericas.org\/pt\/#website","url":"https:\/\/www.coaliciondelasamericas.org\/pt\/","name":"Coaliz&atilde;o das Am&eacute;ricas","description":"L&iacute;deres unidos pelo bem-estar da hemofilia","publisher":{"@id":"https:\/\/www.coaliciondelasamericas.org\/pt\/#organization"},"potentialAction":[{"@type":"SearchAction","target":{"@type":"EntryPoint","urlTemplate":"https:\/\/www.coaliciondelasamericas.org\/pt\/?s={search_term_string}"},"query-input":"required name=search_term_string"}],"inLanguage":"es"},{"@type":"Organization","@id":"https:\/\/www.coaliciondelasamericas.org\/pt\/#organization","name":"Coaliz&atilde;o das Am&eacute;ricas","url":"https:\/\/www.coaliciondelasamericas.org\/pt\/","logo":{"@type":"ImageObject","inLanguage":"es","@id":"https:\/\/www.coaliciondelasamericas.org\/pt\/#\/schema\/logo\/image\/","url":"https:\/\/www.coaliciondelasamericas.org\/pt\/wp-content\/uploads\/2023\/03\/cropped-003-Portada-portuguese3-1.png","contentUrl":"https:\/\/www.coaliciondelasamericas.org\/pt\/wp-content\/uploads\/2023\/03\/cropped-003-Portada-portuguese3-1.png","width":297,"height":128,"caption":"Coaliz&atilde;o das Am&eacute;ricas"},"image":{"@id":"https:\/\/www.coaliciondelasamericas.org\/pt\/#\/schema\/logo\/image\/"},"sameAs":["https:\/\/www.facebook.com\/coalicionamerica\/","https:\/\/x.com\/coalicionameric","https:\/\/www.instagram.com\/coaliciondelasamericas\/"]}]}},"_links":{"self":[{"href":"https:\/\/www.coaliciondelasamericas.org\/pt\/wp-json\/wp\/v2\/pages\/1229"}],"collection":[{"href":"https:\/\/www.coaliciondelasamericas.org\/pt\/wp-json\/wp\/v2\/pages"}],"about":[{"href":"https:\/\/www.coaliciondelasamericas.org\/pt\/wp-json\/wp\/v2\/types\/page"}],"author":[{"embeddable":true,"href":"https:\/\/www.coaliciondelasamericas.org\/pt\/wp-json\/wp\/v2\/users\/1"}],"replies":[{"embeddable":true,"href":"https:\/\/www.coaliciondelasamericas.org\/pt\/wp-json\/wp\/v2\/comments?post=1229"}],"version-history":[{"count":34,"href":"https:\/\/www.coaliciondelasamericas.org\/pt\/wp-json\/wp\/v2\/pages\/1229\/revisions"}],"predecessor-version":[{"id":2112,"href":"https:\/\/www.coaliciondelasamericas.org\/pt\/wp-json\/wp\/v2\/pages\/1229\/revisions\/2112"}],"up":[{"embeddable":true,"href":"https:\/\/www.coaliciondelasamericas.org\/pt\/wp-json\/wp\/v2\/pages\/1292"}],"wp:attachment":[{"href":"https:\/\/www.coaliciondelasamericas.org\/pt\/wp-json\/wp\/v2\/media?parent=1229"}],"curies":[{"name":"wp","href":"https:\/\/api.w.org\/{rel}","templated":true}]}}