{"id":10,"date":"2022-08-23T01:21:18","date_gmt":"2022-08-23T01:21:18","guid":{"rendered":"http:\/\/www.coaliciondelasamericas.org\/pt\/home\/"},"modified":"2024-11-09T21:05:24","modified_gmt":"2024-11-09T21:05:24","slug":"inicio","status":"publish","type":"page","link":"https:\/\/www.coaliciondelasamericas.org\/pt\/","title":{"rendered":"Inicio"},"content":{"rendered":"\n<div class=\"wp-block-columns is-layout-flex wp-container-core-columns-is-layout-1 wp-block-columns-is-layout-flex\">\n<div class=\"wp-block-column is-layout-flow wp-block-column-is-layout-flow\" style=\"flex-basis:5%\"><\/div>\n\n\n\n<div class=\"wp-block-column is-layout-flow wp-block-column-is-layout-flow\" style=\"flex-basis:90%\">\n<div class=\"alignnormal\"><div id=\"metaslider-id-1995\" style=\"width: 100%;\" class=\"ml-slider-3-101-0 metaslider metaslider-flex metaslider-1995 ml-slider has-dots-nav ms-theme-default\" role=\"region\" aria-label=\"Nueva presentaci\u00f3n de diapositivas\" data-height=\"314\" data-width=\"600\">\n    <div id=\"metaslider_container_1995\">\n        <div id=\"metaslider_1995\">\n            <ul class='slides'>\n                <li style=\"display: block; width: 100%;\" class=\"slide-1998 ms-image \" aria-roledescription=\"slide\" data-date=\"2023-03-10 17:29:51\"><a href=\"https:\/\/www.coaliciondelasamericas.org\/blog\/galeria\/congreso-mundial-2024\/\" target=\"_blank\" aria-label=\"View Slide Details\" class=\"metaslider_image_link\"><img loading=\"lazy\" decoding=\"async\" src=\"https:\/\/www.coaliciondelasamericas.org\/pt\/wp-content\/uploads\/2024\/05\/440024669_10160059847106344_2065884373105664606_n-600x314.jpg\" height=\"314\" width=\"600\" alt=\"Congreso Mundial de Hemofilia 2024\" class=\"slider-1995 slide-1998 msDefaultImage\" title=\"440024669_10160059847106344_2065884373105664606_n\" \/><\/a><div class=\"caption-wrap\"><div class=\"caption\"><div>Congresso Mundial WFH 2024 ser\u00e1 realizado em Madrid<\/div><\/div><\/div><\/li>\n                <li style=\"display: none; width: 100%;\" class=\"slide-2101 ms-image \" aria-roledescription=\"slide\" data-date=\"2023-07-19 17:29:14\"><a href=\"https:\/\/www.coaliciondelasamericas.org\/pt\/comites\/comite-de-mulheres\/\" target=\"_blank\" aria-label=\"View Slide Details\" class=\"metaslider_image_link\"><img loading=\"lazy\" decoding=\"async\" src=\"https:\/\/www.coaliciondelasamericas.org\/pt\/wp-content\/uploads\/2024\/03\/hoy-e1685646218666-660x330-1-600x314.jpg\" height=\"314\" width=\"600\" alt=\"Comit\u00ea de Mulheres\" class=\"slider-1995 slide-2101 msDefaultImage\" title=\"hoy-e1685646218666-660x330\" \/><\/a><div class=\"caption-wrap\"><div class=\"caption\"><div>Mulheres com hemofilia e dist\u00farbios hemorr\u00e1gicos.<\/div><\/div><\/div><\/li>\n                <li style=\"display: none; width: 100%;\" class=\"slide-2180 ms-image \" aria-roledescription=\"slide\" data-date=\"2024-02-20 16:28:43\"><a href=\"https:\/\/www.facebook.com\/coalicionamerica\/\" target=\"_blank\" aria-label=\"View Slide Details\" class=\"metaslider_image_link\"><img loading=\"lazy\" decoding=\"async\" src=\"https:\/\/www.coaliciondelasamericas.org\/pt\/wp-content\/uploads\/2024\/02\/Red-Eng-2-600x314.png\" height=\"314\" width=\"600\" alt=\"\" class=\"slider-1995 slide-2180 msDefaultImage\" title=\"Red Eng (2)\" \/><\/a><div class=\"caption-wrap\"><div class=\"caption\"><div>Siga-nos em nosso Redes sociais<\/div><\/div><\/div><\/li>\n            <\/ul>\n        <\/div>\n        \n    <\/div>\n<\/div><\/div>\n<\/div>\n\n\n\n<div class=\"wp-block-column is-layout-flow wp-block-column-is-layout-flow\" style=\"flex-basis:5%\"><\/div>\n<\/div>\n\n\n\n<h4 class=\"wp-block-heading\">A Coaliz\u00e3o das Am\u00e9ricas \u00e9 um grupo aut\u00f4nomo baseado em a\u00e7\u00f5es e esfor\u00e7os focados em melhorar a cobertura e a aten\u00e7\u00e3o universal \u00e0 sa\u00fade.<\/h4>\n\n\n\n<div class=\"wp-block-columns is-layout-flex wp-container-core-columns-is-layout-2 wp-block-columns-is-layout-flex\">\n<div class=\"wp-block-column is-layout-flow wp-block-column-is-layout-flow\" style=\"flex-basis:5%\"><\/div>\n\n\n\n<div class=\"wp-block-column is-layout-flow wp-block-column-is-layout-flow\">\n<figure class=\"wp-block-image size-large\"><a href=\"https:\/\/www.coaliciondelasamericas.org\/media\/CoA-2019-Declaracion-Panama-FINAL.pdf\" target=\"_blank\" rel=\"noreferrer noopener\"><img loading=\"lazy\" decoding=\"async\" width=\"1024\" height=\"1024\" src=\"https:\/\/www.coaliciondelasamericas.org\/pt\/wp-content\/uploads\/2023\/04\/1-1024x1024.png\" alt=\"\" class=\"wp-image-2064\" srcset=\"https:\/\/www.coaliciondelasamericas.org\/pt\/wp-content\/uploads\/2023\/04\/1-1024x1024.png 1024w, https:\/\/www.coaliciondelasamericas.org\/pt\/wp-content\/uploads\/2023\/04\/1-300x300.png 300w, https:\/\/www.coaliciondelasamericas.org\/pt\/wp-content\/uploads\/2023\/04\/1-150x150.png 150w, https:\/\/www.coaliciondelasamericas.org\/pt\/wp-content\/uploads\/2023\/04\/1-768x768.png 768w, https:\/\/www.coaliciondelasamericas.org\/pt\/wp-content\/uploads\/2023\/04\/1.png 1080w\" sizes=\"(max-width: 1024px) 100vw, 1024px\" \/><\/a><\/figure>\n<\/div>\n\n\n\n<div class=\"wp-block-column is-layout-flow wp-block-column-is-layout-flow\">\n<figure class=\"wp-block-image size-large\"><a href=\"http:\/\/campus-virtual.coaliciondelasamericas.org\/login\/index.php\" target=\"_blank\" rel=\"noreferrer noopener\"><img loading=\"lazy\" decoding=\"async\" width=\"1024\" height=\"1024\" src=\"https:\/\/www.coaliciondelasamericas.org\/pt\/wp-content\/uploads\/2023\/04\/2-1024x1024.png\" alt=\"Campus Virtual\" class=\"wp-image-2065\" srcset=\"https:\/\/www.coaliciondelasamericas.org\/pt\/wp-content\/uploads\/2023\/04\/2-1024x1024.png 1024w, https:\/\/www.coaliciondelasamericas.org\/pt\/wp-content\/uploads\/2023\/04\/2-300x300.png 300w, https:\/\/www.coaliciondelasamericas.org\/pt\/wp-content\/uploads\/2023\/04\/2-150x150.png 150w, https:\/\/www.coaliciondelasamericas.org\/pt\/wp-content\/uploads\/2023\/04\/2-768x768.png 768w, https:\/\/www.coaliciondelasamericas.org\/pt\/wp-content\/uploads\/2023\/04\/2.png 1080w\" sizes=\"(max-width: 1024px) 100vw, 1024px\" \/><\/a><\/figure>\n<\/div>\n\n\n\n<div class=\"wp-block-column is-layout-flow wp-block-column-is-layout-flow\">\n<figure class=\"wp-block-image size-large\"><a href=\"https:\/\/www.coaliciondelasamericas.org\/pt\/noticias\/\"><img loading=\"lazy\" decoding=\"async\" width=\"1024\" height=\"1024\" src=\"https:\/\/www.coaliciondelasamericas.org\/pt\/wp-content\/uploads\/2023\/04\/3-1024x1024.png\" alt=\"Noticias\" class=\"wp-image-2067\" srcset=\"https:\/\/www.coaliciondelasamericas.org\/pt\/wp-content\/uploads\/2023\/04\/3-1024x1024.png 1024w, https:\/\/www.coaliciondelasamericas.org\/pt\/wp-content\/uploads\/2023\/04\/3-300x300.png 300w, https:\/\/www.coaliciondelasamericas.org\/pt\/wp-content\/uploads\/2023\/04\/3-150x150.png 150w, https:\/\/www.coaliciondelasamericas.org\/pt\/wp-content\/uploads\/2023\/04\/3-768x768.png 768w, https:\/\/www.coaliciondelasamericas.org\/pt\/wp-content\/uploads\/2023\/04\/3.png 1080w\" sizes=\"(max-width: 1024px) 100vw, 1024px\" \/><\/a><\/figure>\n<\/div>\n\n\n\n<div class=\"wp-block-column is-layout-flow wp-block-column-is-layout-flow\" style=\"flex-basis:5%\"><\/div>\n<\/div>\n\n\n\n<p class=\"has-white-color has-text-color has-link-color wp-elements-7e4ac651328708ea719ac0894fa30934\">.<\/p>\n\n\n\n<div class=\"wp-block-columns is-layout-flex wp-container-core-columns-is-layout-3 wp-block-columns-is-layout-flex\">\n<div class=\"wp-block-column is-layout-flow wp-block-column-is-layout-flow\" style=\"flex-basis:5%\"><\/div>\n\n\n\n<div class=\"wp-block-column is-layout-flow wp-block-column-is-layout-flow\">\n<figure class=\"wp-block-image size-large\"><a href=\"https:\/\/www.coaliciondelasamericas.org\/pt\/galeria\/\"><img loading=\"lazy\" decoding=\"async\" width=\"1080\" height=\"1080\" src=\"https:\/\/www.coaliciondelasamericas.org\/pt\/wp-content\/uploads\/2023\/04\/4-1024x1024.png\" alt=\"Galer\u00eda\" class=\"wp-image-2068\" srcset=\"https:\/\/www.coaliciondelasamericas.org\/pt\/wp-content\/uploads\/2023\/04\/4-1024x1024.png 1024w, https:\/\/www.coaliciondelasamericas.org\/pt\/wp-content\/uploads\/2023\/04\/4-300x300.png 300w, https:\/\/www.coaliciondelasamericas.org\/pt\/wp-content\/uploads\/2023\/04\/4-150x150.png 150w, https:\/\/www.coaliciondelasamericas.org\/pt\/wp-content\/uploads\/2023\/04\/4-768x768.png 768w, https:\/\/www.coaliciondelasamericas.org\/pt\/wp-content\/uploads\/2023\/04\/4.png 1080w\" sizes=\"(max-width: 1080px) 100vw, 1080px\" \/><\/a><\/figure>\n<\/div>\n\n\n\n<div class=\"wp-block-column is-layout-flow wp-block-column-is-layout-flow\">\n<figure class=\"wp-block-image size-large\"><a href=\"https:\/\/www.coaliciondelasamericas.org\/pt\/galeria-talleres-00\/\"><img loading=\"lazy\" decoding=\"async\" width=\"1024\" height=\"1024\" src=\"https:\/\/www.coaliciondelasamericas.org\/pt\/wp-content\/uploads\/2023\/04\/5-1024x1024.png\" alt=\"Videos\" class=\"wp-image-2069\" srcset=\"https:\/\/www.coaliciondelasamericas.org\/pt\/wp-content\/uploads\/2023\/04\/5-1024x1024.png 1024w, https:\/\/www.coaliciondelasamericas.org\/pt\/wp-content\/uploads\/2023\/04\/5-300x300.png 300w, https:\/\/www.coaliciondelasamericas.org\/pt\/wp-content\/uploads\/2023\/04\/5-150x150.png 150w, https:\/\/www.coaliciondelasamericas.org\/pt\/wp-content\/uploads\/2023\/04\/5-768x768.png 768w, https:\/\/www.coaliciondelasamericas.org\/pt\/wp-content\/uploads\/2023\/04\/5.png 1080w\" sizes=\"(max-width: 1024px) 100vw, 1024px\" \/><\/a><\/figure>\n<\/div>\n\n\n\n<div class=\"wp-block-column is-layout-flow wp-block-column-is-layout-flow\">\n<figure class=\"wp-block-image size-large\"><img loading=\"lazy\" decoding=\"async\" width=\"1024\" height=\"1024\" src=\"https:\/\/www.coaliciondelasamericas.org\/pt\/wp-content\/uploads\/2023\/04\/6-1024x1024.png\" alt=\"Estudio Selfie\" class=\"wp-image-2070\" srcset=\"https:\/\/www.coaliciondelasamericas.org\/pt\/wp-content\/uploads\/2023\/04\/6-1024x1024.png 1024w, https:\/\/www.coaliciondelasamericas.org\/pt\/wp-content\/uploads\/2023\/04\/6-300x300.png 300w, https:\/\/www.coaliciondelasamericas.org\/pt\/wp-content\/uploads\/2023\/04\/6-150x150.png 150w, https:\/\/www.coaliciondelasamericas.org\/pt\/wp-content\/uploads\/2023\/04\/6-768x768.png 768w, https:\/\/www.coaliciondelasamericas.org\/pt\/wp-content\/uploads\/2023\/04\/6.png 1080w\" sizes=\"(max-width: 1024px) 100vw, 1024px\" \/><\/figure>\n<\/div>\n\n\n\n<div class=\"wp-block-column is-layout-flow wp-block-column-is-layout-flow\" style=\"flex-basis:5%\"><\/div>\n<\/div>\n\n\n\n<p class=\"has-white-color has-text-color has-link-color wp-elements-7e4ac651328708ea719ac0894fa30934\">.<\/p>\n\n\n\n<p class=\"has-white-color has-text-color has-link-color wp-elements-7e4ac651328708ea719ac0894fa30934\">.<\/p>\n\n\n\n<div class=\"wp-block-columns is-layout-flex wp-container-core-columns-is-layout-4 wp-block-columns-is-layout-flex\">\n<div class=\"wp-block-column is-layout-flow wp-block-column-is-layout-flow\"><\/div>\n\n\n\n<div class=\"wp-block-column has-white-background-color has-background is-layout-flow wp-block-column-is-layout-flow\">\n<figure class=\"wp-block-image aligncenter size-full is-resized\"><img loading=\"lazy\" decoding=\"async\" width=\"955\" height=\"1065\" src=\"https:\/\/www.coaliciondelasamericas.org\/pt\/wp-content\/uploads\/2024\/11\/Logotipo-WHD-vertical.png\" alt=\"\" class=\"wp-image-2418\" style=\"width:215px;height:auto\" srcset=\"https:\/\/www.coaliciondelasamericas.org\/pt\/wp-content\/uploads\/2024\/11\/Logotipo-WHD-vertical.png 955w, https:\/\/www.coaliciondelasamericas.org\/pt\/wp-content\/uploads\/2024\/11\/Logotipo-WHD-vertical-269x300.png 269w, https:\/\/www.coaliciondelasamericas.org\/pt\/wp-content\/uploads\/2024\/11\/Logotipo-WHD-vertical-918x1024.png 918w, https:\/\/www.coaliciondelasamericas.org\/pt\/wp-content\/uploads\/2024\/11\/Logotipo-WHD-vertical-768x856.png 768w\" sizes=\"(max-width: 955px) 100vw, 955px\" \/><figcaption class=\"wp-element-caption\"><strong><a href=\"https:\/\/www.coaliciondelasamericas.org\/pt\/dia-mundial-da-hemofilia\/\">Dia Mundial da Hemofilia<\/a><\/strong><\/figcaption><\/figure>\n<\/div>\n\n\n\n<div class=\"wp-block-column is-layout-flow wp-block-column-is-layout-flow\"><\/div>\n<\/div>\n\n\n\n<p class=\"has-white-color has-text-color has-link-color wp-elements-7e4ac651328708ea719ac0894fa30934\">.<\/p>\n\n\n\n<h4 class=\"wp-block-heading has-white-color has-text-color has-background\" style=\"background-color:#b94242;font-style:normal;font-weight:700\">Organizaciones Socias Estrat\u00e9gicas<\/h4>\n\n\n\n<div class=\"wp-block-columns is-layout-flex wp-container-core-columns-is-layout-5 wp-block-columns-is-layout-flex\">\n<div class=\"wp-block-column is-layout-flow wp-block-column-is-layout-flow\" style=\"flex-basis:5%\"><\/div>\n\n\n\n<div class=\"wp-block-column is-layout-flow wp-block-column-is-layout-flow\">\n<figure class=\"wp-block-image size-full\"><a href=\"https:\/\/wfh.org\/es\/\" target=\"_blank\" rel=\"noreferrer noopener\"><img decoding=\"async\" src=\"https:\/\/www.coaliciondelasamericas.org\/blog\/wp-content\/uploads\/2024\/03\/wfh-logo-es.png\" alt=\"Federaci\u00f3n Mundial de Hemofilia (FMH)\" class=\"wp-image-3174\"\/><\/a><figcaption class=\"wp-element-caption\"><a href=\"https:\/\/wfh.org\/es\/\" target=\"_blank\" rel=\"noreferrer noopener\">Federaci\u00f3n Mundial de Hemofilia (FMH)<\/a><\/figcaption><\/figure>\n<\/div>\n\n\n\n<div class=\"wp-block-column is-layout-flow wp-block-column-is-layout-flow\">\n<figure class=\"wp-block-image size-full is-resized\"><a href=\"https:\/\/www.hemophilia.org\/\" target=\"_blank\" rel=\"noreferrer noopener\"><img decoding=\"async\" src=\"https:\/\/www.coaliciondelasamericas.org\/blog\/wp-content\/uploads\/2024\/03\/nbdf-vc-logo.jpg\" alt=\"National Bleeding Disorders Foundation | NBDF\" class=\"wp-image-3172\"\/><\/a><figcaption class=\"wp-element-caption\"><a href=\"https:\/\/www.hemophilia.org\/\" target=\"_blank\" rel=\"noreferrer noopener\">National Bleeding Disorders Foundation | NBDF<\/a><\/figcaption><\/figure>\n<\/div>\n\n\n\n<div class=\"wp-block-column is-layout-flow wp-block-column-is-layout-flow\">\n<figure class=\"wp-block-image size-full is-resized\"><a href=\"https:\/\/probestudy.org\/\" target=\"_blank\" rel=\"noreferrer noopener\"><img decoding=\"async\" src=\"https:\/\/www.coaliciondelasamericas.org\/blog\/wp-content\/uploads\/2024\/03\/Probe_Logo-1.png\" alt=\"PROBE study\" class=\"wp-image-3176\"\/><\/a><figcaption class=\"wp-element-caption\"><a href=\"https:\/\/probestudy.org\/\" target=\"_blank\" rel=\"noreferrer noopener\">PROBE study<\/a><\/figcaption><\/figure>\n<\/div>\n\n\n\n<div class=\"wp-block-column is-layout-flow wp-block-column-is-layout-flow\">\n<figure class=\"wp-block-image size-full is-resized\"><a href=\"https:\/\/www.ehc.eu\/\" target=\"_blank\" rel=\"noreferrer noopener\"><img decoding=\"async\" src=\"https:\/\/www.coaliciondelasamericas.org\/blog\/wp-content\/uploads\/2024\/03\/EHC-Logo-with-taglines.png\" alt=\"European Haemophilia Consortium (EHC)\" class=\"wp-image-3169\"\/><\/a><figcaption class=\"wp-element-caption\"><a href=\"https:\/\/www.ehc.eu\/\" target=\"_blank\" rel=\"noreferrer noopener\">European Haemophilia Consortium (EHC)<\/a><\/figcaption><\/figure>\n<\/div>\n\n\n\n<div class=\"wp-block-column is-layout-flow wp-block-column-is-layout-flow\" style=\"flex-basis:5%\"><\/div>\n<\/div>\n\n\n\n<div class=\"wp-block-columns is-layout-flex wp-container-core-columns-is-layout-6 wp-block-columns-is-layout-flex\">\n<div class=\"wp-block-column is-layout-flow wp-block-column-is-layout-flow\" style=\"flex-basis:5%\"><\/div>\n\n\n\n<div class=\"wp-block-column is-layout-flow wp-block-column-is-layout-flow\">\n<figure class=\"wp-block-image size-full\"><a href=\"https:\/\/www.hog.org\/\" target=\"_blank\" rel=\"noreferrer noopener\"><img decoding=\"async\" src=\"https:\/\/www.coaliciondelasamericas.org\/blog\/wp-content\/uploads\/2024\/03\/HOG_WebHeader_Logo.png\" alt=\"Hemophilia of Georgia\" class=\"wp-image-3171\"\/><\/a><figcaption class=\"wp-element-caption\"><a href=\"https:\/\/www.hog.org\/\" target=\"_blank\" rel=\"noreferrer noopener\">Hemophilia of Georgia<\/a><\/figcaption><\/figure>\n<\/div>\n\n\n\n<div class=\"wp-block-column is-layout-flow wp-block-column-is-layout-flow\">\n<figure class=\"wp-block-image size-full is-resized\"><a href=\"https:\/\/floridahemophilia.org\/\" target=\"_blank\" rel=\"noreferrer noopener\"><img decoding=\"async\" src=\"https:\/\/www.coaliciondelasamericas.org\/blog\/wp-content\/uploads\/2024\/03\/FHA-logo-e1614022099196.png\" alt=\"Florida Hemophilia Association\" class=\"wp-image-3170\"\/><\/a><figcaption class=\"wp-element-caption\"><a href=\"https:\/\/floridahemophilia.org\/\" target=\"_blank\" rel=\"noreferrer noopener\">Florida Hemophilia Association<\/a><\/figcaption><\/figure>\n<\/div>\n\n\n\n<div class=\"wp-block-column is-layout-flow wp-block-column-is-layout-flow\"><\/div>\n\n\n\n<div class=\"wp-block-column is-layout-flow wp-block-column-is-layout-flow\"><\/div>\n\n\n\n<div class=\"wp-block-column is-layout-flow wp-block-column-is-layout-flow\" style=\"flex-basis:5%\"><\/div>\n<\/div>\n\n\n\n<p>.<\/p>\n\n\n\n<h4 class=\"wp-block-heading has-cyan-bluish-gray-background-color has-text-color has-background\" style=\"color:#0a3381f5;font-style:normal;font-weight:700\">Entidades que apoiam o nosso trabalho<\/h4>\n\n\n\n<div class=\"wp-block-columns is-layout-flex wp-container-core-columns-is-layout-7 wp-block-columns-is-layout-flex\">\n<div class=\"wp-block-column is-layout-flow wp-block-column-is-layout-flow\" style=\"flex-basis:5%\"><\/div>\n\n\n\n<div class=\"wp-block-column is-layout-flow wp-block-column-is-layout-flow\">\n<figure class=\"wp-block-image size-full\"><img loading=\"lazy\" decoding=\"async\" width=\"284\" height=\"284\" src=\"https:\/\/www.coaliciondelasamericas.org\/pt\/wp-content\/uploads\/2023\/04\/biomarin-logo.jpg\" alt=\"\" class=\"wp-image-2043\" srcset=\"https:\/\/www.coaliciondelasamericas.org\/pt\/wp-content\/uploads\/2023\/04\/biomarin-logo.jpg 284w, https:\/\/www.coaliciondelasamericas.org\/pt\/wp-content\/uploads\/2023\/04\/biomarin-logo-150x150.jpg 150w\" sizes=\"(max-width: 284px) 100vw, 284px\" \/><\/figure>\n<\/div>\n\n\n\n<div class=\"wp-block-column is-layout-flow wp-block-column-is-layout-flow\">\n<figure class=\"wp-block-image size-full is-resized\"><img loading=\"lazy\" decoding=\"async\" width=\"284\" height=\"284\" src=\"https:\/\/www.coaliciondelasamericas.org\/pt\/wp-content\/uploads\/2023\/03\/descarga.png\" alt=\"Novo Nordisk\" class=\"wp-image-2037\" style=\"width:142px\" srcset=\"https:\/\/www.coaliciondelasamericas.org\/pt\/wp-content\/uploads\/2023\/03\/descarga.png 284w, https:\/\/www.coaliciondelasamericas.org\/pt\/wp-content\/uploads\/2023\/03\/descarga-150x150.png 150w\" sizes=\"(max-width: 284px) 100vw, 284px\" \/><\/figure>\n<\/div>\n\n\n\n<div class=\"wp-block-column is-layout-flow wp-block-column-is-layout-flow\">\n<figure class=\"wp-block-image size-full is-resized\"><img loading=\"lazy\" decoding=\"async\" width=\"284\" height=\"284\" src=\"https:\/\/www.coaliciondelasamericas.org\/pt\/wp-content\/uploads\/2023\/03\/Pfizer_new_2021.jpeg\" alt=\"\" class=\"wp-image-2039\" style=\"width:142px\" srcset=\"https:\/\/www.coaliciondelasamericas.org\/pt\/wp-content\/uploads\/2023\/03\/Pfizer_new_2021.jpeg 284w, https:\/\/www.coaliciondelasamericas.org\/pt\/wp-content\/uploads\/2023\/03\/Pfizer_new_2021-150x150.jpeg 150w\" sizes=\"(max-width: 284px) 100vw, 284px\" \/><\/figure>\n<\/div>\n\n\n\n<div class=\"wp-block-column is-layout-flow wp-block-column-is-layout-flow\">\n<figure class=\"wp-block-image size-full is-resized\"><img loading=\"lazy\" decoding=\"async\" width=\"284\" height=\"284\" src=\"https:\/\/www.coaliciondelasamericas.org\/pt\/wp-content\/uploads\/2023\/03\/Roche-Logo.png\" alt=\"Roche\" class=\"wp-image-2040\" style=\"width:142px\" srcset=\"https:\/\/www.coaliciondelasamericas.org\/pt\/wp-content\/uploads\/2023\/03\/Roche-Logo.png 284w, https:\/\/www.coaliciondelasamericas.org\/pt\/wp-content\/uploads\/2023\/03\/Roche-Logo-150x150.png 150w\" sizes=\"(max-width: 284px) 100vw, 284px\" \/><\/figure>\n<\/div>\n\n\n\n<div class=\"wp-block-column is-layout-flow wp-block-column-is-layout-flow\">\n<figure class=\"wp-block-image aligncenter size-full\"><img loading=\"lazy\" decoding=\"async\" width=\"284\" height=\"284\" src=\"https:\/\/www.coaliciondelasamericas.org\/pt\/wp-content\/uploads\/2024\/04\/Kedrion_Biopharma.jpg\" alt=\"\" class=\"wp-image-2406\" srcset=\"https:\/\/www.coaliciondelasamericas.org\/pt\/wp-content\/uploads\/2024\/04\/Kedrion_Biopharma.jpg 284w, https:\/\/www.coaliciondelasamericas.org\/pt\/wp-content\/uploads\/2024\/04\/Kedrion_Biopharma-150x150.jpg 150w\" sizes=\"(max-width: 284px) 100vw, 284px\" \/><\/figure>\n<\/div>\n\n\n\n<div class=\"wp-block-column is-layout-flow wp-block-column-is-layout-flow\" style=\"flex-basis:5%\"><\/div>\n<\/div>\n","protected":false},"excerpt":{"rendered":"<p>A Coaliz\u00e3o das Am\u00e9ricas \u00e9 um grupo aut\u00f4nomo baseado em a\u00e7\u00f5es e esfor\u00e7os focados em melhorar a cobertura e a<\/p>\n","protected":false},"author":1,"featured_media":0,"parent":0,"menu_order":0,"comment_status":"closed","ping_status":"closed","template":"","meta":{"colormag_page_container_layout":"no_sidebar_full_width","colormag_page_sidebar_layout":"right_sidebar","_coblocks_attr":"","_coblocks_dimensions":"","_coblocks_responsive_height":"","_coblocks_accordion_ie_support":"","footnotes":""},"class_list":["post-10","page","type-page","status-publish","hentry"],"yoast_head":"<!-- This site is optimized with the Yoast SEO plugin v22.6 - https:\/\/yoast.com\/wordpress\/plugins\/seo\/ -->\n<title>Inicio - Coaliz&atilde;o das Am&eacute;ricas<\/title>\n<meta name=\"description\" content=\"A Coaliz\u00e3o das Am\u00e9ricas \u00e9 um grupo aut\u00f4nomo baseado em a\u00e7\u00f5es e esfor\u00e7os focados em melhorar a cobertura e a aten\u00e7\u00e3o universal \u00e0 sa\u00fade.\" \/>\n<meta name=\"robots\" content=\"index, follow, max-snippet:-1, max-image-preview:large, max-video-preview:-1\" \/>\n<link rel=\"canonical\" href=\"https:\/\/www.coaliciondelasamericas.org\/pt\/\" \/>\n<meta property=\"og:locale\" content=\"es_ES\" \/>\n<meta property=\"og:type\" content=\"article\" \/>\n<meta property=\"og:title\" content=\"Inicio - Coaliz&atilde;o das Am&eacute;ricas\" \/>\n<meta property=\"og:description\" content=\"A Coaliz\u00e3o das Am\u00e9ricas \u00e9 um grupo aut\u00f4nomo baseado em a\u00e7\u00f5es e esfor\u00e7os focados em melhorar a cobertura e a aten\u00e7\u00e3o universal \u00e0 sa\u00fade.\" \/>\n<meta property=\"og:url\" content=\"https:\/\/www.coaliciondelasamericas.org\/pt\/\" \/>\n<meta property=\"og:site_name\" content=\"Coaliz&atilde;o das Am&eacute;ricas\" \/>\n<meta property=\"article:publisher\" content=\"https:\/\/www.facebook.com\/coalicionamerica\/\" \/>\n<meta property=\"article:modified_time\" content=\"2024-11-09T21:05:24+00:00\" \/>\n<meta property=\"og:image\" content=\"https:\/\/www.coaliciondelasamericas.org\/pt\/wp-content\/uploads\/2023\/04\/1-1024x1024.png\" \/>\n<meta name=\"twitter:card\" content=\"summary_large_image\" \/>\n<meta name=\"twitter:site\" content=\"@coalicionameric\" \/>\n<meta name=\"twitter:label1\" content=\"Tiempo de lectura\" \/>\n\t<meta name=\"twitter:data1\" content=\"4 minutos\" \/>\n<script type=\"application\/ld+json\" class=\"yoast-schema-graph\">{\"@context\":\"https:\/\/schema.org\",\"@graph\":[{\"@type\":\"WebPage\",\"@id\":\"https:\/\/www.coaliciondelasamericas.org\/pt\/\",\"url\":\"https:\/\/www.coaliciondelasamericas.org\/pt\/\",\"name\":\"Inicio - Coaliz&atilde;o das Am&eacute;ricas\",\"isPartOf\":{\"@id\":\"https:\/\/www.coaliciondelasamericas.org\/pt\/#website\"},\"primaryImageOfPage\":{\"@id\":\"https:\/\/www.coaliciondelasamericas.org\/pt\/#primaryimage\"},\"image\":{\"@id\":\"https:\/\/www.coaliciondelasamericas.org\/pt\/#primaryimage\"},\"thumbnailUrl\":\"https:\/\/www.coaliciondelasamericas.org\/pt\/wp-content\/uploads\/2023\/04\/1-1024x1024.png\",\"datePublished\":\"2022-08-23T01:21:18+00:00\",\"dateModified\":\"2024-11-09T21:05:24+00:00\",\"description\":\"A Coaliz\u00e3o das Am\u00e9ricas \u00e9 um grupo aut\u00f4nomo baseado em a\u00e7\u00f5es e esfor\u00e7os focados em melhorar a cobertura e a aten\u00e7\u00e3o universal \u00e0 sa\u00fade.\",\"breadcrumb\":{\"@id\":\"https:\/\/www.coaliciondelasamericas.org\/pt\/#breadcrumb\"},\"inLanguage\":\"es\",\"potentialAction\":[{\"@type\":\"ReadAction\",\"target\":[\"https:\/\/www.coaliciondelasamericas.org\/pt\/\"]}]},{\"@type\":\"ImageObject\",\"inLanguage\":\"es\",\"@id\":\"https:\/\/www.coaliciondelasamericas.org\/pt\/#primaryimage\",\"url\":\"https:\/\/www.coaliciondelasamericas.org\/pt\/wp-content\/uploads\/2023\/04\/1.png\",\"contentUrl\":\"https:\/\/www.coaliciondelasamericas.org\/pt\/wp-content\/uploads\/2023\/04\/1.png\",\"width\":1080,\"height\":1080},{\"@type\":\"BreadcrumbList\",\"@id\":\"https:\/\/www.coaliciondelasamericas.org\/pt\/#breadcrumb\",\"itemListElement\":[{\"@type\":\"ListItem\",\"position\":1,\"name\":\"Portada\",\"item\":\"https:\/\/www.coaliciondelasamericas.org\/pt\/\"},{\"@type\":\"ListItem\",\"position\":2,\"name\":\"Inicio\"}]},{\"@type\":\"WebSite\",\"@id\":\"https:\/\/www.coaliciondelasamericas.org\/pt\/#website\",\"url\":\"https:\/\/www.coaliciondelasamericas.org\/pt\/\",\"name\":\"Coaliz&atilde;o das Am&eacute;ricas\",\"description\":\"L&iacute;deres unidos pelo bem-estar da hemofilia\",\"publisher\":{\"@id\":\"https:\/\/www.coaliciondelasamericas.org\/pt\/#organization\"},\"potentialAction\":[{\"@type\":\"SearchAction\",\"target\":{\"@type\":\"EntryPoint\",\"urlTemplate\":\"https:\/\/www.coaliciondelasamericas.org\/pt\/?s={search_term_string}\"},\"query-input\":\"required name=search_term_string\"}],\"inLanguage\":\"es\"},{\"@type\":\"Organization\",\"@id\":\"https:\/\/www.coaliciondelasamericas.org\/pt\/#organization\",\"name\":\"Coaliz&atilde;o das Am&eacute;ricas\",\"url\":\"https:\/\/www.coaliciondelasamericas.org\/pt\/\",\"logo\":{\"@type\":\"ImageObject\",\"inLanguage\":\"es\",\"@id\":\"https:\/\/www.coaliciondelasamericas.org\/pt\/#\/schema\/logo\/image\/\",\"url\":\"https:\/\/www.coaliciondelasamericas.org\/pt\/wp-content\/uploads\/2023\/03\/cropped-003-Portada-portuguese3-1.png\",\"contentUrl\":\"https:\/\/www.coaliciondelasamericas.org\/pt\/wp-content\/uploads\/2023\/03\/cropped-003-Portada-portuguese3-1.png\",\"width\":297,\"height\":128,\"caption\":\"Coaliz&atilde;o das Am&eacute;ricas\"},\"image\":{\"@id\":\"https:\/\/www.coaliciondelasamericas.org\/pt\/#\/schema\/logo\/image\/\"},\"sameAs\":[\"https:\/\/www.facebook.com\/coalicionamerica\/\",\"https:\/\/x.com\/coalicionameric\",\"https:\/\/www.instagram.com\/coaliciondelasamericas\/\"]}]}<\/script>\n<!-- \/ Yoast SEO plugin. -->","yoast_head_json":{"title":"Inicio - Coaliz&atilde;o das Am&eacute;ricas","description":"A Coaliz\u00e3o das Am\u00e9ricas \u00e9 um grupo aut\u00f4nomo baseado em a\u00e7\u00f5es e esfor\u00e7os focados em melhorar a cobertura e a aten\u00e7\u00e3o universal \u00e0 sa\u00fade.","robots":{"index":"index","follow":"follow","max-snippet":"max-snippet:-1","max-image-preview":"max-image-preview:large","max-video-preview":"max-video-preview:-1"},"canonical":"https:\/\/www.coaliciondelasamericas.org\/pt\/","og_locale":"es_ES","og_type":"article","og_title":"Inicio - Coaliz&atilde;o das Am&eacute;ricas","og_description":"A Coaliz\u00e3o das Am\u00e9ricas \u00e9 um grupo aut\u00f4nomo baseado em a\u00e7\u00f5es e esfor\u00e7os focados em melhorar a cobertura e a aten\u00e7\u00e3o universal \u00e0 sa\u00fade.","og_url":"https:\/\/www.coaliciondelasamericas.org\/pt\/","og_site_name":"Coaliz&atilde;o das Am&eacute;ricas","article_publisher":"https:\/\/www.facebook.com\/coalicionamerica\/","article_modified_time":"2024-11-09T21:05:24+00:00","og_image":[{"url":"https:\/\/www.coaliciondelasamericas.org\/pt\/wp-content\/uploads\/2023\/04\/1-1024x1024.png"}],"twitter_card":"summary_large_image","twitter_site":"@coalicionameric","twitter_misc":{"Tiempo de lectura":"4 minutos"},"schema":{"@context":"https:\/\/schema.org","@graph":[{"@type":"WebPage","@id":"https:\/\/www.coaliciondelasamericas.org\/pt\/","url":"https:\/\/www.coaliciondelasamericas.org\/pt\/","name":"Inicio - Coaliz&atilde;o das Am&eacute;ricas","isPartOf":{"@id":"https:\/\/www.coaliciondelasamericas.org\/pt\/#website"},"primaryImageOfPage":{"@id":"https:\/\/www.coaliciondelasamericas.org\/pt\/#primaryimage"},"image":{"@id":"https:\/\/www.coaliciondelasamericas.org\/pt\/#primaryimage"},"thumbnailUrl":"https:\/\/www.coaliciondelasamericas.org\/pt\/wp-content\/uploads\/2023\/04\/1-1024x1024.png","datePublished":"2022-08-23T01:21:18+00:00","dateModified":"2024-11-09T21:05:24+00:00","description":"A Coaliz\u00e3o das Am\u00e9ricas \u00e9 um grupo aut\u00f4nomo baseado em a\u00e7\u00f5es e esfor\u00e7os focados em melhorar a cobertura e a aten\u00e7\u00e3o universal \u00e0 sa\u00fade.","breadcrumb":{"@id":"https:\/\/www.coaliciondelasamericas.org\/pt\/#breadcrumb"},"inLanguage":"es","potentialAction":[{"@type":"ReadAction","target":["https:\/\/www.coaliciondelasamericas.org\/pt\/"]}]},{"@type":"ImageObject","inLanguage":"es","@id":"https:\/\/www.coaliciondelasamericas.org\/pt\/#primaryimage","url":"https:\/\/www.coaliciondelasamericas.org\/pt\/wp-content\/uploads\/2023\/04\/1.png","contentUrl":"https:\/\/www.coaliciondelasamericas.org\/pt\/wp-content\/uploads\/2023\/04\/1.png","width":1080,"height":1080},{"@type":"BreadcrumbList","@id":"https:\/\/www.coaliciondelasamericas.org\/pt\/#breadcrumb","itemListElement":[{"@type":"ListItem","position":1,"name":"Portada","item":"https:\/\/www.coaliciondelasamericas.org\/pt\/"},{"@type":"ListItem","position":2,"name":"Inicio"}]},{"@type":"WebSite","@id":"https:\/\/www.coaliciondelasamericas.org\/pt\/#website","url":"https:\/\/www.coaliciondelasamericas.org\/pt\/","name":"Coaliz&atilde;o das Am&eacute;ricas","description":"L&iacute;deres unidos pelo bem-estar da hemofilia","publisher":{"@id":"https:\/\/www.coaliciondelasamericas.org\/pt\/#organization"},"potentialAction":[{"@type":"SearchAction","target":{"@type":"EntryPoint","urlTemplate":"https:\/\/www.coaliciondelasamericas.org\/pt\/?s={search_term_string}"},"query-input":"required name=search_term_string"}],"inLanguage":"es"},{"@type":"Organization","@id":"https:\/\/www.coaliciondelasamericas.org\/pt\/#organization","name":"Coaliz&atilde;o das Am&eacute;ricas","url":"https:\/\/www.coaliciondelasamericas.org\/pt\/","logo":{"@type":"ImageObject","inLanguage":"es","@id":"https:\/\/www.coaliciondelasamericas.org\/pt\/#\/schema\/logo\/image\/","url":"https:\/\/www.coaliciondelasamericas.org\/pt\/wp-content\/uploads\/2023\/03\/cropped-003-Portada-portuguese3-1.png","contentUrl":"https:\/\/www.coaliciondelasamericas.org\/pt\/wp-content\/uploads\/2023\/03\/cropped-003-Portada-portuguese3-1.png","width":297,"height":128,"caption":"Coaliz&atilde;o das Am&eacute;ricas"},"image":{"@id":"https:\/\/www.coaliciondelasamericas.org\/pt\/#\/schema\/logo\/image\/"},"sameAs":["https:\/\/www.facebook.com\/coalicionamerica\/","https:\/\/x.com\/coalicionameric","https:\/\/www.instagram.com\/coaliciondelasamericas\/"]}]}},"_links":{"self":[{"href":"https:\/\/www.coaliciondelasamericas.org\/pt\/wp-json\/wp\/v2\/pages\/10"}],"collection":[{"href":"https:\/\/www.coaliciondelasamericas.org\/pt\/wp-json\/wp\/v2\/pages"}],"about":[{"href":"https:\/\/www.coaliciondelasamericas.org\/pt\/wp-json\/wp\/v2\/types\/page"}],"author":[{"embeddable":true,"href":"https:\/\/www.coaliciondelasamericas.org\/pt\/wp-json\/wp\/v2\/users\/1"}],"replies":[{"embeddable":true,"href":"https:\/\/www.coaliciondelasamericas.org\/pt\/wp-json\/wp\/v2\/comments?post=10"}],"version-history":[{"count":156,"href":"https:\/\/www.coaliciondelasamericas.org\/pt\/wp-json\/wp\/v2\/pages\/10\/revisions"}],"predecessor-version":[{"id":2421,"href":"https:\/\/www.coaliciondelasamericas.org\/pt\/wp-json\/wp\/v2\/pages\/10\/revisions\/2421"}],"wp:attachment":[{"href":"https:\/\/www.coaliciondelasamericas.org\/pt\/wp-json\/wp\/v2\/media?parent=10"}],"curies":[{"name":"wp","href":"https:\/\/api.w.org\/{rel}","templated":true}]}}